{"id":21660,"date":"2020-02-06T14:54:16","date_gmt":"2020-02-06T13:54:16","guid":{"rendered":"http:\/\/www.carideal.com\/blog\/?page_id=21660"},"modified":"2020-02-07T11:55:06","modified_gmt":"2020-02-07T10:55:06","slug":"c1","status":"publish","type":"page","link":"https:\/\/www.carideal.com\/blog\/marque-de-voiture-actualites-essais\/citroen\/c1\/","title":{"rendered":"CITROEN C1 &#8211; Actualit\u00e9 Essais Avis neuve &#038; occasion"},"content":{"rendered":"<h2>CITROEN C1 - Actualit\u00e9 Essais Avis neuve &amp; occasion<\/h2>\n<p>Elle a beaucoup de style et elle est d\u00e9cente \u00e0 conduire, mais la <strong>Citro\u00ebn C1<\/strong> perd face \u00e0 des rivales plus pratiques.<\/p>\n<p><a href=\"http:\/\/www.carideal.com\/blog\/marque-de-voiture-actualites-essais\/citroen\/c1\/\">Infos sur Citro\u00ebn C1<\/a>&nbsp;|&nbsp;<a href=\"http:\/\/www.carideal.com\/blog\/constructeur\/citroen\/actualites-citroen-c1\/\">Actualit\u00e9s<\/a>&nbsp;|&nbsp;<a href=\"http:\/\/www.carideal.com\/blog\/essai\/citroen-essai\/essais-citroen-c1\/\">Essais<\/a> | Citro\u00ebn C1 occasion | Citro\u00ebn C1 neuve | <a href=\"http:\/\/www.carideal.com\/blog\/credit-auto\/\">Financement<\/a>&nbsp;|&nbsp;<a href=\"http:\/\/www.carideal.com\/blog\/garage-automobile\/\">R\u00e9vision<\/a>&nbsp;|&nbsp;<a href=\"http:\/\/www.carideal.com\/blog\/offres-automobiles\/\">Offres<\/a> | Mandataire Citro\u00ebn C1 | <a href=\"http:\/\/www.carideal.com\/blog\/tag\/guide-achat\/?=land\">Guide d\u2019achat<\/a><\/p>\n<figure id=\"attachment_21662\" aria-describedby=\"caption-attachment-21662\" style=\"width: 590px\" class=\"wp-caption aligncenter\"><img loading=\"lazy\" decoding=\"async\" class=\"size-full wp-image-21662\" src=\"http:\/\/www.carideal.com\/blog\/wp-content\/uploads\/2020\/02\/citroen-c1-2019-scaled-e1580995595661.jpg\" alt=\"CITROEN C1 - Actualit\u00e9 Essais Avis neuve &amp; occasion\" width=\"600\" height=\"400\"><figcaption id=\"caption-attachment-21662\" class=\"wp-caption-text\">CITROEN C1 - Actualit\u00e9 Essais Avis neuve &amp; occasion<\/figcaption><\/figure>\n<p>La Citro\u00ebn C1 fait une bonne premi\u00e8re impression gr\u00e2ce \u00e0 son style distinctif - r\u00e9sultat de phares \u00e0 deux niveaux et d'une large gamme de couleurs et de garnitures contrastantes. La couleur se prolonge \u00e0 l'int\u00e9rieur, ce qui donne \u00e0 la voiture un air de gaiet\u00e9. De plus, cette derni\u00e8re C1 est plus richement \u00e9quip\u00e9e que l'originale.<\/p>\n<p>Malgr\u00e9 son style frais, la Citro\u00ebn C1 II reprend en grande partie les caract\u00e9ristiques du mod\u00e8le pr\u00e9c\u00e9dent. Le moteur PureTech de 1,2 litre \u00e0 trois cylindres est cependant tout nouveau et donne enfin \u00e0 la citadine fran\u00e7aise un peu plus d'aptitude \u00e0 la conduite sur autoroute, tout en restant impressionnante d'efficacit\u00e9, avec des \u00e9missions de CO2 inf\u00e9rieures \u00e0 100 g\/km.<\/p>\n<p>Le raffinement est meilleur qu'auparavant, m\u00eame si les moteurs ne sont pas encore les plus silencieux de la cat\u00e9gorie et que le roulement peut \u00eatre assez instable. Les si\u00e8ges arri\u00e8res et le coffre sont \u00e9galement assez \u00e9troits par rapport \u00e0 ceux de la concurrence.<\/p>\n<p>Ainsi, alors que la Citro\u00ebn C1 est chic, amusante et abordable, d'autres citadines peuvent faire ce qu'elle fait de mieux.<\/p>\n<p>Notre choix<br>Citro\u00ebn C1 1.2 PureTech Feel 5 portes<\/p>\n<p>La Citro\u00ebn C1 remonte \u00e0 2005, lorsque la <a href=\"http:\/\/www.carideal.com\/blog\/2018\/02\/09\/meilleures-citadines-2018\/\">citadine<\/a> a \u00e9t\u00e9 lanc\u00e9e aux c\u00f4t\u00e9s de ses mod\u00e8les fr\u00e8res, la Peugeot 108 et la <a href=\"http:\/\/www.carideal.com\/blog\/2015\/02\/05\/toyota-aygo-x-wave-avec-un-toit-ouvrant\/\">Toyota Aygo<\/a>. Elles sont le r\u00e9sultat de la joint-venture <a href=\"http:\/\/www.carideal.com\/blog\/marque-de-voiture-actualites-essais\/toyota\/\">Toyota<\/a> <a href=\"http:\/\/www.carideal.com\/blog\/marque-de-voiture-actualites-essais\/peugeot\/\">Peugeot<\/a> <a href=\"http:\/\/www.carideal.com\/blog\/marque-de-voiture-actualites-essais\/citroen\/\">Citroen<\/a> Automobile (TPCA), les voitures \u00e9tant construites en R\u00e9publique tch\u00e8que.<\/p>\n<p>Pr\u00e9sent\u00e9e comme un mod\u00e8le de deuxi\u00e8me g\u00e9n\u00e9ration, mais bas\u00e9e sur l'ancienne plateforme, l'actuelle C1 est arriv\u00e9e en 2014, et comme son pr\u00e9d\u00e9cesseur, elle partage beaucoup avec ses fr\u00e8res et s\u0153urs Peugeot et Toyota.<\/p>\n<p>Mais alors que les anciennes C1 et 108 \u00e9taient visuellement tr\u00e8s similaires, les nouvelles versions sont sensiblement diff\u00e9rentes. Le moteur de 1,0 litre de l'ancienne Citro\u00ebn C1 a \u00e9t\u00e9 repris. Une bo\u00eete de vitesses manuelle \u00e0 cinq rapports est mont\u00e9e en s\u00e9rie, bien qu'une bo\u00eete de vitesses manuelle automatis\u00e9e ETG \u00e0 cinq rapports soit disponible en option sur certains mod\u00e8les.<\/p>\n<p>Des mod\u00e8les \u00e0 trois et cinq portes sont propos\u00e9s, ces derniers \u00e9tant disponibles avec un toit en tissu pliant \"Airscape\" \u00e0 partir de 14300 \u20ac. Elle existe en finition Feel et Shine. Les rivaux comprennent la 108 et la Aygo, ainsi que les Ford Ka, <a href=\"http:\/\/www.carideal.com\/blog\/2014\/05\/15\/la-hyundai-i10-fait-peau-neuve\/\">Hyundai i10<\/a>, <a href=\"http:\/\/www.carideal.com\/blog\/2012\/06\/22\/skoda-citigo-2\/\">Skoda Citigo<\/a> et Volkswagen !<\/p>\n<p>La gamme d\u00e9bute avec le niveau de finition de base Touch, qui offre des vitres avant \u00e9lectriques, des feux de jour \u00e0 LED, des roues en acier de 14 pouces et un verrouillage centralis\u00e9 \u00e0 distance. Il s'agit d'un mod\u00e8le assez basique, et il est conseill\u00e9 aux clients de passer au mod\u00e8le Shine. Celui-ci ajoute la climatisation, un \u00e9cran tactile de 7 pouces, une radio num\u00e9rique DAB et des roues en acier de 15 pouces. Le Flair comprend une cam\u00e9ra de recul, des garnitures ext\u00e9rieures chrom\u00e9es, des vitres arri\u00e8re teint\u00e9es, un volant en cuir et des r\u00e9troviseurs ext\u00e9rieurs \u00e9lectriques et chauffants.<\/p>\n<figure id=\"attachment_21663\" aria-describedby=\"caption-attachment-21663\" style=\"width: 390px\" class=\"wp-caption aligncenter\"><img loading=\"lazy\" decoding=\"async\" class=\"size-full wp-image-21663\" src=\"http:\/\/www.carideal.com\/blog\/wp-content\/uploads\/2020\/02\/C1-Airscape-scaled-e1580996462874.jpg\" alt=\"Conduite Citroen C1\" width=\"400\" height=\"200\"><figcaption id=\"caption-attachment-21663\" class=\"wp-caption-text\">Conduite Citro\u00ebn C1<\/figcaption><\/figure>\n<p>Si la petite citadine a beaucoup de raisons de se r\u00e9jouir, de nombreux clients du secteur sont guid\u00e9s par les prix et, \u00e0 cette fin, les concessionnaires proposent souvent des offres int\u00e9ressantes pour la Citro\u00ebn C1. Les \u00e9ditions sp\u00e9ciales de bon rapport qualit\u00e9-prix valent \u00e9galement la peine d'\u00eatre recherch\u00e9es.<\/p>\n<p>La Citro\u00ebn C1 fait une bonne premi\u00e8re impression gr\u00e2ce \u00e0 son style distinctif, qui r\u00e9sulte de ses phares \u00e0 deux niveaux et d'une vaste gamme de couleurs et de garnitures contrast\u00e9es. La couleur se prolonge \u00e0 l'int\u00e9rieur, ce qui donne \u00e0 la voiture un air de gaiet\u00e9. De plus, cette derni\u00e8re C1 est plus richement \u00e9quip\u00e9e que l'originale. Malgr\u00e9 son style frais, la C1 Mk2 reprend en grande partie les caract\u00e9ristiques du mod\u00e8le pr\u00e9c\u00e9dent. Le moteur 3 cylindres PureTech de 1,2 litre a \u00e9t\u00e9 retir\u00e9 de la gamme, ne laissant que le 1,0 litre de 69 ch.<\/p>\n\n\n<p> Le raffinement a \u00e9t\u00e9 am\u00e9lior\u00e9, m\u00eame si les moteurs ne sont pas encore les plus silencieux de la cat\u00e9gorie et que le roulement peut \u00eatre assez instable. Les si\u00e8ges arri\u00e8res et le coffre sont \u00e9galement assez \u00e9troits par rapport \u00e0 ceux de la concurrence. Ainsi, alors que la Citro\u00ebn C1 est chic, amusante et abordable, d'autres citadines peuvent faire ce qu'elle fait de mieux. <\/p>\n\n\n\n<h2 class=\"wp-block-heading\">Moteurs, performances et conduite<\/h2>\n\n\n\n<h2 class=\"wp-block-heading\">Actualit\u00e9s Citro\u00ebn C1<\/h2>\n\n\n<ul class=\"lcp_catlist\" id=\"lcp_instance_0\"><li><a href=\"https:\/\/www.carideal.com\/blog\/2016\/04\/01\/evolution-citroen-c1-prix-et-gamme\/\">Citroen C1 \u00e9volution prix et gamme<\/a><div class=\"lcp_excerpt\">Le Prix et la gamme de la Citroen C1 \u00e9voluent en Avril\nCitro\u00ebn C1\nPassage en AM 30 sur toute la gamme Citro\u00ebn C1 &#8211; la production commencera en Mai 2016 &#8211; avec les principales \u00e9volutions suivantes :\no Fermeture de la s\u00e9rie sp\u00e9ciale Feel Edition.\no Ouverture de la teinte Jelly Red au prix\u00a0de 230 \u20ac TTC (hors ...<\/div><\/li><li><a href=\"https:\/\/www.carideal.com\/blog\/2014\/11\/08\/citroen-c1-pour-la-ville\/\">Citroen C1 la citadine pour la ville<\/a><div class=\"lcp_excerpt\">\nCitro\u00ebn C1 la citadine\n\nCitro\u00ebn C1 une citadine pour la ville. Comme sa devanci\u00e8re, la nouvelle C1 est \u00e9quip\u00e9 d&rsquo;un hayon en verre, La capacit\u00e9 du coffre peut atteindre 196 L soit un gain de 57 litres par rapport \u00e0 l&rsquo;ancienne version.\nUn pack a\u00e9rodynamique permet de descendre les \u00e9missions de CO2 sous les 90 g au ...<\/div><\/li><li><a href=\"https:\/\/www.carideal.com\/blog\/2014\/08\/30\/la-nouvelle-citroen-c1-plus-joviale\/\">La nouvelle Citroen C1 plus Joviale<\/a><div class=\"lcp_excerpt\">\nNouvelle Citroen C1\nLa nouvelle Citroen C1 plus Joviale\nNouvelles Citroen C1, Peugeot 108, Toyota Aygo, Renault Twingo&#8230; 2014 est une ann\u00e9e de choix pour les citadines. Dans cette nouvelle bande des quatres, c&rsquo;est certainement la c1 qui remporte la palme de l&rsquo;originalit\u00e9. Si le bas du bouclier conserve la patte Citro\u00ebn, les optiques m\u00e9langent les genres ...<\/div><\/li><li><a href=\"https:\/\/www.carideal.com\/blog\/2014\/04\/22\/nouvelle-citroen-c1-prendre-la-vie-du-bon-cote\/\">La nouvelle Citroen C1<\/a><div class=\"lcp_excerpt\">\nNouvelle Citroen C1 Prendre la vie du bon cot\u00e9\n\nNouvelle Citro\u00ebn C1 Prendre la vie du bon cot\u00e9 : lanc\u00e9e en 2005, la Citro\u00ebn c1 a \u00e9t\u00e9 commercialis\u00e9e \u00e0 760000 exemplaires. Un best seller que la marque compte bien renouveler avec ce nouveau mod\u00e8le plus complet et plus moderne.\nLes amateurs de petits gabarits devraient y trouver ...<\/div><\/li><li><a href=\"https:\/\/www.carideal.com\/blog\/2014\/03\/28\/montee-en-gamme-des-peugeot-108-et-citroen-c1\/\">Mont\u00e9e en Gamme des Peugeot 108 et Citroen C1<\/a><div class=\"lcp_excerpt\">La Peugeot 108 et la Citro\u00ebn C1 face \u00e0 la concurrence\nOn peut constater que ces deux voitures se ressemble techniquement mais que la Peugeot 108 est un peu plus d\u00e9velopp\u00e9 en option et en gamme que la Citro\u00ebn C1. Si on compare les 2 mod\u00e8les entre les options des diff\u00e9rentes gammes, il y a :\n\n\nBas ...<\/div><\/li><li><a href=\"https:\/\/www.carideal.com\/blog\/2014\/03\/22\/les-nouvelles-citroen-c1-et-peugeot-108-sont-la\/\">Les nouvelles Citroen C1 et Peugeot 108 sont la<\/a><div class=\"lcp_excerpt\">\nNouvelle Citro\u00ebn C1 et Peugeot 108\nLes nouvelles Citroen C1 et Peugeot 108 sont l\u00e0\nNeuf ans que ces deux cousines n&rsquo;avaient pas \u00e9volu\u00e9es &#8230; cela fait beaucoup dans le monde automobile de nos jours. PSA et Toyota renouvellent leur offre de citadine, pour Citro\u00ebn s&rsquo;est d\u00e9j\u00e0 fait puisque la pr\u00e9sentation a eu lieu, la Peugeot 108 ...<\/div><\/li><li><a href=\"https:\/\/www.carideal.com\/blog\/2012\/06\/12\/citroen-c1-2\/\">Le restylage de la CITROEN C1<\/a><div class=\"lcp_excerpt\">\nLe restylage de la Citro\u00ebn C1\nLanc\u00e9e en juin 2005 avec ses soeurs jumelles Peugeot 107 et Toyota Aygo. La Citro\u00ebn C1 aurait du laisser la main \u00e0 un nouveau mod\u00e8le cette ann\u00e9e. Le nouveau mod\u00e8le aurait \u00e9t\u00e9 le bienvenu \u00e0 cause de la mont\u00e9e en puissance de la concurrence : Volkswagen up\u202f!, Kia Picanto ou ...<\/div><\/li><li><a href=\"https:\/\/www.carideal.com\/blog\/2012\/04\/05\/citroen-c1\/\">CITROEN C1<\/a><div class=\"lcp_excerpt\">\nLa nouvelle Citroen C1 2012\n1. LES MOTORISATIONS\n&#8230;&#8230;&#8230;&#8230;&#8230;&#8230;&#8230;&#8230;&#8230;&#8230;&#8230;&#8230;&#8230;&#8230;&#8230;&#8230;&#8230;&#8230;&#8230;.1.0i 12V&#8230;&#8230;&#8230;&#8230;..1.0i 12V CMP\nCylindr\u00e9e (cm3)&#8230;&#8230;&#8230;&#8230;&#8230;&#8230;&#8230;&#8230;&#8230;&#8230;&#8230;&#8230;998&#8230;&#8230;&#8230;&#8230;&#8230;&#8230;&#8230;&#8230;&#8230;..998\nPuissance maximum (CV CEE\/rpm)&#8230;&#8230;.68 \/ 6.000&#8230;&#8230;&#8230;&#8230;&#8230;&#8230;..68 \/ 6.000\nCouple m\u00e1xi (Nm CEE\/rpm)&#8230;&#8230;&#8230;&#8230;&#8230;.93 \/ 3.600&#8230;&#8230;&#8230;&#8230;&#8230;&#8230;.93 \/ 3.600\nConsommation Mixte (L\/100 Km.)&#8230;&#8230;&#8230;.4,3&#8230;&#8230;&#8230;&#8230;&#8230;&#8230;&#8230;&#8230;&#8230;..4,5\nEmissions CO2 (g\/Km.)&#8230;&#8230;&#8230;&#8230;&#8230;&#8230;&#8230;&#8230;99&#8230;&#8230;&#8230;&#8230;&#8230;&#8230;&#8230;&#8230;&#8230;&#8230;104\n2. EQUIPEMENT STANDARD PAR FINITION\nATTRACTION\n12 portes objets\n3 positions portes ouvertes\nABS avec r\u00e9partiteur \u00e9lectronique de freinage\nAirbag conducteur et passager avant\nAide le freinage d&rsquo;urgence (AFU)\nDeux places banquette arri\u00e8re ...<\/div><\/li><li><a href=\"https:\/\/www.carideal.com\/blog\/2010\/05\/28\/psa-rappelle-pres-de-100-000-peugeot-107-et-citroen-c1\/\">PSA rappelle 100 000 Peugeot 107 et Citroen C1<\/a><div class=\"lcp_excerpt\">PSA rappelle pr\u00e8s de 100 000 Peugeot 107 et Citroen C1\nIl s\u2019agit des mod\u00e8les de Peugeot 107 et Citroen C1 commercialis\u00e9s jusqu\u2019en ao\u00fbt 2009, et sortis de l\u2019usine de Kolin en R\u00e9publique tch\u00e8que. Mais seulement une partie de la production est concern\u00e9e car, en fonction des versions, essence ou diesel, \u00ab\u00a0ce n\u2019est pas le m\u00eame ...<\/div><\/li><li><a href=\"https:\/\/www.carideal.com\/blog\/2009\/01\/09\/citroen-c1-neuve-a-moins-de-6000-e\/\">Citroen C1 neuve \u00e0 moins de 6000 \u20ac<\/a><div class=\"lcp_excerpt\">Citroen C1 neuve \u00e0 moins de 6000 \u20ac\nPetite citadine \u00e0 trois portes ou cinq portes, essence ou diesel, \u00e0 l&rsquo;achat, la Citro\u00ebn C1 cumule les primes, la Remise Carideal, le Bonus CO2 de 700 \u20ac, et la reprise de votre ancienne voiture de plus de 10 ans \u00e0 1000 \u20ac, pour se retrouver \u00e0 5650 ...<\/div><\/li><\/ul>\n\n\n\n<p><a href=\"http:\/\/www.carideal.com\/blog\/constructeur\/citroen\/actualites-citroen-c1\/\">TOUTES LES ACTUALIT\u00c9S CITROEN C1<\/a><\/p>\n\n\n\n<h2 class=\"wp-block-heading\">Essais Citro\u00ebn C1<\/h2>\n\n\n<ul class=\"lcp_catlist\" id=\"lcp_instance_0\"><li><a href=\"https:\/\/www.carideal.com\/blog\/2025\/12\/06\/comment-choisir-un-moteur-doccasion\/\">Comment choisir un moteur d\u2019occasion<\/a><div class=\"lcp_excerpt\">\nComment choisir un moteur d\u2019occasion ? Le guide complet pour acheter sans risque\n\n\nAcheter un moteur d\u2019occasion est souvent la meilleure solution lorsqu\u2019un v\u00e9hicule tombe en panne et que la pi\u00e8ce auto la plus co\u00fbteuse \u2013 le moteur \u2013 doit \u00eatre remplac\u00e9e. Que vous rouliez en Renault, Peugeot, Volkswagen, Audi, Fiat, Opel, Mercedes, Nissan, Citro\u00ebn, BMW, ...<\/div><\/li><li><a href=\"https:\/\/www.carideal.com\/blog\/2025\/10\/09\/comment-utiliser-une-valise-diagnostic-auto-decouvrez\/\">Comment utiliser une valise diagnostic auto ? D\u00e9couvrez<\/a><div class=\"lcp_excerpt\">\nComment utiliser une valise diagnostic auto ? D\u00e9couvrez\n\n\nVous avez besoin de savoir rapidement comment utiliser une valise de diagnostic auto pour trouver l\u2019origine du probl\u00e8me d\u2019un voyant allum\u00e9 ou d\u2019un rat\u00e9 moteur ? Voici la m\u00e9thode claire et directe pour utiliser une valise multimarques, faire une analyse approfondie et comprendre l\u2019\u00e9tat de votre v\u00e9hicule. Avec ...<\/div><\/li><li><a href=\"https:\/\/www.carideal.com\/blog\/2025\/04\/03\/comment-nettoyer-une-vanne-egr\/\">Comment Nettoyer une Vanne EGR ?<\/a><div class=\"lcp_excerpt\">\nComment Nettoyer une Vanne EGR Efficacement : Guide Complet\n\n\nLa vanne EGR (Exhaust Gas Recirculation) est un composant essentiel de votre v\u00e9hicule qui contribue significativement \u00e0 la r\u00e9duction des \u00e9missions polluantes. En recyclant une partie des gaz d&rsquo;\u00e9chappement vers la chambre de combustion, elle permet de diminuer la temp\u00e9rature de combustion et ainsi r\u00e9duire la production ...<\/div><\/li><li><a href=\"https:\/\/www.carideal.com\/blog\/2025\/04\/03\/moteur-1-5-bluehdi-les-modeles-stellantis-concernes-par-les-problemes-de-chaine-et-les-risques-lies-a-ce-diesel\/\">Moteur 1.5 BlueHDi : Les mod\u00e8les Stellantis concern\u00e9s par les probl\u00e8mes de cha\u00eene et les risques li\u00e9s \u00e0 ce diesel<\/a><div class=\"lcp_excerpt\">\nMoteur 1.5 BlueHDi : Les mod\u00e8les Stellantis concern\u00e9s par les probl\u00e8mes de cha\u00eene et les risques li\u00e9s \u00e0 ce diesel\n\n\nLe moteur 1.5 BlueHDi, dernier diesel d\u00e9velopp\u00e9 par le groupe PSA (d\u00e9sormais int\u00e9gr\u00e9 \u00e0 Stellantis), est aujourd\u2019hui dans la ligne de mire. Bien qu\u2019il ait \u00e9t\u00e9 largement utilis\u00e9 \u00e0 travers plusieurs marques comme Peugeot, Citro\u00ebn, DS, ...<\/div><\/li><li><a href=\"https:\/\/www.carideal.com\/blog\/2025\/03\/26\/pourquoi-le-tesla-cybertruck-est-il-un-echec-commercial-prix-eleve-defauts-techniques-et-polemiques\/\">Pourquoi le Tesla Cybertruck est-il un \u00e9chec commercial ? Prix \u00e9lev\u00e9, d\u00e9fauts techniques et pol\u00e9miques<\/a><div class=\"lcp_excerpt\">\nPourquoi le Tesla Cybertruck est-il un \u00e9chec commercial ? Prix \u00e9lev\u00e9, d\u00e9fauts techniques et pol\u00e9miques\n\n\nDepuis son lancement tr\u00e8s m\u00e9diatis\u00e9, le Tesla Cybertruck ne cesse de faire parler de lui, mais malheureusement pas pour les bonnes raisons. Entre son tarif jug\u00e9 prohibitif, ses nombreux d\u00e9fauts techniques et les controverses incessantes autour d\u2019Elon Musk, le pick-up \u00e9lectrique ...<\/div><\/li><li><a href=\"https:\/\/www.carideal.com\/blog\/2025\/03\/20\/faut-il-choisir-un-scooter-a-3-roues-ou-une-voiture-citadine\/\">Faut-il choisir un scooter \u00e0 3 roues ou une voiture citadine ?<\/a><div class=\"lcp_excerpt\">\nFaut-il choisir un scooter \u00e0 3 roues ou une voiture citadine ?\n\n\nLe guide complet pour faire le bon choix en milieu urbain\n\n\nLorsqu\u2019on habite en ville ou qu\u2019on circule fr\u00e9quemment en zone urbaine, la question de la mobilit\u00e9 est essentielle. Faut-il mieux opter pour un scooter \u00e0 trois roues pratique et agile, ou pour une voiture ...<\/div><\/li><li><a href=\"https:\/\/www.carideal.com\/blog\/2025\/03\/20\/renault-5-turbo-3e-une-personnalisation-sans-limites-pour-cette-legende-moderne\/\">Renault 5 Turbo 3E : Une Personnalisation Sans Limites Pour Cette L\u00e9gende Moderne<\/a><div class=\"lcp_excerpt\">\nRenault 5 Turbo 3E : Une Personnalisation Sans Limites Pour Cette L\u00e9gende Moderne\n\n\nUne R\u00e9invention Spectaculaire de la Renault 5 Turbo\n\n\nRenault frappe un grand coup avec la R5 Turbo 3E, une version \u00e9lectrique ultraperformante de l&rsquo;iconique R5 Turbo. Entre hommage au pass\u00e9 et vision futuriste, ce mod\u00e8le propose une personnalisation quasiment infinie, permettant \u00e0 chaque passionn\u00e9 ...<\/div><\/li><li><a href=\"https:\/\/www.carideal.com\/blog\/2025\/03\/20\/renault-5-evolution-une-version-plus-abordable-mais-a-quel-prix\/\">Renault 5 Evolution : Une Version Plus Abordable, Mais \u00c0 Quel Prix ?<\/a><div class=\"lcp_excerpt\">\nRenault 5 Evolution : Une Version Plus Abordable, Mais \u00c0 Quel Prix ?\n\n\nUne Finition d&rsquo;Entr\u00e9e de Gamme Qui Perd en Attrait\n\n\nLa nouvelle Renault 5 E-Tech \u00c9lectrique se d\u00e9voile sous une version plus accessible avec la finition \u00ab\u00a0Evolution\u00a0\u00bb. Si cette offre permet de rendre la citadine \u00e9lectrique plus abordable, elle entra\u00eene aussi son lot de compromis. ...<\/div><\/li><li><a href=\"https:\/\/www.carideal.com\/blog\/2025\/03\/10\/maserati-renonce-a-la-mc20-folgore-electrique\/\">Maserati renonce \u00e0 la MC20 Folgore \u00e9lectrique<\/a><div class=\"lcp_excerpt\">\nMaserati renonce \u00e0 la MC20 Folgore \u00e9lectrique\n\n\nD\u00e9voil\u00e9e en 2020, la Maserati MC20 avait suscit\u00e9 un vif int\u00e9r\u00eat, notamment gr\u00e2ce \u00e0 l&rsquo;annonce d&rsquo;une d\u00e9clinaison enti\u00e8rement \u00e9lectrique baptis\u00e9e Folgore. Maserati avait alors clairement affich\u00e9 son ambition : devenir un leader de l\u2019\u00e9lectrification des supercars d&rsquo;ici 2025. Toutefois, la marque italienne a r\u00e9cemment pris une d\u00e9cision radicale : ...<\/div><\/li><li><a href=\"https:\/\/www.carideal.com\/blog\/2025\/03\/09\/prix-renault-4-e-tech-decouvrez-les-tarifs-et-versions-du-nouveau-suv-electrique-iconique\/\">PRIX Renault 4 E-Tech : D\u00e9couvrez les tarifs et versions du nouveau SUV \u00e9lectrique iconique<\/a><div class=\"lcp_excerpt\">\nRenault 4 E-Tech : D\u00e9couvrez les tarifs et versions du nouveau SUV \u00e9lectrique iconique\n\n\nEn r\u00e9sum\u00e9 :\n\n\n\nLancement officiel des commandes pour le grand public d\u00e8s le 12 mars 2025.\n\n\nDeux motorisations disponibles : 120 ch (308 km d&rsquo;autonomie) et 150 ch (409 km d&rsquo;autonomie).\n\n\nTrois niveaux de finition : Evolution, Techno, Iconic.\n\n\nTarifs \u00e0 partir de 29 990 \u20ac ...<\/div><\/li><\/ul>\n\n\n\n<p><a href=\"http:\/\/www.carideal.com\/blog\/essai\/citroen-essai\/essais-citroen-c1\/\">TOUS LES ESSAIS CITROEN C1<\/a><\/p>\n","protected":false},"excerpt":{"rendered":"<p>CITROEN C1 &#8211; Actualit\u00e9 Essais Avis neuve &amp; occasion Elle a beaucoup de style et elle est d\u00e9cente \u00e0 conduire, mais la Citro\u00ebn C1 perd face \u00e0 des rivales plus pratiques. Infos sur Citro\u00ebn C1&nbsp;|&nbsp;Actualit\u00e9s&nbsp;|&nbsp;Essais | Citro\u00ebn C1 occasion | Citro\u00ebn C1 neuve | Financement&nbsp;|&nbsp;R\u00e9vision&nbsp;|&nbsp;Offres | Mandataire Citro\u00ebn C1 | Guide d\u2019achat La Citro\u00ebn C1 &#8230; <a title=\"CITROEN C1 &#8211; Actualit\u00e9 Essais Avis neuve &#038; occasion\" class=\"read-more\" href=\"https:\/\/www.carideal.com\/blog\/marque-de-voiture-actualites-essais\/citroen\/c1\/\" aria-label=\"En savoir plus sur CITROEN C1 &#8211; Actualit\u00e9 Essais Avis neuve &#038; occasion\">Lire plus<\/a><\/p>\n","protected":false},"author":3,"featured_media":21662,"parent":13924,"menu_order":0,"comment_status":"closed","ping_status":"closed","template":"","meta":{"_uag_custom_page_level_css":"","_themeisle_gutenberg_block_has_review":false,"footnotes":""},"class_list":["post-21660","page","type-page","status-publish","has-post-thumbnail"],"wppr_data":{"cwp_meta_box_check":"Yes","cwp_rev_product_name":"Citroen C1","_wppr_review_template":"default","cwp_rev_product_image":"http:\/\/www.carideal.com\/blog\/wp-content\/uploads\/2020\/02\/citroen-c1-2019-scaled-e1580995595661.jpg","cwp_image_link":"image","wppr_links":[],"cwp_rev_price":"","wppr_pros":["Facile \u00e0 conduire","bonne acc\u00e9l\u00e9ration","prix raisonnable"],"wppr_cons":["Qualit\u00e9 int\u00e9rieure","Espace aux places arri\u00e8res","Petit coffre"],"wppr_rating":"75.20","wppr_options":{"1":{"name":"Moteurs, performances et Conduite","value":"80"},"2":{"name":"Consommation, CO2 et frais de fonctionnement","value":"82"},"3":{"name":"Int\u00e9rieur, design et technologie","value":"74"},"4":{"name":"Praticit\u00e9, confort et espace dans le coffre","value":"60"},"5":{"name":"Fiabilit\u00e9 et s\u00e9curit\u00e9","value":"80"}}},"yoast_head":"<!-- This site is optimized with the Yoast SEO plugin v24.8.1 - https:\/\/yoast.com\/wordpress\/plugins\/seo\/ -->\n<title>CITROEN C1 - Actualit\u00e9 Essais Avis neuve &amp; occasion - Blog auto Carid\u00e9al<\/title>\n<meta name=\"description\" content=\"Elle a beaucoup de style et elle est d\u00e9cente \u00e0 conduire, mais la Citro\u00ebn C1 perd face \u00e0 des rivales plus pratiques toutes les infos\" \/>\n<meta name=\"robots\" content=\"index, follow, max-snippet:-1, max-image-preview:large, max-video-preview:-1\" \/>\n<link rel=\"canonical\" href=\"https:\/\/www.carideal.com\/blog\/marque-de-voiture-actualites-essais\/citroen\/c1\/\" \/>\n<meta property=\"og:locale\" content=\"fr_FR\" \/>\n<meta property=\"og:type\" content=\"article\" \/>\n<meta property=\"og:title\" content=\"CITROEN C1 - Actualit\u00e9 Essais Avis neuve &amp; occasion - Blog auto Carid\u00e9al\" \/>\n<meta property=\"og:description\" content=\"Elle a beaucoup de style et elle est d\u00e9cente \u00e0 conduire, mais la Citro\u00ebn C1 perd face \u00e0 des rivales plus pratiques toutes les infos\" \/>\n<meta property=\"og:url\" content=\"https:\/\/www.carideal.com\/blog\/marque-de-voiture-actualites-essais\/citroen\/c1\/\" \/>\n<meta property=\"og:site_name\" content=\"Blog auto Carid\u00e9al\" \/>\n<meta property=\"article:publisher\" content=\"https:\/\/www.facebook.com\/Carideal.mandataire.automobile\" \/>\n<meta property=\"article:modified_time\" content=\"2020-02-07T10:55:06+00:00\" \/>\n<meta property=\"og:image\" content=\"https:\/\/www.carideal.com\/blog\/wp-content\/uploads\/2020\/02\/citroen-c1-2019-scaled-e1580995595661.jpg\" \/>\n\t<meta property=\"og:image:width\" content=\"600\" \/>\n\t<meta property=\"og:image:height\" content=\"400\" \/>\n\t<meta property=\"og:image:type\" content=\"image\/jpeg\" \/>\n<meta name=\"twitter:card\" content=\"summary_large_image\" \/>\n<meta name=\"twitter:site\" content=\"@caridealauto\" \/>\n<meta name=\"twitter:label1\" content=\"Dur\u00e9e de lecture estim\u00e9e\" \/>\n\t<meta name=\"twitter:data1\" content=\"4 minutes\" \/>\n<script type=\"application\/ld+json\" class=\"yoast-schema-graph\">{\"@context\":\"https:\/\/schema.org\",\"@graph\":[{\"@type\":\"WebPage\",\"@id\":\"https:\/\/www.carideal.com\/blog\/marque-de-voiture-actualites-essais\/citroen\/c1\/\",\"url\":\"https:\/\/www.carideal.com\/blog\/marque-de-voiture-actualites-essais\/citroen\/c1\/\",\"name\":\"CITROEN C1 - Actualit\u00e9 Essais Avis neuve & occasion - Blog auto Carid\u00e9al\",\"isPartOf\":{\"@id\":\"https:\/\/www.carideal.com\/blog\/#website\"},\"primaryImageOfPage\":{\"@id\":\"https:\/\/www.carideal.com\/blog\/marque-de-voiture-actualites-essais\/citroen\/c1\/#primaryimage\"},\"image\":{\"@id\":\"https:\/\/www.carideal.com\/blog\/marque-de-voiture-actualites-essais\/citroen\/c1\/#primaryimage\"},\"thumbnailUrl\":\"https:\/\/www.carideal.com\/blog\/wp-content\/uploads\/2020\/02\/citroen-c1-2019-scaled-e1580995595661.jpg\",\"datePublished\":\"2020-02-06T13:54:16+00:00\",\"dateModified\":\"2020-02-07T10:55:06+00:00\",\"description\":\"Elle a beaucoup de style et elle est d\u00e9cente \u00e0 conduire, mais la Citro\u00ebn C1 perd face \u00e0 des rivales plus pratiques toutes les infos\",\"breadcrumb\":{\"@id\":\"https:\/\/www.carideal.com\/blog\/marque-de-voiture-actualites-essais\/citroen\/c1\/#breadcrumb\"},\"inLanguage\":\"fr-FR\",\"potentialAction\":[{\"@type\":\"ReadAction\",\"target\":[\"https:\/\/www.carideal.com\/blog\/marque-de-voiture-actualites-essais\/citroen\/c1\/\"]}]},{\"@type\":\"ImageObject\",\"inLanguage\":\"fr-FR\",\"@id\":\"https:\/\/www.carideal.com\/blog\/marque-de-voiture-actualites-essais\/citroen\/c1\/#primaryimage\",\"url\":\"https:\/\/www.carideal.com\/blog\/wp-content\/uploads\/2020\/02\/citroen-c1-2019-scaled-e1580995595661.jpg\",\"contentUrl\":\"https:\/\/www.carideal.com\/blog\/wp-content\/uploads\/2020\/02\/citroen-c1-2019-scaled-e1580995595661.jpg\",\"width\":600,\"height\":400,\"caption\":\"CITROEN C1 - Actualit\u00e9 Essais Avis neuve & occasion\"},{\"@type\":\"BreadcrumbList\",\"@id\":\"https:\/\/www.carideal.com\/blog\/marque-de-voiture-actualites-essais\/citroen\/c1\/#breadcrumb\",\"itemListElement\":[{\"@type\":\"ListItem\",\"position\":1,\"name\":\"Blog Carid\u00e9al\",\"item\":\"https:\/\/www.carideal.com\/blog\/\"},{\"@type\":\"ListItem\",\"position\":2,\"name\":\"Marque de voiture\",\"item\":\"https:\/\/www.carideal.com\/blog\/marque-de-voiture-actualites-essais\/\"},{\"@type\":\"ListItem\",\"position\":3,\"name\":\"Citroen\",\"item\":\"https:\/\/www.carideal.com\/blog\/marque-de-voiture-actualites-essais\/citroen\/\"},{\"@type\":\"ListItem\",\"position\":4,\"name\":\"CITROEN C1 &#8211; Actualit\u00e9 Essais Avis neuve &#038; occasion\"}]},{\"@type\":\"WebSite\",\"@id\":\"https:\/\/www.carideal.com\/blog\/#website\",\"url\":\"https:\/\/www.carideal.com\/blog\/\",\"name\":\"Blog auto Carid\u00e9al\",\"description\":\"Actualit\u00e9 auto par des passionn\u00e9s\",\"publisher\":{\"@id\":\"https:\/\/www.carideal.com\/blog\/#organization\"},\"potentialAction\":[{\"@type\":\"SearchAction\",\"target\":{\"@type\":\"EntryPoint\",\"urlTemplate\":\"https:\/\/www.carideal.com\/blog\/?s={search_term_string}\"},\"query-input\":{\"@type\":\"PropertyValueSpecification\",\"valueRequired\":true,\"valueName\":\"search_term_string\"}}],\"inLanguage\":\"fr-FR\"},{\"@type\":\"Organization\",\"@id\":\"https:\/\/www.carideal.com\/blog\/#organization\",\"name\":\"Carideal\",\"url\":\"https:\/\/www.carideal.com\/blog\/\",\"logo\":{\"@type\":\"ImageObject\",\"inLanguage\":\"fr-FR\",\"@id\":\"https:\/\/www.carideal.com\/blog\/#\/schema\/logo\/image\/\",\"url\":\"http:\/\/www.carideal.com\/blog\/wp-content\/uploads\/2016\/03\/logo-carideal-mandataire-automobile.png\",\"contentUrl\":\"http:\/\/www.carideal.com\/blog\/wp-content\/uploads\/2016\/03\/logo-carideal-mandataire-automobile.png\",\"width\":300,\"height\":300,\"caption\":\"Carideal\"},\"image\":{\"@id\":\"https:\/\/www.carideal.com\/blog\/#\/schema\/logo\/image\/\"},\"sameAs\":[\"https:\/\/www.facebook.com\/Carideal.mandataire.automobile\",\"https:\/\/x.com\/caridealauto\",\"https:\/\/www.instagram.com\/carideal1\/\",\"https:\/\/www.linkedin.com\/company\/carideal.com\",\"https:\/\/fr.pinterest.com\/schiavonsas\/\",\"https:\/\/www.youtube.com\/user\/caridealsas\"]}]}<\/script>\n<!-- \/ Yoast SEO plugin. -->","yoast_head_json":{"title":"CITROEN C1 - Actualit\u00e9 Essais Avis neuve & occasion - Blog auto Carid\u00e9al","description":"Elle a beaucoup de style et elle est d\u00e9cente \u00e0 conduire, mais la Citro\u00ebn C1 perd face \u00e0 des rivales plus pratiques toutes les infos","robots":{"index":"index","follow":"follow","max-snippet":"max-snippet:-1","max-image-preview":"max-image-preview:large","max-video-preview":"max-video-preview:-1"},"canonical":"https:\/\/www.carideal.com\/blog\/marque-de-voiture-actualites-essais\/citroen\/c1\/","og_locale":"fr_FR","og_type":"article","og_title":"CITROEN C1 - Actualit\u00e9 Essais Avis neuve & occasion - Blog auto Carid\u00e9al","og_description":"Elle a beaucoup de style et elle est d\u00e9cente \u00e0 conduire, mais la Citro\u00ebn C1 perd face \u00e0 des rivales plus pratiques toutes les infos","og_url":"https:\/\/www.carideal.com\/blog\/marque-de-voiture-actualites-essais\/citroen\/c1\/","og_site_name":"Blog auto Carid\u00e9al","article_publisher":"https:\/\/www.facebook.com\/Carideal.mandataire.automobile","article_modified_time":"2020-02-07T10:55:06+00:00","og_image":[{"width":600,"height":400,"url":"https:\/\/www.carideal.com\/blog\/wp-content\/uploads\/2020\/02\/citroen-c1-2019-scaled-e1580995595661.jpg","type":"image\/jpeg"}],"twitter_card":"summary_large_image","twitter_site":"@caridealauto","twitter_misc":{"Dur\u00e9e de lecture estim\u00e9e":"4 minutes"},"schema":{"@context":"https:\/\/schema.org","@graph":[{"@type":"WebPage","@id":"https:\/\/www.carideal.com\/blog\/marque-de-voiture-actualites-essais\/citroen\/c1\/","url":"https:\/\/www.carideal.com\/blog\/marque-de-voiture-actualites-essais\/citroen\/c1\/","name":"CITROEN C1 - Actualit\u00e9 Essais Avis neuve & occasion - Blog auto Carid\u00e9al","isPartOf":{"@id":"https:\/\/www.carideal.com\/blog\/#website"},"primaryImageOfPage":{"@id":"https:\/\/www.carideal.com\/blog\/marque-de-voiture-actualites-essais\/citroen\/c1\/#primaryimage"},"image":{"@id":"https:\/\/www.carideal.com\/blog\/marque-de-voiture-actualites-essais\/citroen\/c1\/#primaryimage"},"thumbnailUrl":"https:\/\/www.carideal.com\/blog\/wp-content\/uploads\/2020\/02\/citroen-c1-2019-scaled-e1580995595661.jpg","datePublished":"2020-02-06T13:54:16+00:00","dateModified":"2020-02-07T10:55:06+00:00","description":"Elle a beaucoup de style et elle est d\u00e9cente \u00e0 conduire, mais la Citro\u00ebn C1 perd face \u00e0 des rivales plus pratiques toutes les infos","breadcrumb":{"@id":"https:\/\/www.carideal.com\/blog\/marque-de-voiture-actualites-essais\/citroen\/c1\/#breadcrumb"},"inLanguage":"fr-FR","potentialAction":[{"@type":"ReadAction","target":["https:\/\/www.carideal.com\/blog\/marque-de-voiture-actualites-essais\/citroen\/c1\/"]}]},{"@type":"ImageObject","inLanguage":"fr-FR","@id":"https:\/\/www.carideal.com\/blog\/marque-de-voiture-actualites-essais\/citroen\/c1\/#primaryimage","url":"https:\/\/www.carideal.com\/blog\/wp-content\/uploads\/2020\/02\/citroen-c1-2019-scaled-e1580995595661.jpg","contentUrl":"https:\/\/www.carideal.com\/blog\/wp-content\/uploads\/2020\/02\/citroen-c1-2019-scaled-e1580995595661.jpg","width":600,"height":400,"caption":"CITROEN C1 - Actualit\u00e9 Essais Avis neuve & occasion"},{"@type":"BreadcrumbList","@id":"https:\/\/www.carideal.com\/blog\/marque-de-voiture-actualites-essais\/citroen\/c1\/#breadcrumb","itemListElement":[{"@type":"ListItem","position":1,"name":"Blog Carid\u00e9al","item":"https:\/\/www.carideal.com\/blog\/"},{"@type":"ListItem","position":2,"name":"Marque de voiture","item":"https:\/\/www.carideal.com\/blog\/marque-de-voiture-actualites-essais\/"},{"@type":"ListItem","position":3,"name":"Citroen","item":"https:\/\/www.carideal.com\/blog\/marque-de-voiture-actualites-essais\/citroen\/"},{"@type":"ListItem","position":4,"name":"CITROEN C1 &#8211; Actualit\u00e9 Essais Avis neuve &#038; occasion"}]},{"@type":"WebSite","@id":"https:\/\/www.carideal.com\/blog\/#website","url":"https:\/\/www.carideal.com\/blog\/","name":"Blog auto Carid\u00e9al","description":"Actualit\u00e9 auto par des passionn\u00e9s","publisher":{"@id":"https:\/\/www.carideal.com\/blog\/#organization"},"potentialAction":[{"@type":"SearchAction","target":{"@type":"EntryPoint","urlTemplate":"https:\/\/www.carideal.com\/blog\/?s={search_term_string}"},"query-input":{"@type":"PropertyValueSpecification","valueRequired":true,"valueName":"search_term_string"}}],"inLanguage":"fr-FR"},{"@type":"Organization","@id":"https:\/\/www.carideal.com\/blog\/#organization","name":"Carideal","url":"https:\/\/www.carideal.com\/blog\/","logo":{"@type":"ImageObject","inLanguage":"fr-FR","@id":"https:\/\/www.carideal.com\/blog\/#\/schema\/logo\/image\/","url":"http:\/\/www.carideal.com\/blog\/wp-content\/uploads\/2016\/03\/logo-carideal-mandataire-automobile.png","contentUrl":"http:\/\/www.carideal.com\/blog\/wp-content\/uploads\/2016\/03\/logo-carideal-mandataire-automobile.png","width":300,"height":300,"caption":"Carideal"},"image":{"@id":"https:\/\/www.carideal.com\/blog\/#\/schema\/logo\/image\/"},"sameAs":["https:\/\/www.facebook.com\/Carideal.mandataire.automobile","https:\/\/x.com\/caridealauto","https:\/\/www.instagram.com\/carideal1\/","https:\/\/www.linkedin.com\/company\/carideal.com","https:\/\/fr.pinterest.com\/schiavonsas\/","https:\/\/www.youtube.com\/user\/caridealsas"]}]}},"uagb_featured_image_src":{"full":["https:\/\/www.carideal.com\/blog\/wp-content\/uploads\/2020\/02\/citroen-c1-2019-scaled-e1580995595661.jpg",600,400,false],"thumbnail":["https:\/\/www.carideal.com\/blog\/wp-content\/uploads\/2020\/02\/citroen-c1-2019-150x150.jpg",150,150,true],"medium":["https:\/\/www.carideal.com\/blog\/wp-content\/uploads\/2020\/02\/citroen-c1-2019-300x200.jpg",300,200,true],"medium_large":["https:\/\/www.carideal.com\/blog\/wp-content\/uploads\/2020\/02\/citroen-c1-2019-768x512.jpg",768,512,true],"large":["https:\/\/www.carideal.com\/blog\/wp-content\/uploads\/2020\/02\/citroen-c1-2019-1024x683.jpg",1024,683,true],"1536x1536":["https:\/\/www.carideal.com\/blog\/wp-content\/uploads\/2020\/02\/citroen-c1-2019-scaled-e1580995595661.jpg",600,400,false],"2048x2048":["https:\/\/www.carideal.com\/blog\/wp-content\/uploads\/2020\/02\/citroen-c1-2019-scaled-e1580995595661.jpg",600,400,false],"wppr-widget":["https:\/\/www.carideal.com\/blog\/wp-content\/uploads\/2020\/02\/citroen-c1-2019-50x33.jpg",50,33,true]},"uagb_author_info":{"display_name":"Nicolas SCHIAVON","author_link":"https:\/\/www.carideal.com\/blog\/author\/nschiavon\/"},"uagb_comment_info":0,"uagb_excerpt":"CITROEN C1 - Actualit\u00e9 Essais Avis neuve &amp; occasion Elle a beaucoup de style et elle est d\u00e9cente \u00e0 conduire, mais la Citro\u00ebn C1 perd face \u00e0 des rivales plus pratiques. Infos sur Citro\u00ebn C1&nbsp;|&nbsp;Actualit\u00e9s&nbsp;|&nbsp;Essais | Citro\u00ebn C1 occasion | Citro\u00ebn C1 neuve | Financement&nbsp;|&nbsp;R\u00e9vision&nbsp;|&nbsp;Offres | Mandataire Citro\u00ebn C1 | Guide d\u2019achat La Citro\u00ebn C1\u2026","_links":{"self":[{"href":"https:\/\/www.carideal.com\/blog\/wp-json\/wp\/v2\/pages\/21660"}],"collection":[{"href":"https:\/\/www.carideal.com\/blog\/wp-json\/wp\/v2\/pages"}],"about":[{"href":"https:\/\/www.carideal.com\/blog\/wp-json\/wp\/v2\/types\/page"}],"author":[{"embeddable":true,"href":"https:\/\/www.carideal.com\/blog\/wp-json\/wp\/v2\/users\/3"}],"replies":[{"embeddable":true,"href":"https:\/\/www.carideal.com\/blog\/wp-json\/wp\/v2\/comments?post=21660"}],"version-history":[{"count":0,"href":"https:\/\/www.carideal.com\/blog\/wp-json\/wp\/v2\/pages\/21660\/revisions"}],"up":[{"embeddable":true,"href":"https:\/\/www.carideal.com\/blog\/wp-json\/wp\/v2\/pages\/13924"}],"wp:featuredmedia":[{"embeddable":true,"href":"https:\/\/www.carideal.com\/blog\/wp-json\/wp\/v2\/media\/21662"}],"wp:attachment":[{"href":"https:\/\/www.carideal.com\/blog\/wp-json\/wp\/v2\/media?parent=21660"}],"curies":[{"name":"wp","href":"https:\/\/api.w.org\/{rel}","templated":true}]}}