{"id":19686,"date":"2019-09-07T15:46:26","date_gmt":"2019-09-07T13:46:26","guid":{"rendered":"http:\/\/www.carideal.com\/blog\/?page_id=19686"},"modified":"2020-01-30T12:21:14","modified_gmt":"2020-01-30T11:21:14","slug":"cupra","status":"publish","type":"page","link":"https:\/\/www.carideal.com\/blog\/marque-de-voiture-actualites-essais\/cupra\/","title":{"rendered":"CUPRA &#8211; Actualit\u00e9 Essais Avis neuve et occasion"},"content":{"rendered":"<h2>CUPRA - Actualit\u00e9 Essais Avis neuve et occasion<\/h2>\n<p><a href=\"http:\/\/www.carideal.com\/blog\/marque-de-voiture-actualites-essais\/cupra\/\">Infos sur la Marque Cupra<\/a> | <a href=\"http:\/\/www.carideal.com\/blog\/constructeur\/actualite-cupra\/\">Actualit\u00e9s<\/a> | Essais | Voiture neuve | Voiture d'occasion | <a href=\"http:\/\/www.carideal.com\/blog\/credit-auto\/\">Financement<\/a> | <a href=\"http:\/\/www.carideal.com\/blog\/offres-automobiles\/\">Offres<\/a> | <a href=\"http:\/\/www.carideal.com\/blog\/garage-automobile\/revision-voiture\/\">R\u00e9vision<\/a> | <a href=\"http:\/\/www.carideal.com\/blog\/tag\/guide-achat\/\">Guide d'achat<\/a><\/p>\n<p>Parmi toutes les marques prestigieuses, Carideal.com se devait de mettre en avant la marque espagnole <strong>Cupra<\/strong>. Vous trouverez sur notre site web les informations sur la marque Cupra et ses mod\u00e8les. Vous trouverez les diff\u00e9rents essais, les actualit\u00e9s et fiches techniques de la marque Cupra ainsi que les annonces autos de la marque Cupra. Nous mettrons tout en \u0153uvre pour vous donner le maximum d'informations sur la marque Seat.<\/p>\n<h2>Liste des mod\u00e8les\u00a0Cupra<\/h2>\n\n\n<figure class=\"wp-block-table is-style-stripes\"><table class=\"\"><tbody><tr><td>CUPRA ATECA<\/td><td>CUPRA FORMENTOR<\/td><td><\/td><td><\/td><\/tr><tr><td><img loading=\"lazy\" decoding=\"async\" width=\"150\" height=\"99\" class=\"wp-image-19689\" style=\"width: 150px;\" src=\"http:\/\/www.carideal.com\/blog\/wp-content\/uploads\/2019\/09\/cupra-ateca-e1567863480120.jpg\" alt=\"Cupra Ateca\"><\/td><td><img loading=\"lazy\" decoding=\"async\" width=\"150\" height=\"100\" class=\"wp-image-19690\" style=\"width: 150px;\" src=\"http:\/\/www.carideal.com\/blog\/wp-content\/uploads\/2019\/09\/cupra-formentor-1-2-e1567863558470.jpg\" alt=\"Cupra Formentor\"><\/td><td><\/td><td><\/td><\/tr><\/tbody><\/table><\/figure>\n\n\n\n<h2 class=\"wp-block-heading\">Actualit\u00e9s&nbsp;Cupra<\/h2>\n\n\n<ul class=\"lcp_catlist\" id=\"lcp_instance_0\"><li><a href=\"https:\/\/www.carideal.com\/blog\/2019\/09\/07\/suv-de-performance-cupra-formentor-a-venir-en-2020\/\">SUV de performance Cupra Formentor \u00e0 venir en 2020<\/a><div class=\"lcp_excerpt\">SUV de performance Cupra Formentor \u00e0 venir en 2020\nLe concept Cupra Formentor pr\u00e9sente en avant-premi\u00e8re un coup\u00e9 SUV de s\u00e9rie pour la marque de performance SEAT.\nSEAT ajoutera d&rsquo;autres mod\u00e8les \u00e0 sa sous-marque de performance Cupra en 2020 avec le lancement du SUV coup\u00e9 Formentor, qui a \u00e9t\u00e9 d\u00e9voil\u00e9 en mars dernier au Salon de l&rsquo;auto ...<\/div><\/li><li><a href=\"https:\/\/www.carideal.com\/blog\/2019\/09\/07\/le-nouveau-concept-cupra-tavascan-devoile-avant-francfort\/\">Nouveau concept Cupra Tavascan d\u00e9voil\u00e9 avant Francfort<\/a><div class=\"lcp_excerpt\">Le nouveau concept Cupra Tavascan d\u00e9voil\u00e9 avant les d\u00e9buts de Francfort\nLe nouveau concept du Cupra Tavascan est un coup\u00e9 SUV tout \u00e9lectrique, et il est pr\u00e9vu pour la production.\nIl s&rsquo;agit du Cupra Tavascan, un concept de coup\u00e9 SUV de la marque espagnole de performance et un v\u00e9hicule qui est d\u00e9j\u00e0 en ligne de production.\nLe deuxi\u00e8me ...<\/div><\/li><li><a href=\"https:\/\/www.carideal.com\/blog\/2019\/09\/07\/cupra-envisage-des-modeles-r-haute-performance\/\">Cupra envisage des mod\u00e8les &lsquo;R&rsquo; haute performance<\/a><div class=\"lcp_excerpt\">Cupra envisage des mod\u00e8les &lsquo;R&rsquo; haute performance\nL&rsquo;offre de Cupra devrait s&rsquo;\u00e9largir rapidement d&rsquo;ici la fin de 2020, avec des variantes &lsquo;R&rsquo; plus extr\u00eames potentiellement en cours de d\u00e9veloppement.\nCupra envisage d\u00e9j\u00e0 des versions &lsquo;R&rsquo; plus performantes de ses mod\u00e8les, a r\u00e9v\u00e9l\u00e9 le patron technique de l&rsquo;entreprise.\nLa sous-marque de performance SEAT devrait rapidement \u00e9largir sa gamme au ...<\/div><\/li><\/ul>\n\n\n\n<p><a href=\"http:\/\/www.carideal.com\/blog\/constructeur\/actualite-cupra\/\">TOUTES&nbsp;LES&nbsp;ACTUALIT\u00c9S&nbsp;CUPRA<\/a><\/p>\n\n\n\n<h2 class=\"wp-block-heading\">Essais Cupra<\/h2>\n\n\n\n<p>TOUS\u00a0LES\u00a0ESSAIS\u00a0CUPRA<\/p>\n","protected":false},"excerpt":{"rendered":"<p>CUPRA &#8211; Actualit\u00e9 Essais Avis neuve et occasion Infos sur la Marque Cupra | Actualit\u00e9s | Essais | Voiture neuve | Voiture d&rsquo;occasion | Financement | Offres | R\u00e9vision | Guide d&rsquo;achat Parmi toutes les marques prestigieuses, Carideal.com se devait de mettre en avant la marque espagnole Cupra. Vous trouverez sur notre site web les &#8230; <a title=\"CUPRA &#8211; Actualit\u00e9 Essais Avis neuve et occasion\" class=\"read-more\" href=\"https:\/\/www.carideal.com\/blog\/marque-de-voiture-actualites-essais\/cupra\/\" aria-label=\"En savoir plus sur CUPRA &#8211; Actualit\u00e9 Essais Avis neuve et occasion\">Lire plus<\/a><\/p>\n","protected":false},"author":3,"featured_media":19687,"parent":13389,"menu_order":0,"comment_status":"closed","ping_status":"closed","template":"","meta":{"_uag_custom_page_level_css":"","_themeisle_gutenberg_block_has_review":false,"footnotes":""},"class_list":["post-19686","page","type-page","status-publish","has-post-thumbnail"],"wppr_data":{"cwp_meta_box_check":"No"},"yoast_head":"<!-- This site is optimized with the Yoast SEO plugin v24.8.1 - https:\/\/yoast.com\/wordpress\/plugins\/seo\/ -->\n<title>CUPRA - Actualit\u00e9 Essais Avis neuve et occasion - Blog auto Carid\u00e9al<\/title>\n<meta name=\"description\" content=\"Retrouvez toute l&#039;actualit\u00e9 sur la marque Cupra ainsi que les derniers essais. Carideal vous renseigne et vous dit tout sur les Cupra, les videos etc.\" \/>\n<meta name=\"robots\" content=\"index, follow, max-snippet:-1, max-image-preview:large, max-video-preview:-1\" \/>\n<link rel=\"canonical\" href=\"https:\/\/www.carideal.com\/blog\/marque-de-voiture-actualites-essais\/cupra\/\" \/>\n<meta property=\"og:locale\" content=\"fr_FR\" \/>\n<meta property=\"og:type\" content=\"article\" \/>\n<meta property=\"og:title\" content=\"CUPRA - Actualit\u00e9 Essais Avis neuve et occasion - Blog auto Carid\u00e9al\" \/>\n<meta property=\"og:description\" content=\"Retrouvez toute l&#039;actualit\u00e9 sur la marque Cupra ainsi que les derniers essais. Carideal vous renseigne et vous dit tout sur les Cupra, les videos etc.\" \/>\n<meta property=\"og:url\" content=\"https:\/\/www.carideal.com\/blog\/marque-de-voiture-actualites-essais\/cupra\/\" \/>\n<meta property=\"og:site_name\" content=\"Blog auto Carid\u00e9al\" \/>\n<meta property=\"article:publisher\" content=\"https:\/\/www.facebook.com\/Carideal.mandataire.automobile\" \/>\n<meta property=\"article:modified_time\" content=\"2020-01-30T11:21:14+00:00\" \/>\n<meta property=\"og:image\" content=\"https:\/\/www.carideal.com\/blog\/wp-content\/uploads\/2019\/09\/logo-cupra-e1567863094700.png\" \/>\n\t<meta property=\"og:image:width\" content=\"600\" \/>\n\t<meta property=\"og:image:height\" content=\"396\" \/>\n\t<meta property=\"og:image:type\" content=\"image\/png\" \/>\n<meta name=\"twitter:card\" content=\"summary_large_image\" \/>\n<meta name=\"twitter:site\" content=\"@caridealauto\" \/>\n<meta name=\"twitter:label1\" content=\"Dur\u00e9e de lecture estim\u00e9e\" \/>\n\t<meta name=\"twitter:data1\" content=\"1 minute\" \/>\n<script type=\"application\/ld+json\" class=\"yoast-schema-graph\">{\"@context\":\"https:\/\/schema.org\",\"@graph\":[{\"@type\":\"WebPage\",\"@id\":\"https:\/\/www.carideal.com\/blog\/marque-de-voiture-actualites-essais\/cupra\/\",\"url\":\"https:\/\/www.carideal.com\/blog\/marque-de-voiture-actualites-essais\/cupra\/\",\"name\":\"CUPRA - Actualit\u00e9 Essais Avis neuve et occasion - Blog auto Carid\u00e9al\",\"isPartOf\":{\"@id\":\"https:\/\/www.carideal.com\/blog\/#website\"},\"primaryImageOfPage\":{\"@id\":\"https:\/\/www.carideal.com\/blog\/marque-de-voiture-actualites-essais\/cupra\/#primaryimage\"},\"image\":{\"@id\":\"https:\/\/www.carideal.com\/blog\/marque-de-voiture-actualites-essais\/cupra\/#primaryimage\"},\"thumbnailUrl\":\"https:\/\/www.carideal.com\/blog\/wp-content\/uploads\/2019\/09\/logo-cupra-e1567863094700.png\",\"datePublished\":\"2019-09-07T13:46:26+00:00\",\"dateModified\":\"2020-01-30T11:21:14+00:00\",\"description\":\"Retrouvez toute l'actualit\u00e9 sur la marque Cupra ainsi que les derniers essais. Carideal vous renseigne et vous dit tout sur les Cupra, les videos etc.\",\"breadcrumb\":{\"@id\":\"https:\/\/www.carideal.com\/blog\/marque-de-voiture-actualites-essais\/cupra\/#breadcrumb\"},\"inLanguage\":\"fr-FR\",\"potentialAction\":[{\"@type\":\"ReadAction\",\"target\":[\"https:\/\/www.carideal.com\/blog\/marque-de-voiture-actualites-essais\/cupra\/\"]}]},{\"@type\":\"ImageObject\",\"inLanguage\":\"fr-FR\",\"@id\":\"https:\/\/www.carideal.com\/blog\/marque-de-voiture-actualites-essais\/cupra\/#primaryimage\",\"url\":\"https:\/\/www.carideal.com\/blog\/wp-content\/uploads\/2019\/09\/logo-cupra-e1567863094700.png\",\"contentUrl\":\"https:\/\/www.carideal.com\/blog\/wp-content\/uploads\/2019\/09\/logo-cupra-e1567863094700.png\",\"width\":600,\"height\":396,\"caption\":\"Cupra\"},{\"@type\":\"BreadcrumbList\",\"@id\":\"https:\/\/www.carideal.com\/blog\/marque-de-voiture-actualites-essais\/cupra\/#breadcrumb\",\"itemListElement\":[{\"@type\":\"ListItem\",\"position\":1,\"name\":\"Blog Carid\u00e9al\",\"item\":\"https:\/\/www.carideal.com\/blog\/\"},{\"@type\":\"ListItem\",\"position\":2,\"name\":\"Marque de voiture\",\"item\":\"https:\/\/www.carideal.com\/blog\/marque-de-voiture-actualites-essais\/\"},{\"@type\":\"ListItem\",\"position\":3,\"name\":\"CUPRA &#8211; Actualit\u00e9 Essais Avis neuve et occasion\"}]},{\"@type\":\"WebSite\",\"@id\":\"https:\/\/www.carideal.com\/blog\/#website\",\"url\":\"https:\/\/www.carideal.com\/blog\/\",\"name\":\"Blog auto Carid\u00e9al\",\"description\":\"Actualit\u00e9 auto par des passionn\u00e9s\",\"publisher\":{\"@id\":\"https:\/\/www.carideal.com\/blog\/#organization\"},\"potentialAction\":[{\"@type\":\"SearchAction\",\"target\":{\"@type\":\"EntryPoint\",\"urlTemplate\":\"https:\/\/www.carideal.com\/blog\/?s={search_term_string}\"},\"query-input\":{\"@type\":\"PropertyValueSpecification\",\"valueRequired\":true,\"valueName\":\"search_term_string\"}}],\"inLanguage\":\"fr-FR\"},{\"@type\":\"Organization\",\"@id\":\"https:\/\/www.carideal.com\/blog\/#organization\",\"name\":\"Carideal\",\"url\":\"https:\/\/www.carideal.com\/blog\/\",\"logo\":{\"@type\":\"ImageObject\",\"inLanguage\":\"fr-FR\",\"@id\":\"https:\/\/www.carideal.com\/blog\/#\/schema\/logo\/image\/\",\"url\":\"http:\/\/www.carideal.com\/blog\/wp-content\/uploads\/2016\/03\/logo-carideal-mandataire-automobile.png\",\"contentUrl\":\"http:\/\/www.carideal.com\/blog\/wp-content\/uploads\/2016\/03\/logo-carideal-mandataire-automobile.png\",\"width\":300,\"height\":300,\"caption\":\"Carideal\"},\"image\":{\"@id\":\"https:\/\/www.carideal.com\/blog\/#\/schema\/logo\/image\/\"},\"sameAs\":[\"https:\/\/www.facebook.com\/Carideal.mandataire.automobile\",\"https:\/\/x.com\/caridealauto\",\"https:\/\/www.instagram.com\/carideal1\/\",\"https:\/\/www.linkedin.com\/company\/carideal.com\",\"https:\/\/fr.pinterest.com\/schiavonsas\/\",\"https:\/\/www.youtube.com\/user\/caridealsas\"]}]}<\/script>\n<!-- \/ Yoast SEO plugin. -->","yoast_head_json":{"title":"CUPRA - Actualit\u00e9 Essais Avis neuve et occasion - Blog auto Carid\u00e9al","description":"Retrouvez toute l'actualit\u00e9 sur la marque Cupra ainsi que les derniers essais. Carideal vous renseigne et vous dit tout sur les Cupra, les videos etc.","robots":{"index":"index","follow":"follow","max-snippet":"max-snippet:-1","max-image-preview":"max-image-preview:large","max-video-preview":"max-video-preview:-1"},"canonical":"https:\/\/www.carideal.com\/blog\/marque-de-voiture-actualites-essais\/cupra\/","og_locale":"fr_FR","og_type":"article","og_title":"CUPRA - Actualit\u00e9 Essais Avis neuve et occasion - Blog auto Carid\u00e9al","og_description":"Retrouvez toute l'actualit\u00e9 sur la marque Cupra ainsi que les derniers essais. Carideal vous renseigne et vous dit tout sur les Cupra, les videos etc.","og_url":"https:\/\/www.carideal.com\/blog\/marque-de-voiture-actualites-essais\/cupra\/","og_site_name":"Blog auto Carid\u00e9al","article_publisher":"https:\/\/www.facebook.com\/Carideal.mandataire.automobile","article_modified_time":"2020-01-30T11:21:14+00:00","og_image":[{"width":600,"height":396,"url":"https:\/\/www.carideal.com\/blog\/wp-content\/uploads\/2019\/09\/logo-cupra-e1567863094700.png","type":"image\/png"}],"twitter_card":"summary_large_image","twitter_site":"@caridealauto","twitter_misc":{"Dur\u00e9e de lecture estim\u00e9e":"1 minute"},"schema":{"@context":"https:\/\/schema.org","@graph":[{"@type":"WebPage","@id":"https:\/\/www.carideal.com\/blog\/marque-de-voiture-actualites-essais\/cupra\/","url":"https:\/\/www.carideal.com\/blog\/marque-de-voiture-actualites-essais\/cupra\/","name":"CUPRA - Actualit\u00e9 Essais Avis neuve et occasion - Blog auto Carid\u00e9al","isPartOf":{"@id":"https:\/\/www.carideal.com\/blog\/#website"},"primaryImageOfPage":{"@id":"https:\/\/www.carideal.com\/blog\/marque-de-voiture-actualites-essais\/cupra\/#primaryimage"},"image":{"@id":"https:\/\/www.carideal.com\/blog\/marque-de-voiture-actualites-essais\/cupra\/#primaryimage"},"thumbnailUrl":"https:\/\/www.carideal.com\/blog\/wp-content\/uploads\/2019\/09\/logo-cupra-e1567863094700.png","datePublished":"2019-09-07T13:46:26+00:00","dateModified":"2020-01-30T11:21:14+00:00","description":"Retrouvez toute l'actualit\u00e9 sur la marque Cupra ainsi que les derniers essais. Carideal vous renseigne et vous dit tout sur les Cupra, les videos etc.","breadcrumb":{"@id":"https:\/\/www.carideal.com\/blog\/marque-de-voiture-actualites-essais\/cupra\/#breadcrumb"},"inLanguage":"fr-FR","potentialAction":[{"@type":"ReadAction","target":["https:\/\/www.carideal.com\/blog\/marque-de-voiture-actualites-essais\/cupra\/"]}]},{"@type":"ImageObject","inLanguage":"fr-FR","@id":"https:\/\/www.carideal.com\/blog\/marque-de-voiture-actualites-essais\/cupra\/#primaryimage","url":"https:\/\/www.carideal.com\/blog\/wp-content\/uploads\/2019\/09\/logo-cupra-e1567863094700.png","contentUrl":"https:\/\/www.carideal.com\/blog\/wp-content\/uploads\/2019\/09\/logo-cupra-e1567863094700.png","width":600,"height":396,"caption":"Cupra"},{"@type":"BreadcrumbList","@id":"https:\/\/www.carideal.com\/blog\/marque-de-voiture-actualites-essais\/cupra\/#breadcrumb","itemListElement":[{"@type":"ListItem","position":1,"name":"Blog Carid\u00e9al","item":"https:\/\/www.carideal.com\/blog\/"},{"@type":"ListItem","position":2,"name":"Marque de voiture","item":"https:\/\/www.carideal.com\/blog\/marque-de-voiture-actualites-essais\/"},{"@type":"ListItem","position":3,"name":"CUPRA &#8211; Actualit\u00e9 Essais Avis neuve et occasion"}]},{"@type":"WebSite","@id":"https:\/\/www.carideal.com\/blog\/#website","url":"https:\/\/www.carideal.com\/blog\/","name":"Blog auto Carid\u00e9al","description":"Actualit\u00e9 auto par des passionn\u00e9s","publisher":{"@id":"https:\/\/www.carideal.com\/blog\/#organization"},"potentialAction":[{"@type":"SearchAction","target":{"@type":"EntryPoint","urlTemplate":"https:\/\/www.carideal.com\/blog\/?s={search_term_string}"},"query-input":{"@type":"PropertyValueSpecification","valueRequired":true,"valueName":"search_term_string"}}],"inLanguage":"fr-FR"},{"@type":"Organization","@id":"https:\/\/www.carideal.com\/blog\/#organization","name":"Carideal","url":"https:\/\/www.carideal.com\/blog\/","logo":{"@type":"ImageObject","inLanguage":"fr-FR","@id":"https:\/\/www.carideal.com\/blog\/#\/schema\/logo\/image\/","url":"http:\/\/www.carideal.com\/blog\/wp-content\/uploads\/2016\/03\/logo-carideal-mandataire-automobile.png","contentUrl":"http:\/\/www.carideal.com\/blog\/wp-content\/uploads\/2016\/03\/logo-carideal-mandataire-automobile.png","width":300,"height":300,"caption":"Carideal"},"image":{"@id":"https:\/\/www.carideal.com\/blog\/#\/schema\/logo\/image\/"},"sameAs":["https:\/\/www.facebook.com\/Carideal.mandataire.automobile","https:\/\/x.com\/caridealauto","https:\/\/www.instagram.com\/carideal1\/","https:\/\/www.linkedin.com\/company\/carideal.com","https:\/\/fr.pinterest.com\/schiavonsas\/","https:\/\/www.youtube.com\/user\/caridealsas"]}]}},"uagb_featured_image_src":{"full":["https:\/\/www.carideal.com\/blog\/wp-content\/uploads\/2019\/09\/logo-cupra-e1567863094700.png",600,396,false],"thumbnail":["https:\/\/www.carideal.com\/blog\/wp-content\/uploads\/2019\/09\/logo-cupra-150x150.png",150,150,true],"medium":["https:\/\/www.carideal.com\/blog\/wp-content\/uploads\/2019\/09\/logo-cupra-300x198.png",300,198,true],"medium_large":["https:\/\/www.carideal.com\/blog\/wp-content\/uploads\/2019\/09\/logo-cupra-768x507.png",768,507,true],"large":["https:\/\/www.carideal.com\/blog\/wp-content\/uploads\/2019\/09\/logo-cupra-1024x676.png",1024,676,true],"1536x1536":["https:\/\/www.carideal.com\/blog\/wp-content\/uploads\/2019\/09\/logo-cupra-e1567863094700.png",600,396,false],"2048x2048":["https:\/\/www.carideal.com\/blog\/wp-content\/uploads\/2019\/09\/logo-cupra-e1567863094700.png",600,396,false],"wppr-widget":["https:\/\/www.carideal.com\/blog\/wp-content\/uploads\/2019\/09\/logo-cupra-50x33.png",50,33,true]},"uagb_author_info":{"display_name":"Nicolas SCHIAVON","author_link":"https:\/\/www.carideal.com\/blog\/author\/nschiavon\/"},"uagb_comment_info":0,"uagb_excerpt":"CUPRA - Actualit\u00e9 Essais Avis neuve et occasion Infos sur la Marque Cupra | Actualit\u00e9s | Essais | Voiture neuve | Voiture d'occasion | Financement | Offres | R\u00e9vision | Guide d'achat Parmi toutes les marques prestigieuses, Carideal.com se devait de mettre en avant la marque espagnole Cupra. Vous trouverez sur notre site web les\u2026","_links":{"self":[{"href":"https:\/\/www.carideal.com\/blog\/wp-json\/wp\/v2\/pages\/19686"}],"collection":[{"href":"https:\/\/www.carideal.com\/blog\/wp-json\/wp\/v2\/pages"}],"about":[{"href":"https:\/\/www.carideal.com\/blog\/wp-json\/wp\/v2\/types\/page"}],"author":[{"embeddable":true,"href":"https:\/\/www.carideal.com\/blog\/wp-json\/wp\/v2\/users\/3"}],"replies":[{"embeddable":true,"href":"https:\/\/www.carideal.com\/blog\/wp-json\/wp\/v2\/comments?post=19686"}],"version-history":[{"count":0,"href":"https:\/\/www.carideal.com\/blog\/wp-json\/wp\/v2\/pages\/19686\/revisions"}],"up":[{"embeddable":true,"href":"https:\/\/www.carideal.com\/blog\/wp-json\/wp\/v2\/pages\/13389"}],"wp:featuredmedia":[{"embeddable":true,"href":"https:\/\/www.carideal.com\/blog\/wp-json\/wp\/v2\/media\/19687"}],"wp:attachment":[{"href":"https:\/\/www.carideal.com\/blog\/wp-json\/wp\/v2\/media?parent=19686"}],"curies":[{"name":"wp","href":"https:\/\/api.w.org\/{rel}","templated":true}]}}