{"id":19656,"date":"2019-09-07T11:10:32","date_gmt":"2019-09-07T09:10:32","guid":{"rendered":"http:\/\/www.carideal.com\/blog\/?page_id=19656"},"modified":"2019-09-07T18:13:23","modified_gmt":"2019-09-07T16:13:23","slug":"seat","status":"publish","type":"page","link":"https:\/\/www.carideal.com\/blog\/marque-de-voiture-actualites-essais\/seat\/","title":{"rendered":"SEAT &#8211; Actualit\u00e9s Essais neuve et occasion"},"content":{"rendered":"<h2><strong>SEAT<\/strong><\/h2>\n<figure id=\"attachment_19665\" aria-describedby=\"caption-attachment-19665\" style=\"width: 190px\" class=\"wp-caption alignleft\"><img loading=\"lazy\" decoding=\"async\" class=\"size-full wp-image-19665\" src=\"http:\/\/www.carideal.com\/blog\/wp-content\/uploads\/2019\/09\/logo-seat-1-e1567847603869.jpg\" alt=\"Logo Seat\" width=\"200\" height=\"132\" \/><figcaption id=\"caption-attachment-19665\" class=\"wp-caption-text\">Logo Seat<\/figcaption><\/figure>\n<p>&nbsp;<\/p>\n<p>Parmi toutes les marques prestigieuses, Carideal.com se devait de mettre en avant la marque espagnole <strong>Seat<\/strong>. Vous trouverez sur notre site web les informations sur la marque Seat et ses mod\u00e8les. Vous trouverez les diff\u00e9rents essais, les actualit\u00e9s et fiches techniques de la marque Seat ainsi que les annonces autos de la marque Seat. Nous mettrons tout en \u0153uvre pour vous donner le maximum d'informations sur la marque Seat.<\/p>\n<p>&nbsp;<\/p>\n<h2>Liste des mod\u00e8les\u00a0Seat<\/h2>\n<table border=\"0\" width=\"100%\" cellspacing=\"0\" cellpadding=\"0\">\n<tbody>\n<tr valign=\"TOP\">\n<td style=\"text-align: center;\" width=\"25%\"><\/td>\n<td style=\"text-align: center;\" width=\"25%\"><\/td>\n<td style=\"text-align: center;\" width=\"25%\"><\/td>\n<td style=\"text-align: center;\" width=\"25%\"><img loading=\"lazy\" decoding=\"async\" class=\"size-full wp-image-19666\" src=\"http:\/\/www.carideal.com\/blog\/wp-content\/uploads\/2019\/09\/seat-arona-e1567847810364.jpg\" alt=\"Seat Arona\" width=\"200\" height=\"106\" \/><\/td>\n<\/tr>\n<tr valign=\"TOP\">\n<td style=\"text-align: center;\" width=\"25%\">SEAT ALHAMBRA<\/td>\n<td style=\"text-align: center;\" width=\"25%\">SEAT ALTEA<\/td>\n<td style=\"text-align: center;\" width=\"25%\">SEAT ALTEA XL<\/td>\n<td style=\"text-align: center;\" width=\"25%\">SEAT ARONA<\/td>\n<\/tr>\n<tr valign=\"TOP\">\n<td width=\"25%\"><\/td>\n<td width=\"25%\"><\/td>\n<td width=\"25%\"><\/td>\n<td width=\"25%\"><\/td>\n<\/tr>\n<tr valign=\"TOP\">\n<td style=\"text-align: center;\" width=\"25%\">SEAT AROSA<\/td>\n<td style=\"text-align: center;\" width=\"25%\">SEAT ATECA<\/td>\n<td style=\"text-align: center;\" width=\"25%\">SEAT CORDOBA<\/td>\n<td style=\"text-align: center;\" width=\"25%\">SEAT EL-BORN<\/td>\n<\/tr>\n<tr valign=\"TOP\">\n<td width=\"25%\"><\/td>\n<td width=\"25%\"><\/td>\n<td width=\"25%\"><\/td>\n<td width=\"25%\"><\/td>\n<\/tr>\n<tr valign=\"TOP\">\n<td style=\"text-align: center;\" width=\"25%\">SEAT EXEO<\/td>\n<td style=\"text-align: center;\" width=\"25%\">SEAT FURA<\/td>\n<td style=\"text-align: center;\" width=\"25%\">SEAT IBIZA<\/td>\n<td style=\"text-align: center;\" width=\"25%\">SEAT IBIZA ST<\/td>\n<\/tr>\n<tr valign=\"TOP\">\n<td width=\"25%\"><\/td>\n<td width=\"25%\"><\/td>\n<td width=\"25%\"><\/td>\n<td width=\"25%\"><\/td>\n<\/tr>\n<tr valign=\"TOP\">\n<td style=\"text-align: center;\" width=\"25%\">SEAT INCA<\/td>\n<td style=\"text-align: center;\" width=\"25%\">SEAT LEON<\/td>\n<td style=\"text-align: center;\" width=\"25%\"><\/td>\n<td style=\"text-align: center;\" width=\"25%\"><\/td>\n<\/tr>\n<tr valign=\"TOP\">\n<td width=\"25%\"><\/td>\n<td width=\"25%\"><\/td>\n<td width=\"25%\"><\/td>\n<td width=\"25%\"><\/td>\n<\/tr>\n<tr valign=\"TOP\">\n<td width=\"25%\"><\/td>\n<td width=\"25%\"><\/td>\n<td width=\"25%\"><\/td>\n<td width=\"25%\"><\/td>\n<\/tr>\n<tr valign=\"TOP\">\n<td width=\"25%\"><\/td>\n<td width=\"25%\"><\/td>\n<td width=\"25%\"><\/td>\n<td width=\"25%\"><\/td>\n<\/tr>\n<tr valign=\"TOP\">\n<td width=\"25%\"><\/td>\n<td width=\"25%\"><\/td>\n<td width=\"25%\"><\/td>\n<td width=\"25%\"><\/td>\n<\/tr>\n<tr valign=\"TOP\">\n<td width=\"25%\"><\/td>\n<td width=\"25%\"><\/td>\n<td width=\"25%\"><\/td>\n<td width=\"25%\"><\/td>\n<\/tr>\n<tr valign=\"TOP\">\n<td width=\"25%\"><\/td>\n<td width=\"25%\"><\/td>\n<td width=\"25%\"><\/td>\n<td width=\"25%\"><\/td>\n<\/tr>\n<tr valign=\"TOP\">\n<td width=\"25%\"><\/td>\n<td width=\"25%\"><\/td>\n<td width=\"25%\"><\/td>\n<td width=\"25%\"><\/td>\n<\/tr>\n<tr valign=\"TOP\">\n<td width=\"25%\"><\/td>\n<td width=\"25%\"><\/td>\n<td width=\"25%\"><\/td>\n<td width=\"25%\"><\/td>\n<\/tr>\n<tr valign=\"TOP\">\n<td width=\"25%\"><\/td>\n<td width=\"25%\"><\/td>\n<td width=\"25%\"><\/td>\n<td width=\"25%\"><\/td>\n<\/tr>\n<tr valign=\"TOP\">\n<td width=\"25%\"><\/td>\n<td width=\"25%\"><\/td>\n<td width=\"25%\"><\/td>\n<td width=\"25%\"><\/td>\n<\/tr>\n<tr valign=\"TOP\">\n<td width=\"25%\"><\/td>\n<td width=\"25%\"><\/td>\n<td width=\"25%\"><\/td>\n<td width=\"25%\"><\/td>\n<\/tr>\n<tr valign=\"TOP\">\n<td width=\"25%\"><\/td>\n<td width=\"25%\"><\/td>\n<td width=\"25%\"><\/td>\n<td width=\"25%\"><\/td>\n<\/tr>\n<tr valign=\"TOP\">\n<td width=\"25%\"><\/td>\n<td width=\"25%\"><\/td>\n<td width=\"25%\"><\/td>\n<td width=\"25%\"><\/td>\n<\/tr>\n<tr valign=\"TOP\">\n<td width=\"25%\"><\/td>\n<td width=\"25%\"><\/td>\n<td width=\"25%\"><\/td>\n<td width=\"25%\"><\/td>\n<\/tr>\n<tr valign=\"TOP\">\n<td width=\"25%\"><\/td>\n<td width=\"25%\"><\/td>\n<td width=\"25%\"><\/td>\n<td width=\"25%\"><\/td>\n<\/tr>\n<tr valign=\"TOP\">\n<td width=\"25%\"><\/td>\n<td style=\"text-align: center;\" width=\"25%\"><\/td>\n<td width=\"25%\"><\/td>\n<td width=\"25%\"><\/td>\n<\/tr>\n<tr valign=\"TOP\">\n<td width=\"25%\"><\/td>\n<td width=\"25%\"><\/td>\n<td width=\"25%\"><\/td>\n<td width=\"25%\"><\/td>\n<\/tr>\n<tr valign=\"TOP\">\n<td width=\"25%\"><\/td>\n<td width=\"25%\"><\/td>\n<td width=\"25%\"><\/td>\n<td width=\"25%\"><\/td>\n<\/tr>\n<tr valign=\"TOP\">\n<td width=\"25%\"><\/td>\n<td width=\"25%\"><\/td>\n<td width=\"25%\"><\/td>\n<td width=\"25%\"><\/td>\n<\/tr>\n<tr valign=\"TOP\">\n<td width=\"25%\"><\/td>\n<td width=\"25%\"><\/td>\n<td width=\"25%\"><\/td>\n<td width=\"25%\"><\/td>\n<\/tr>\n<tr valign=\"TOP\">\n<td width=\"25%\"><\/td>\n<td width=\"25%\"><\/td>\n<td width=\"25%\"><\/td>\n<td width=\"25%\"><\/td>\n<\/tr>\n<tr valign=\"TOP\">\n<td style=\"text-align: center;\" width=\"25%\"><\/td>\n<td style=\"text-align: center;\" width=\"25%\"><\/td>\n<td style=\"text-align: center;\" width=\"25%\"><\/td>\n<td style=\"text-align: center;\" width=\"25%\"><\/td>\n<\/tr>\n<\/tbody>\n<\/table>\n<h2>Actualit\u00e9s\u00a0Seat<\/h2>\n<ul class=\"lcp_catlist\" id=\"lcp_instance_0\"><li><a href=\"https:\/\/www.carideal.com\/blog\/2016\/02\/14\/le-suv-seat-ateca-en-mars-2016\/\">Le SUV Seat Ateca en Mars 2016<\/a><div class=\"lcp_excerpt\">Le SUV Seat Ateca sera commercialis\u00e9 en Mars 2016\nLe concept-car Tribu, pr\u00e9sent\u00e9 au salon de Francfort avait laiss\u00e9 pr\u00e9sag\u00e9 ce que serait ce futur SUV. Ce SUV sera le Seat Ateca, comme tous les v\u00e9hicules Seat l&rsquo;Ateca porte le nom d&rsquo;une ville Espagnole.\nLe Seat Ateca est con\u00e7u sur la base de la plateforme technique MQB ...<\/div><\/li><li><a href=\"https:\/\/www.carideal.com\/blog\/2015\/09\/29\/volkswagengate-le-gouvernement-espagnol-veut-obliger-seat-a-rembourser-les-aides-percues\/\">Le gouvernement espagnol veut que Seat rembourse<\/a><div class=\"lcp_excerpt\">Volkswagengate Le gouvernement espagnol veut Obliger Seat \u00e0 rembourser les aides percues\nLe gouvernement espagnol veut que Seat rembourse les aides per\u00e7ues. Les suites du Volkswagengate sont nombreuses et diverses et tous les pays semblent s&rsquo;y mettre: Suivez l&rsquo;actualit\u00e9 avec le Hashtag #volkswagengate sur notre compte Twitter @schiavonsas\nL&rsquo;Espagne\u00a0envisage de demander \u00e0 Seat, le constructeur espagnol propri\u00e9t\u00e9 ...<\/div><\/li><li><a href=\"https:\/\/www.carideal.com\/blog\/2015\/09\/21\/volkswagen-accuse-de-tricherie-aux-etats-unis-et-18-milliards-de-damende\/\">Tricherie Volkswagen accus\u00e9 aux Etats-Unis<\/a><div class=\"lcp_excerpt\">Tricherie Volkswagen le groupe est accus\u00e9 d&rsquo;avoir\u00a0trich\u00e9 sur les contr\u00f4les antipollution aux Etats-Unis\nVolkswagen\u00a0aurait dissimul\u00e9 un logiciel malveillant dans les calculateurs moteurs de ses voitures aux\u00a0Etats-Unis afin de minimiser les \u00e9missions de gaz polluants et de CO2.\nCette affaire, r\u00e9v\u00e9l\u00e9e vendredi, par l&rsquo;agence environnementale am\u00e9ricaine EPA qui a d\u00e9clench\u00e9 toute l&rsquo;affaire, et qui pourrait co\u00fbter tr\u00e8s cher ...<\/div><\/li><li><a href=\"https:\/\/www.carideal.com\/blog\/2014\/05\/12\/le-break-seat-leon-st\/\">Le break Seat Leon ST 2014<\/a><div class=\"lcp_excerpt\">\nLa Seat Leon ST 2014 : Break compact alliant \u00e9l\u00e9gance, performance et polyvalence\n\n\n Seat change d&rsquo;optique pour la Leon. Jug\u00e9 par les utilisateurs comme pas facile \u00e0 vivre, atypique et sportive le constructeur espagnol prend un virage visant les jeunes familles avec un break. La Leon ST a pour but de plaire \u00e0 un plus ...<\/div><\/li><li><a href=\"https:\/\/www.carideal.com\/blog\/2013\/07\/23\/seat-leon-sc-3-portes\/\">Seat Leon SC 3 portes 2013<\/a><div class=\"lcp_excerpt\">La nouvelle version 3p de la SEAT LEON SC\nAlors que nombre de constructeurs automobiles suppriment leur versions 3p de leur catalogue sur ce segment, car peu vendu et donc jug\u00e9 pas rentable, Seat qui n&rsquo;en poss\u00e9dait pas au contraire des autres voitures du groupe, Golf et A3, se positionne sur le march\u00e9 des voitures compactes ...<\/div><\/li><li><a href=\"https:\/\/www.carideal.com\/blog\/2012\/12\/12\/seat-leon\/\">Seat Leon 3 de 2012<\/a><div class=\"lcp_excerpt\">Seat Leon 2012\n\nLongue de 4.26m, la nouvelle Seat Leon 2012 repose sur une plate-forme technique modulaire qu\u2019elle partage avec l\u2019Audi A3 et la Volkswagen Golf VII. La gamme s\u2019enrichira d\u2019une version \u00e0 trois portes ( Leon SC) et d\u2019un break (Leon ST). Au lancement, elle contiendra un bloc diesel 1.6 TDI de 105 ch et ...<\/div><\/li><li><a href=\"https:\/\/www.carideal.com\/blog\/2010\/04\/07\/seat-ibiza-cupra\/\">Seat Ibiza Cupra petite bombe espagnole<\/a><div class=\"lcp_excerpt\">&nbsp;\nSeat Ibiza Cupra, la petite bombe espagnole\nDans la cat\u00e9gorie des petites nerveuses, l&rsquo;Ibiza joue la carte de l&rsquo;originalit\u00e9\u00a0: moteur de 180 ch dont la cylindr\u00e9e ne se d\u00e9passe pas 1.4 L !!, double suralimentation, compresseur plus turbo, boite robotis\u00e9e sept rapports \u00e0 double embrayage en s\u00e9rie.\nA la conduite, l&rsquo;ensemble se r\u00e9v\u00e8le plut\u00f4t s\u00e9duisant. Le petit ...<\/div><\/li><li><a href=\"https:\/\/www.carideal.com\/blog\/2008\/11\/20\/seat-diesel-champion-du-monde\/\">WTCC Seat Diesel Champion du monde<\/a><div class=\"lcp_excerpt\">WTCC Seat Diesel Champion du monde\nWTCC Seat remporte une belle victoire en, voiture de tourisme, en d\u00e9crochant le titre avec Yvan Muller, au volant d&rsquo;une Leon Diesel. Une Premi\u00e8re pour un Francais dans cette discipline, et une premi\u00e8re pour un moteur diesel.\nDans le SUV Seat tribut on peut y loger toute la famille\n<\/div><\/li><li><a href=\"https:\/\/www.carideal.com\/blog\/2008\/10\/20\/seat-leon-ii-occasion\/\">Avis Seat Leon II occasion<\/a><div class=\"lcp_excerpt\">\nNotre avis sur la Seat Leon II d&rsquo;occasion pass\u00e9 en revue\n\n\nDu caract\u00e8re, la Seat Leon II en a \u00e0 revendre en occasion. D&rsquo;ailleurs, le plumage est \u00e0 la hauteur du ramage. Nous vous donnons notre avis sur la Seat Leon II d&rsquo;occasion.\n\n\nAinsi le dynamisme de la ligne se retrouve dans l&rsquo;agr\u00e9ment de conduite.\u00a0Le train avant ...<\/div><\/li><li><a href=\"https:\/\/www.carideal.com\/blog\/2008\/09\/11\/seat-tribu\/\">Seat Tribu 2008<\/a><div class=\"lcp_excerpt\">\nSeat Tribu 2008\n\n\nSeat Tribu Ax\u00e9e sur le sport, sans jamais avoir couru\u00a0! C&rsquo;est un comble, la philosophie Seat ne pourra, a l&rsquo;avenir, plus faire l&rsquo;impasse sur les voitures de loisirs. Premi\u00e8re tentative, l&rsquo;Altea Freetrack, monospace sur\u00e9lev\u00e9 vendu en 4X2 ou 4X4 depuis l&rsquo;\u00e9t\u00e9 2007, plante le d\u00e9cor mais ne trouve pas vraiment son public qui ...<\/div><\/li><\/ul>\n<p><a href=\"http:\/\/www.carideal.com\/blog\/constructeur\/seat\/\">TOUTES\u00a0LES\u00a0ACTUALIT\u00c9S\u00a0SEAT<\/a><\/p>\n<h2>Essais Seat<\/h2>\n<p>TOUS\u00a0LES\u00a0ESSAIS\u00a0SEAT<\/p>\n","protected":false},"excerpt":{"rendered":"<p>SEAT &nbsp; Parmi toutes les marques prestigieuses, Carideal.com se devait de mettre en avant la marque espagnole Seat. Vous trouverez sur notre site web les informations sur la marque Seat et ses mod\u00e8les. Vous trouverez les diff\u00e9rents essais, les actualit\u00e9s et fiches techniques de la marque Seat ainsi que les annonces autos de la marque &#8230; <a title=\"SEAT &#8211; Actualit\u00e9s Essais neuve et occasion\" class=\"read-more\" href=\"https:\/\/www.carideal.com\/blog\/marque-de-voiture-actualites-essais\/seat\/\" aria-label=\"En savoir plus sur SEAT &#8211; Actualit\u00e9s Essais neuve et occasion\">Lire plus<\/a><\/p>\n","protected":false},"author":3,"featured_media":19658,"parent":13389,"menu_order":0,"comment_status":"closed","ping_status":"closed","template":"","meta":{"_uag_custom_page_level_css":"","_themeisle_gutenberg_block_has_review":false,"footnotes":""},"class_list":["post-19656","page","type-page","status-publish","has-post-thumbnail"],"wppr_data":{"cwp_meta_box_check":"No"},"yoast_head":"<!-- This site is optimized with the Yoast SEO plugin v24.8.1 - https:\/\/yoast.com\/wordpress\/plugins\/seo\/ -->\n<title>SEAT - Actualit\u00e9s Essais neuve et occasion - Blog auto Carid\u00e9al<\/title>\n<meta name=\"description\" content=\"Retrouvez toutes infos de la marque SEAT : les actualit\u00e9s les essais les nouveaux mod\u00e8les etc. Carideal vous pr\u00e9sente les spyshots les vid\u00e9os des Seat\" \/>\n<meta name=\"robots\" content=\"index, follow, max-snippet:-1, max-image-preview:large, max-video-preview:-1\" \/>\n<link rel=\"canonical\" href=\"https:\/\/www.carideal.com\/blog\/marque-de-voiture-actualites-essais\/seat\/\" \/>\n<meta property=\"og:locale\" content=\"fr_FR\" \/>\n<meta property=\"og:type\" content=\"article\" \/>\n<meta property=\"og:title\" content=\"SEAT - Actualit\u00e9s Essais neuve et occasion - Blog auto Carid\u00e9al\" \/>\n<meta property=\"og:description\" content=\"Retrouvez toutes infos de la marque SEAT : les actualit\u00e9s les essais les nouveaux mod\u00e8les etc. Carideal vous pr\u00e9sente les spyshots les vid\u00e9os des Seat\" \/>\n<meta property=\"og:url\" content=\"https:\/\/www.carideal.com\/blog\/marque-de-voiture-actualites-essais\/seat\/\" \/>\n<meta property=\"og:site_name\" content=\"Blog auto Carid\u00e9al\" \/>\n<meta property=\"article:publisher\" content=\"https:\/\/www.facebook.com\/Carideal.mandataire.automobile\" \/>\n<meta property=\"article:modified_time\" content=\"2019-09-07T16:13:23+00:00\" \/>\n<meta property=\"og:image\" content=\"https:\/\/www.carideal.com\/blog\/wp-content\/uploads\/2019\/09\/logo-seat.jpg\" \/>\n\t<meta property=\"og:image:width\" content=\"600\" \/>\n\t<meta property=\"og:image:height\" content=\"396\" \/>\n\t<meta property=\"og:image:type\" content=\"image\/jpeg\" \/>\n<meta name=\"twitter:card\" content=\"summary_large_image\" \/>\n<meta name=\"twitter:site\" content=\"@caridealauto\" \/>\n<meta name=\"twitter:label1\" content=\"Dur\u00e9e de lecture estim\u00e9e\" \/>\n\t<meta name=\"twitter:data1\" content=\"1 minute\" \/>\n<script type=\"application\/ld+json\" class=\"yoast-schema-graph\">{\"@context\":\"https:\/\/schema.org\",\"@graph\":[{\"@type\":\"WebPage\",\"@id\":\"https:\/\/www.carideal.com\/blog\/marque-de-voiture-actualites-essais\/seat\/\",\"url\":\"https:\/\/www.carideal.com\/blog\/marque-de-voiture-actualites-essais\/seat\/\",\"name\":\"SEAT - Actualit\u00e9s Essais neuve et occasion - Blog auto Carid\u00e9al\",\"isPartOf\":{\"@id\":\"https:\/\/www.carideal.com\/blog\/#website\"},\"primaryImageOfPage\":{\"@id\":\"https:\/\/www.carideal.com\/blog\/marque-de-voiture-actualites-essais\/seat\/#primaryimage\"},\"image\":{\"@id\":\"https:\/\/www.carideal.com\/blog\/marque-de-voiture-actualites-essais\/seat\/#primaryimage\"},\"thumbnailUrl\":\"https:\/\/www.carideal.com\/blog\/wp-content\/uploads\/2019\/09\/logo-seat.jpg\",\"datePublished\":\"2019-09-07T09:10:32+00:00\",\"dateModified\":\"2019-09-07T16:13:23+00:00\",\"description\":\"Retrouvez toutes infos de la marque SEAT : les actualit\u00e9s les essais les nouveaux mod\u00e8les etc. Carideal vous pr\u00e9sente les spyshots les vid\u00e9os des Seat\",\"breadcrumb\":{\"@id\":\"https:\/\/www.carideal.com\/blog\/marque-de-voiture-actualites-essais\/seat\/#breadcrumb\"},\"inLanguage\":\"fr-FR\",\"potentialAction\":[{\"@type\":\"ReadAction\",\"target\":[\"https:\/\/www.carideal.com\/blog\/marque-de-voiture-actualites-essais\/seat\/\"]}]},{\"@type\":\"ImageObject\",\"inLanguage\":\"fr-FR\",\"@id\":\"https:\/\/www.carideal.com\/blog\/marque-de-voiture-actualites-essais\/seat\/#primaryimage\",\"url\":\"https:\/\/www.carideal.com\/blog\/wp-content\/uploads\/2019\/09\/logo-seat.jpg\",\"contentUrl\":\"https:\/\/www.carideal.com\/blog\/wp-content\/uploads\/2019\/09\/logo-seat.jpg\",\"width\":600,\"height\":396,\"caption\":\"Seat\"},{\"@type\":\"BreadcrumbList\",\"@id\":\"https:\/\/www.carideal.com\/blog\/marque-de-voiture-actualites-essais\/seat\/#breadcrumb\",\"itemListElement\":[{\"@type\":\"ListItem\",\"position\":1,\"name\":\"Blog Carid\u00e9al\",\"item\":\"https:\/\/www.carideal.com\/blog\/\"},{\"@type\":\"ListItem\",\"position\":2,\"name\":\"Marque de voiture\",\"item\":\"https:\/\/www.carideal.com\/blog\/marque-de-voiture-actualites-essais\/\"},{\"@type\":\"ListItem\",\"position\":3,\"name\":\"SEAT &#8211; Actualit\u00e9s Essais neuve et occasion\"}]},{\"@type\":\"WebSite\",\"@id\":\"https:\/\/www.carideal.com\/blog\/#website\",\"url\":\"https:\/\/www.carideal.com\/blog\/\",\"name\":\"Blog auto Carid\u00e9al\",\"description\":\"Actualit\u00e9 auto par des passionn\u00e9s\",\"publisher\":{\"@id\":\"https:\/\/www.carideal.com\/blog\/#organization\"},\"potentialAction\":[{\"@type\":\"SearchAction\",\"target\":{\"@type\":\"EntryPoint\",\"urlTemplate\":\"https:\/\/www.carideal.com\/blog\/?s={search_term_string}\"},\"query-input\":{\"@type\":\"PropertyValueSpecification\",\"valueRequired\":true,\"valueName\":\"search_term_string\"}}],\"inLanguage\":\"fr-FR\"},{\"@type\":\"Organization\",\"@id\":\"https:\/\/www.carideal.com\/blog\/#organization\",\"name\":\"Carideal\",\"url\":\"https:\/\/www.carideal.com\/blog\/\",\"logo\":{\"@type\":\"ImageObject\",\"inLanguage\":\"fr-FR\",\"@id\":\"https:\/\/www.carideal.com\/blog\/#\/schema\/logo\/image\/\",\"url\":\"http:\/\/www.carideal.com\/blog\/wp-content\/uploads\/2016\/03\/logo-carideal-mandataire-automobile.png\",\"contentUrl\":\"http:\/\/www.carideal.com\/blog\/wp-content\/uploads\/2016\/03\/logo-carideal-mandataire-automobile.png\",\"width\":300,\"height\":300,\"caption\":\"Carideal\"},\"image\":{\"@id\":\"https:\/\/www.carideal.com\/blog\/#\/schema\/logo\/image\/\"},\"sameAs\":[\"https:\/\/www.facebook.com\/Carideal.mandataire.automobile\",\"https:\/\/x.com\/caridealauto\",\"https:\/\/www.instagram.com\/carideal1\/\",\"https:\/\/www.linkedin.com\/company\/carideal.com\",\"https:\/\/fr.pinterest.com\/schiavonsas\/\",\"https:\/\/www.youtube.com\/user\/caridealsas\"]}]}<\/script>\n<!-- \/ Yoast SEO plugin. -->","yoast_head_json":{"title":"SEAT - Actualit\u00e9s Essais neuve et occasion - Blog auto Carid\u00e9al","description":"Retrouvez toutes infos de la marque SEAT : les actualit\u00e9s les essais les nouveaux mod\u00e8les etc. Carideal vous pr\u00e9sente les spyshots les vid\u00e9os des Seat","robots":{"index":"index","follow":"follow","max-snippet":"max-snippet:-1","max-image-preview":"max-image-preview:large","max-video-preview":"max-video-preview:-1"},"canonical":"https:\/\/www.carideal.com\/blog\/marque-de-voiture-actualites-essais\/seat\/","og_locale":"fr_FR","og_type":"article","og_title":"SEAT - Actualit\u00e9s Essais neuve et occasion - Blog auto Carid\u00e9al","og_description":"Retrouvez toutes infos de la marque SEAT : les actualit\u00e9s les essais les nouveaux mod\u00e8les etc. Carideal vous pr\u00e9sente les spyshots les vid\u00e9os des Seat","og_url":"https:\/\/www.carideal.com\/blog\/marque-de-voiture-actualites-essais\/seat\/","og_site_name":"Blog auto Carid\u00e9al","article_publisher":"https:\/\/www.facebook.com\/Carideal.mandataire.automobile","article_modified_time":"2019-09-07T16:13:23+00:00","og_image":[{"width":600,"height":396,"url":"https:\/\/www.carideal.com\/blog\/wp-content\/uploads\/2019\/09\/logo-seat.jpg","type":"image\/jpeg"}],"twitter_card":"summary_large_image","twitter_site":"@caridealauto","twitter_misc":{"Dur\u00e9e de lecture estim\u00e9e":"1 minute"},"schema":{"@context":"https:\/\/schema.org","@graph":[{"@type":"WebPage","@id":"https:\/\/www.carideal.com\/blog\/marque-de-voiture-actualites-essais\/seat\/","url":"https:\/\/www.carideal.com\/blog\/marque-de-voiture-actualites-essais\/seat\/","name":"SEAT - Actualit\u00e9s Essais neuve et occasion - Blog auto Carid\u00e9al","isPartOf":{"@id":"https:\/\/www.carideal.com\/blog\/#website"},"primaryImageOfPage":{"@id":"https:\/\/www.carideal.com\/blog\/marque-de-voiture-actualites-essais\/seat\/#primaryimage"},"image":{"@id":"https:\/\/www.carideal.com\/blog\/marque-de-voiture-actualites-essais\/seat\/#primaryimage"},"thumbnailUrl":"https:\/\/www.carideal.com\/blog\/wp-content\/uploads\/2019\/09\/logo-seat.jpg","datePublished":"2019-09-07T09:10:32+00:00","dateModified":"2019-09-07T16:13:23+00:00","description":"Retrouvez toutes infos de la marque SEAT : les actualit\u00e9s les essais les nouveaux mod\u00e8les etc. Carideal vous pr\u00e9sente les spyshots les vid\u00e9os des Seat","breadcrumb":{"@id":"https:\/\/www.carideal.com\/blog\/marque-de-voiture-actualites-essais\/seat\/#breadcrumb"},"inLanguage":"fr-FR","potentialAction":[{"@type":"ReadAction","target":["https:\/\/www.carideal.com\/blog\/marque-de-voiture-actualites-essais\/seat\/"]}]},{"@type":"ImageObject","inLanguage":"fr-FR","@id":"https:\/\/www.carideal.com\/blog\/marque-de-voiture-actualites-essais\/seat\/#primaryimage","url":"https:\/\/www.carideal.com\/blog\/wp-content\/uploads\/2019\/09\/logo-seat.jpg","contentUrl":"https:\/\/www.carideal.com\/blog\/wp-content\/uploads\/2019\/09\/logo-seat.jpg","width":600,"height":396,"caption":"Seat"},{"@type":"BreadcrumbList","@id":"https:\/\/www.carideal.com\/blog\/marque-de-voiture-actualites-essais\/seat\/#breadcrumb","itemListElement":[{"@type":"ListItem","position":1,"name":"Blog Carid\u00e9al","item":"https:\/\/www.carideal.com\/blog\/"},{"@type":"ListItem","position":2,"name":"Marque de voiture","item":"https:\/\/www.carideal.com\/blog\/marque-de-voiture-actualites-essais\/"},{"@type":"ListItem","position":3,"name":"SEAT &#8211; Actualit\u00e9s Essais neuve et occasion"}]},{"@type":"WebSite","@id":"https:\/\/www.carideal.com\/blog\/#website","url":"https:\/\/www.carideal.com\/blog\/","name":"Blog auto Carid\u00e9al","description":"Actualit\u00e9 auto par des passionn\u00e9s","publisher":{"@id":"https:\/\/www.carideal.com\/blog\/#organization"},"potentialAction":[{"@type":"SearchAction","target":{"@type":"EntryPoint","urlTemplate":"https:\/\/www.carideal.com\/blog\/?s={search_term_string}"},"query-input":{"@type":"PropertyValueSpecification","valueRequired":true,"valueName":"search_term_string"}}],"inLanguage":"fr-FR"},{"@type":"Organization","@id":"https:\/\/www.carideal.com\/blog\/#organization","name":"Carideal","url":"https:\/\/www.carideal.com\/blog\/","logo":{"@type":"ImageObject","inLanguage":"fr-FR","@id":"https:\/\/www.carideal.com\/blog\/#\/schema\/logo\/image\/","url":"http:\/\/www.carideal.com\/blog\/wp-content\/uploads\/2016\/03\/logo-carideal-mandataire-automobile.png","contentUrl":"http:\/\/www.carideal.com\/blog\/wp-content\/uploads\/2016\/03\/logo-carideal-mandataire-automobile.png","width":300,"height":300,"caption":"Carideal"},"image":{"@id":"https:\/\/www.carideal.com\/blog\/#\/schema\/logo\/image\/"},"sameAs":["https:\/\/www.facebook.com\/Carideal.mandataire.automobile","https:\/\/x.com\/caridealauto","https:\/\/www.instagram.com\/carideal1\/","https:\/\/www.linkedin.com\/company\/carideal.com","https:\/\/fr.pinterest.com\/schiavonsas\/","https:\/\/www.youtube.com\/user\/caridealsas"]}]}},"uagb_featured_image_src":{"full":["https:\/\/www.carideal.com\/blog\/wp-content\/uploads\/2019\/09\/logo-seat.jpg",600,396,false],"thumbnail":["https:\/\/www.carideal.com\/blog\/wp-content\/uploads\/2019\/09\/logo-seat-150x150.jpg",150,150,true],"medium":["https:\/\/www.carideal.com\/blog\/wp-content\/uploads\/2019\/09\/logo-seat-300x198.jpg",300,198,true],"medium_large":["https:\/\/www.carideal.com\/blog\/wp-content\/uploads\/2019\/09\/logo-seat.jpg",600,396,false],"large":["https:\/\/www.carideal.com\/blog\/wp-content\/uploads\/2019\/09\/logo-seat.jpg",600,396,false],"1536x1536":["https:\/\/www.carideal.com\/blog\/wp-content\/uploads\/2019\/09\/logo-seat.jpg",600,396,false],"2048x2048":["https:\/\/www.carideal.com\/blog\/wp-content\/uploads\/2019\/09\/logo-seat.jpg",600,396,false],"wppr-widget":["https:\/\/www.carideal.com\/blog\/wp-content\/uploads\/2019\/09\/logo-seat-50x33.jpg",50,33,true]},"uagb_author_info":{"display_name":"Nicolas SCHIAVON","author_link":"https:\/\/www.carideal.com\/blog\/author\/nschiavon\/"},"uagb_comment_info":0,"uagb_excerpt":"SEAT &nbsp; Parmi toutes les marques prestigieuses, Carideal.com se devait de mettre en avant la marque espagnole Seat. Vous trouverez sur notre site web les informations sur la marque Seat et ses mod\u00e8les. Vous trouverez les diff\u00e9rents essais, les actualit\u00e9s et fiches techniques de la marque Seat ainsi que les annonces autos de la marque\u2026","_links":{"self":[{"href":"https:\/\/www.carideal.com\/blog\/wp-json\/wp\/v2\/pages\/19656"}],"collection":[{"href":"https:\/\/www.carideal.com\/blog\/wp-json\/wp\/v2\/pages"}],"about":[{"href":"https:\/\/www.carideal.com\/blog\/wp-json\/wp\/v2\/types\/page"}],"author":[{"embeddable":true,"href":"https:\/\/www.carideal.com\/blog\/wp-json\/wp\/v2\/users\/3"}],"replies":[{"embeddable":true,"href":"https:\/\/www.carideal.com\/blog\/wp-json\/wp\/v2\/comments?post=19656"}],"version-history":[{"count":0,"href":"https:\/\/www.carideal.com\/blog\/wp-json\/wp\/v2\/pages\/19656\/revisions"}],"up":[{"embeddable":true,"href":"https:\/\/www.carideal.com\/blog\/wp-json\/wp\/v2\/pages\/13389"}],"wp:featuredmedia":[{"embeddable":true,"href":"https:\/\/www.carideal.com\/blog\/wp-json\/wp\/v2\/media\/19658"}],"wp:attachment":[{"href":"https:\/\/www.carideal.com\/blog\/wp-json\/wp\/v2\/media?parent=19656"}],"curies":[{"name":"wp","href":"https:\/\/api.w.org\/{rel}","templated":true}]}}