{"id":16771,"date":"2017-12-20T17:17:00","date_gmt":"2017-12-20T16:17:00","guid":{"rendered":"http:\/\/www.carideal.com\/blog\/?page_id=16771"},"modified":"2021-05-21T11:14:07","modified_gmt":"2021-05-21T09:14:07","slug":"strasbourg","status":"publish","type":"page","link":"https:\/\/www.carideal.com\/blog\/voitures-occasions\/strasbourg\/","title":{"rendered":"Voiture occasion Strasbourg &#8211; Annonce Auto"},"content":{"rendered":"\n<h2 class=\"wp-block-heading\">Trouvez votre voiture d'occasion \u00e0 Strasbourg avec Carideal mandataire auto<\/h2>\n\n\n\n<p>En tant que <strong>sp\u00e9cialistes de la <a href=\"http:\/\/www.carideal.com\/blog\/voitures-occasions\/\">voiture d'occasion<\/a><\/strong>, nous sommes toujours l\u00e0 pour aider nos clients \u00e0\u00a0trouver la <strong>voiture d'occasion \u00e0 Strasbourg<\/strong> qu'ils d\u00e9sirent et pour la garder performante comme elle le devrait.<\/p>\n\n\n\n<p>Toutes les marques\u00a0|\u00a0Peugeot\u00a0|\u00a0Renault\u00a0|\u00a0Citro\u00ebn\u00a0|\u00a0Dacia\u00a0|\u00a0Volkswagen\u00a0|\u00a0Kia\u00a0|\u00a0Land Rover\u00a0|\u00a0Mandataire auto Strasbourg<\/p>\n\n\n\n<div class=\"wp-block-image size-full wp-image-16772\"><figure class=\"aligncenter\"><img loading=\"lazy\" decoding=\"async\" width=\"600\" height=\"353\" src=\"http:\/\/www.carideal.com\/blog\/wp-content\/uploads\/2017\/12\/voiture-occasion-strasbourg-e1580736728295.jpg\" alt=\"Voiture occasion Strasbourg\" class=\"wp-image-16772\"\/><figcaption>Voiture occasion Strasbourg<\/figcaption><\/figure><\/div>\n\n\n\n<p>Vous pouvez nous rendre visite au si\u00e8ge&nbsp;six jours par semaine et visiter notre&nbsp;Showroom&nbsp;avant de vous d\u00e9cidez pour l'achat de votre Voiture \u00e0 Strasbourg. Nous vous livrons \u00e0 votre domicile ou sur votre lieu de travail \u00e0 Strasbourg et dans ses environs, les clients dans les villes entre Obernai, Molsheim,&nbsp;Ilkirsh et&nbsp;Offendorf&nbsp;trouveront aussi facilement leur voiture d'occasion.<\/p>\n\n\n\n<p>Sur notre site Carideal.com, vous \u00eates libre de parcourir les derniers mod\u00e8les&nbsp;de voiture d'occasion \u00e0 votre rythme. De&nbsp;la Clio d'occasion au&nbsp;Peugeot 5008 d'occasion robuste, et beaucoup d'autres, vous pouvez explorer les diff\u00e9rents mod\u00e8les de voiture d'occasion en personne.<\/p>\n\n\n\n<p>Notre \u00e9quipe de conseillers sera en ligne pour vous aider et vous conseiller sur les caract\u00e9ristiques, les performances et les niveaux de finition de chaque voiture d'occasion pour Strasbourg. Toutes nos voitures d'occasions pour Strasbourg sont r\u00e9vis\u00e9es et garanties, et celles-ci sont valables sur place dans votre garage \u00e0 Strasbourg.<\/p>\n\n\n\n<p>Les clients qui poss\u00e8dent d\u00e9j\u00e0 une&nbsp;voiture d'occasion \u00e0 Starsbourg peuvent faire appel \u00e0 nos services afin de souscrire une <a href=\"http:\/\/www.carideal.com\/content\/7-extension-garantie\">extension de garantie<\/a>, qui offre des services, des r\u00e9parations et m\u00eame dans certains cas des entretiens. En utilisant les derniers outils de diagnostic et de r\u00e9paration, nos techniciens form\u00e9s par les constructeurs s'assureront qu'ils d\u00e9tectent les probl\u00e8mes et les r\u00e9parent rapidement.<\/p>\n\n\n\n<p>Peu importe que vous ayez achet\u00e9 votre voiture d'occasion \u00e0 Strasbourg avec nos services ou non, notre \u00e9quipe est plus qu'heureuse d'en prendre soin.<\/p>\n\n\n\n<hr class=\"wp-block-separator\"\/>\n\n\n\n<p>En dehors des heures d'ouverture, nous sommes joignables en ligne. Vous pouvez utiliser la fonction de chat en direct ou le <a href=\"http:\/\/www.carideal.com\/blog\/carideal-mandataire-auto-france\/\">formulaire de demande<\/a> en ligne pour nous contacter et nous vous r\u00e9pondrons dans les plus brefs d\u00e9lais.<\/p>\n\n\n\n<h3 class=\"wp-block-heading\">T\u00e9l\u00e9phone<\/h3>\n\n\n\n<p>Ventes : 0479330353<\/p>\n\n\n\n<h3 class=\"wp-block-heading\">Heures de travail<\/h3>\n\n\n\n<p>Ventes<br>- le lundi : de 8h30 \u00e0 19h00 le mardi: de 8h30 \u00e0 19h00<br>- le mercredi : de 8h30 \u00e0 19h00 le jeudi: de 8h30 \u00e0 19h00<br>Vendredi : de 8h30 \u00e0 19h00 le samedi: de 8h30 \u00e0 17h00<br>Dimanche : non<\/p>\n\n\n\n<p><iframe loading=\"lazy\" style=\"border: 0;\" src=\"https:\/\/www.google.com\/maps\/embed?pb=!1m18!1m12!1m3!1d84484.10413707854!2d7.692054347319952!3d48.569092311382086!2m3!1f0!2f0!3f0!3m2!1i1024!2i768!4f13.1!3m3!1m2!1s0x4796c8495e18b2c1%3A0x971a483118e7241f!2sStrasbourg!5e0!3m2!1sen!2sfr!4v1513752702375\" width=\"600\" height=\"450\" frameborder=\"0\" allowfullscreen=\"allowfullscreen\"><\/p>\n\n\n\n<h3 class=\"wp-block-heading\">Trouvez votre voiture d'occasion en France<\/h3>\n\n\n\n<ul class=\"wp-block-list\"><li><a href=\"http:\/\/www.carideal.com\/blog\/voitures-occasions\/annecy\/\">Voitures d'occasions \u00e0 Annecy<\/a><\/li><li><a href=\"http:\/\/www.carideal.com\/blog\/voitures-occasions\/bordeaux\/\">Voitures d'occasions \u00e0 Bordeaux<\/a><\/li><li><a href=\"http:\/\/www.carideal.com\/blog\/voitures-occasions\/gap\/\">Voitures d'occasions \u00e0 Gap<\/a><\/li><li><a href=\"http:\/\/www.carideal.com\/blog\/voitures-occasions\/lyon\/\">Voitures d'occasions \u00e0 Lyon<\/a><\/li><li><a href=\"http:\/\/www.carideal.com\/blog\/voitures-occasions\/paris\/\">Voitures d'occasion \u00e0 Paris<\/a><\/li><li><a href=\"http:\/\/www.carideal.com\/blog\/voitures-occasions\/voiture-occasion-macon\/\">Voitures d'occasions \u00e0 M\u00e2con<\/a><\/li><li><a href=\"http:\/\/www.carideal.com\/blog\/voitures-occasions\/marseille\/\">Voitures d'occasion \u00e0 Marseille<\/a><\/li><li><a href=\"http:\/\/www.carideal.com\/blog\/voitures-occasions\/metz\/\">Voitures d'occasions \u00e0 Metz<\/a><\/li><li><a href=\"http:\/\/www.carideal.com\/blog\/voitures-occasions\/metz\/\">Voitures d'occasions \u00e0 Montpellier<\/a><\/li><li><a href=\"http:\/\/www.carideal.com\/blog\/voitures-occasions\/nantes\/\">Voitures d'occasions \u00e0 Nantes<\/a><\/li><li><a href=\"http:\/\/www.carideal.com\/blog\/voitures-occasions\/nice\/\">Voitures d'occasions \u00e0 Nice<\/a><\/li><li><a href=\"http:\/\/www.carideal.com\/blog\/voitures-occasions\/strasbourg\/\">Voitures d'occasions \u00e0 Strasbourg<\/a><\/li><li><a href=\"http:\/\/www.carideal.com\/blog\/voitures-occasions\/toulouse\/\">Voitures d'occasions \u00e0 Toulouse<\/a><\/li><\/ul>\n","protected":false},"excerpt":{"rendered":"<p>Trouvez votre voiture d&rsquo;occasion \u00e0 Strasbourg avec Carideal mandataire auto En tant que sp\u00e9cialistes de la voiture d&rsquo;occasion, nous sommes toujours l\u00e0 pour aider nos clients \u00e0\u00a0trouver la voiture d&rsquo;occasion \u00e0 Strasbourg qu&rsquo;ils d\u00e9sirent et pour la garder performante comme elle le devrait. Toutes les marques\u00a0|\u00a0Peugeot\u00a0|\u00a0Renault\u00a0|\u00a0Citro\u00ebn\u00a0|\u00a0Dacia\u00a0|\u00a0Volkswagen\u00a0|\u00a0Kia\u00a0|\u00a0Land Rover\u00a0|\u00a0Mandataire auto Strasbourg Vous pouvez nous rendre visite au &#8230; <a title=\"Voiture occasion Strasbourg &#8211; Annonce Auto\" class=\"read-more\" href=\"https:\/\/www.carideal.com\/blog\/voitures-occasions\/strasbourg\/\" aria-label=\"En savoir plus sur Voiture occasion Strasbourg &#8211; Annonce Auto\">Lire plus<\/a><\/p>\n","protected":false},"author":3,"featured_media":16772,"parent":15469,"menu_order":0,"comment_status":"closed","ping_status":"closed","template":"","meta":{"_uag_custom_page_level_css":"","_themeisle_gutenberg_block_has_review":false,"footnotes":""},"class_list":["post-16771","page","type-page","status-publish","has-post-thumbnail"],"wppr_data":{"cwp_meta_box_check":"No"},"yoast_head":"<!-- This site is optimized with the Yoast SEO plugin v24.8.1 - https:\/\/yoast.com\/wordpress\/plugins\/seo\/ -->\n<title>Voiture occasion Strasbourg - Annonce Auto - Blog auto Carid\u00e9al<\/title>\n<meta name=\"description\" content=\"Trouvez votre voiture d&#039;occasion \u00e0 Strasbourg avec Carideal mandataire auto. Nos conseillers vous guideront dans le choix de votre voiture et offre de financement\" \/>\n<meta name=\"robots\" content=\"index, follow, max-snippet:-1, max-image-preview:large, max-video-preview:-1\" \/>\n<link rel=\"canonical\" href=\"https:\/\/www.carideal.com\/blog\/voitures-occasions\/strasbourg\/\" \/>\n<meta property=\"og:locale\" content=\"fr_FR\" \/>\n<meta property=\"og:type\" content=\"article\" \/>\n<meta property=\"og:title\" content=\"Voiture occasion Strasbourg - Annonce Auto - Blog auto Carid\u00e9al\" \/>\n<meta property=\"og:description\" content=\"Trouvez votre voiture d&#039;occasion \u00e0 Strasbourg avec Carideal mandataire auto. Nos conseillers vous guideront dans le choix de votre voiture et offre de financement\" \/>\n<meta property=\"og:url\" content=\"https:\/\/www.carideal.com\/blog\/voitures-occasions\/strasbourg\/\" \/>\n<meta property=\"og:site_name\" content=\"Blog auto Carid\u00e9al\" \/>\n<meta property=\"article:publisher\" content=\"https:\/\/www.facebook.com\/Carideal.mandataire.automobile\" \/>\n<meta property=\"article:modified_time\" content=\"2021-05-21T09:14:07+00:00\" \/>\n<meta property=\"og:image\" content=\"https:\/\/www.carideal.com\/blog\/wp-content\/uploads\/2017\/12\/voiture-occasion-strasbourg-e1580736728295.jpg\" \/>\n\t<meta property=\"og:image:width\" content=\"600\" \/>\n\t<meta property=\"og:image:height\" content=\"353\" \/>\n\t<meta property=\"og:image:type\" content=\"image\/jpeg\" \/>\n<meta name=\"twitter:card\" content=\"summary_large_image\" \/>\n<meta name=\"twitter:site\" content=\"@caridealauto\" \/>\n<meta name=\"twitter:label1\" content=\"Dur\u00e9e de lecture estim\u00e9e\" \/>\n\t<meta name=\"twitter:data1\" content=\"3 minutes\" \/>\n<script type=\"application\/ld+json\" class=\"yoast-schema-graph\">{\"@context\":\"https:\/\/schema.org\",\"@graph\":[{\"@type\":\"WebPage\",\"@id\":\"https:\/\/www.carideal.com\/blog\/voitures-occasions\/strasbourg\/\",\"url\":\"https:\/\/www.carideal.com\/blog\/voitures-occasions\/strasbourg\/\",\"name\":\"Voiture occasion Strasbourg - Annonce Auto - Blog auto Carid\u00e9al\",\"isPartOf\":{\"@id\":\"https:\/\/www.carideal.com\/blog\/#website\"},\"primaryImageOfPage\":{\"@id\":\"https:\/\/www.carideal.com\/blog\/voitures-occasions\/strasbourg\/#primaryimage\"},\"image\":{\"@id\":\"https:\/\/www.carideal.com\/blog\/voitures-occasions\/strasbourg\/#primaryimage\"},\"thumbnailUrl\":\"https:\/\/www.carideal.com\/blog\/wp-content\/uploads\/2017\/12\/voiture-occasion-strasbourg-e1580736728295.jpg\",\"datePublished\":\"2017-12-20T16:17:00+00:00\",\"dateModified\":\"2021-05-21T09:14:07+00:00\",\"description\":\"Trouvez votre voiture d'occasion \u00e0 Strasbourg avec Carideal mandataire auto. Nos conseillers vous guideront dans le choix de votre voiture et offre de financement\",\"breadcrumb\":{\"@id\":\"https:\/\/www.carideal.com\/blog\/voitures-occasions\/strasbourg\/#breadcrumb\"},\"inLanguage\":\"fr-FR\",\"potentialAction\":[{\"@type\":\"ReadAction\",\"target\":[\"https:\/\/www.carideal.com\/blog\/voitures-occasions\/strasbourg\/\"]}]},{\"@type\":\"ImageObject\",\"inLanguage\":\"fr-FR\",\"@id\":\"https:\/\/www.carideal.com\/blog\/voitures-occasions\/strasbourg\/#primaryimage\",\"url\":\"https:\/\/www.carideal.com\/blog\/wp-content\/uploads\/2017\/12\/voiture-occasion-strasbourg-e1580736728295.jpg\",\"contentUrl\":\"https:\/\/www.carideal.com\/blog\/wp-content\/uploads\/2017\/12\/voiture-occasion-strasbourg-e1580736728295.jpg\",\"width\":600,\"height\":353,\"caption\":\"Voiture occasion Strasbourg\"},{\"@type\":\"BreadcrumbList\",\"@id\":\"https:\/\/www.carideal.com\/blog\/voitures-occasions\/strasbourg\/#breadcrumb\",\"itemListElement\":[{\"@type\":\"ListItem\",\"position\":1,\"name\":\"Blog Carid\u00e9al\",\"item\":\"https:\/\/www.carideal.com\/blog\/\"},{\"@type\":\"ListItem\",\"position\":2,\"name\":\"Voitures occasions\",\"item\":\"https:\/\/www.carideal.com\/blog\/voitures-occasions\/\"},{\"@type\":\"ListItem\",\"position\":3,\"name\":\"Strasbourg\"}]},{\"@type\":\"WebSite\",\"@id\":\"https:\/\/www.carideal.com\/blog\/#website\",\"url\":\"https:\/\/www.carideal.com\/blog\/\",\"name\":\"Blog auto Carid\u00e9al\",\"description\":\"Actualit\u00e9 auto par des passionn\u00e9s\",\"publisher\":{\"@id\":\"https:\/\/www.carideal.com\/blog\/#organization\"},\"potentialAction\":[{\"@type\":\"SearchAction\",\"target\":{\"@type\":\"EntryPoint\",\"urlTemplate\":\"https:\/\/www.carideal.com\/blog\/?s={search_term_string}\"},\"query-input\":{\"@type\":\"PropertyValueSpecification\",\"valueRequired\":true,\"valueName\":\"search_term_string\"}}],\"inLanguage\":\"fr-FR\"},{\"@type\":\"Organization\",\"@id\":\"https:\/\/www.carideal.com\/blog\/#organization\",\"name\":\"Carideal\",\"url\":\"https:\/\/www.carideal.com\/blog\/\",\"logo\":{\"@type\":\"ImageObject\",\"inLanguage\":\"fr-FR\",\"@id\":\"https:\/\/www.carideal.com\/blog\/#\/schema\/logo\/image\/\",\"url\":\"http:\/\/www.carideal.com\/blog\/wp-content\/uploads\/2016\/03\/logo-carideal-mandataire-automobile.png\",\"contentUrl\":\"http:\/\/www.carideal.com\/blog\/wp-content\/uploads\/2016\/03\/logo-carideal-mandataire-automobile.png\",\"width\":300,\"height\":300,\"caption\":\"Carideal\"},\"image\":{\"@id\":\"https:\/\/www.carideal.com\/blog\/#\/schema\/logo\/image\/\"},\"sameAs\":[\"https:\/\/www.facebook.com\/Carideal.mandataire.automobile\",\"https:\/\/x.com\/caridealauto\",\"https:\/\/www.instagram.com\/carideal1\/\",\"https:\/\/www.linkedin.com\/company\/carideal.com\",\"https:\/\/fr.pinterest.com\/schiavonsas\/\",\"https:\/\/www.youtube.com\/user\/caridealsas\"]}]}<\/script>\n<!-- \/ Yoast SEO plugin. -->","yoast_head_json":{"title":"Voiture occasion Strasbourg - Annonce Auto - Blog auto Carid\u00e9al","description":"Trouvez votre voiture d'occasion \u00e0 Strasbourg avec Carideal mandataire auto. Nos conseillers vous guideront dans le choix de votre voiture et offre de financement","robots":{"index":"index","follow":"follow","max-snippet":"max-snippet:-1","max-image-preview":"max-image-preview:large","max-video-preview":"max-video-preview:-1"},"canonical":"https:\/\/www.carideal.com\/blog\/voitures-occasions\/strasbourg\/","og_locale":"fr_FR","og_type":"article","og_title":"Voiture occasion Strasbourg - Annonce Auto - Blog auto Carid\u00e9al","og_description":"Trouvez votre voiture d'occasion \u00e0 Strasbourg avec Carideal mandataire auto. Nos conseillers vous guideront dans le choix de votre voiture et offre de financement","og_url":"https:\/\/www.carideal.com\/blog\/voitures-occasions\/strasbourg\/","og_site_name":"Blog auto Carid\u00e9al","article_publisher":"https:\/\/www.facebook.com\/Carideal.mandataire.automobile","article_modified_time":"2021-05-21T09:14:07+00:00","og_image":[{"width":600,"height":353,"url":"https:\/\/www.carideal.com\/blog\/wp-content\/uploads\/2017\/12\/voiture-occasion-strasbourg-e1580736728295.jpg","type":"image\/jpeg"}],"twitter_card":"summary_large_image","twitter_site":"@caridealauto","twitter_misc":{"Dur\u00e9e de lecture estim\u00e9e":"3 minutes"},"schema":{"@context":"https:\/\/schema.org","@graph":[{"@type":"WebPage","@id":"https:\/\/www.carideal.com\/blog\/voitures-occasions\/strasbourg\/","url":"https:\/\/www.carideal.com\/blog\/voitures-occasions\/strasbourg\/","name":"Voiture occasion Strasbourg - Annonce Auto - Blog auto Carid\u00e9al","isPartOf":{"@id":"https:\/\/www.carideal.com\/blog\/#website"},"primaryImageOfPage":{"@id":"https:\/\/www.carideal.com\/blog\/voitures-occasions\/strasbourg\/#primaryimage"},"image":{"@id":"https:\/\/www.carideal.com\/blog\/voitures-occasions\/strasbourg\/#primaryimage"},"thumbnailUrl":"https:\/\/www.carideal.com\/blog\/wp-content\/uploads\/2017\/12\/voiture-occasion-strasbourg-e1580736728295.jpg","datePublished":"2017-12-20T16:17:00+00:00","dateModified":"2021-05-21T09:14:07+00:00","description":"Trouvez votre voiture d'occasion \u00e0 Strasbourg avec Carideal mandataire auto. Nos conseillers vous guideront dans le choix de votre voiture et offre de financement","breadcrumb":{"@id":"https:\/\/www.carideal.com\/blog\/voitures-occasions\/strasbourg\/#breadcrumb"},"inLanguage":"fr-FR","potentialAction":[{"@type":"ReadAction","target":["https:\/\/www.carideal.com\/blog\/voitures-occasions\/strasbourg\/"]}]},{"@type":"ImageObject","inLanguage":"fr-FR","@id":"https:\/\/www.carideal.com\/blog\/voitures-occasions\/strasbourg\/#primaryimage","url":"https:\/\/www.carideal.com\/blog\/wp-content\/uploads\/2017\/12\/voiture-occasion-strasbourg-e1580736728295.jpg","contentUrl":"https:\/\/www.carideal.com\/blog\/wp-content\/uploads\/2017\/12\/voiture-occasion-strasbourg-e1580736728295.jpg","width":600,"height":353,"caption":"Voiture occasion Strasbourg"},{"@type":"BreadcrumbList","@id":"https:\/\/www.carideal.com\/blog\/voitures-occasions\/strasbourg\/#breadcrumb","itemListElement":[{"@type":"ListItem","position":1,"name":"Blog Carid\u00e9al","item":"https:\/\/www.carideal.com\/blog\/"},{"@type":"ListItem","position":2,"name":"Voitures occasions","item":"https:\/\/www.carideal.com\/blog\/voitures-occasions\/"},{"@type":"ListItem","position":3,"name":"Strasbourg"}]},{"@type":"WebSite","@id":"https:\/\/www.carideal.com\/blog\/#website","url":"https:\/\/www.carideal.com\/blog\/","name":"Blog auto Carid\u00e9al","description":"Actualit\u00e9 auto par des passionn\u00e9s","publisher":{"@id":"https:\/\/www.carideal.com\/blog\/#organization"},"potentialAction":[{"@type":"SearchAction","target":{"@type":"EntryPoint","urlTemplate":"https:\/\/www.carideal.com\/blog\/?s={search_term_string}"},"query-input":{"@type":"PropertyValueSpecification","valueRequired":true,"valueName":"search_term_string"}}],"inLanguage":"fr-FR"},{"@type":"Organization","@id":"https:\/\/www.carideal.com\/blog\/#organization","name":"Carideal","url":"https:\/\/www.carideal.com\/blog\/","logo":{"@type":"ImageObject","inLanguage":"fr-FR","@id":"https:\/\/www.carideal.com\/blog\/#\/schema\/logo\/image\/","url":"http:\/\/www.carideal.com\/blog\/wp-content\/uploads\/2016\/03\/logo-carideal-mandataire-automobile.png","contentUrl":"http:\/\/www.carideal.com\/blog\/wp-content\/uploads\/2016\/03\/logo-carideal-mandataire-automobile.png","width":300,"height":300,"caption":"Carideal"},"image":{"@id":"https:\/\/www.carideal.com\/blog\/#\/schema\/logo\/image\/"},"sameAs":["https:\/\/www.facebook.com\/Carideal.mandataire.automobile","https:\/\/x.com\/caridealauto","https:\/\/www.instagram.com\/carideal1\/","https:\/\/www.linkedin.com\/company\/carideal.com","https:\/\/fr.pinterest.com\/schiavonsas\/","https:\/\/www.youtube.com\/user\/caridealsas"]}]}},"uagb_featured_image_src":{"full":["https:\/\/www.carideal.com\/blog\/wp-content\/uploads\/2017\/12\/voiture-occasion-strasbourg-e1580736728295.jpg",600,353,false],"thumbnail":["https:\/\/www.carideal.com\/blog\/wp-content\/uploads\/2017\/12\/voiture-occasion-strasbourg-150x150.jpg",150,150,true],"medium":["https:\/\/www.carideal.com\/blog\/wp-content\/uploads\/2017\/12\/voiture-occasion-strasbourg-300x177.jpg",300,177,true],"medium_large":["https:\/\/www.carideal.com\/blog\/wp-content\/uploads\/2017\/12\/voiture-occasion-strasbourg-768x452.jpg",768,452,true],"large":["https:\/\/www.carideal.com\/blog\/wp-content\/uploads\/2017\/12\/voiture-occasion-strasbourg-e1580736728295.jpg",600,353,false],"1536x1536":["https:\/\/www.carideal.com\/blog\/wp-content\/uploads\/2017\/12\/voiture-occasion-strasbourg-e1580736728295.jpg",600,353,false],"2048x2048":["https:\/\/www.carideal.com\/blog\/wp-content\/uploads\/2017\/12\/voiture-occasion-strasbourg-e1580736728295.jpg",600,353,false],"wppr-widget":["https:\/\/www.carideal.com\/blog\/wp-content\/uploads\/2017\/12\/voiture-occasion-strasbourg-e1580736728295.jpg",50,29,false]},"uagb_author_info":{"display_name":"Nicolas SCHIAVON","author_link":"https:\/\/www.carideal.com\/blog\/author\/nschiavon\/"},"uagb_comment_info":0,"uagb_excerpt":"Trouvez votre voiture d'occasion \u00e0 Strasbourg avec Carideal mandataire auto En tant que sp\u00e9cialistes de la voiture d'occasion, nous sommes toujours l\u00e0 pour aider nos clients \u00e0\u00a0trouver la voiture d'occasion \u00e0 Strasbourg qu'ils d\u00e9sirent et pour la garder performante comme elle le devrait. Toutes les marques\u00a0|\u00a0Peugeot\u00a0|\u00a0Renault\u00a0|\u00a0Citro\u00ebn\u00a0|\u00a0Dacia\u00a0|\u00a0Volkswagen\u00a0|\u00a0Kia\u00a0|\u00a0Land Rover\u00a0|\u00a0Mandataire auto Strasbourg Vous pouvez nous rendre visite au\u2026","_links":{"self":[{"href":"https:\/\/www.carideal.com\/blog\/wp-json\/wp\/v2\/pages\/16771"}],"collection":[{"href":"https:\/\/www.carideal.com\/blog\/wp-json\/wp\/v2\/pages"}],"about":[{"href":"https:\/\/www.carideal.com\/blog\/wp-json\/wp\/v2\/types\/page"}],"author":[{"embeddable":true,"href":"https:\/\/www.carideal.com\/blog\/wp-json\/wp\/v2\/users\/3"}],"replies":[{"embeddable":true,"href":"https:\/\/www.carideal.com\/blog\/wp-json\/wp\/v2\/comments?post=16771"}],"version-history":[{"count":0,"href":"https:\/\/www.carideal.com\/blog\/wp-json\/wp\/v2\/pages\/16771\/revisions"}],"up":[{"embeddable":true,"href":"https:\/\/www.carideal.com\/blog\/wp-json\/wp\/v2\/pages\/15469"}],"wp:featuredmedia":[{"embeddable":true,"href":"https:\/\/www.carideal.com\/blog\/wp-json\/wp\/v2\/media\/16772"}],"wp:attachment":[{"href":"https:\/\/www.carideal.com\/blog\/wp-json\/wp\/v2\/media?parent=16771"}],"curies":[{"name":"wp","href":"https:\/\/api.w.org\/{rel}","templated":true}]}}