{"id":16759,"date":"2017-12-18T09:52:06","date_gmt":"2017-12-18T08:52:06","guid":{"rendered":"http:\/\/www.carideal.com\/blog\/?page_id=16759"},"modified":"2021-05-21T11:10:09","modified_gmt":"2021-05-21T09:10:09","slug":"nantes","status":"publish","type":"page","link":"https:\/\/www.carideal.com\/blog\/voitures-occasions\/nantes\/","title":{"rendered":"Voiture occasion Nantes &#8211; Annonce auto"},"content":{"rendered":"\n<h2 class=\"wp-block-heading\">Trouvez votre voiture d'occasion \u00e0 Nantes avec Carideal<\/h2>\n\n\n\n<p>Trouvez votre <strong>voiture d'occasion \u00e0 Nantes<\/strong> chez <a href=\"http:\/\/www.carideal.com\/\">Carideal<\/a> votre mandataire auto d'occasion, nous sommes fiers d'offrir une gamme compl\u00e8te de services pour les clients acheteurs de <a href=\"http:\/\/www.carideal.com\/blog\/voitures-occasions\/\">voiture d'occasion<\/a> \u00e0 Nantes. <a href=\"http:\/\/www.carideal.com\/blog\/ou-acheter-une-voiture-doccasion-fiable\/\">O\u00f9 acheter une voiture d'occasion fiable<\/a>.<\/p>\n\n\n\n<p>Toutes les marques\u00a0|\u00a0Peugeot\u00a0|\u00a0Renault\u00a0|\u00a0Citro\u00ebn\u00a0|\u00a0Dacia\u00a0|\u00a0Volkswagen\u00a0|\u00a0Kia\u00a0|\u00a0Land Rover\u00a0|\u00a0Mandataire auto Nantes<\/p>\n\n\n\n<div class=\"wp-block-image size-full wp-image-16760\"><figure class=\"aligncenter\"><img loading=\"lazy\" decoding=\"async\" width=\"600\" height=\"410\" src=\"http:\/\/www.carideal.com\/blog\/wp-content\/uploads\/2017\/12\/voiture-occasion-nantes-e1580735042950.jpg\" alt=\"Voiture occasion Nantes\" class=\"wp-image-16760\"\/><figcaption>Voiture occasion Nantes<\/figcaption><\/figure><\/div>\n\n\n\n<p>Que vous cherchiez \u00e0 acheter une voiture d'occasion \u00e0 Nantes, \u00e0 avoir un \u0153il sur un mod\u00e8le de voiture d'occasion r\u00e9vis\u00e9 et garanti ou \u00e0 faire&nbsp;une estimation de la valeur de votre voiture, nous pouvons vous aider.<\/p>\n\n\n\n<p>Que vous soyez \u00e0 saint Herblain, Carquefou, la Montagne, Orvault, Vertou, ou dans une des villes alentours en Loire-Atlantique dans la r\u00e9gion de du Pays de la Loire, visitez votre site internet Carideal.com, choisissez votre voiture et nous pouvons vous <a href=\"http:\/\/www.carideal.com\/content\/9-carideal-livraison-partout-en-france\">livrer votre voiture d'occasion \u00e0 votre domicile<\/a> ou sur votre lieu de travail. Notre si\u00e8ge et notre Showroom sont ouverts&nbsp;six jours sur sept, alors n'h\u00e9sitez pas \u00e0 nous appeler ou \u00e0 nous t\u00e9l\u00e9phoner pour parler \u00e0 un&nbsp;conseiller pour l'achat de votre voiture d'occasion \u00e0 Nantes.<\/p>\n\n\n\n<p>Lorsque vous visitez le showroom, vous pouvez parcourir&nbsp;un grand choix&nbsp;de voitures d'occasion Audi, d'occasion Peugeot, de Renault d'occasion, mais Aussi de SUV d'occasion \u00e0 votre guise. De&nbsp;la DS3 d'occasion compacte \u00e0 l'A7 d'occasion sophistiqu\u00e9e, et les gammes&nbsp;de SUV d'occasion tels que Kia Sportage d'occasion, Nissan Quashqai d'occasion etc.&nbsp;il y a une large gamme sur l'offre, avec les mod\u00e8les approuv\u00e9s d'occasion. L'\u00e9quipe sera sur place pour vous conseiller sur les diff\u00e9rents niveaux de finition, les&nbsp;caract\u00e9ristiques de performance et les&nbsp;solutions de financement.<\/p>\n\n\n\n<p>Nous disposons \u00e9galement d'un centre apr\u00e8s-vente d\u00e9di\u00e9&nbsp;\u00e0 nos clients. Notre \u00e9quipe est form\u00e9e par les&nbsp;constructeurs et nous utilisons les outils officiels de diagnostic et de r\u00e9paration pour garantir un entretien, une r\u00e9paration et des r\u00e9parations de haute qualit\u00e9 de votre voiture d'occasion avant qu'elle ne parte pour Nantes.<\/p>\n\n\n\n<hr class=\"wp-block-separator\"\/>\n\n\n\n<p>Si vous souhaitez entrer en contact avec l'\u00e9quipe en dehors des heures d'ouverture, utilisez le formulaire de <a href=\"http:\/\/www.carideal.com\/blog\/carideal-mandataire-auto-france\/\">demande en ligne<\/a> ou le chat en direct pour nous envoyer un message - nous vous r\u00e9pondrons dans les plus brefs d\u00e9lais ou t\u00e9l\u00e9phonez-nous au 0479330353<\/p>\n\n\n\n<h3 class=\"wp-block-heading\">T\u00e9l\u00e9phone<\/h3>\n\n\n\n<p>Ventes : 0479330353<br>Heures de travail<\/p>\n\n\n\n<h3 class=\"wp-block-heading\">Ventes<\/h3>\n\n\n\n<p>- le lundi : de 8h30 \u00e0 19h00 le mardi: de 8h30 \u00e0 19h00<br>- le mercredi : de 8h30 \u00e0 19h00 le jeudi: de 8h30 \u00e0 19h00<br>Vendredi : de 8h30 \u00e0 19h00 le samedi: de 8h30 \u00e0 17h00<br>Dimanche : Non<br><iframe loading=\"lazy\" style=\"border: 0;\" src=\"https:\/\/www.google.com\/maps\/embed?pb=!1m18!1m12!1m3!1d86684.63842798982!2d-1.6300958013712554!3d47.23820066074608!2m3!1f0!2f0!3f0!3m2!1i1024!2i768!4f13.1!3m3!1m2!1s0x4805ee81f0a8aead%3A0x40d37521e0ded30!2sNantes!5e0!3m2!1sen!2sfr!4v1513533017589\" width=\"600\" height=\"450\" frameborder=\"0\" allowfullscreen=\"allowfullscreen\"><\/p>\n\n\n\n<h3 class=\"wp-block-heading\">Trouvez votre voiture d'occasion en France<\/h3>\n\n\n\n<ul class=\"wp-block-list\"><li><a href=\"http:\/\/www.carideal.com\/blog\/voitures-occasions\/annecy\/\">Voitures d'occasions \u00e0 Annecy<\/a><\/li><li><a href=\"http:\/\/www.carideal.com\/blog\/voitures-occasions\/bordeaux\/\">Voitures d'occasions \u00e0 Bordeaux<\/a><\/li><li><a href=\"http:\/\/www.carideal.com\/blog\/voitures-occasions\/gap\/\">Voitures d'occasions \u00e0 Gap<\/a><\/li><li><a href=\"http:\/\/www.carideal.com\/blog\/voitures-occasions\/lyon\/\">Voitures d'occasions \u00e0 Lyon<\/a><\/li><li><a href=\"http:\/\/www.carideal.com\/blog\/voitures-occasions\/paris\/\">Voitures d'occasion \u00e0 Paris<\/a><\/li><li><a href=\"http:\/\/www.carideal.com\/blog\/voitures-occasions\/voiture-occasion-macon\/\">Voitures d'occasions \u00e0 M\u00e2con<\/a><\/li><li><a href=\"http:\/\/www.carideal.com\/blog\/voitures-occasions\/marseille\/\">Voitures d'occasion \u00e0 Marseille<\/a><\/li><li><a href=\"http:\/\/www.carideal.com\/blog\/voitures-occasions\/metz\/\">Voitures d'occasions \u00e0 Metz<\/a><\/li><li><a href=\"http:\/\/www.carideal.com\/blog\/voitures-occasions\/metz\/\">Voitures d'occasions \u00e0 Montpellier<\/a><\/li><li><a href=\"http:\/\/www.carideal.com\/blog\/voitures-occasions\/nantes\/\">Voitures d'occasions \u00e0 Nantes<\/a><\/li><li><a href=\"http:\/\/www.carideal.com\/blog\/voitures-occasions\/nice\/\">Voitures d'occasions \u00e0 Nice<\/a><\/li><li><a href=\"http:\/\/www.carideal.com\/blog\/voitures-occasions\/strasbourg\/\">Voitures d'occasions \u00e0 Strasbourg<\/a><\/li><li><a href=\"http:\/\/www.carideal.com\/blog\/voitures-occasions\/toulouse\/\">Voitures d'occasions \u00e0 Toulouse<\/a><\/li><\/ul>\n","protected":false},"excerpt":{"rendered":"<p>Trouvez votre voiture d&rsquo;occasion \u00e0 Nantes avec Carideal Trouvez votre voiture d&rsquo;occasion \u00e0 Nantes chez Carideal votre mandataire auto d&rsquo;occasion, nous sommes fiers d&rsquo;offrir une gamme compl\u00e8te de services pour les clients acheteurs de voiture d&rsquo;occasion \u00e0 Nantes. O\u00f9 acheter une voiture d&rsquo;occasion fiable. Toutes les marques\u00a0|\u00a0Peugeot\u00a0|\u00a0Renault\u00a0|\u00a0Citro\u00ebn\u00a0|\u00a0Dacia\u00a0|\u00a0Volkswagen\u00a0|\u00a0Kia\u00a0|\u00a0Land Rover\u00a0|\u00a0Mandataire auto Nantes Que vous cherchiez \u00e0 acheter &#8230; <a title=\"Voiture occasion Nantes &#8211; Annonce auto\" class=\"read-more\" href=\"https:\/\/www.carideal.com\/blog\/voitures-occasions\/nantes\/\" aria-label=\"En savoir plus sur Voiture occasion Nantes &#8211; Annonce auto\">Lire plus<\/a><\/p>\n","protected":false},"author":3,"featured_media":16760,"parent":15469,"menu_order":0,"comment_status":"closed","ping_status":"closed","template":"","meta":{"_uag_custom_page_level_css":"","_themeisle_gutenberg_block_has_review":false,"footnotes":""},"class_list":["post-16759","page","type-page","status-publish","has-post-thumbnail"],"wppr_data":{"cwp_meta_box_check":"No"},"yoast_head":"<!-- This site is optimized with the Yoast SEO plugin v24.8.1 - https:\/\/yoast.com\/wordpress\/plugins\/seo\/ -->\n<title>Voiture occasion Nantes - Annonce auto - Blog auto Carid\u00e9al<\/title>\n<meta name=\"description\" content=\"Trouvez votre voiture d&#039;occasion \u00e0 Nantes avec Carideal mandataire auto d&#039;occasion. Nos conseillers vous aideront dans le choix et vous conseilleront\" \/>\n<meta name=\"robots\" content=\"index, follow, max-snippet:-1, max-image-preview:large, max-video-preview:-1\" \/>\n<link rel=\"canonical\" href=\"https:\/\/www.carideal.com\/blog\/voitures-occasions\/nantes\/\" \/>\n<meta property=\"og:locale\" content=\"fr_FR\" \/>\n<meta property=\"og:type\" content=\"article\" \/>\n<meta property=\"og:title\" content=\"Voiture occasion Nantes - Annonce auto - Blog auto Carid\u00e9al\" \/>\n<meta property=\"og:description\" content=\"Trouvez votre voiture d&#039;occasion \u00e0 Nantes avec Carideal mandataire auto d&#039;occasion. Nos conseillers vous aideront dans le choix et vous conseilleront\" \/>\n<meta property=\"og:url\" content=\"https:\/\/www.carideal.com\/blog\/voitures-occasions\/nantes\/\" \/>\n<meta property=\"og:site_name\" content=\"Blog auto Carid\u00e9al\" \/>\n<meta property=\"article:publisher\" content=\"https:\/\/www.facebook.com\/Carideal.mandataire.automobile\" \/>\n<meta property=\"article:modified_time\" content=\"2021-05-21T09:10:09+00:00\" \/>\n<meta property=\"og:image\" content=\"https:\/\/www.carideal.com\/blog\/wp-content\/uploads\/2017\/12\/voiture-occasion-nantes-e1580735042950.jpg\" \/>\n\t<meta property=\"og:image:width\" content=\"600\" \/>\n\t<meta property=\"og:image:height\" content=\"410\" \/>\n\t<meta property=\"og:image:type\" content=\"image\/jpeg\" \/>\n<meta name=\"twitter:card\" content=\"summary_large_image\" \/>\n<meta name=\"twitter:site\" content=\"@caridealauto\" \/>\n<meta name=\"twitter:label1\" content=\"Dur\u00e9e de lecture estim\u00e9e\" \/>\n\t<meta name=\"twitter:data1\" content=\"3 minutes\" \/>\n<script type=\"application\/ld+json\" class=\"yoast-schema-graph\">{\"@context\":\"https:\/\/schema.org\",\"@graph\":[{\"@type\":\"WebPage\",\"@id\":\"https:\/\/www.carideal.com\/blog\/voitures-occasions\/nantes\/\",\"url\":\"https:\/\/www.carideal.com\/blog\/voitures-occasions\/nantes\/\",\"name\":\"Voiture occasion Nantes - Annonce auto - Blog auto Carid\u00e9al\",\"isPartOf\":{\"@id\":\"https:\/\/www.carideal.com\/blog\/#website\"},\"primaryImageOfPage\":{\"@id\":\"https:\/\/www.carideal.com\/blog\/voitures-occasions\/nantes\/#primaryimage\"},\"image\":{\"@id\":\"https:\/\/www.carideal.com\/blog\/voitures-occasions\/nantes\/#primaryimage\"},\"thumbnailUrl\":\"https:\/\/www.carideal.com\/blog\/wp-content\/uploads\/2017\/12\/voiture-occasion-nantes-e1580735042950.jpg\",\"datePublished\":\"2017-12-18T08:52:06+00:00\",\"dateModified\":\"2021-05-21T09:10:09+00:00\",\"description\":\"Trouvez votre voiture d'occasion \u00e0 Nantes avec Carideal mandataire auto d'occasion. Nos conseillers vous aideront dans le choix et vous conseilleront\",\"breadcrumb\":{\"@id\":\"https:\/\/www.carideal.com\/blog\/voitures-occasions\/nantes\/#breadcrumb\"},\"inLanguage\":\"fr-FR\",\"potentialAction\":[{\"@type\":\"ReadAction\",\"target\":[\"https:\/\/www.carideal.com\/blog\/voitures-occasions\/nantes\/\"]}]},{\"@type\":\"ImageObject\",\"inLanguage\":\"fr-FR\",\"@id\":\"https:\/\/www.carideal.com\/blog\/voitures-occasions\/nantes\/#primaryimage\",\"url\":\"https:\/\/www.carideal.com\/blog\/wp-content\/uploads\/2017\/12\/voiture-occasion-nantes-e1580735042950.jpg\",\"contentUrl\":\"https:\/\/www.carideal.com\/blog\/wp-content\/uploads\/2017\/12\/voiture-occasion-nantes-e1580735042950.jpg\",\"width\":600,\"height\":410,\"caption\":\"Voiture occasion Nantes\"},{\"@type\":\"BreadcrumbList\",\"@id\":\"https:\/\/www.carideal.com\/blog\/voitures-occasions\/nantes\/#breadcrumb\",\"itemListElement\":[{\"@type\":\"ListItem\",\"position\":1,\"name\":\"Blog Carid\u00e9al\",\"item\":\"https:\/\/www.carideal.com\/blog\/\"},{\"@type\":\"ListItem\",\"position\":2,\"name\":\"Voitures occasions\",\"item\":\"https:\/\/www.carideal.com\/blog\/voitures-occasions\/\"},{\"@type\":\"ListItem\",\"position\":3,\"name\":\"Nantes\"}]},{\"@type\":\"WebSite\",\"@id\":\"https:\/\/www.carideal.com\/blog\/#website\",\"url\":\"https:\/\/www.carideal.com\/blog\/\",\"name\":\"Blog auto Carid\u00e9al\",\"description\":\"Actualit\u00e9 auto par des passionn\u00e9s\",\"publisher\":{\"@id\":\"https:\/\/www.carideal.com\/blog\/#organization\"},\"potentialAction\":[{\"@type\":\"SearchAction\",\"target\":{\"@type\":\"EntryPoint\",\"urlTemplate\":\"https:\/\/www.carideal.com\/blog\/?s={search_term_string}\"},\"query-input\":{\"@type\":\"PropertyValueSpecification\",\"valueRequired\":true,\"valueName\":\"search_term_string\"}}],\"inLanguage\":\"fr-FR\"},{\"@type\":\"Organization\",\"@id\":\"https:\/\/www.carideal.com\/blog\/#organization\",\"name\":\"Carideal\",\"url\":\"https:\/\/www.carideal.com\/blog\/\",\"logo\":{\"@type\":\"ImageObject\",\"inLanguage\":\"fr-FR\",\"@id\":\"https:\/\/www.carideal.com\/blog\/#\/schema\/logo\/image\/\",\"url\":\"http:\/\/www.carideal.com\/blog\/wp-content\/uploads\/2016\/03\/logo-carideal-mandataire-automobile.png\",\"contentUrl\":\"http:\/\/www.carideal.com\/blog\/wp-content\/uploads\/2016\/03\/logo-carideal-mandataire-automobile.png\",\"width\":300,\"height\":300,\"caption\":\"Carideal\"},\"image\":{\"@id\":\"https:\/\/www.carideal.com\/blog\/#\/schema\/logo\/image\/\"},\"sameAs\":[\"https:\/\/www.facebook.com\/Carideal.mandataire.automobile\",\"https:\/\/x.com\/caridealauto\",\"https:\/\/www.instagram.com\/carideal1\/\",\"https:\/\/www.linkedin.com\/company\/carideal.com\",\"https:\/\/fr.pinterest.com\/schiavonsas\/\",\"https:\/\/www.youtube.com\/user\/caridealsas\"]}]}<\/script>\n<!-- \/ Yoast SEO plugin. -->","yoast_head_json":{"title":"Voiture occasion Nantes - Annonce auto - Blog auto Carid\u00e9al","description":"Trouvez votre voiture d'occasion \u00e0 Nantes avec Carideal mandataire auto d'occasion. Nos conseillers vous aideront dans le choix et vous conseilleront","robots":{"index":"index","follow":"follow","max-snippet":"max-snippet:-1","max-image-preview":"max-image-preview:large","max-video-preview":"max-video-preview:-1"},"canonical":"https:\/\/www.carideal.com\/blog\/voitures-occasions\/nantes\/","og_locale":"fr_FR","og_type":"article","og_title":"Voiture occasion Nantes - Annonce auto - Blog auto Carid\u00e9al","og_description":"Trouvez votre voiture d'occasion \u00e0 Nantes avec Carideal mandataire auto d'occasion. Nos conseillers vous aideront dans le choix et vous conseilleront","og_url":"https:\/\/www.carideal.com\/blog\/voitures-occasions\/nantes\/","og_site_name":"Blog auto Carid\u00e9al","article_publisher":"https:\/\/www.facebook.com\/Carideal.mandataire.automobile","article_modified_time":"2021-05-21T09:10:09+00:00","og_image":[{"width":600,"height":410,"url":"https:\/\/www.carideal.com\/blog\/wp-content\/uploads\/2017\/12\/voiture-occasion-nantes-e1580735042950.jpg","type":"image\/jpeg"}],"twitter_card":"summary_large_image","twitter_site":"@caridealauto","twitter_misc":{"Dur\u00e9e de lecture estim\u00e9e":"3 minutes"},"schema":{"@context":"https:\/\/schema.org","@graph":[{"@type":"WebPage","@id":"https:\/\/www.carideal.com\/blog\/voitures-occasions\/nantes\/","url":"https:\/\/www.carideal.com\/blog\/voitures-occasions\/nantes\/","name":"Voiture occasion Nantes - Annonce auto - Blog auto Carid\u00e9al","isPartOf":{"@id":"https:\/\/www.carideal.com\/blog\/#website"},"primaryImageOfPage":{"@id":"https:\/\/www.carideal.com\/blog\/voitures-occasions\/nantes\/#primaryimage"},"image":{"@id":"https:\/\/www.carideal.com\/blog\/voitures-occasions\/nantes\/#primaryimage"},"thumbnailUrl":"https:\/\/www.carideal.com\/blog\/wp-content\/uploads\/2017\/12\/voiture-occasion-nantes-e1580735042950.jpg","datePublished":"2017-12-18T08:52:06+00:00","dateModified":"2021-05-21T09:10:09+00:00","description":"Trouvez votre voiture d'occasion \u00e0 Nantes avec Carideal mandataire auto d'occasion. Nos conseillers vous aideront dans le choix et vous conseilleront","breadcrumb":{"@id":"https:\/\/www.carideal.com\/blog\/voitures-occasions\/nantes\/#breadcrumb"},"inLanguage":"fr-FR","potentialAction":[{"@type":"ReadAction","target":["https:\/\/www.carideal.com\/blog\/voitures-occasions\/nantes\/"]}]},{"@type":"ImageObject","inLanguage":"fr-FR","@id":"https:\/\/www.carideal.com\/blog\/voitures-occasions\/nantes\/#primaryimage","url":"https:\/\/www.carideal.com\/blog\/wp-content\/uploads\/2017\/12\/voiture-occasion-nantes-e1580735042950.jpg","contentUrl":"https:\/\/www.carideal.com\/blog\/wp-content\/uploads\/2017\/12\/voiture-occasion-nantes-e1580735042950.jpg","width":600,"height":410,"caption":"Voiture occasion Nantes"},{"@type":"BreadcrumbList","@id":"https:\/\/www.carideal.com\/blog\/voitures-occasions\/nantes\/#breadcrumb","itemListElement":[{"@type":"ListItem","position":1,"name":"Blog Carid\u00e9al","item":"https:\/\/www.carideal.com\/blog\/"},{"@type":"ListItem","position":2,"name":"Voitures occasions","item":"https:\/\/www.carideal.com\/blog\/voitures-occasions\/"},{"@type":"ListItem","position":3,"name":"Nantes"}]},{"@type":"WebSite","@id":"https:\/\/www.carideal.com\/blog\/#website","url":"https:\/\/www.carideal.com\/blog\/","name":"Blog auto Carid\u00e9al","description":"Actualit\u00e9 auto par des passionn\u00e9s","publisher":{"@id":"https:\/\/www.carideal.com\/blog\/#organization"},"potentialAction":[{"@type":"SearchAction","target":{"@type":"EntryPoint","urlTemplate":"https:\/\/www.carideal.com\/blog\/?s={search_term_string}"},"query-input":{"@type":"PropertyValueSpecification","valueRequired":true,"valueName":"search_term_string"}}],"inLanguage":"fr-FR"},{"@type":"Organization","@id":"https:\/\/www.carideal.com\/blog\/#organization","name":"Carideal","url":"https:\/\/www.carideal.com\/blog\/","logo":{"@type":"ImageObject","inLanguage":"fr-FR","@id":"https:\/\/www.carideal.com\/blog\/#\/schema\/logo\/image\/","url":"http:\/\/www.carideal.com\/blog\/wp-content\/uploads\/2016\/03\/logo-carideal-mandataire-automobile.png","contentUrl":"http:\/\/www.carideal.com\/blog\/wp-content\/uploads\/2016\/03\/logo-carideal-mandataire-automobile.png","width":300,"height":300,"caption":"Carideal"},"image":{"@id":"https:\/\/www.carideal.com\/blog\/#\/schema\/logo\/image\/"},"sameAs":["https:\/\/www.facebook.com\/Carideal.mandataire.automobile","https:\/\/x.com\/caridealauto","https:\/\/www.instagram.com\/carideal1\/","https:\/\/www.linkedin.com\/company\/carideal.com","https:\/\/fr.pinterest.com\/schiavonsas\/","https:\/\/www.youtube.com\/user\/caridealsas"]}]}},"uagb_featured_image_src":{"full":["https:\/\/www.carideal.com\/blog\/wp-content\/uploads\/2017\/12\/voiture-occasion-nantes-e1580735042950.jpg",600,410,false],"thumbnail":["https:\/\/www.carideal.com\/blog\/wp-content\/uploads\/2017\/12\/voiture-occasion-nantes-150x150.jpg",150,150,true],"medium":["https:\/\/www.carideal.com\/blog\/wp-content\/uploads\/2017\/12\/voiture-occasion-nantes-300x205.jpg",300,205,true],"medium_large":["https:\/\/www.carideal.com\/blog\/wp-content\/uploads\/2017\/12\/voiture-occasion-nantes-768x525.jpg",768,525,true],"large":["https:\/\/www.carideal.com\/blog\/wp-content\/uploads\/2017\/12\/voiture-occasion-nantes-e1580735042950.jpg",600,410,false],"1536x1536":["https:\/\/www.carideal.com\/blog\/wp-content\/uploads\/2017\/12\/voiture-occasion-nantes-e1580735042950.jpg",600,410,false],"2048x2048":["https:\/\/www.carideal.com\/blog\/wp-content\/uploads\/2017\/12\/voiture-occasion-nantes-e1580735042950.jpg",600,410,false],"wppr-widget":["https:\/\/www.carideal.com\/blog\/wp-content\/uploads\/2017\/12\/voiture-occasion-nantes-e1580735042950.jpg",50,34,false]},"uagb_author_info":{"display_name":"Nicolas SCHIAVON","author_link":"https:\/\/www.carideal.com\/blog\/author\/nschiavon\/"},"uagb_comment_info":0,"uagb_excerpt":"Trouvez votre voiture d'occasion \u00e0 Nantes avec Carideal Trouvez votre voiture d'occasion \u00e0 Nantes chez Carideal votre mandataire auto d'occasion, nous sommes fiers d'offrir une gamme compl\u00e8te de services pour les clients acheteurs de voiture d'occasion \u00e0 Nantes. O\u00f9 acheter une voiture d'occasion fiable. Toutes les marques\u00a0|\u00a0Peugeot\u00a0|\u00a0Renault\u00a0|\u00a0Citro\u00ebn\u00a0|\u00a0Dacia\u00a0|\u00a0Volkswagen\u00a0|\u00a0Kia\u00a0|\u00a0Land Rover\u00a0|\u00a0Mandataire auto Nantes Que vous cherchiez \u00e0 acheter\u2026","_links":{"self":[{"href":"https:\/\/www.carideal.com\/blog\/wp-json\/wp\/v2\/pages\/16759"}],"collection":[{"href":"https:\/\/www.carideal.com\/blog\/wp-json\/wp\/v2\/pages"}],"about":[{"href":"https:\/\/www.carideal.com\/blog\/wp-json\/wp\/v2\/types\/page"}],"author":[{"embeddable":true,"href":"https:\/\/www.carideal.com\/blog\/wp-json\/wp\/v2\/users\/3"}],"replies":[{"embeddable":true,"href":"https:\/\/www.carideal.com\/blog\/wp-json\/wp\/v2\/comments?post=16759"}],"version-history":[{"count":0,"href":"https:\/\/www.carideal.com\/blog\/wp-json\/wp\/v2\/pages\/16759\/revisions"}],"up":[{"embeddable":true,"href":"https:\/\/www.carideal.com\/blog\/wp-json\/wp\/v2\/pages\/15469"}],"wp:featuredmedia":[{"embeddable":true,"href":"https:\/\/www.carideal.com\/blog\/wp-json\/wp\/v2\/media\/16760"}],"wp:attachment":[{"href":"https:\/\/www.carideal.com\/blog\/wp-json\/wp\/v2\/media?parent=16759"}],"curies":[{"name":"wp","href":"https:\/\/api.w.org\/{rel}","templated":true}]}}