{"id":16729,"date":"2017-12-15T14:26:29","date_gmt":"2017-12-15T13:26:29","guid":{"rendered":"http:\/\/www.carideal.com\/blog\/?page_id=16729"},"modified":"2021-05-21T10:51:39","modified_gmt":"2021-05-21T08:51:39","slug":"lyon","status":"publish","type":"page","link":"https:\/\/www.carideal.com\/blog\/voitures-occasions\/lyon\/","title":{"rendered":"Voiture occasion Lyon &#8211; annonce auto"},"content":{"rendered":"\n<h2 class=\"wp-block-heading\">Contactez&nbsp;Carideal pour trouver votre voiture d'occasion \u00e0 Lyon<\/h2>\n\n\n\n<p>Toutes les marques | Peugeot | Citro\u00ebn | Renault | Dacia | Volkswagen | Kia | Land Rover<\/p>\n\n\n\n<p><a href=\"http:\/\/www.carideal.com\/\">Carideal<\/a> mandataire auto de <strong>voiture d'occasion \u00e0 Lyon<\/strong> vous propose un choix de voiture d'occasion\u00a0\u00e0\u00a0Lyon faisant partie d'un r\u00e9seau national de plusieurs centaines de <a href=\"http:\/\/www.carideal.com\/blog\/voitures-occasions\/\">voitures d'occasions<\/a>. <a href=\"http:\/\/www.carideal.com\/blog\/ou-acheter-une-voiture-doccasion-fiable\/\">O\u00f9 acheter une voiture d'occasion Fiable ?<\/a><\/p>\n\n\n\n<div class=\"wp-block-image size-full wp-image-16730\"><figure class=\"aligncenter\"><img loading=\"lazy\" decoding=\"async\" width=\"500\" height=\"274\" src=\"http:\/\/www.carideal.com\/blog\/wp-content\/uploads\/2017\/12\/voiture-occasion-lyon.jpg\" alt=\"Voiture occasion Lyon\" class=\"wp-image-16730\" srcset=\"https:\/\/www.carideal.com\/blog\/wp-content\/uploads\/2017\/12\/voiture-occasion-lyon.jpg 500w, https:\/\/www.carideal.com\/blog\/wp-content\/uploads\/2017\/12\/voiture-occasion-lyon-300x164.jpg 300w, https:\/\/www.carideal.com\/blog\/wp-content\/uploads\/2017\/12\/voiture-occasion-lyon-110x60.jpg 110w, https:\/\/www.carideal.com\/blog\/wp-content\/uploads\/2017\/12\/voiture-occasion-lyon-420x230.jpg 420w\" sizes=\"(max-width: 500px) 100vw, 500px\" \/><figcaption>Voiture occasion Lyon<\/figcaption><\/figure><\/div>\n\n\n\n<p>Nous sommes d\u00e9di\u00e9s aux clients recherchant une voiture d'occasion \u00e0 Lyon, offrant des centres de voitures d'occasions ultramoderne avec une gamme de mod\u00e8les&nbsp;d'occasions r\u00e9vis\u00e9s et garantis, ainsi qu'un centre d'assistance apr\u00e8s-vente pour l'entretien, le contr\u00f4le technique et les r\u00e9parations.<\/p>\n\n\n\n<p>Vous pourrez venir chercher votre voiture d'occasion \u00e0 Lyon dans le Sud Ouest de Lyon et \u00e0 proximit\u00e9 des autoroutes A7 et A47 qui nous relie au reste de la r\u00e9gion Rh\u00f4ne Alpes dans le d\u00e9partement du <a href=\"http:\/\/www.carideal.com\/blog\/voitures-occasions\/voitures-occasions-rhone\/\">Rh\u00f4ne<\/a>. Le centre de livraison de Lyon est ouvert&nbsp;6 jours par semaine.<\/p>\n\n\n\n<p>Si vous d\u00e9sirez visiter notre si\u00e8ge, nous avons toujours un conseiller sur place qui peut vous conseiller sur les voitures d'occasions disponibles livrables \u00e0 Lyon, que vous recherchiez une Dacia d'occasion, une BMW d'occasion, une Opel d'occasion ou une Volkswagen d'occasion.<\/p>\n\n\n\n<p>Avec une s\u00e9rie d'options de financement comp\u00e9titives \u00e9galement propos\u00e9es, vous pouvez conduire&nbsp;votre future Golf d'occasion&nbsp;qui vous tente le plus, et notre \u00e9quipe peut vous conseiller sur les diff\u00e9rents <a href=\"http:\/\/www.carideal.com\/blog\/credit-auto\/\">plans de financement<\/a> disponibles.<\/p>\n\n\n\n<p>Pour les r\u00e9parations, l'entretien et les contr\u00f4les techniques, prenez rendez-vous avec notre centre de service apr\u00e8s-vente. En utilisant des outils de diagnostic et de r\u00e9paration sp\u00e9cifiques les plus modernes pour les <a href=\"http:\/\/www.carideal.com\/blog\/marque-de-voiture-actualites-essais\/\">constructeurs automobiles<\/a>, nos techniciens form\u00e9s par le&nbsp;constructeur&nbsp;localiseront rapidement tous les probl\u00e8mes et les r\u00e9pareront efficacement.<\/p>\n\n\n\n<p>Si vous souhaitez nous parler en dehors des heures d'ouverture, utilisez la fonction de chat en direct ou <a href=\"http:\/\/www.carideal.com\/blog\/carideal-mandataire-auto-france\/\">contactez-nous<\/a> en ligne pour nous envoyer un message et nous vous r\u00e9pondrons dans les plus brefs d\u00e9lais.<\/p>\n\n\n\n<p>T\u00e9l\u00e9phone<br>Ventes:\u00a00479330353<br>Heures de travail<br>Ventes<br>- le lundi: de 8h30 \u00e0 19h00 le mardi: de 8h30 \u00e0 19h00<br>- le mercredi: de 8h30 \u00e0 19h00 le jeudi: de 8h30 \u00e0 19h00<br>Vendredi: de 8h30 \u00e0 19h00 le samedi: de 8h30 \u00e0 17h00<br>Dimanche:\u00a0Non<br><iframe loading=\"lazy\" style=\"border: 0;\" src=\"https:\/\/www.google.com\/maps\/embed?pb=!1m18!1m12!1m3!1d89077.1641770515!2d4.765081261931984!3d45.75793410295141!2m3!1f0!2f0!3f0!3m2!1i1024!2i768!4f13.1!3m3!1m2!1s0x47f4ea516ae88797%3A0x408ab2ae4bb21f0!2sLyon!5e0!3m2!1sen!2sfr!4v1513344203552\" width=\"600\" height=\"450\" frameborder=\"0\" allowfullscreen=\"allowfullscreen\"><\/p>\n\n\n\n<h3 class=\"wp-block-heading\">Trouvez votre voiture d'occasion en France<\/h3>\n\n\n\n<ul class=\"wp-block-list\"><li><a href=\"http:\/\/www.carideal.com\/blog\/voitures-occasions\/annecy\/\">Voitures d'occasions \u00e0 Annecy<\/a><\/li><li><a href=\"http:\/\/www.carideal.com\/blog\/voitures-occasions\/bordeaux\/\">Voitures d'occasions \u00e0 Bordeaux<\/a><\/li><li><a href=\"http:\/\/www.carideal.com\/blog\/voitures-occasions\/gap\/\">Voitures d'occasions \u00e0 Gap<\/a><\/li><li><a href=\"http:\/\/www.carideal.com\/blog\/voitures-occasions\/lyon\/\">Voitures d'occasions \u00e0 Lyon<\/a><\/li><li><a href=\"http:\/\/www.carideal.com\/blog\/voitures-occasions\/paris\/\">Voitures d'occasion \u00e0 Paris<\/a><\/li><li><a href=\"http:\/\/www.carideal.com\/blog\/voitures-occasions\/voiture-occasion-macon\/\">Voitures d'occasions \u00e0 M\u00e2con<\/a><\/li><li><a href=\"http:\/\/www.carideal.com\/blog\/voitures-occasions\/marseille\/\">Voitures d'occasion \u00e0 Marseille<\/a><\/li><li><a href=\"http:\/\/www.carideal.com\/blog\/voitures-occasions\/metz\/\">Voitures d'occasions \u00e0 Metz<\/a><\/li><li><a href=\"http:\/\/www.carideal.com\/blog\/voitures-occasions\/metz\/\">Voitures d'occasions \u00e0 Montpellier<\/a><\/li><li><a href=\"http:\/\/www.carideal.com\/blog\/voitures-occasions\/nantes\/\">Voitures d'occasions \u00e0 Nantes<\/a><\/li><\/ul>\n","protected":false},"excerpt":{"rendered":"<p>Contactez&nbsp;Carideal pour trouver votre voiture d&rsquo;occasion \u00e0 Lyon Toutes les marques | Peugeot | Citro\u00ebn | Renault | Dacia | Volkswagen | Kia | Land Rover Carideal mandataire auto de voiture d&rsquo;occasion \u00e0 Lyon vous propose un choix de voiture d&rsquo;occasion\u00a0\u00e0\u00a0Lyon faisant partie d&rsquo;un r\u00e9seau national de plusieurs centaines de voitures d&rsquo;occasions. O\u00f9 acheter une &#8230; <a title=\"Voiture occasion Lyon &#8211; annonce auto\" class=\"read-more\" href=\"https:\/\/www.carideal.com\/blog\/voitures-occasions\/lyon\/\" aria-label=\"En savoir plus sur Voiture occasion Lyon &#8211; annonce auto\">Lire plus<\/a><\/p>\n","protected":false},"author":3,"featured_media":16730,"parent":15469,"menu_order":0,"comment_status":"closed","ping_status":"closed","template":"","meta":{"_uag_custom_page_level_css":"","_themeisle_gutenberg_block_has_review":false,"footnotes":""},"class_list":["post-16729","page","type-page","status-publish","has-post-thumbnail"],"wppr_data":{"cwp_meta_box_check":"No"},"yoast_head":"<!-- This site is optimized with the Yoast SEO plugin v24.8.1 - https:\/\/yoast.com\/wordpress\/plugins\/seo\/ -->\n<title>Voiture occasion Lyon - annonce auto - Blog auto Carid\u00e9al<\/title>\n<meta name=\"description\" content=\"Carideal mandataire de voiture d&#039;occasion vous aide \u00e0 trouvez votre voiture d&#039;occasion \u00e0 Lyon avec conseillers, nous vous livrons \u00e0 votre domicile\" \/>\n<meta name=\"robots\" content=\"index, follow, max-snippet:-1, max-image-preview:large, max-video-preview:-1\" \/>\n<link rel=\"canonical\" href=\"https:\/\/www.carideal.com\/blog\/voitures-occasions\/lyon\/\" \/>\n<meta property=\"og:locale\" content=\"fr_FR\" \/>\n<meta property=\"og:type\" content=\"article\" \/>\n<meta property=\"og:title\" content=\"Voiture occasion Lyon - annonce auto - Blog auto Carid\u00e9al\" \/>\n<meta property=\"og:description\" content=\"Carideal mandataire de voiture d&#039;occasion vous aide \u00e0 trouvez votre voiture d&#039;occasion \u00e0 Lyon avec conseillers, nous vous livrons \u00e0 votre domicile\" \/>\n<meta property=\"og:url\" content=\"https:\/\/www.carideal.com\/blog\/voitures-occasions\/lyon\/\" \/>\n<meta property=\"og:site_name\" content=\"Blog auto Carid\u00e9al\" \/>\n<meta property=\"article:publisher\" content=\"https:\/\/www.facebook.com\/Carideal.mandataire.automobile\" \/>\n<meta property=\"article:modified_time\" content=\"2021-05-21T08:51:39+00:00\" \/>\n<meta property=\"og:image\" content=\"https:\/\/www.carideal.com\/blog\/wp-content\/uploads\/2017\/12\/voiture-occasion-lyon.jpg\" \/>\n\t<meta property=\"og:image:width\" content=\"500\" \/>\n\t<meta property=\"og:image:height\" content=\"274\" \/>\n\t<meta property=\"og:image:type\" content=\"image\/jpeg\" \/>\n<meta name=\"twitter:card\" content=\"summary_large_image\" \/>\n<meta name=\"twitter:site\" content=\"@caridealauto\" \/>\n<meta name=\"twitter:label1\" content=\"Dur\u00e9e de lecture estim\u00e9e\" \/>\n\t<meta name=\"twitter:data1\" content=\"2 minutes\" \/>\n<script type=\"application\/ld+json\" class=\"yoast-schema-graph\">{\"@context\":\"https:\/\/schema.org\",\"@graph\":[{\"@type\":\"WebPage\",\"@id\":\"https:\/\/www.carideal.com\/blog\/voitures-occasions\/lyon\/\",\"url\":\"https:\/\/www.carideal.com\/blog\/voitures-occasions\/lyon\/\",\"name\":\"Voiture occasion Lyon - annonce auto - Blog auto Carid\u00e9al\",\"isPartOf\":{\"@id\":\"https:\/\/www.carideal.com\/blog\/#website\"},\"primaryImageOfPage\":{\"@id\":\"https:\/\/www.carideal.com\/blog\/voitures-occasions\/lyon\/#primaryimage\"},\"image\":{\"@id\":\"https:\/\/www.carideal.com\/blog\/voitures-occasions\/lyon\/#primaryimage\"},\"thumbnailUrl\":\"https:\/\/www.carideal.com\/blog\/wp-content\/uploads\/2017\/12\/voiture-occasion-lyon.jpg\",\"datePublished\":\"2017-12-15T13:26:29+00:00\",\"dateModified\":\"2021-05-21T08:51:39+00:00\",\"description\":\"Carideal mandataire de voiture d'occasion vous aide \u00e0 trouvez votre voiture d'occasion \u00e0 Lyon avec conseillers, nous vous livrons \u00e0 votre domicile\",\"breadcrumb\":{\"@id\":\"https:\/\/www.carideal.com\/blog\/voitures-occasions\/lyon\/#breadcrumb\"},\"inLanguage\":\"fr-FR\",\"potentialAction\":[{\"@type\":\"ReadAction\",\"target\":[\"https:\/\/www.carideal.com\/blog\/voitures-occasions\/lyon\/\"]}]},{\"@type\":\"ImageObject\",\"inLanguage\":\"fr-FR\",\"@id\":\"https:\/\/www.carideal.com\/blog\/voitures-occasions\/lyon\/#primaryimage\",\"url\":\"https:\/\/www.carideal.com\/blog\/wp-content\/uploads\/2017\/12\/voiture-occasion-lyon.jpg\",\"contentUrl\":\"https:\/\/www.carideal.com\/blog\/wp-content\/uploads\/2017\/12\/voiture-occasion-lyon.jpg\",\"width\":500,\"height\":274,\"caption\":\"Voiture occasion Lyon\"},{\"@type\":\"BreadcrumbList\",\"@id\":\"https:\/\/www.carideal.com\/blog\/voitures-occasions\/lyon\/#breadcrumb\",\"itemListElement\":[{\"@type\":\"ListItem\",\"position\":1,\"name\":\"Blog Carid\u00e9al\",\"item\":\"https:\/\/www.carideal.com\/blog\/\"},{\"@type\":\"ListItem\",\"position\":2,\"name\":\"Voitures occasions\",\"item\":\"https:\/\/www.carideal.com\/blog\/voitures-occasions\/\"},{\"@type\":\"ListItem\",\"position\":3,\"name\":\"Lyon\"}]},{\"@type\":\"WebSite\",\"@id\":\"https:\/\/www.carideal.com\/blog\/#website\",\"url\":\"https:\/\/www.carideal.com\/blog\/\",\"name\":\"Blog auto Carid\u00e9al\",\"description\":\"Actualit\u00e9 auto par des passionn\u00e9s\",\"publisher\":{\"@id\":\"https:\/\/www.carideal.com\/blog\/#organization\"},\"potentialAction\":[{\"@type\":\"SearchAction\",\"target\":{\"@type\":\"EntryPoint\",\"urlTemplate\":\"https:\/\/www.carideal.com\/blog\/?s={search_term_string}\"},\"query-input\":{\"@type\":\"PropertyValueSpecification\",\"valueRequired\":true,\"valueName\":\"search_term_string\"}}],\"inLanguage\":\"fr-FR\"},{\"@type\":\"Organization\",\"@id\":\"https:\/\/www.carideal.com\/blog\/#organization\",\"name\":\"Carideal\",\"url\":\"https:\/\/www.carideal.com\/blog\/\",\"logo\":{\"@type\":\"ImageObject\",\"inLanguage\":\"fr-FR\",\"@id\":\"https:\/\/www.carideal.com\/blog\/#\/schema\/logo\/image\/\",\"url\":\"http:\/\/www.carideal.com\/blog\/wp-content\/uploads\/2016\/03\/logo-carideal-mandataire-automobile.png\",\"contentUrl\":\"http:\/\/www.carideal.com\/blog\/wp-content\/uploads\/2016\/03\/logo-carideal-mandataire-automobile.png\",\"width\":300,\"height\":300,\"caption\":\"Carideal\"},\"image\":{\"@id\":\"https:\/\/www.carideal.com\/blog\/#\/schema\/logo\/image\/\"},\"sameAs\":[\"https:\/\/www.facebook.com\/Carideal.mandataire.automobile\",\"https:\/\/x.com\/caridealauto\",\"https:\/\/www.instagram.com\/carideal1\/\",\"https:\/\/www.linkedin.com\/company\/carideal.com\",\"https:\/\/fr.pinterest.com\/schiavonsas\/\",\"https:\/\/www.youtube.com\/user\/caridealsas\"]}]}<\/script>\n<!-- \/ Yoast SEO plugin. -->","yoast_head_json":{"title":"Voiture occasion Lyon - annonce auto - Blog auto Carid\u00e9al","description":"Carideal mandataire de voiture d'occasion vous aide \u00e0 trouvez votre voiture d'occasion \u00e0 Lyon avec conseillers, nous vous livrons \u00e0 votre domicile","robots":{"index":"index","follow":"follow","max-snippet":"max-snippet:-1","max-image-preview":"max-image-preview:large","max-video-preview":"max-video-preview:-1"},"canonical":"https:\/\/www.carideal.com\/blog\/voitures-occasions\/lyon\/","og_locale":"fr_FR","og_type":"article","og_title":"Voiture occasion Lyon - annonce auto - Blog auto Carid\u00e9al","og_description":"Carideal mandataire de voiture d'occasion vous aide \u00e0 trouvez votre voiture d'occasion \u00e0 Lyon avec conseillers, nous vous livrons \u00e0 votre domicile","og_url":"https:\/\/www.carideal.com\/blog\/voitures-occasions\/lyon\/","og_site_name":"Blog auto Carid\u00e9al","article_publisher":"https:\/\/www.facebook.com\/Carideal.mandataire.automobile","article_modified_time":"2021-05-21T08:51:39+00:00","og_image":[{"width":500,"height":274,"url":"https:\/\/www.carideal.com\/blog\/wp-content\/uploads\/2017\/12\/voiture-occasion-lyon.jpg","type":"image\/jpeg"}],"twitter_card":"summary_large_image","twitter_site":"@caridealauto","twitter_misc":{"Dur\u00e9e de lecture estim\u00e9e":"2 minutes"},"schema":{"@context":"https:\/\/schema.org","@graph":[{"@type":"WebPage","@id":"https:\/\/www.carideal.com\/blog\/voitures-occasions\/lyon\/","url":"https:\/\/www.carideal.com\/blog\/voitures-occasions\/lyon\/","name":"Voiture occasion Lyon - annonce auto - Blog auto Carid\u00e9al","isPartOf":{"@id":"https:\/\/www.carideal.com\/blog\/#website"},"primaryImageOfPage":{"@id":"https:\/\/www.carideal.com\/blog\/voitures-occasions\/lyon\/#primaryimage"},"image":{"@id":"https:\/\/www.carideal.com\/blog\/voitures-occasions\/lyon\/#primaryimage"},"thumbnailUrl":"https:\/\/www.carideal.com\/blog\/wp-content\/uploads\/2017\/12\/voiture-occasion-lyon.jpg","datePublished":"2017-12-15T13:26:29+00:00","dateModified":"2021-05-21T08:51:39+00:00","description":"Carideal mandataire de voiture d'occasion vous aide \u00e0 trouvez votre voiture d'occasion \u00e0 Lyon avec conseillers, nous vous livrons \u00e0 votre domicile","breadcrumb":{"@id":"https:\/\/www.carideal.com\/blog\/voitures-occasions\/lyon\/#breadcrumb"},"inLanguage":"fr-FR","potentialAction":[{"@type":"ReadAction","target":["https:\/\/www.carideal.com\/blog\/voitures-occasions\/lyon\/"]}]},{"@type":"ImageObject","inLanguage":"fr-FR","@id":"https:\/\/www.carideal.com\/blog\/voitures-occasions\/lyon\/#primaryimage","url":"https:\/\/www.carideal.com\/blog\/wp-content\/uploads\/2017\/12\/voiture-occasion-lyon.jpg","contentUrl":"https:\/\/www.carideal.com\/blog\/wp-content\/uploads\/2017\/12\/voiture-occasion-lyon.jpg","width":500,"height":274,"caption":"Voiture occasion Lyon"},{"@type":"BreadcrumbList","@id":"https:\/\/www.carideal.com\/blog\/voitures-occasions\/lyon\/#breadcrumb","itemListElement":[{"@type":"ListItem","position":1,"name":"Blog Carid\u00e9al","item":"https:\/\/www.carideal.com\/blog\/"},{"@type":"ListItem","position":2,"name":"Voitures occasions","item":"https:\/\/www.carideal.com\/blog\/voitures-occasions\/"},{"@type":"ListItem","position":3,"name":"Lyon"}]},{"@type":"WebSite","@id":"https:\/\/www.carideal.com\/blog\/#website","url":"https:\/\/www.carideal.com\/blog\/","name":"Blog auto Carid\u00e9al","description":"Actualit\u00e9 auto par des passionn\u00e9s","publisher":{"@id":"https:\/\/www.carideal.com\/blog\/#organization"},"potentialAction":[{"@type":"SearchAction","target":{"@type":"EntryPoint","urlTemplate":"https:\/\/www.carideal.com\/blog\/?s={search_term_string}"},"query-input":{"@type":"PropertyValueSpecification","valueRequired":true,"valueName":"search_term_string"}}],"inLanguage":"fr-FR"},{"@type":"Organization","@id":"https:\/\/www.carideal.com\/blog\/#organization","name":"Carideal","url":"https:\/\/www.carideal.com\/blog\/","logo":{"@type":"ImageObject","inLanguage":"fr-FR","@id":"https:\/\/www.carideal.com\/blog\/#\/schema\/logo\/image\/","url":"http:\/\/www.carideal.com\/blog\/wp-content\/uploads\/2016\/03\/logo-carideal-mandataire-automobile.png","contentUrl":"http:\/\/www.carideal.com\/blog\/wp-content\/uploads\/2016\/03\/logo-carideal-mandataire-automobile.png","width":300,"height":300,"caption":"Carideal"},"image":{"@id":"https:\/\/www.carideal.com\/blog\/#\/schema\/logo\/image\/"},"sameAs":["https:\/\/www.facebook.com\/Carideal.mandataire.automobile","https:\/\/x.com\/caridealauto","https:\/\/www.instagram.com\/carideal1\/","https:\/\/www.linkedin.com\/company\/carideal.com","https:\/\/fr.pinterest.com\/schiavonsas\/","https:\/\/www.youtube.com\/user\/caridealsas"]}]}},"uagb_featured_image_src":{"full":["https:\/\/www.carideal.com\/blog\/wp-content\/uploads\/2017\/12\/voiture-occasion-lyon.jpg",500,274,false],"thumbnail":["https:\/\/www.carideal.com\/blog\/wp-content\/uploads\/2017\/12\/voiture-occasion-lyon-150x150.jpg",150,150,true],"medium":["https:\/\/www.carideal.com\/blog\/wp-content\/uploads\/2017\/12\/voiture-occasion-lyon-300x164.jpg",300,164,true],"medium_large":["https:\/\/www.carideal.com\/blog\/wp-content\/uploads\/2017\/12\/voiture-occasion-lyon.jpg",500,274,false],"large":["https:\/\/www.carideal.com\/blog\/wp-content\/uploads\/2017\/12\/voiture-occasion-lyon.jpg",500,274,false],"1536x1536":["https:\/\/www.carideal.com\/blog\/wp-content\/uploads\/2017\/12\/voiture-occasion-lyon.jpg",500,274,false],"2048x2048":["https:\/\/www.carideal.com\/blog\/wp-content\/uploads\/2017\/12\/voiture-occasion-lyon.jpg",500,274,false],"wppr-widget":["https:\/\/www.carideal.com\/blog\/wp-content\/uploads\/2017\/12\/voiture-occasion-lyon.jpg",50,27,false]},"uagb_author_info":{"display_name":"Nicolas SCHIAVON","author_link":"https:\/\/www.carideal.com\/blog\/author\/nschiavon\/"},"uagb_comment_info":0,"uagb_excerpt":"Contactez&nbsp;Carideal pour trouver votre voiture d'occasion \u00e0 Lyon Toutes les marques | Peugeot | Citro\u00ebn | Renault | Dacia | Volkswagen | Kia | Land Rover Carideal mandataire auto de voiture d'occasion \u00e0 Lyon vous propose un choix de voiture d'occasion\u00a0\u00e0\u00a0Lyon faisant partie d'un r\u00e9seau national de plusieurs centaines de voitures d'occasions. O\u00f9 acheter une\u2026","_links":{"self":[{"href":"https:\/\/www.carideal.com\/blog\/wp-json\/wp\/v2\/pages\/16729"}],"collection":[{"href":"https:\/\/www.carideal.com\/blog\/wp-json\/wp\/v2\/pages"}],"about":[{"href":"https:\/\/www.carideal.com\/blog\/wp-json\/wp\/v2\/types\/page"}],"author":[{"embeddable":true,"href":"https:\/\/www.carideal.com\/blog\/wp-json\/wp\/v2\/users\/3"}],"replies":[{"embeddable":true,"href":"https:\/\/www.carideal.com\/blog\/wp-json\/wp\/v2\/comments?post=16729"}],"version-history":[{"count":0,"href":"https:\/\/www.carideal.com\/blog\/wp-json\/wp\/v2\/pages\/16729\/revisions"}],"up":[{"embeddable":true,"href":"https:\/\/www.carideal.com\/blog\/wp-json\/wp\/v2\/pages\/15469"}],"wp:featuredmedia":[{"embeddable":true,"href":"https:\/\/www.carideal.com\/blog\/wp-json\/wp\/v2\/media\/16730"}],"wp:attachment":[{"href":"https:\/\/www.carideal.com\/blog\/wp-json\/wp\/v2\/media?parent=16729"}],"curies":[{"name":"wp","href":"https:\/\/api.w.org\/{rel}","templated":true}]}}