{"id":16684,"date":"2017-08-10T09:07:15","date_gmt":"2017-08-10T07:07:15","guid":{"rendered":"http:\/\/www.carideal.com\/blog\/?page_id=16684"},"modified":"2023-01-17T15:55:58","modified_gmt":"2023-01-17T14:55:58","slug":"voiture-neuve-region","status":"publish","type":"page","link":"https:\/\/www.carideal.com\/blog\/voiture-neuve-region\/","title":{"rendered":"Voitures neuves par r\u00e9gion et d\u00e9partement"},"content":{"rendered":"\n<h2 class=\"wp-block-heading\">Toutes les voitures neuves&nbsp;toute marque par r\u00e9gion, d\u00e9partement et ann\u00e9e<\/h2>\n\n\n\n<p>Retrouvez la liste des <strong>ventes de voitures neuves par r\u00e9gion et par d\u00e9partement<\/strong>. Comment se dipatchent les ventes de voiture neuve en France ? On fait le point toute marque de voiture confondue par r\u00e9gion et d\u00e9partement et on ventile suivant les ann\u00e9es.<\/p>\n\n\n<div class=\"wp-block-image size-full wp-image-16685\">\n<figure class=\"aligncenter\"><img loading=\"lazy\" decoding=\"async\" width=\"600\" height=\"375\" src=\"http:\/\/www.carideal.com\/blog\/wp-content\/uploads\/2017\/12\/vente-voiture-neuve-region-e1580549987776.jpg\" alt=\"Voitures neuves toutes marques par r\u00e9gion et par d\u00e9partement\" class=\"wp-image-16685\"\/><figcaption class=\"wp-element-caption\">Voitures neuves toutes marques par r\u00e9gion et par d\u00e9partement<\/figcaption><\/figure><\/div>\n\n\n<p>La progression de ventes de voitures neuves n'est pas forc\u00e9ment \u00e9gale suivant les d\u00e9partements : Les ventes de voitures neuves ont progress\u00e9 de 50% entre 2015 et 2016 dans le Gard, alors que dans le m\u00eame temps elles ont chut\u00e9 de 1.4% dans le Jura dans un march\u00e9 fran\u00e7ais en hausse de 5%.<\/p>\n\n\n\n<figure class=\"wp-block-table is-style-stripes\"><table><tbody><tr><th>\n<h3>R\u00e9gions et d\u00e9partements<\/h3>\n<\/th><th>2016<\/th><th>2015<\/th><\/tr><tr><td>\n<h4>AUVERGNE RHONE ALPES<\/h4>\n<\/td><td>&nbsp;<\/td><td>&nbsp;<\/td><\/tr><tr><td>01 Ain<\/td><td>17359<\/td><td>&nbsp;<\/td><\/tr><tr><td>03 Allier<\/td><td>8225<\/td><td>&nbsp;<\/td><\/tr><tr><td>07 Ard\u00e8che<\/td><td>6880<\/td><td>&nbsp;<\/td><\/tr><tr><td>15 Cantal<\/td><td>3815<\/td><td>&nbsp;<\/td><\/tr><tr><td>26 Dr\u00f4me<\/td><td>13298<\/td><td>&nbsp;<\/td><\/tr><tr><td>38 Is\u00e8re<\/td><td>32120<\/td><td>&nbsp;<\/td><\/tr><tr><td>42 Loire<\/td><td>18198<\/td><td>&nbsp;<\/td><\/tr><tr><td>43 Haute Loire<\/td><td>4940<\/td><td>&nbsp;<\/td><\/tr><tr><td>63 Puy de D\u00f4me<\/td><td>16546<\/td><td>&nbsp;<\/td><\/tr><tr><td>69 Rh\u00f4ne<\/td><td>54090<\/td><td>&nbsp;<\/td><\/tr><tr><td>73 Savoie<\/td><td>15263<\/td><td>&nbsp;<\/td><\/tr><tr><td>74 Haute Savoie<\/td><td>29701<\/td><td>&nbsp;<\/td><\/tr><tr><td>\n<h4>BOURGOGNE FRANCHE COMT\u00c9<\/h4>\n<\/td><td>&nbsp;<\/td><td>&nbsp;<\/td><\/tr><tr><td>21 C\u00f4te D'Or<\/td><td>14148<\/td><td>&nbsp;<\/td><\/tr><tr><td>25 Doubs<\/td><td>23439<\/td><td>&nbsp;<\/td><\/tr><tr><td>39 Jura<\/td><td>7322<\/td><td>&nbsp;<\/td><\/tr><tr><td>58 Ni\u00e8vre<\/td><td>5215<\/td><td>&nbsp;<\/td><\/tr><tr><td>70 Haute Sa\u00f4ne<\/td><td>5981<\/td><td>&nbsp;<\/td><\/tr><tr><td>71 Sa\u00f4ne et Loire<\/td><td>13455<\/td><td>&nbsp;<\/td><\/tr><tr><td>89 Yonne<\/td><td>8177<\/td><td>&nbsp;<\/td><\/tr><tr><td>90 Territoire de Belfort<\/td><td>4416<\/td><td>&nbsp;<\/td><\/tr><tr><td>\n<h4>BRETAGNE<\/h4>\n<\/td><td>&nbsp;<\/td><td>&nbsp;<\/td><\/tr><tr><td>22 C\u00f4tes d'Armor<\/td><td>15002<\/td><td>&nbsp;<\/td><\/tr><tr><td>29 Finist\u00e8re<\/td><td>22765<\/td><td>&nbsp;<\/td><\/tr><tr><td>35 Ille et Vilaine<\/td><td>23212<\/td><td>&nbsp;<\/td><\/tr><tr><td>56 Morbihan<\/td><td>18269<\/td><td>&nbsp;<\/td><\/tr><tr><td>\n<h4>CENTRE VAL DE LOIRE<\/h4>\n<\/td><td>&nbsp;<\/td><td>&nbsp;<\/td><\/tr><tr><td>18 Cher<\/td><td>7206<\/td><td>&nbsp;<\/td><\/tr><tr><td>28 Eure et Loire<\/td><td>12958<\/td><td>&nbsp;<\/td><\/tr><tr><td>36 Indre<\/td><td>5023<\/td><td>&nbsp;<\/td><\/tr><tr><td>37 Indre et Loire<\/td><td>16078<\/td><td>&nbsp;<\/td><\/tr><tr><td>41 Loir et Cher<\/td><td>7307<\/td><td>&nbsp;<\/td><\/tr><tr><td>45 Loiret<\/td><td>17081<\/td><td>&nbsp;<\/td><\/tr><tr><td>\n<h4>CORSE<\/h4>\n<\/td><td>&nbsp;<\/td><td>&nbsp;<\/td><\/tr><tr><td>2A Corse du Sud<\/td><td>12236<\/td><td>&nbsp;<\/td><\/tr><tr><td>2B Haute Corse<\/td><td>18157<\/td><td>&nbsp;<\/td><\/tr><tr><td>\n<h4>GRAND EST<\/h4>\n<\/td><td>&nbsp;<\/td><td>&nbsp;<\/td><\/tr><tr><td>08 Ardennes<\/td><td>6883<\/td><td>&nbsp;<\/td><\/tr><tr><td>10 Aube<\/td><td>6919<\/td><td>&nbsp;<\/td><\/tr><tr><td>51 Marne<\/td><td>17379<\/td><td>&nbsp;<\/td><\/tr><tr><td>52 Haute Marne<\/td><td>4129<\/td><td>&nbsp;<\/td><\/tr><tr><td>54 Meurthe et Moselle<\/td><td>20230<\/td><td>&nbsp;<\/td><\/tr><tr><td>55 Meuse<\/td><td>4261<\/td><td>&nbsp;<\/td><\/tr><tr><td>57 Moselle<\/td><td>29469<\/td><td>&nbsp;<\/td><\/tr><tr><td>67 Bas Rhin<\/td><td>32816<\/td><td>&nbsp;<\/td><\/tr><tr><td>68 Haut Rhin<\/td><td>23650<\/td><td>&nbsp;<\/td><\/tr><tr><td>88 Vosges<\/td><td>10002<\/td><td>&nbsp;<\/td><\/tr><tr><td>\n<h4>HAUTS DE FRANCE<\/h4>\n<\/td><td>&nbsp;<\/td><td>&nbsp;<\/td><\/tr><tr><td>02 Aisne<\/td><td>21288<\/td><td>&nbsp;<\/td><\/tr><tr><td>59 Nord<\/td><td>68888<\/td><td>&nbsp;<\/td><\/tr><tr><td>60 Oise<\/td><td>131105<\/td><td>&nbsp;<\/td><\/tr><tr><td>62 Pas de Calais<\/td><td>38466<\/td><td>&nbsp;<\/td><\/tr><tr><td>80 Somme<\/td><td>23370<\/td><td>&nbsp;<\/td><\/tr><tr><td>\n<h4>ILE DE FRANCE<\/h4>\n<\/td><td>&nbsp;<\/td><td>&nbsp;<\/td><\/tr><tr><td>75 Paris<\/td><td>58042<\/td><td>&nbsp;<\/td><\/tr><tr><td>77 Seine et Marne<\/td><td>40240<\/td><td>&nbsp;<\/td><\/tr><tr><td>78 Yvelines<\/td><td>73014<\/td><td>&nbsp;<\/td><\/tr><tr><td>91 Essonne<\/td><td>36049<\/td><td>&nbsp;<\/td><\/tr><tr><td>92 Hauts de Seine<\/td><td>78602<\/td><td>&nbsp;<\/td><\/tr><tr><td>93 Seine Saint Denis<\/td><td>33361<\/td><td>&nbsp;<\/td><\/tr><tr><td>94 Val de Marne<\/td><td>30689<\/td><td>&nbsp;<\/td><\/tr><tr><td>95 Val d'Oise<\/td><td>27887<\/td><td>&nbsp;<\/td><\/tr><tr><td>\n<h4>NORMANDIE<\/h4>\n<\/td><td>&nbsp;<\/td><td>&nbsp;<\/td><\/tr><tr><td>14 Calvados<\/td><td>20568<\/td><td>&nbsp;<\/td><\/tr><tr><td>27 Eure<\/td><td>14852<\/td><td>&nbsp;<\/td><\/tr><tr><td>50 Manche<\/td><td>11268<\/td><td>&nbsp;<\/td><\/tr><tr><td>61 Orne<\/td><td>6962<\/td><td>&nbsp;<\/td><\/tr><tr><td>76 Seine Maritime<\/td><td>86725<\/td><td>&nbsp;<\/td><\/tr><tr><td>\n<h4>NOUVELLE AQUITAINE<\/h4>\n<\/td><td>&nbsp;<\/td><td>&nbsp;<\/td><\/tr><tr><td>16 Charente<\/td><td>8522<\/td><td>&nbsp;<\/td><\/tr><tr><td>17 Charente Maritime<\/td><td>18507<\/td><td>&nbsp;<\/td><\/tr><tr><td>19 Corr\u00e8ze<\/td><td>8374<\/td><td>&nbsp;<\/td><\/tr><tr><td>23 Creuze<\/td><td>2464<\/td><td>&nbsp;<\/td><\/tr><tr><td>24 Dordogne<\/td><td>10335<\/td><td>&nbsp;<\/td><\/tr><tr><td>33 Gironde <a href=\"http:\/\/www.carideal.com\/blog\/voiture-neuve-region\/bordeaux\/\">Bordeaux<\/a><\/td><td>41516<\/td><td>&nbsp;<\/td><\/tr><tr><td>40 Landes<\/td><td>11443<\/td><td>&nbsp;<\/td><\/tr><tr><td>47 Lot et Garonne<\/td><td>8996<\/td><td>&nbsp;<\/td><\/tr><tr><td>64 Pyr\u00e9n\u00e9es Atlantiques<\/td><td>20568<\/td><td>&nbsp;<\/td><\/tr><tr><td>79 Deux S\u00e8vres<\/td><td>7754<\/td><td>&nbsp;<\/td><\/tr><tr><td>86 Vienne<\/td><td>15476<\/td><td>&nbsp;<\/td><\/tr><tr><td>87 Haute Vienne<\/td><td>10067<\/td><td>&nbsp;<\/td><\/tr><tr><td>\n<h4>OCCITANIE<\/h4>\n<\/td><td>&nbsp;<\/td><td>&nbsp;<\/td><\/tr><tr><td>09 Ari\u00e8ge<\/td><td>4718<\/td><td>&nbsp;<\/td><\/tr><tr><td>11 Aude<\/td><td>9314<\/td><td>&nbsp;<\/td><\/tr><tr><td>12 Aveyron<\/td><td>6477<\/td><td>&nbsp;<\/td><\/tr><tr><td>30 Gard<\/td><td>19206<\/td><td>&nbsp;<\/td><\/tr><tr><td>31 Haute Garonne<\/td><td>37649<\/td><td>&nbsp;<\/td><\/tr><tr><td>32 Gers<\/td><td>4740<\/td><td>&nbsp;<\/td><\/tr><tr><td>34 H\u00e9rault<\/td><td>28908<\/td><td>&nbsp;<\/td><\/tr><tr><td>46 Lot<\/td><td>4350<\/td><td>&nbsp;<\/td><\/tr><tr><td>48 Loz\u00e8re<\/td><td>1526<\/td><td>&nbsp;<\/td><\/tr><tr><td>65 Hautes Pyr\u00e9n\u00e9es<\/td><td>6061<\/td><td>&nbsp;<\/td><\/tr><tr><td>66 Pyr\u00e9n\u00e9es Orientales<\/td><td>12944<\/td><td>&nbsp;<\/td><\/tr><tr><td>81 Tarn<\/td><td>9993<\/td><td>&nbsp;<\/td><\/tr><tr><td>82 Tran et Garonne<\/td><td>5249<\/td><td>&nbsp;<\/td><\/tr><tr><td>\n<h4>PROVENCE ALPES COTE D'AZUR<\/h4>\n<\/td><td>&nbsp;<\/td><td>&nbsp;<\/td><\/tr><tr><td>04 Alpes de Haute Provence<\/td><td>4439<\/td><td>&nbsp;<\/td><\/tr><tr><td>05 Hautes Alpes<\/td><td>3646<\/td><td>&nbsp;<\/td><\/tr><tr><td>06 Alpes Maritimes<\/td><td>34756<\/td><td>&nbsp;<\/td><\/tr><tr><td>13 Bouches du Rh\u00f4ne<\/td><td>56611<\/td><td>&nbsp;<\/td><\/tr><tr><td>83 Var<\/td><td>33828<\/td><td>&nbsp;<\/td><\/tr><tr><td>84 Vaucluse<\/td><td>17118<\/td><td>&nbsp;<\/td><\/tr><tr><td>\n<h4>PAYS DE LA LOIRE<\/h4>\n<\/td><td>&nbsp;<\/td><td>&nbsp;<\/td><\/tr><tr><td>44 Loire Atlantique<\/td><td>30808<\/td><td>&nbsp;<\/td><\/tr><tr><td>49 Maine et Loire<\/td><td>15660<\/td><td>&nbsp;<\/td><\/tr><tr><td>53 Mayenne<\/td><td>6099<\/td><td>&nbsp;<\/td><\/tr><tr><td>72 Sarthe<\/td><td>13479<\/td><td>&nbsp;<\/td><\/tr><tr><td>85 Vend\u00e9e<\/td><td>16774<\/td><td>&nbsp;<\/td><\/tr><tr><td>\n<h4>DOM TOM<\/h4>\n<\/td><td>31287<\/td><td>&nbsp;<\/td><\/tr><tr><td>\n<h2>TOTAL VENTE FRANCE<\/h2>\n<\/td><td>2015168<\/td><td>&nbsp;<\/td><\/tr><\/tbody><\/table><\/figure>\n","protected":false},"excerpt":{"rendered":"<p>Toutes les voitures neuves&nbsp;toute marque par r\u00e9gion, d\u00e9partement et ann\u00e9e Retrouvez la liste des ventes de voitures neuves par r\u00e9gion et par d\u00e9partement. Comment se dipatchent les ventes de voiture neuve en France ? On fait le point toute marque de voiture confondue par r\u00e9gion et d\u00e9partement et on ventile suivant les ann\u00e9es. La progression &#8230; <a title=\"Voitures neuves par r\u00e9gion et d\u00e9partement\" class=\"read-more\" href=\"https:\/\/www.carideal.com\/blog\/voiture-neuve-region\/\" aria-label=\"En savoir plus sur Voitures neuves par r\u00e9gion et d\u00e9partement\">Lire plus<\/a><\/p>\n","protected":false},"author":3,"featured_media":16685,"parent":0,"menu_order":0,"comment_status":"closed","ping_status":"closed","template":"template-fullwidth.php","meta":{"_uag_custom_page_level_css":"","_themeisle_gutenberg_block_has_review":false,"footnotes":""},"class_list":["post-16684","page","type-page","status-publish","has-post-thumbnail"],"wppr_data":{"cwp_meta_box_check":"No"},"yoast_head":"<!-- This site is optimized with the Yoast SEO plugin v24.8.1 - https:\/\/yoast.com\/wordpress\/plugins\/seo\/ -->\n<title>Voitures neuves par r\u00e9gion et d\u00e9partement - Blog auto Carid\u00e9al<\/title>\n<meta name=\"description\" content=\"Retrouvez avec Carideal la liste des ventes de voitures neuves toutes marques vendues en France Par r\u00e9gion et par d\u00e9partement\" \/>\n<meta name=\"robots\" content=\"index, follow, max-snippet:-1, max-image-preview:large, max-video-preview:-1\" \/>\n<link rel=\"canonical\" href=\"https:\/\/www.carideal.com\/blog\/voiture-neuve-region\/\" \/>\n<meta property=\"og:locale\" content=\"fr_FR\" \/>\n<meta property=\"og:type\" content=\"article\" \/>\n<meta property=\"og:title\" content=\"Voitures neuves par r\u00e9gion et d\u00e9partement - Blog auto Carid\u00e9al\" \/>\n<meta property=\"og:description\" content=\"Retrouvez avec Carideal la liste des ventes de voitures neuves toutes marques vendues en France Par r\u00e9gion et par d\u00e9partement\" \/>\n<meta property=\"og:url\" content=\"https:\/\/www.carideal.com\/blog\/voiture-neuve-region\/\" \/>\n<meta property=\"og:site_name\" content=\"Blog auto Carid\u00e9al\" \/>\n<meta property=\"article:publisher\" content=\"https:\/\/www.facebook.com\/Carideal.mandataire.automobile\" \/>\n<meta property=\"article:modified_time\" content=\"2023-01-17T14:55:58+00:00\" \/>\n<meta property=\"og:image\" content=\"https:\/\/www.carideal.com\/blog\/wp-content\/uploads\/2017\/12\/vente-voiture-neuve-region-e1580549987776.jpg\" \/>\n\t<meta property=\"og:image:width\" content=\"600\" \/>\n\t<meta property=\"og:image:height\" content=\"375\" \/>\n\t<meta property=\"og:image:type\" content=\"image\/jpeg\" \/>\n<meta name=\"twitter:card\" content=\"summary_large_image\" \/>\n<meta name=\"twitter:site\" content=\"@caridealauto\" \/>\n<meta name=\"twitter:label1\" content=\"Dur\u00e9e de lecture estim\u00e9e\" \/>\n\t<meta name=\"twitter:data1\" content=\"3 minutes\" \/>\n<script type=\"application\/ld+json\" class=\"yoast-schema-graph\">{\"@context\":\"https:\/\/schema.org\",\"@graph\":[{\"@type\":\"WebPage\",\"@id\":\"https:\/\/www.carideal.com\/blog\/voiture-neuve-region\/\",\"url\":\"https:\/\/www.carideal.com\/blog\/voiture-neuve-region\/\",\"name\":\"Voitures neuves par r\u00e9gion et d\u00e9partement - Blog auto Carid\u00e9al\",\"isPartOf\":{\"@id\":\"https:\/\/www.carideal.com\/blog\/#website\"},\"primaryImageOfPage\":{\"@id\":\"https:\/\/www.carideal.com\/blog\/voiture-neuve-region\/#primaryimage\"},\"image\":{\"@id\":\"https:\/\/www.carideal.com\/blog\/voiture-neuve-region\/#primaryimage\"},\"thumbnailUrl\":\"https:\/\/www.carideal.com\/blog\/wp-content\/uploads\/2017\/12\/vente-voiture-neuve-region-e1580549987776.jpg\",\"datePublished\":\"2017-08-10T07:07:15+00:00\",\"dateModified\":\"2023-01-17T14:55:58+00:00\",\"description\":\"Retrouvez avec Carideal la liste des ventes de voitures neuves toutes marques vendues en France Par r\u00e9gion et par d\u00e9partement\",\"breadcrumb\":{\"@id\":\"https:\/\/www.carideal.com\/blog\/voiture-neuve-region\/#breadcrumb\"},\"inLanguage\":\"fr-FR\",\"potentialAction\":[{\"@type\":\"ReadAction\",\"target\":[\"https:\/\/www.carideal.com\/blog\/voiture-neuve-region\/\"]}]},{\"@type\":\"ImageObject\",\"inLanguage\":\"fr-FR\",\"@id\":\"https:\/\/www.carideal.com\/blog\/voiture-neuve-region\/#primaryimage\",\"url\":\"https:\/\/www.carideal.com\/blog\/wp-content\/uploads\/2017\/12\/vente-voiture-neuve-region-e1580549987776.jpg\",\"contentUrl\":\"https:\/\/www.carideal.com\/blog\/wp-content\/uploads\/2017\/12\/vente-voiture-neuve-region-e1580549987776.jpg\",\"width\":600,\"height\":375,\"caption\":\"Voitures neuves toutes marques par r\u00e9gion et par d\u00e9partement\"},{\"@type\":\"BreadcrumbList\",\"@id\":\"https:\/\/www.carideal.com\/blog\/voiture-neuve-region\/#breadcrumb\",\"itemListElement\":[{\"@type\":\"ListItem\",\"position\":1,\"name\":\"Blog Carid\u00e9al\",\"item\":\"https:\/\/www.carideal.com\/blog\/\"},{\"@type\":\"ListItem\",\"position\":2,\"name\":\"Voitures neuves par r\u00e9gion et d\u00e9partement\"}]},{\"@type\":\"WebSite\",\"@id\":\"https:\/\/www.carideal.com\/blog\/#website\",\"url\":\"https:\/\/www.carideal.com\/blog\/\",\"name\":\"Blog auto Carid\u00e9al\",\"description\":\"Actualit\u00e9 auto par des passionn\u00e9s\",\"publisher\":{\"@id\":\"https:\/\/www.carideal.com\/blog\/#organization\"},\"potentialAction\":[{\"@type\":\"SearchAction\",\"target\":{\"@type\":\"EntryPoint\",\"urlTemplate\":\"https:\/\/www.carideal.com\/blog\/?s={search_term_string}\"},\"query-input\":{\"@type\":\"PropertyValueSpecification\",\"valueRequired\":true,\"valueName\":\"search_term_string\"}}],\"inLanguage\":\"fr-FR\"},{\"@type\":\"Organization\",\"@id\":\"https:\/\/www.carideal.com\/blog\/#organization\",\"name\":\"Carideal\",\"url\":\"https:\/\/www.carideal.com\/blog\/\",\"logo\":{\"@type\":\"ImageObject\",\"inLanguage\":\"fr-FR\",\"@id\":\"https:\/\/www.carideal.com\/blog\/#\/schema\/logo\/image\/\",\"url\":\"http:\/\/www.carideal.com\/blog\/wp-content\/uploads\/2016\/03\/logo-carideal-mandataire-automobile.png\",\"contentUrl\":\"http:\/\/www.carideal.com\/blog\/wp-content\/uploads\/2016\/03\/logo-carideal-mandataire-automobile.png\",\"width\":300,\"height\":300,\"caption\":\"Carideal\"},\"image\":{\"@id\":\"https:\/\/www.carideal.com\/blog\/#\/schema\/logo\/image\/\"},\"sameAs\":[\"https:\/\/www.facebook.com\/Carideal.mandataire.automobile\",\"https:\/\/x.com\/caridealauto\",\"https:\/\/www.instagram.com\/carideal1\/\",\"https:\/\/www.linkedin.com\/company\/carideal.com\",\"https:\/\/fr.pinterest.com\/schiavonsas\/\",\"https:\/\/www.youtube.com\/user\/caridealsas\"]}]}<\/script>\n<!-- \/ Yoast SEO plugin. -->","yoast_head_json":{"title":"Voitures neuves par r\u00e9gion et d\u00e9partement - Blog auto Carid\u00e9al","description":"Retrouvez avec Carideal la liste des ventes de voitures neuves toutes marques vendues en France Par r\u00e9gion et par d\u00e9partement","robots":{"index":"index","follow":"follow","max-snippet":"max-snippet:-1","max-image-preview":"max-image-preview:large","max-video-preview":"max-video-preview:-1"},"canonical":"https:\/\/www.carideal.com\/blog\/voiture-neuve-region\/","og_locale":"fr_FR","og_type":"article","og_title":"Voitures neuves par r\u00e9gion et d\u00e9partement - Blog auto Carid\u00e9al","og_description":"Retrouvez avec Carideal la liste des ventes de voitures neuves toutes marques vendues en France Par r\u00e9gion et par d\u00e9partement","og_url":"https:\/\/www.carideal.com\/blog\/voiture-neuve-region\/","og_site_name":"Blog auto Carid\u00e9al","article_publisher":"https:\/\/www.facebook.com\/Carideal.mandataire.automobile","article_modified_time":"2023-01-17T14:55:58+00:00","og_image":[{"width":600,"height":375,"url":"https:\/\/www.carideal.com\/blog\/wp-content\/uploads\/2017\/12\/vente-voiture-neuve-region-e1580549987776.jpg","type":"image\/jpeg"}],"twitter_card":"summary_large_image","twitter_site":"@caridealauto","twitter_misc":{"Dur\u00e9e de lecture estim\u00e9e":"3 minutes"},"schema":{"@context":"https:\/\/schema.org","@graph":[{"@type":"WebPage","@id":"https:\/\/www.carideal.com\/blog\/voiture-neuve-region\/","url":"https:\/\/www.carideal.com\/blog\/voiture-neuve-region\/","name":"Voitures neuves par r\u00e9gion et d\u00e9partement - Blog auto Carid\u00e9al","isPartOf":{"@id":"https:\/\/www.carideal.com\/blog\/#website"},"primaryImageOfPage":{"@id":"https:\/\/www.carideal.com\/blog\/voiture-neuve-region\/#primaryimage"},"image":{"@id":"https:\/\/www.carideal.com\/blog\/voiture-neuve-region\/#primaryimage"},"thumbnailUrl":"https:\/\/www.carideal.com\/blog\/wp-content\/uploads\/2017\/12\/vente-voiture-neuve-region-e1580549987776.jpg","datePublished":"2017-08-10T07:07:15+00:00","dateModified":"2023-01-17T14:55:58+00:00","description":"Retrouvez avec Carideal la liste des ventes de voitures neuves toutes marques vendues en France Par r\u00e9gion et par d\u00e9partement","breadcrumb":{"@id":"https:\/\/www.carideal.com\/blog\/voiture-neuve-region\/#breadcrumb"},"inLanguage":"fr-FR","potentialAction":[{"@type":"ReadAction","target":["https:\/\/www.carideal.com\/blog\/voiture-neuve-region\/"]}]},{"@type":"ImageObject","inLanguage":"fr-FR","@id":"https:\/\/www.carideal.com\/blog\/voiture-neuve-region\/#primaryimage","url":"https:\/\/www.carideal.com\/blog\/wp-content\/uploads\/2017\/12\/vente-voiture-neuve-region-e1580549987776.jpg","contentUrl":"https:\/\/www.carideal.com\/blog\/wp-content\/uploads\/2017\/12\/vente-voiture-neuve-region-e1580549987776.jpg","width":600,"height":375,"caption":"Voitures neuves toutes marques par r\u00e9gion et par d\u00e9partement"},{"@type":"BreadcrumbList","@id":"https:\/\/www.carideal.com\/blog\/voiture-neuve-region\/#breadcrumb","itemListElement":[{"@type":"ListItem","position":1,"name":"Blog Carid\u00e9al","item":"https:\/\/www.carideal.com\/blog\/"},{"@type":"ListItem","position":2,"name":"Voitures neuves par r\u00e9gion et d\u00e9partement"}]},{"@type":"WebSite","@id":"https:\/\/www.carideal.com\/blog\/#website","url":"https:\/\/www.carideal.com\/blog\/","name":"Blog auto Carid\u00e9al","description":"Actualit\u00e9 auto par des passionn\u00e9s","publisher":{"@id":"https:\/\/www.carideal.com\/blog\/#organization"},"potentialAction":[{"@type":"SearchAction","target":{"@type":"EntryPoint","urlTemplate":"https:\/\/www.carideal.com\/blog\/?s={search_term_string}"},"query-input":{"@type":"PropertyValueSpecification","valueRequired":true,"valueName":"search_term_string"}}],"inLanguage":"fr-FR"},{"@type":"Organization","@id":"https:\/\/www.carideal.com\/blog\/#organization","name":"Carideal","url":"https:\/\/www.carideal.com\/blog\/","logo":{"@type":"ImageObject","inLanguage":"fr-FR","@id":"https:\/\/www.carideal.com\/blog\/#\/schema\/logo\/image\/","url":"http:\/\/www.carideal.com\/blog\/wp-content\/uploads\/2016\/03\/logo-carideal-mandataire-automobile.png","contentUrl":"http:\/\/www.carideal.com\/blog\/wp-content\/uploads\/2016\/03\/logo-carideal-mandataire-automobile.png","width":300,"height":300,"caption":"Carideal"},"image":{"@id":"https:\/\/www.carideal.com\/blog\/#\/schema\/logo\/image\/"},"sameAs":["https:\/\/www.facebook.com\/Carideal.mandataire.automobile","https:\/\/x.com\/caridealauto","https:\/\/www.instagram.com\/carideal1\/","https:\/\/www.linkedin.com\/company\/carideal.com","https:\/\/fr.pinterest.com\/schiavonsas\/","https:\/\/www.youtube.com\/user\/caridealsas"]}]}},"uagb_featured_image_src":{"full":["https:\/\/www.carideal.com\/blog\/wp-content\/uploads\/2017\/12\/vente-voiture-neuve-region-e1580549987776.jpg",600,375,false],"thumbnail":["https:\/\/www.carideal.com\/blog\/wp-content\/uploads\/2017\/12\/vente-voiture-neuve-region-150x150.jpg",150,150,true],"medium":["https:\/\/www.carideal.com\/blog\/wp-content\/uploads\/2017\/12\/vente-voiture-neuve-region-300x188.jpg",300,188,true],"medium_large":["https:\/\/www.carideal.com\/blog\/wp-content\/uploads\/2017\/12\/vente-voiture-neuve-region-768x480.jpg",768,480,true],"large":["https:\/\/www.carideal.com\/blog\/wp-content\/uploads\/2017\/12\/vente-voiture-neuve-region-e1580549987776.jpg",600,375,false],"1536x1536":["https:\/\/www.carideal.com\/blog\/wp-content\/uploads\/2017\/12\/vente-voiture-neuve-region-e1580549987776.jpg",600,375,false],"2048x2048":["https:\/\/www.carideal.com\/blog\/wp-content\/uploads\/2017\/12\/vente-voiture-neuve-region-e1580549987776.jpg",600,375,false],"wppr-widget":["https:\/\/www.carideal.com\/blog\/wp-content\/uploads\/2017\/12\/vente-voiture-neuve-region-e1580549987776.jpg",50,31,false]},"uagb_author_info":{"display_name":"Nicolas SCHIAVON","author_link":"https:\/\/www.carideal.com\/blog\/author\/nschiavon\/"},"uagb_comment_info":0,"uagb_excerpt":"Toutes les voitures neuves&nbsp;toute marque par r\u00e9gion, d\u00e9partement et ann\u00e9e Retrouvez la liste des ventes de voitures neuves par r\u00e9gion et par d\u00e9partement. Comment se dipatchent les ventes de voiture neuve en France ? On fait le point toute marque de voiture confondue par r\u00e9gion et d\u00e9partement et on ventile suivant les ann\u00e9es. La progression\u2026","_links":{"self":[{"href":"https:\/\/www.carideal.com\/blog\/wp-json\/wp\/v2\/pages\/16684"}],"collection":[{"href":"https:\/\/www.carideal.com\/blog\/wp-json\/wp\/v2\/pages"}],"about":[{"href":"https:\/\/www.carideal.com\/blog\/wp-json\/wp\/v2\/types\/page"}],"author":[{"embeddable":true,"href":"https:\/\/www.carideal.com\/blog\/wp-json\/wp\/v2\/users\/3"}],"replies":[{"embeddable":true,"href":"https:\/\/www.carideal.com\/blog\/wp-json\/wp\/v2\/comments?post=16684"}],"version-history":[{"count":0,"href":"https:\/\/www.carideal.com\/blog\/wp-json\/wp\/v2\/pages\/16684\/revisions"}],"wp:featuredmedia":[{"embeddable":true,"href":"https:\/\/www.carideal.com\/blog\/wp-json\/wp\/v2\/media\/16685"}],"wp:attachment":[{"href":"https:\/\/www.carideal.com\/blog\/wp-json\/wp\/v2\/media?parent=16684"}],"curies":[{"name":"wp","href":"https:\/\/api.w.org\/{rel}","templated":true}]}}