{"id":16332,"date":"2017-09-12T19:58:21","date_gmt":"2017-09-12T17:58:21","guid":{"rendered":"http:\/\/www.carideal.com\/blog\/?page_id=16332"},"modified":"2020-12-15T19:18:00","modified_gmt":"2020-12-15T18:18:00","slug":"bentley","status":"publish","type":"page","link":"https:\/\/www.carideal.com\/blog\/marque-de-voiture-actualites-essais\/bentley\/","title":{"rendered":"BENTLEY &#8211; Actualit\u00e9 essais Avis neuve et occasion"},"content":{"rendered":"\n<h2 class=\"wp-block-heading\">Bentley - Actualit\u00e9 essais Avis neuve et occasion<\/h2>\n\n\n\n<p><a href=\"http:\/\/www.carideal.com\/blog\/marque-de-voiture-actualites-essais\/bentley\/\">Infos sur Bentley<\/a> | <a href=\"http:\/\/www.carideal.com\/blog\/constructeur\/bentley\/\">Actualit\u00e9<\/a> | Essais | Voiture d'occasion | Voiture neuve | <a href=\"http:\/\/www.carideal.com\/blog\/credit-auto\/\">Financement<\/a> | <a href=\"http:\/\/www.carideal.com\/blog\/garage-automobile\/revision-voiture\/\">R\u00e9vision<\/a> | <a href=\"http:\/\/www.carideal.com\/blog\/offres-automobiles\/\">Offres<\/a> | <a href=\"http:\/\/www.carideal.com\/blog\/tag\/guide-achat\/?=bentley\">Guide d'achat<\/a><\/p>\n\n\n\n<p>Parmi toutes les <a href=\"http:\/\/www.carideal.com\/blog\/marque-de-voiture-actualites-essais\/\">marques de voitures<\/a> dont les plus prestigieuses, Carideal.com se devait de mettre en avant la <a href=\"http:\/\/www.carideal.com\/blog\/marque-de-voiture-actualites-essais\/marques-de-voitures-britanniques\/\">marque anglaise<\/a> <strong>Bentley<\/strong>. Vous trouverez sur notre site web les informations sur la marque Bentley et ses mod\u00e8les. Vous trouverez les diff\u00e9rents essais, les actualit\u00e9s et fiches techniques de la marque Bentley ainsi que les annonces autos de la marque Bentley. Nous mettrons tout en \u0153uvre pour vous donner le maximum d'informations sur la marque Bentley.<\/p>\n\n\n\n<h2 class=\"wp-block-heading\">Liste des mod\u00e8les&nbsp;Bentley<\/h2>\n\n\n\n<figure class=\"wp-block-table is-style-stripes\"><table><tbody><tr><td>BENTLEY BENTAYGA<\/td><td>BENTLEY CONTINENTAL<\/td><td>BENTLEY CONTINENTAL FLYING SPUR<\/td><td>BENTLEY COUPE<\/td><\/tr><tr><td><img loading=\"lazy\" decoding=\"async\" width=\"150\" height=\"100\" class=\"wp-image-16335\" style=\"width: 150px;\" src=\"http:\/\/www.carideal.com\/blog\/wp-content\/uploads\/2017\/09\/bentley-bentayga-carideal-5-e1580299875821.jpg\" alt=\"Bentley Bentayga\"><\/td><td><\/td><td><\/td><td><\/td><\/tr><tr><td>BENTLEY MULSANNE<\/td><td><\/td><td><\/td><td><\/td><\/tr><tr><td><\/td><td><\/td><td><\/td><td><\/td><\/tr><\/tbody><\/table><\/figure>\n\n\n\n<h2 class=\"wp-block-heading\">Actualit\u00e9s&nbsp;Bentley<\/h2>\n\n\n<ul class=\"lcp_catlist\" id=\"lcp_instance_0\"><li><a href=\"https:\/\/www.carideal.com\/blog\/2015\/09\/09\/exclusivite-les-photos-du-suv-bentley-bentayga\/\">SUV Bentley Bentayga &#8211; Exclusivit\u00e9 les photos<\/a><div class=\"lcp_excerpt\">En Exclusivit\u00e9 les photos du SUV Bentley Bentayga\nEn exclusivit\u00e9 voici les photos officielles du nouveau Bentley\u202c \u202a\u200e\u202a\u200eSUV BENTAYGA\u202c qui est motoris\u00e9 par un W12 de 6.0 biturbo pour 608 ch !\nLa pr\u00e9sentation se fera sur le salon \u202a\u200eIAA\u202c de \u202a\u200eFrancfort\u202c. Bentley veut concurrencer les SUV de luxe ou le Range Rover r\u00e8gne en ma\u00eetre et ...<\/div><\/li><li><a href=\"https:\/\/www.carideal.com\/blog\/2015\/04\/07\/bentley-exp-10-speed-6\/\">Bentley EXP 10 SPEED 6 concept \u00e0 Gen\u00e8ve<\/a><div class=\"lcp_excerpt\">Le concept-car Bentley EXP 10 SPEED 6\nSurprise sur le stand Bentley avec ce concept-car qui pourrait pr\u00e9figurer un coup\u00e9 sportif. Si la carrosserie adopte des faux airs d&rsquo;Aston Martin, l&rsquo;habitacle rappelle qu&rsquo;il s&rsquo;agit bien d&rsquo;une Bentley : cuir, alu, cuivre et bois de cerisier se disputent le moindre centim\u00e8tre carr\u00e9, alors qu&rsquo;un su\u00adperbe \u00e9cran tactile ...<\/div><\/li><li><a href=\"https:\/\/www.carideal.com\/blog\/2012\/09\/30\/bentley-gt3-continental-gt-speed-au-mondial-de-lauto-2012\/\">Bentley GT3 &#038; Continental GT Speed au Mondial de l&rsquo;Auto 2012<\/a><div class=\"lcp_excerpt\">Bentley GT3 &amp; Continental GT Speed au Mondial de l&rsquo;Auto 2012\n\nLa Bentley continental GT Speed &amp; GT3\nAu Salon auto de Paris, Bentley d\u00e9voile la Continental GT Speed, une version encore plus sportive de la Continental GT, et une GT3 con\u00e7ue sur la base de cette derni\u00e8re, qui sera bient\u00f4t engag\u00e9e dans certaines courses, y compris ...<\/div><\/li><li><a href=\"https:\/\/www.carideal.com\/blog\/2012\/08\/30\/bentley-diesel\/\">Bentley ajoutera des diesels \u00e0 sa gamme : V8 de 6,8 litres<\/a><div class=\"lcp_excerpt\">Bentley ajoutera des diesels \u00e0 sa gamme : un V8 de 6,8 litres \u00e0 mourir\nWolfgang Durheimer, directeur de la recherche et du d\u00e9veloppement d&rsquo;Audi a d\u00e9clar\u00e9 :\u00a0\u00bb En Europe occidentale, nous n&rsquo;avons pas encore \u00e9puis\u00e9 toutes les opportunit\u00e9s de march\u00e9, et le diesel pourrait bien nous le permettre&#8230;\u00a0\u00bb\nBentley ne proposera pas uniquement des hybrides \u00e0 ...<\/div><\/li><li><a href=\"https:\/\/www.carideal.com\/blog\/2012\/05\/08\/bentley-exp9f\/\">Bentley EXP 9 F le concept du SUV Gen\u00e8ve 2012<\/a><div class=\"lcp_excerpt\">\nLe Concept de SUV Bentley EXP 9 F pr\u00e9sent\u00e9 au salon de Gen\u00e8ve 2012\n\n\n\n\nLa face avant de la Bentley EXP 9 F est imposante\n\n\nBentley veut sa part du g\u00e2teau du march\u00e9 du v\u00e9hicule de loisir, et 42 ans apr\u00e8s l&rsquo;apparition du Range Rover, nous pr\u00e9sente un 4&#215;4 de tr\u00e8s tr\u00e8s haut de gamme&nbsp;! le EXP ...<\/div><\/li><\/ul>\n\n\n\n<p><a href=\"http:\/\/www.carideal.com\/blog\/constructeur\/bentley\/\">TOUTES&nbsp;LES&nbsp;ACTUALIT\u00c9S BENTLEY<\/a><\/p>\n\n\n\n<h2 class=\"wp-block-heading\">Essais&nbsp;Bentley<\/h2>\n\n\n\n<p>TOUS&nbsp;LES&nbsp;ESSAIS&nbsp;BENTLEY<\/p>\n","protected":false},"excerpt":{"rendered":"<p>Bentley &#8211; Actualit\u00e9 essais Avis neuve et occasion Infos sur Bentley | Actualit\u00e9 | Essais | Voiture d&rsquo;occasion | Voiture neuve | Financement | R\u00e9vision | Offres | Guide d&rsquo;achat Parmi toutes les marques de voitures dont les plus prestigieuses, Carideal.com se devait de mettre en avant la marque anglaise Bentley. Vous trouverez sur notre &#8230; <a title=\"BENTLEY &#8211; Actualit\u00e9 essais Avis neuve et occasion\" class=\"read-more\" href=\"https:\/\/www.carideal.com\/blog\/marque-de-voiture-actualites-essais\/bentley\/\" aria-label=\"En savoir plus sur BENTLEY &#8211; Actualit\u00e9 essais Avis neuve et occasion\">Lire plus<\/a><\/p>\n","protected":false},"author":3,"featured_media":16336,"parent":13389,"menu_order":0,"comment_status":"closed","ping_status":"closed","template":"","meta":{"_uag_custom_page_level_css":"","_themeisle_gutenberg_block_has_review":false,"footnotes":""},"class_list":["post-16332","page","type-page","status-publish","has-post-thumbnail"],"wppr_data":{"cwp_meta_box_check":"No"},"yoast_head":"<!-- This site is optimized with the Yoast SEO plugin v24.8.1 - https:\/\/yoast.com\/wordpress\/plugins\/seo\/ -->\n<title>BENTLEY - Actualit\u00e9 essais Avis neuve et occasion - Blog auto Carid\u00e9al<\/title>\n<meta name=\"description\" content=\"Retrouvez toutes les informations sur la marque et les mod\u00e8les Bentley les actualit\u00e9s, essais des Bentley ainsi que les prix des Bentley neuves et d&#039;occasions\" \/>\n<meta name=\"robots\" content=\"index, follow, max-snippet:-1, max-image-preview:large, max-video-preview:-1\" \/>\n<link rel=\"canonical\" href=\"https:\/\/www.carideal.com\/blog\/marque-de-voiture-actualites-essais\/bentley\/\" \/>\n<meta property=\"og:locale\" content=\"fr_FR\" \/>\n<meta property=\"og:type\" content=\"article\" \/>\n<meta property=\"og:title\" content=\"BENTLEY - Actualit\u00e9 essais Avis neuve et occasion - Blog auto Carid\u00e9al\" \/>\n<meta property=\"og:description\" content=\"Retrouvez toutes les informations sur la marque et les mod\u00e8les Bentley les actualit\u00e9s, essais des Bentley ainsi que les prix des Bentley neuves et d&#039;occasions\" \/>\n<meta property=\"og:url\" content=\"https:\/\/www.carideal.com\/blog\/marque-de-voiture-actualites-essais\/bentley\/\" \/>\n<meta property=\"og:site_name\" content=\"Blog auto Carid\u00e9al\" \/>\n<meta property=\"article:publisher\" content=\"https:\/\/www.facebook.com\/Carideal.mandataire.automobile\" \/>\n<meta property=\"article:modified_time\" content=\"2020-12-15T18:18:00+00:00\" \/>\n<meta property=\"og:image\" content=\"https:\/\/www.carideal.com\/blog\/wp-content\/uploads\/2017\/09\/bentley-bentayga-carideal-5-1-e1580299994319.jpg\" \/>\n\t<meta property=\"og:image:width\" content=\"700\" \/>\n\t<meta property=\"og:image:height\" content=\"467\" \/>\n\t<meta property=\"og:image:type\" content=\"image\/jpeg\" \/>\n<meta name=\"twitter:card\" content=\"summary_large_image\" \/>\n<meta name=\"twitter:site\" content=\"@caridealauto\" \/>\n<meta name=\"twitter:label1\" content=\"Dur\u00e9e de lecture estim\u00e9e\" \/>\n\t<meta name=\"twitter:data1\" content=\"1 minute\" \/>\n<script type=\"application\/ld+json\" class=\"yoast-schema-graph\">{\"@context\":\"https:\/\/schema.org\",\"@graph\":[{\"@type\":\"WebPage\",\"@id\":\"https:\/\/www.carideal.com\/blog\/marque-de-voiture-actualites-essais\/bentley\/\",\"url\":\"https:\/\/www.carideal.com\/blog\/marque-de-voiture-actualites-essais\/bentley\/\",\"name\":\"BENTLEY - Actualit\u00e9 essais Avis neuve et occasion - Blog auto Carid\u00e9al\",\"isPartOf\":{\"@id\":\"https:\/\/www.carideal.com\/blog\/#website\"},\"primaryImageOfPage\":{\"@id\":\"https:\/\/www.carideal.com\/blog\/marque-de-voiture-actualites-essais\/bentley\/#primaryimage\"},\"image\":{\"@id\":\"https:\/\/www.carideal.com\/blog\/marque-de-voiture-actualites-essais\/bentley\/#primaryimage\"},\"thumbnailUrl\":\"https:\/\/www.carideal.com\/blog\/wp-content\/uploads\/2017\/09\/bentley-bentayga-carideal-5-1-e1580299994319.jpg\",\"datePublished\":\"2017-09-12T17:58:21+00:00\",\"dateModified\":\"2020-12-15T18:18:00+00:00\",\"description\":\"Retrouvez toutes les informations sur la marque et les mod\u00e8les Bentley les actualit\u00e9s, essais des Bentley ainsi que les prix des Bentley neuves et d'occasions\",\"breadcrumb\":{\"@id\":\"https:\/\/www.carideal.com\/blog\/marque-de-voiture-actualites-essais\/bentley\/#breadcrumb\"},\"inLanguage\":\"fr-FR\",\"potentialAction\":[{\"@type\":\"ReadAction\",\"target\":[\"https:\/\/www.carideal.com\/blog\/marque-de-voiture-actualites-essais\/bentley\/\"]}]},{\"@type\":\"ImageObject\",\"inLanguage\":\"fr-FR\",\"@id\":\"https:\/\/www.carideal.com\/blog\/marque-de-voiture-actualites-essais\/bentley\/#primaryimage\",\"url\":\"https:\/\/www.carideal.com\/blog\/wp-content\/uploads\/2017\/09\/bentley-bentayga-carideal-5-1-e1580299994319.jpg\",\"contentUrl\":\"https:\/\/www.carideal.com\/blog\/wp-content\/uploads\/2017\/09\/bentley-bentayga-carideal-5-1-e1580299994319.jpg\",\"width\":700,\"height\":467,\"caption\":\"SUV Bentley Bentayga\"},{\"@type\":\"BreadcrumbList\",\"@id\":\"https:\/\/www.carideal.com\/blog\/marque-de-voiture-actualites-essais\/bentley\/#breadcrumb\",\"itemListElement\":[{\"@type\":\"ListItem\",\"position\":1,\"name\":\"Blog Carid\u00e9al\",\"item\":\"https:\/\/www.carideal.com\/blog\/\"},{\"@type\":\"ListItem\",\"position\":2,\"name\":\"Marque de voiture\",\"item\":\"https:\/\/www.carideal.com\/blog\/marque-de-voiture-actualites-essais\/\"},{\"@type\":\"ListItem\",\"position\":3,\"name\":\"BENTLEY &#8211; Actualit\u00e9 essais Avis neuve et occasion\"}]},{\"@type\":\"WebSite\",\"@id\":\"https:\/\/www.carideal.com\/blog\/#website\",\"url\":\"https:\/\/www.carideal.com\/blog\/\",\"name\":\"Blog auto Carid\u00e9al\",\"description\":\"Actualit\u00e9 auto par des passionn\u00e9s\",\"publisher\":{\"@id\":\"https:\/\/www.carideal.com\/blog\/#organization\"},\"potentialAction\":[{\"@type\":\"SearchAction\",\"target\":{\"@type\":\"EntryPoint\",\"urlTemplate\":\"https:\/\/www.carideal.com\/blog\/?s={search_term_string}\"},\"query-input\":{\"@type\":\"PropertyValueSpecification\",\"valueRequired\":true,\"valueName\":\"search_term_string\"}}],\"inLanguage\":\"fr-FR\"},{\"@type\":\"Organization\",\"@id\":\"https:\/\/www.carideal.com\/blog\/#organization\",\"name\":\"Carideal\",\"url\":\"https:\/\/www.carideal.com\/blog\/\",\"logo\":{\"@type\":\"ImageObject\",\"inLanguage\":\"fr-FR\",\"@id\":\"https:\/\/www.carideal.com\/blog\/#\/schema\/logo\/image\/\",\"url\":\"http:\/\/www.carideal.com\/blog\/wp-content\/uploads\/2016\/03\/logo-carideal-mandataire-automobile.png\",\"contentUrl\":\"http:\/\/www.carideal.com\/blog\/wp-content\/uploads\/2016\/03\/logo-carideal-mandataire-automobile.png\",\"width\":300,\"height\":300,\"caption\":\"Carideal\"},\"image\":{\"@id\":\"https:\/\/www.carideal.com\/blog\/#\/schema\/logo\/image\/\"},\"sameAs\":[\"https:\/\/www.facebook.com\/Carideal.mandataire.automobile\",\"https:\/\/x.com\/caridealauto\",\"https:\/\/www.instagram.com\/carideal1\/\",\"https:\/\/www.linkedin.com\/company\/carideal.com\",\"https:\/\/fr.pinterest.com\/schiavonsas\/\",\"https:\/\/www.youtube.com\/user\/caridealsas\"]}]}<\/script>\n<!-- \/ Yoast SEO plugin. -->","yoast_head_json":{"title":"BENTLEY - Actualit\u00e9 essais Avis neuve et occasion - Blog auto Carid\u00e9al","description":"Retrouvez toutes les informations sur la marque et les mod\u00e8les Bentley les actualit\u00e9s, essais des Bentley ainsi que les prix des Bentley neuves et d'occasions","robots":{"index":"index","follow":"follow","max-snippet":"max-snippet:-1","max-image-preview":"max-image-preview:large","max-video-preview":"max-video-preview:-1"},"canonical":"https:\/\/www.carideal.com\/blog\/marque-de-voiture-actualites-essais\/bentley\/","og_locale":"fr_FR","og_type":"article","og_title":"BENTLEY - Actualit\u00e9 essais Avis neuve et occasion - Blog auto Carid\u00e9al","og_description":"Retrouvez toutes les informations sur la marque et les mod\u00e8les Bentley les actualit\u00e9s, essais des Bentley ainsi que les prix des Bentley neuves et d'occasions","og_url":"https:\/\/www.carideal.com\/blog\/marque-de-voiture-actualites-essais\/bentley\/","og_site_name":"Blog auto Carid\u00e9al","article_publisher":"https:\/\/www.facebook.com\/Carideal.mandataire.automobile","article_modified_time":"2020-12-15T18:18:00+00:00","og_image":[{"width":700,"height":467,"url":"https:\/\/www.carideal.com\/blog\/wp-content\/uploads\/2017\/09\/bentley-bentayga-carideal-5-1-e1580299994319.jpg","type":"image\/jpeg"}],"twitter_card":"summary_large_image","twitter_site":"@caridealauto","twitter_misc":{"Dur\u00e9e de lecture estim\u00e9e":"1 minute"},"schema":{"@context":"https:\/\/schema.org","@graph":[{"@type":"WebPage","@id":"https:\/\/www.carideal.com\/blog\/marque-de-voiture-actualites-essais\/bentley\/","url":"https:\/\/www.carideal.com\/blog\/marque-de-voiture-actualites-essais\/bentley\/","name":"BENTLEY - Actualit\u00e9 essais Avis neuve et occasion - Blog auto Carid\u00e9al","isPartOf":{"@id":"https:\/\/www.carideal.com\/blog\/#website"},"primaryImageOfPage":{"@id":"https:\/\/www.carideal.com\/blog\/marque-de-voiture-actualites-essais\/bentley\/#primaryimage"},"image":{"@id":"https:\/\/www.carideal.com\/blog\/marque-de-voiture-actualites-essais\/bentley\/#primaryimage"},"thumbnailUrl":"https:\/\/www.carideal.com\/blog\/wp-content\/uploads\/2017\/09\/bentley-bentayga-carideal-5-1-e1580299994319.jpg","datePublished":"2017-09-12T17:58:21+00:00","dateModified":"2020-12-15T18:18:00+00:00","description":"Retrouvez toutes les informations sur la marque et les mod\u00e8les Bentley les actualit\u00e9s, essais des Bentley ainsi que les prix des Bentley neuves et d'occasions","breadcrumb":{"@id":"https:\/\/www.carideal.com\/blog\/marque-de-voiture-actualites-essais\/bentley\/#breadcrumb"},"inLanguage":"fr-FR","potentialAction":[{"@type":"ReadAction","target":["https:\/\/www.carideal.com\/blog\/marque-de-voiture-actualites-essais\/bentley\/"]}]},{"@type":"ImageObject","inLanguage":"fr-FR","@id":"https:\/\/www.carideal.com\/blog\/marque-de-voiture-actualites-essais\/bentley\/#primaryimage","url":"https:\/\/www.carideal.com\/blog\/wp-content\/uploads\/2017\/09\/bentley-bentayga-carideal-5-1-e1580299994319.jpg","contentUrl":"https:\/\/www.carideal.com\/blog\/wp-content\/uploads\/2017\/09\/bentley-bentayga-carideal-5-1-e1580299994319.jpg","width":700,"height":467,"caption":"SUV Bentley Bentayga"},{"@type":"BreadcrumbList","@id":"https:\/\/www.carideal.com\/blog\/marque-de-voiture-actualites-essais\/bentley\/#breadcrumb","itemListElement":[{"@type":"ListItem","position":1,"name":"Blog Carid\u00e9al","item":"https:\/\/www.carideal.com\/blog\/"},{"@type":"ListItem","position":2,"name":"Marque de voiture","item":"https:\/\/www.carideal.com\/blog\/marque-de-voiture-actualites-essais\/"},{"@type":"ListItem","position":3,"name":"BENTLEY &#8211; Actualit\u00e9 essais Avis neuve et occasion"}]},{"@type":"WebSite","@id":"https:\/\/www.carideal.com\/blog\/#website","url":"https:\/\/www.carideal.com\/blog\/","name":"Blog auto Carid\u00e9al","description":"Actualit\u00e9 auto par des passionn\u00e9s","publisher":{"@id":"https:\/\/www.carideal.com\/blog\/#organization"},"potentialAction":[{"@type":"SearchAction","target":{"@type":"EntryPoint","urlTemplate":"https:\/\/www.carideal.com\/blog\/?s={search_term_string}"},"query-input":{"@type":"PropertyValueSpecification","valueRequired":true,"valueName":"search_term_string"}}],"inLanguage":"fr-FR"},{"@type":"Organization","@id":"https:\/\/www.carideal.com\/blog\/#organization","name":"Carideal","url":"https:\/\/www.carideal.com\/blog\/","logo":{"@type":"ImageObject","inLanguage":"fr-FR","@id":"https:\/\/www.carideal.com\/blog\/#\/schema\/logo\/image\/","url":"http:\/\/www.carideal.com\/blog\/wp-content\/uploads\/2016\/03\/logo-carideal-mandataire-automobile.png","contentUrl":"http:\/\/www.carideal.com\/blog\/wp-content\/uploads\/2016\/03\/logo-carideal-mandataire-automobile.png","width":300,"height":300,"caption":"Carideal"},"image":{"@id":"https:\/\/www.carideal.com\/blog\/#\/schema\/logo\/image\/"},"sameAs":["https:\/\/www.facebook.com\/Carideal.mandataire.automobile","https:\/\/x.com\/caridealauto","https:\/\/www.instagram.com\/carideal1\/","https:\/\/www.linkedin.com\/company\/carideal.com","https:\/\/fr.pinterest.com\/schiavonsas\/","https:\/\/www.youtube.com\/user\/caridealsas"]}]}},"uagb_featured_image_src":{"full":["https:\/\/www.carideal.com\/blog\/wp-content\/uploads\/2017\/09\/bentley-bentayga-carideal-5-1-e1580299994319.jpg",700,467,false],"thumbnail":["https:\/\/www.carideal.com\/blog\/wp-content\/uploads\/2017\/09\/bentley-bentayga-carideal-5-1-150x150.jpg",150,150,true],"medium":["https:\/\/www.carideal.com\/blog\/wp-content\/uploads\/2017\/09\/bentley-bentayga-carideal-5-1-300x200.jpg",300,200,true],"medium_large":["https:\/\/www.carideal.com\/blog\/wp-content\/uploads\/2017\/09\/bentley-bentayga-carideal-5-1-768x512.jpg",768,512,true],"large":["https:\/\/www.carideal.com\/blog\/wp-content\/uploads\/2017\/09\/bentley-bentayga-carideal-5-1-1024x683.jpg",1024,683,true],"1536x1536":["https:\/\/www.carideal.com\/blog\/wp-content\/uploads\/2017\/09\/bentley-bentayga-carideal-5-1-e1580299994319.jpg",700,467,false],"2048x2048":["https:\/\/www.carideal.com\/blog\/wp-content\/uploads\/2017\/09\/bentley-bentayga-carideal-5-1-e1580299994319.jpg",700,467,false],"wppr-widget":["https:\/\/www.carideal.com\/blog\/wp-content\/uploads\/2017\/09\/bentley-bentayga-carideal-5-1-e1580299994319.jpg",50,33,false]},"uagb_author_info":{"display_name":"Nicolas SCHIAVON","author_link":"https:\/\/www.carideal.com\/blog\/author\/nschiavon\/"},"uagb_comment_info":0,"uagb_excerpt":"Bentley - Actualit\u00e9 essais Avis neuve et occasion Infos sur Bentley | Actualit\u00e9 | Essais | Voiture d'occasion | Voiture neuve | Financement | R\u00e9vision | Offres | Guide d'achat Parmi toutes les marques de voitures dont les plus prestigieuses, Carideal.com se devait de mettre en avant la marque anglaise Bentley. Vous trouverez sur notre\u2026","_links":{"self":[{"href":"https:\/\/www.carideal.com\/blog\/wp-json\/wp\/v2\/pages\/16332"}],"collection":[{"href":"https:\/\/www.carideal.com\/blog\/wp-json\/wp\/v2\/pages"}],"about":[{"href":"https:\/\/www.carideal.com\/blog\/wp-json\/wp\/v2\/types\/page"}],"author":[{"embeddable":true,"href":"https:\/\/www.carideal.com\/blog\/wp-json\/wp\/v2\/users\/3"}],"replies":[{"embeddable":true,"href":"https:\/\/www.carideal.com\/blog\/wp-json\/wp\/v2\/comments?post=16332"}],"version-history":[{"count":0,"href":"https:\/\/www.carideal.com\/blog\/wp-json\/wp\/v2\/pages\/16332\/revisions"}],"up":[{"embeddable":true,"href":"https:\/\/www.carideal.com\/blog\/wp-json\/wp\/v2\/pages\/13389"}],"wp:featuredmedia":[{"embeddable":true,"href":"https:\/\/www.carideal.com\/blog\/wp-json\/wp\/v2\/media\/16336"}],"wp:attachment":[{"href":"https:\/\/www.carideal.com\/blog\/wp-json\/wp\/v2\/media?parent=16332"}],"curies":[{"name":"wp","href":"https:\/\/api.w.org\/{rel}","templated":true}]}}