{"id":16315,"date":"2017-09-09T22:16:09","date_gmt":"2017-09-09T20:16:09","guid":{"rendered":"http:\/\/www.carideal.com\/blog\/?page_id=16315"},"modified":"2020-02-28T13:05:27","modified_gmt":"2020-02-28T12:05:27","slug":"chambery","status":"publish","type":"page","link":"https:\/\/www.carideal.com\/blog\/carideal-mandataire-auto-france\/chambery\/","title":{"rendered":"Mandataire auto Chambery &#8211; Voiture neuves et occasions"},"content":{"rendered":"\n<h2 class=\"wp-block-heading\">MANDATAIRE AUTO CHAMBERY VOITURES NEUVES ET OCCASIONS<\/h2>\n\n\n\n<p><a href=\"http:\/\/www.carideal.com\/blog\/carideal-mandataire-auto-france\/chambery\/\">Infos Mandataire Chambery<\/a> | <a href=\"http:\/\/www.carideal.com\/blog\/constructeur\/\">Actualit\u00e9<\/a> | <a href=\"http:\/\/www.carideal.com\/blog\/essai\/\">Essais<\/a> | <a href=\"http:\/\/www.carideal.com\/blog\/voitures-occasions\/voiture-occasion-chambery\/\">Voiture d\u2019occasion<\/a> | Voiture neuve | Financement | <a href=\"http:\/\/www.carideal.com\/blog\/garage-automobile\/\">R\u00e9vision<\/a> | <a href=\"http:\/\/www.carideal.com\/blog\/offres-automobiles\/\">Offres<\/a> | <a href=\"http:\/\/www.carideal.com\/blog\/carideal-mandataire-auto-france\/\">Contactez nous<\/a> | <a href=\"http:\/\/www.carideal.com\/blog\/tag\/guide-achat\/?=chambery\">Guide d\u2019achat<\/a><\/p>\n\n\n\n<h3 class=\"wp-block-heading\">CARIDEAL MANDATAIRE AUTOMOBILE CHAMBERY<\/h3>\n\n\n\n<p>L'agence de CARIDEAL mandataire auto \u00e0 Chambery est localis\u00e9e au 13 av de Turin 73000 Bassens Chambery en Savoie. Carideal y a \u00e9t\u00e9 le premier mandataire auto en Savoie a \u00eatre pr\u00e9sent sur internet d\u00e8s 1999. Y sont localis\u00e9 les services administratifs, ventes et logistiques. Nos vendeurs accueilleront au sein de notre showroom et hall d'exposition \u00e0 Chambery pour vous conseiller pendant l'achat de voitures neuve.<\/p>\n\n\n\n<figure class=\"wp-block-image alignnone size-full wp-image-19742\"><img loading=\"lazy\" decoding=\"async\" width=\"550\" height=\"412\" src=\"http:\/\/www.carideal.com\/blog\/wp-content\/uploads\/2019\/09\/mandataire-auto-chambery.jpg\" alt=\"Mandataire auto Chambery\" class=\"wp-image-19742\" srcset=\"https:\/\/www.carideal.com\/blog\/wp-content\/uploads\/2019\/09\/mandataire-auto-chambery.jpg 550w, https:\/\/www.carideal.com\/blog\/wp-content\/uploads\/2019\/09\/mandataire-auto-chambery-300x225.jpg 300w, https:\/\/www.carideal.com\/blog\/wp-content\/uploads\/2019\/09\/mandataire-auto-chambery-50x37.jpg 50w, https:\/\/www.carideal.com\/blog\/wp-content\/uploads\/2019\/09\/mandataire-auto-chambery-110x82.jpg 110w, https:\/\/www.carideal.com\/blog\/wp-content\/uploads\/2019\/09\/mandataire-auto-chambery-420x315.jpg 420w\" sizes=\"(max-width: 550px) 100vw, 550px\" \/><figcaption>Mandataire auto Chambery<\/figcaption><\/figure>\n\n\n\n<h3 class=\"wp-block-heading\">AGENCE CARIDEAL MANDATAIRE AUTO CHAMBERY<\/h3>\n\n\n\n<p>13 av de Turin<br>73 000 Bassens<br><a href=\"http:\/\/www.carideal.com\/blog\/contactez-nous\/\">contactez-nous en ligne<\/a><br>04 79 33 03 53<\/p>\n\n\n\n<h3 class=\"wp-block-heading\">Horaires d'ouverture Carideal Chambery<\/h3>\n\n\n\n<p>Lundi de 8h \u00e0 18h30<br>Mardi de 8h \u00e0 18h30<br>Mercredi de 8h \u00e0 18h30<br>Jeudi de 8h \u00e0 18h30<br>Vendredi de 8h \u00e0 18h30<br>Samedi de 9h \u00e0 12h et de 14h \u00e0 17h<br>Dimanche Ferm\u00e9<\/p>\n\n\n\n<p>Une question\u202f? Un conseil sur votre projet auto\u202f? Contactez-nous<\/p>\n\n\n\n<p>Un mandataire automobile \u00e0 Chambery pionnier de la voiture moins ch\u00e8re.<\/p>\n\n\n\n<p>Carideal est l'un des premiers <a href=\"http:\/\/www.carideal.com\/blog\/carideal-mandataire-auto-france\/\">mandataire auto en France<\/a> \u00e0 avoir \u00e9t\u00e9 pr\u00e9sent en ligne d\u00e8s 1997 pour vendre des voitures moins ch\u00e8re sur Chambery et dans sa r\u00e9gion.<\/p>\n\n\n\n<p>Vous pourrez visiter notre parc de v\u00e9hicule avant votre achat de <a href=\"http:\/\/www.carideal.com\/blog\/voitures-occasions\/voiture-occasion-chambery\/\">voiture d'occasion \u00e0 Chambery<\/a> et r\u00e9aliser un essai de votre futur v\u00e9hicule d'occasion \u00e0 Chambery. Notre service de pr\u00e9paration s'occupera de la mise \u00e0 disposition de votre voiture apr\u00e8s son achat.<\/p>\n\n\n\n<p>Nous pouvons livrer \u00e0 domicile votre voiture partout en France.<\/p>\n\n\n\n<p>Nous pouvons vous proposer la <a href=\"http:\/\/www.carideal.com\/blog\/2015\/02\/16\/reprise-de-votre-voiture\/\">reprise de votre voiture<\/a>. Il suffit de prendre rendez-vous avec un conseiller, et en quelques minutes nous vous faisons une proposition de rachat de votre voiture sans engagement d'achat d'une nouvelle voiture. Nous vous r\u00e9glons sous 24&nbsp;h.<\/p>\n\n\n\n<h2 class=\"wp-block-heading\">Carideal mandataire auto \u00e0 Chambery sp\u00e9cialiste de la voiture d'occasion<\/h2>\n\n\n\n<p>Garage Automobile mais aussi sp\u00e9cialiste de la <a href=\"http:\/\/www.carideal.com\/blog\/voitures-occasions\/voiture-occasion-chambery\/\">voiture d'occasion \u00e0 Chambery<\/a>, Carideal \u00e0 Bassens Chambery vous propose constamment une vingtaine de VOITURES D'OCCASIONS A CHAMB\u00c9RY. Chaque voiture d'occasion \u00e0 Chamb\u00e9ry est r\u00e9vis\u00e9e avec un carnet d'entretien \u00e0 Jour et une garantie 24\/24. <a href=\"http:\/\/www.carideal.com\/blog\/marque-de-voiture-actualites-essais\/citroen\/\">Citro\u00ebn<\/a>, <a href=\"http:\/\/www.carideal.com\/blog\/marque-de-voiture-actualites-essais\/peugeot\/\">Peugeot<\/a> <a href=\"http:\/\/www.carideal.com\/blog\/marque-de-voiture-actualites-essais\/renault\/\">Renault<\/a> <a href=\"http:\/\/www.carideal.com\/blog\/marque-de-voiture-actualites-essais\/hyundai\/\">Hyundai<\/a> <a href=\"http:\/\/www.carideal.com\/blog\/marque-de-voiture-actualites-essais\/volkswagen\/\">Volkswagen<\/a> r\u00e9centes, ou de quelques ann\u00e9es nous appliquons toujours notre politique de qualit\u00e9 qui fait de notre service client.<\/p>\n\n\n\n<p>Un aper\u00e7u de notre stock de v\u00e9hicule occasion. Retrouvez \u00e0 Chambery, la voiture dont vous avez besoin sur notre site de voiture occasion Carideal.com, vous y trouverez la liste des voitures d'occasions disponibles \u00e0 Chambery. Pour trouver une automobile occasion nous proposons aussi des occasions BMW, ou occasion Audi.<\/p>\n\n\n\n<h3 class=\"wp-block-heading\">Localiser l'agence de Carideal mandataire auto \u00e0 Chambery<\/h3>\n\n\n\n<iframe loading=\"lazy\" src=\"https:\/\/www.google.com\/maps\/embed?pb=!1m18!1m12!1m3!1d2792.870383511559!2d5.945946415561092!3d45.57304507910231!2m3!1f0!2f0!3f0!3m2!1i1024!2i768!4f13.1!3m3!1m2!1s0x478ba8c42c502ca1%3A0x17516f7a1d14c1e9!2sCARIDEAL%20sas%20agent%20Automotive!5e0!3m2!1sen!2sfr!4v1580057379223!5m2!1sen!2sfr\" width=\"600\" height=\"450\" frameborder=\"0\" style=\"border:0;\" allowfullscreen=\"\"><\/iframe>\n","protected":false},"excerpt":{"rendered":"<p>MANDATAIRE AUTO CHAMBERY VOITURES NEUVES ET OCCASIONS Infos Mandataire Chambery | Actualit\u00e9 | Essais | Voiture d\u2019occasion | Voiture neuve | Financement | R\u00e9vision | Offres | Contactez nous | Guide d\u2019achat CARIDEAL MANDATAIRE AUTOMOBILE CHAMBERY L&rsquo;agence de CARIDEAL mandataire auto \u00e0 Chambery est localis\u00e9e au 13 av de Turin 73000 Bassens Chambery en Savoie. &#8230; <a title=\"Mandataire auto Chambery &#8211; Voiture neuves et occasions\" class=\"read-more\" href=\"https:\/\/www.carideal.com\/blog\/carideal-mandataire-auto-france\/chambery\/\" aria-label=\"En savoir plus sur Mandataire auto Chambery &#8211; Voiture neuves et occasions\">Lire plus<\/a><\/p>\n","protected":false},"author":3,"featured_media":19742,"parent":16302,"menu_order":0,"comment_status":"closed","ping_status":"closed","template":"","meta":{"_uag_custom_page_level_css":"","_themeisle_gutenberg_block_has_review":false,"footnotes":""},"class_list":["post-16315","page","type-page","status-publish","has-post-thumbnail"],"wppr_data":{"cwp_meta_box_check":"No"},"yoast_head":"<!-- This site is optimized with the Yoast SEO plugin v24.8.1 - https:\/\/yoast.com\/wordpress\/plugins\/seo\/ -->\n<title>Mandataire auto Chambery - Voiture neuves et occasions - Blog auto Carid\u00e9al<\/title>\n<meta name=\"description\" content=\"Achetez votre voiture neuve ou d&#039;occasion au meilleur prix avec votre mandataire auto \u00e0 Chambery contactez-nous pour un devis\" \/>\n<meta name=\"robots\" content=\"index, follow, max-snippet:-1, max-image-preview:large, max-video-preview:-1\" \/>\n<link rel=\"canonical\" href=\"https:\/\/www.carideal.com\/blog\/carideal-mandataire-auto-france\/chambery\/\" \/>\n<meta property=\"og:locale\" content=\"fr_FR\" \/>\n<meta property=\"og:type\" content=\"article\" \/>\n<meta property=\"og:title\" content=\"Mandataire auto Chambery - Voiture neuves et occasions - Blog auto Carid\u00e9al\" \/>\n<meta property=\"og:description\" content=\"Achetez votre voiture neuve ou d&#039;occasion au meilleur prix avec votre mandataire auto \u00e0 Chambery contactez-nous pour un devis\" \/>\n<meta property=\"og:url\" content=\"https:\/\/www.carideal.com\/blog\/carideal-mandataire-auto-france\/chambery\/\" \/>\n<meta property=\"og:site_name\" content=\"Blog auto Carid\u00e9al\" \/>\n<meta property=\"article:publisher\" content=\"https:\/\/www.facebook.com\/Carideal.mandataire.automobile\" \/>\n<meta property=\"article:modified_time\" content=\"2020-02-28T12:05:27+00:00\" \/>\n<meta property=\"og:image\" content=\"https:\/\/www.carideal.com\/blog\/wp-content\/uploads\/2019\/09\/mandataire-auto-chambery.jpg\" \/>\n\t<meta property=\"og:image:width\" content=\"550\" \/>\n\t<meta property=\"og:image:height\" content=\"412\" \/>\n\t<meta property=\"og:image:type\" content=\"image\/jpeg\" \/>\n<meta name=\"twitter:card\" content=\"summary_large_image\" \/>\n<meta name=\"twitter:site\" content=\"@caridealauto\" \/>\n<meta name=\"twitter:label1\" content=\"Dur\u00e9e de lecture estim\u00e9e\" \/>\n\t<meta name=\"twitter:data1\" content=\"2 minutes\" \/>\n<script type=\"application\/ld+json\" class=\"yoast-schema-graph\">{\"@context\":\"https:\/\/schema.org\",\"@graph\":[{\"@type\":\"WebPage\",\"@id\":\"https:\/\/www.carideal.com\/blog\/carideal-mandataire-auto-france\/chambery\/\",\"url\":\"https:\/\/www.carideal.com\/blog\/carideal-mandataire-auto-france\/chambery\/\",\"name\":\"Mandataire auto Chambery - Voiture neuves et occasions - Blog auto Carid\u00e9al\",\"isPartOf\":{\"@id\":\"https:\/\/www.carideal.com\/blog\/#website\"},\"primaryImageOfPage\":{\"@id\":\"https:\/\/www.carideal.com\/blog\/carideal-mandataire-auto-france\/chambery\/#primaryimage\"},\"image\":{\"@id\":\"https:\/\/www.carideal.com\/blog\/carideal-mandataire-auto-france\/chambery\/#primaryimage\"},\"thumbnailUrl\":\"https:\/\/www.carideal.com\/blog\/wp-content\/uploads\/2019\/09\/mandataire-auto-chambery.jpg\",\"datePublished\":\"2017-09-09T20:16:09+00:00\",\"dateModified\":\"2020-02-28T12:05:27+00:00\",\"description\":\"Achetez votre voiture neuve ou d'occasion au meilleur prix avec votre mandataire auto \u00e0 Chambery contactez-nous pour un devis\",\"breadcrumb\":{\"@id\":\"https:\/\/www.carideal.com\/blog\/carideal-mandataire-auto-france\/chambery\/#breadcrumb\"},\"inLanguage\":\"fr-FR\",\"potentialAction\":[{\"@type\":\"ReadAction\",\"target\":[\"https:\/\/www.carideal.com\/blog\/carideal-mandataire-auto-france\/chambery\/\"]}]},{\"@type\":\"ImageObject\",\"inLanguage\":\"fr-FR\",\"@id\":\"https:\/\/www.carideal.com\/blog\/carideal-mandataire-auto-france\/chambery\/#primaryimage\",\"url\":\"https:\/\/www.carideal.com\/blog\/wp-content\/uploads\/2019\/09\/mandataire-auto-chambery.jpg\",\"contentUrl\":\"https:\/\/www.carideal.com\/blog\/wp-content\/uploads\/2019\/09\/mandataire-auto-chambery.jpg\",\"width\":550,\"height\":412,\"caption\":\"Mandataire auto Chambery\"},{\"@type\":\"BreadcrumbList\",\"@id\":\"https:\/\/www.carideal.com\/blog\/carideal-mandataire-auto-france\/chambery\/#breadcrumb\",\"itemListElement\":[{\"@type\":\"ListItem\",\"position\":1,\"name\":\"Blog Carid\u00e9al\",\"item\":\"https:\/\/www.carideal.com\/blog\/\"},{\"@type\":\"ListItem\",\"position\":2,\"name\":\"Mandataire Auto en France\",\"item\":\"https:\/\/www.carideal.com\/blog\/carideal-mandataire-auto-france\/\"},{\"@type\":\"ListItem\",\"position\":3,\"name\":\"Mandataire auto Chambery &#8211; Voiture neuves et occasions\"}]},{\"@type\":\"WebSite\",\"@id\":\"https:\/\/www.carideal.com\/blog\/#website\",\"url\":\"https:\/\/www.carideal.com\/blog\/\",\"name\":\"Blog auto Carid\u00e9al\",\"description\":\"Actualit\u00e9 auto par des passionn\u00e9s\",\"publisher\":{\"@id\":\"https:\/\/www.carideal.com\/blog\/#organization\"},\"potentialAction\":[{\"@type\":\"SearchAction\",\"target\":{\"@type\":\"EntryPoint\",\"urlTemplate\":\"https:\/\/www.carideal.com\/blog\/?s={search_term_string}\"},\"query-input\":{\"@type\":\"PropertyValueSpecification\",\"valueRequired\":true,\"valueName\":\"search_term_string\"}}],\"inLanguage\":\"fr-FR\"},{\"@type\":\"Organization\",\"@id\":\"https:\/\/www.carideal.com\/blog\/#organization\",\"name\":\"Carideal\",\"url\":\"https:\/\/www.carideal.com\/blog\/\",\"logo\":{\"@type\":\"ImageObject\",\"inLanguage\":\"fr-FR\",\"@id\":\"https:\/\/www.carideal.com\/blog\/#\/schema\/logo\/image\/\",\"url\":\"http:\/\/www.carideal.com\/blog\/wp-content\/uploads\/2016\/03\/logo-carideal-mandataire-automobile.png\",\"contentUrl\":\"http:\/\/www.carideal.com\/blog\/wp-content\/uploads\/2016\/03\/logo-carideal-mandataire-automobile.png\",\"width\":300,\"height\":300,\"caption\":\"Carideal\"},\"image\":{\"@id\":\"https:\/\/www.carideal.com\/blog\/#\/schema\/logo\/image\/\"},\"sameAs\":[\"https:\/\/www.facebook.com\/Carideal.mandataire.automobile\",\"https:\/\/x.com\/caridealauto\",\"https:\/\/www.instagram.com\/carideal1\/\",\"https:\/\/www.linkedin.com\/company\/carideal.com\",\"https:\/\/fr.pinterest.com\/schiavonsas\/\",\"https:\/\/www.youtube.com\/user\/caridealsas\"]}]}<\/script>\n<!-- \/ Yoast SEO plugin. -->","yoast_head_json":{"title":"Mandataire auto Chambery - Voiture neuves et occasions - Blog auto Carid\u00e9al","description":"Achetez votre voiture neuve ou d'occasion au meilleur prix avec votre mandataire auto \u00e0 Chambery contactez-nous pour un devis","robots":{"index":"index","follow":"follow","max-snippet":"max-snippet:-1","max-image-preview":"max-image-preview:large","max-video-preview":"max-video-preview:-1"},"canonical":"https:\/\/www.carideal.com\/blog\/carideal-mandataire-auto-france\/chambery\/","og_locale":"fr_FR","og_type":"article","og_title":"Mandataire auto Chambery - Voiture neuves et occasions - Blog auto Carid\u00e9al","og_description":"Achetez votre voiture neuve ou d'occasion au meilleur prix avec votre mandataire auto \u00e0 Chambery contactez-nous pour un devis","og_url":"https:\/\/www.carideal.com\/blog\/carideal-mandataire-auto-france\/chambery\/","og_site_name":"Blog auto Carid\u00e9al","article_publisher":"https:\/\/www.facebook.com\/Carideal.mandataire.automobile","article_modified_time":"2020-02-28T12:05:27+00:00","og_image":[{"width":550,"height":412,"url":"https:\/\/www.carideal.com\/blog\/wp-content\/uploads\/2019\/09\/mandataire-auto-chambery.jpg","type":"image\/jpeg"}],"twitter_card":"summary_large_image","twitter_site":"@caridealauto","twitter_misc":{"Dur\u00e9e de lecture estim\u00e9e":"2 minutes"},"schema":{"@context":"https:\/\/schema.org","@graph":[{"@type":"WebPage","@id":"https:\/\/www.carideal.com\/blog\/carideal-mandataire-auto-france\/chambery\/","url":"https:\/\/www.carideal.com\/blog\/carideal-mandataire-auto-france\/chambery\/","name":"Mandataire auto Chambery - Voiture neuves et occasions - Blog auto Carid\u00e9al","isPartOf":{"@id":"https:\/\/www.carideal.com\/blog\/#website"},"primaryImageOfPage":{"@id":"https:\/\/www.carideal.com\/blog\/carideal-mandataire-auto-france\/chambery\/#primaryimage"},"image":{"@id":"https:\/\/www.carideal.com\/blog\/carideal-mandataire-auto-france\/chambery\/#primaryimage"},"thumbnailUrl":"https:\/\/www.carideal.com\/blog\/wp-content\/uploads\/2019\/09\/mandataire-auto-chambery.jpg","datePublished":"2017-09-09T20:16:09+00:00","dateModified":"2020-02-28T12:05:27+00:00","description":"Achetez votre voiture neuve ou d'occasion au meilleur prix avec votre mandataire auto \u00e0 Chambery contactez-nous pour un devis","breadcrumb":{"@id":"https:\/\/www.carideal.com\/blog\/carideal-mandataire-auto-france\/chambery\/#breadcrumb"},"inLanguage":"fr-FR","potentialAction":[{"@type":"ReadAction","target":["https:\/\/www.carideal.com\/blog\/carideal-mandataire-auto-france\/chambery\/"]}]},{"@type":"ImageObject","inLanguage":"fr-FR","@id":"https:\/\/www.carideal.com\/blog\/carideal-mandataire-auto-france\/chambery\/#primaryimage","url":"https:\/\/www.carideal.com\/blog\/wp-content\/uploads\/2019\/09\/mandataire-auto-chambery.jpg","contentUrl":"https:\/\/www.carideal.com\/blog\/wp-content\/uploads\/2019\/09\/mandataire-auto-chambery.jpg","width":550,"height":412,"caption":"Mandataire auto Chambery"},{"@type":"BreadcrumbList","@id":"https:\/\/www.carideal.com\/blog\/carideal-mandataire-auto-france\/chambery\/#breadcrumb","itemListElement":[{"@type":"ListItem","position":1,"name":"Blog Carid\u00e9al","item":"https:\/\/www.carideal.com\/blog\/"},{"@type":"ListItem","position":2,"name":"Mandataire Auto en France","item":"https:\/\/www.carideal.com\/blog\/carideal-mandataire-auto-france\/"},{"@type":"ListItem","position":3,"name":"Mandataire auto Chambery &#8211; Voiture neuves et occasions"}]},{"@type":"WebSite","@id":"https:\/\/www.carideal.com\/blog\/#website","url":"https:\/\/www.carideal.com\/blog\/","name":"Blog auto Carid\u00e9al","description":"Actualit\u00e9 auto par des passionn\u00e9s","publisher":{"@id":"https:\/\/www.carideal.com\/blog\/#organization"},"potentialAction":[{"@type":"SearchAction","target":{"@type":"EntryPoint","urlTemplate":"https:\/\/www.carideal.com\/blog\/?s={search_term_string}"},"query-input":{"@type":"PropertyValueSpecification","valueRequired":true,"valueName":"search_term_string"}}],"inLanguage":"fr-FR"},{"@type":"Organization","@id":"https:\/\/www.carideal.com\/blog\/#organization","name":"Carideal","url":"https:\/\/www.carideal.com\/blog\/","logo":{"@type":"ImageObject","inLanguage":"fr-FR","@id":"https:\/\/www.carideal.com\/blog\/#\/schema\/logo\/image\/","url":"http:\/\/www.carideal.com\/blog\/wp-content\/uploads\/2016\/03\/logo-carideal-mandataire-automobile.png","contentUrl":"http:\/\/www.carideal.com\/blog\/wp-content\/uploads\/2016\/03\/logo-carideal-mandataire-automobile.png","width":300,"height":300,"caption":"Carideal"},"image":{"@id":"https:\/\/www.carideal.com\/blog\/#\/schema\/logo\/image\/"},"sameAs":["https:\/\/www.facebook.com\/Carideal.mandataire.automobile","https:\/\/x.com\/caridealauto","https:\/\/www.instagram.com\/carideal1\/","https:\/\/www.linkedin.com\/company\/carideal.com","https:\/\/fr.pinterest.com\/schiavonsas\/","https:\/\/www.youtube.com\/user\/caridealsas"]}]}},"uagb_featured_image_src":{"full":["https:\/\/www.carideal.com\/blog\/wp-content\/uploads\/2019\/09\/mandataire-auto-chambery.jpg",550,412,false],"thumbnail":["https:\/\/www.carideal.com\/blog\/wp-content\/uploads\/2019\/09\/mandataire-auto-chambery-150x150.jpg",150,150,true],"medium":["https:\/\/www.carideal.com\/blog\/wp-content\/uploads\/2019\/09\/mandataire-auto-chambery-300x225.jpg",300,225,true],"medium_large":["https:\/\/www.carideal.com\/blog\/wp-content\/uploads\/2019\/09\/mandataire-auto-chambery.jpg",550,412,false],"large":["https:\/\/www.carideal.com\/blog\/wp-content\/uploads\/2019\/09\/mandataire-auto-chambery.jpg",550,412,false],"1536x1536":["https:\/\/www.carideal.com\/blog\/wp-content\/uploads\/2019\/09\/mandataire-auto-chambery.jpg",550,412,false],"2048x2048":["https:\/\/www.carideal.com\/blog\/wp-content\/uploads\/2019\/09\/mandataire-auto-chambery.jpg",550,412,false],"wppr-widget":["https:\/\/www.carideal.com\/blog\/wp-content\/uploads\/2019\/09\/mandataire-auto-chambery-50x37.jpg",50,37,true]},"uagb_author_info":{"display_name":"Nicolas SCHIAVON","author_link":"https:\/\/www.carideal.com\/blog\/author\/nschiavon\/"},"uagb_comment_info":0,"uagb_excerpt":"MANDATAIRE AUTO CHAMBERY VOITURES NEUVES ET OCCASIONS Infos Mandataire Chambery | Actualit\u00e9 | Essais | Voiture d\u2019occasion | Voiture neuve | Financement | R\u00e9vision | Offres | Contactez nous | Guide d\u2019achat CARIDEAL MANDATAIRE AUTOMOBILE CHAMBERY L'agence de CARIDEAL mandataire auto \u00e0 Chambery est localis\u00e9e au 13 av de Turin 73000 Bassens Chambery en Savoie.\u2026","_links":{"self":[{"href":"https:\/\/www.carideal.com\/blog\/wp-json\/wp\/v2\/pages\/16315"}],"collection":[{"href":"https:\/\/www.carideal.com\/blog\/wp-json\/wp\/v2\/pages"}],"about":[{"href":"https:\/\/www.carideal.com\/blog\/wp-json\/wp\/v2\/types\/page"}],"author":[{"embeddable":true,"href":"https:\/\/www.carideal.com\/blog\/wp-json\/wp\/v2\/users\/3"}],"replies":[{"embeddable":true,"href":"https:\/\/www.carideal.com\/blog\/wp-json\/wp\/v2\/comments?post=16315"}],"version-history":[{"count":0,"href":"https:\/\/www.carideal.com\/blog\/wp-json\/wp\/v2\/pages\/16315\/revisions"}],"up":[{"embeddable":true,"href":"https:\/\/www.carideal.com\/blog\/wp-json\/wp\/v2\/pages\/16302"}],"wp:featuredmedia":[{"embeddable":true,"href":"https:\/\/www.carideal.com\/blog\/wp-json\/wp\/v2\/media\/19742"}],"wp:attachment":[{"href":"https:\/\/www.carideal.com\/blog\/wp-json\/wp\/v2\/media?parent=16315"}],"curies":[{"name":"wp","href":"https:\/\/api.w.org\/{rel}","templated":true}]}}