{"id":16302,"date":"2017-09-09T19:46:20","date_gmt":"2017-09-09T17:46:20","guid":{"rendered":"http:\/\/www.carideal.com\/blog\/?page_id=16302"},"modified":"2020-03-07T16:30:36","modified_gmt":"2020-03-07T15:30:36","slug":"carideal-mandataire-auto-france","status":"publish","type":"page","link":"https:\/\/www.carideal.com\/blog\/carideal-mandataire-auto-france\/","title":{"rendered":"Contactez Carideal mandataire automobile en France"},"content":{"rendered":"<h2>CONTACTEZ NOUS<\/h2>\n<h3>CONTACTEZ LES MANDATAIRES AUTOMOBILES CARIDEAL<\/h3>\n<p>Carideal\u00a0est l'un des plus grands r\u00e9seaux de mandataire\u00a0automobile en France, proposant \u00e0 la vente\u00a0plusieurs des <a href=\"http:\/\/www.carideal.com\/blog\/marque-de-voiture-actualites-essais\/\">marques\u00a0de voitures<\/a> les plus populaires et les plus c\u00e9l\u00e8bres au monde, provenant de plus de 100 concessionnaires situ\u00e9s \u00e0 travers l'Europe.<\/p>\n<figure id=\"attachment_16304\" aria-describedby=\"caption-attachment-16304\" style=\"width: 590px\" class=\"wp-caption aligncenter\"><img loading=\"lazy\" decoding=\"async\" class=\"size-full wp-image-16304\" src=\"http:\/\/www.carideal.com\/blog\/wp-content\/uploads\/2017\/09\/carideal-mandataire-auto-france-e1580053238719.gif\" alt=\"Contactez Carideal mandataire automobile partout en France\" width=\"600\" height=\"299\" \/><figcaption id=\"caption-attachment-16304\" class=\"wp-caption-text\">Contactez Carideal mandataire automobile partout en France<\/figcaption><\/figure>\n<p>Nous sommes distributeurs de voitures neuves et d'occasion et de v\u00e9hicules utilitaires, allant du quotidien \u00e0 l'extraordinaire. Que vous soyez int\u00e9ress\u00e9 par l'achat d'un v\u00e9hicule utilitaire pour aider \u00e0 lancer votre entreprise ou que vous vouliez montrer votre succ\u00e8s avec une voiture de sport de luxe performante, nous pouvons vous aider.<\/p>\n<p>Carideal mandataire pour voiture neuve offre des financements comp\u00e9titifs sur tous les v\u00e9hicules neufs et d'occasions, nous pouvons \u00e9galement vous aider dans l'achat\u00a0d'une voiture\u00a0pour personne \u00e0 mobilit\u00e9 r\u00e9duite avec toutes les\u00a0voitures que nous vendons.<\/p>\n<p>Outre les ventes de v\u00e9hicules neufs et d'occasions, nous offrons \u00e9galement des services apr\u00e8s-vente complets pour garantir que votre v\u00e9hicule dure\u00a0longtemps et soit fiable. Tout, de l'entretien annuel\u00a0\u00e0 votre contr\u00f4le technique, des r\u00e9parations d'accidents et des accessoires approuv\u00e9s par le constructeur\u00a0peuvent \u00eatre pris en charge, \u00e0 des prix abordables.<\/p>\n<p>Commencez votre parcours en s\u00e9lectionnant la marque de la voiture que vous recherchez, puis recherchez votre mandataire le plus proche pour trouver les coordonn\u00e9es dont vous avez besoin. Sinon, utilisez notre fonction de recherche de code postal pour trouver tous vos mandataires Carideal \u00e0 proximit\u00e9.<\/p>\n<table border=\"1\" width=\"100%\">\n<tbody>\n<tr>\n<td width=\"20%\"><a href=\"http:\/\/www.carideal.com\/\">Mandataire automobile<\/a><\/td>\n<td width=\"20%\"><a href=\"http:\/\/www.carideal.com\/blog\/carideal-mandataire-auto-france\/chambery\/\">Carideal mandataire auto Chamb\u00e9ry<\/a><\/td>\n<td width=\"20%\">13 av de turin 73000 Bassens<\/td>\n<td width=\"15%\">0479330353<\/td>\n<td width=\"12%\"><a href=\"http:\/\/www.carideal.com\/blog\/carideal-mandataire-auto-france\/chambery\/\">Plus de d\u00e9tails<\/a><\/td>\n<\/tr>\n<tr>\n<td width=\"20%\"><a href=\"http:\/\/www.carideal.com\/\">Mandataire automobile<\/a><\/td>\n<td width=\"20%\">Carideal Mandataire auto Lyon<\/td>\n<td width=\"20%\">Rte de Mezieu 69150 Decines Charpieu<\/td>\n<td width=\"15%\">0478330000<\/td>\n<td width=\"12%\">Plus de d\u00e9tails<\/td>\n<\/tr>\n<tr>\n<td width=\"20%\"><a href=\"http:\/\/www.carideal.com\/\">Mandataire automobile<\/a><\/td>\n<td width=\"20%\">Carideal Mandataire auto\u00a0Bourg en Bresse<\/td>\n<td width=\"20%\">Av de Jasseron\u00a001000 Bourg en Bresse<\/td>\n<td width=\"15%\">0478330000<\/td>\n<td width=\"12%\">Plus de d\u00e9tails<\/td>\n<\/tr>\n<tr>\n<td width=\"20%\"><a href=\"http:\/\/www.carideal.com\/\">Mandataire automobile<\/a><\/td>\n<td width=\"20%\">Carideal Mandataire auto\u00a0Grenoble<\/td>\n<td width=\"20%\">Av Gabriel P\u00e9ri 38000 Grenoble<\/td>\n<td width=\"15%\">0478330000<\/td>\n<td width=\"12%\">Plus de d\u00e9tails<\/td>\n<\/tr>\n<tr>\n<td width=\"20%\"><a href=\"http:\/\/www.carideal.com\/\">Mandataire automobile<\/a><\/td>\n<td width=\"20%\">Carideal Mandataire auto\u00a0Annecy<\/td>\n<td width=\"20%\"><\/td>\n<td width=\"15%\"><\/td>\n<td width=\"12%\">Plus de d\u00e9tails<\/td>\n<\/tr>\n<tr>\n<td width=\"20%\"><a href=\"http:\/\/www.carideal.com\/blog\/marque-de-voiture-actualites-essais\/citroen\/\">Citroen<\/a><\/td>\n<td width=\"20%\"><a href=\"http:\/\/www.carideal.com\/blog\/2010\/01\/23\/garage-citroen-schiavon-13-av-de-turin-73000-bassens-chambery\/\">Citroen Chambery Schiavon<\/a><\/td>\n<td width=\"20%\">\u00a013 av de Turin 73000 Bassens<\/td>\n<td width=\"15%\">\u00a00479330353<\/td>\n<td width=\"12%\"><a href=\"http:\/\/www.carideal.com\/blog\/2010\/01\/23\/garage-citroen-schiavon-13-av-de-turin-73000-bassens-chambery\/\">Plus de d\u00e9tails<\/a><\/td>\n<\/tr>\n<tr>\n<td width=\"20%\"><a href=\"http:\/\/www.carideal.com\/\">Mandataire automobile<\/a><\/td>\n<td width=\"20%\"><a href=\"http:\/\/www.carideal.com\/blog\/carideal-mandataire-auto-france\/metz\/\">Carideal mandataire auto\u00a0Metz<\/a><\/td>\n<td width=\"20%\"><\/td>\n<td width=\"15%\">\u00a00479330353<\/td>\n<td width=\"12%\"><a href=\"http:\/\/www.carideal.com\/blog\/carideal-mandataire-auto-france\/metz\/\">Plus de d\u00e9tails<\/a><\/td>\n<\/tr>\n<tr>\n<td width=\"20%\"><a href=\"http:\/\/www.carideal.com\/\">Mandataire automobile<\/a><\/td>\n<td width=\"20%\"><a href=\"http:\/\/www.carideal.com\/blog\/carideal-mandataire-auto-france\/macon\/\">Carideal mandataire auto Macon<\/a><\/td>\n<td width=\"20%\"><\/td>\n<td width=\"15%\">\u00a00479330353<\/td>\n<td width=\"12%\"><a href=\"http:\/\/www.carideal.com\/blog\/carideal-mandataire-auto-france\/macon\/\">Plus de d\u00e9tails<\/a><\/td>\n<\/tr>\n<tr>\n<td width=\"20%\"><a href=\"http:\/\/www.carideal.com\/\">Mandataire automobile<\/a><\/td>\n<td width=\"20%\"><a href=\"http:\/\/www.carideal.com\/blog\/carideal-mandataire-auto-france\/bordeaux\/\">Carideal mandataire auto\u00a0Bordeaux<\/a><\/td>\n<td width=\"20%\"><\/td>\n<td width=\"15%\">\u00a00479330353<\/td>\n<td width=\"12%\"><a href=\"http:\/\/www.carideal.com\/blog\/carideal-mandataire-auto-france\/bordeaux\/\">Plus de d\u00e9tails<\/a><\/td>\n<\/tr>\n<\/tbody>\n<\/table>\n","protected":false},"excerpt":{"rendered":"<p>CONTACTEZ NOUS CONTACTEZ LES MANDATAIRES AUTOMOBILES CARIDEAL Carideal\u00a0est l&rsquo;un des plus grands r\u00e9seaux de mandataire\u00a0automobile en France, proposant \u00e0 la vente\u00a0plusieurs des marques\u00a0de voitures les plus populaires et les plus c\u00e9l\u00e8bres au monde, provenant de plus de 100 concessionnaires situ\u00e9s \u00e0 travers l&rsquo;Europe. Nous sommes distributeurs de voitures neuves et d&rsquo;occasion et de v\u00e9hicules utilitaires, &#8230; <a title=\"Contactez Carideal mandataire automobile en France\" class=\"read-more\" href=\"https:\/\/www.carideal.com\/blog\/carideal-mandataire-auto-france\/\" aria-label=\"En savoir plus sur Contactez Carideal mandataire automobile en France\">Lire plus<\/a><\/p>\n","protected":false},"author":3,"featured_media":16304,"parent":0,"menu_order":0,"comment_status":"closed","ping_status":"closed","template":"","meta":{"_uag_custom_page_level_css":"","_themeisle_gutenberg_block_has_review":false,"footnotes":""},"class_list":["post-16302","page","type-page","status-publish","has-post-thumbnail"],"wppr_data":{"cwp_meta_box_check":"No"},"yoast_head":"<!-- This site is optimized with the Yoast SEO plugin v24.8.1 - https:\/\/yoast.com\/wordpress\/plugins\/seo\/ -->\n<title>Contactez Carideal mandataire automobile en France - Blog auto Carid\u00e9al<\/title>\n<meta name=\"description\" content=\"Visitez notre site Web pour l&#039;emplacement, les coordonn\u00e9es et les heures d&#039;ouverture pour contacter les Mandataires auto Carideal dans en France\" \/>\n<meta name=\"robots\" content=\"index, follow, max-snippet:-1, max-image-preview:large, max-video-preview:-1\" \/>\n<link rel=\"canonical\" href=\"https:\/\/www.carideal.com\/blog\/carideal-mandataire-auto-france\/\" \/>\n<meta property=\"og:locale\" content=\"fr_FR\" \/>\n<meta property=\"og:type\" content=\"article\" \/>\n<meta property=\"og:title\" content=\"Contactez Carideal mandataire automobile en France - Blog auto Carid\u00e9al\" \/>\n<meta property=\"og:description\" content=\"Visitez notre site Web pour l&#039;emplacement, les coordonn\u00e9es et les heures d&#039;ouverture pour contacter les Mandataires auto Carideal dans en France\" \/>\n<meta property=\"og:url\" content=\"https:\/\/www.carideal.com\/blog\/carideal-mandataire-auto-france\/\" \/>\n<meta property=\"og:site_name\" content=\"Blog auto Carid\u00e9al\" \/>\n<meta property=\"article:publisher\" content=\"https:\/\/www.facebook.com\/Carideal.mandataire.automobile\" \/>\n<meta property=\"article:modified_time\" content=\"2020-03-07T15:30:36+00:00\" \/>\n<meta property=\"og:image\" content=\"https:\/\/www.carideal.com\/blog\/wp-content\/uploads\/2017\/09\/carideal-mandataire-auto-france-e1580053238719.gif\" \/>\n\t<meta property=\"og:image:width\" content=\"600\" \/>\n\t<meta property=\"og:image:height\" content=\"299\" \/>\n\t<meta property=\"og:image:type\" content=\"image\/gif\" \/>\n<meta name=\"twitter:card\" content=\"summary_large_image\" \/>\n<meta name=\"twitter:site\" content=\"@caridealauto\" \/>\n<meta name=\"twitter:label1\" content=\"Dur\u00e9e de lecture estim\u00e9e\" \/>\n\t<meta name=\"twitter:data1\" content=\"2 minutes\" \/>\n<script type=\"application\/ld+json\" class=\"yoast-schema-graph\">{\"@context\":\"https:\/\/schema.org\",\"@graph\":[{\"@type\":\"WebPage\",\"@id\":\"https:\/\/www.carideal.com\/blog\/carideal-mandataire-auto-france\/\",\"url\":\"https:\/\/www.carideal.com\/blog\/carideal-mandataire-auto-france\/\",\"name\":\"Contactez Carideal mandataire automobile en France - Blog auto Carid\u00e9al\",\"isPartOf\":{\"@id\":\"https:\/\/www.carideal.com\/blog\/#website\"},\"primaryImageOfPage\":{\"@id\":\"https:\/\/www.carideal.com\/blog\/carideal-mandataire-auto-france\/#primaryimage\"},\"image\":{\"@id\":\"https:\/\/www.carideal.com\/blog\/carideal-mandataire-auto-france\/#primaryimage\"},\"thumbnailUrl\":\"https:\/\/www.carideal.com\/blog\/wp-content\/uploads\/2017\/09\/carideal-mandataire-auto-france-e1580053238719.gif\",\"datePublished\":\"2017-09-09T17:46:20+00:00\",\"dateModified\":\"2020-03-07T15:30:36+00:00\",\"description\":\"Visitez notre site Web pour l'emplacement, les coordonn\u00e9es et les heures d'ouverture pour contacter les Mandataires auto Carideal dans en France\",\"breadcrumb\":{\"@id\":\"https:\/\/www.carideal.com\/blog\/carideal-mandataire-auto-france\/#breadcrumb\"},\"inLanguage\":\"fr-FR\",\"potentialAction\":[{\"@type\":\"ReadAction\",\"target\":[\"https:\/\/www.carideal.com\/blog\/carideal-mandataire-auto-france\/\"]}]},{\"@type\":\"ImageObject\",\"inLanguage\":\"fr-FR\",\"@id\":\"https:\/\/www.carideal.com\/blog\/carideal-mandataire-auto-france\/#primaryimage\",\"url\":\"https:\/\/www.carideal.com\/blog\/wp-content\/uploads\/2017\/09\/carideal-mandataire-auto-france-e1580053238719.gif\",\"contentUrl\":\"https:\/\/www.carideal.com\/blog\/wp-content\/uploads\/2017\/09\/carideal-mandataire-auto-france-e1580053238719.gif\",\"width\":600,\"height\":299,\"caption\":\"Contactez Carideal mandataire automobile partout en France\"},{\"@type\":\"BreadcrumbList\",\"@id\":\"https:\/\/www.carideal.com\/blog\/carideal-mandataire-auto-france\/#breadcrumb\",\"itemListElement\":[{\"@type\":\"ListItem\",\"position\":1,\"name\":\"Blog Carid\u00e9al\",\"item\":\"https:\/\/www.carideal.com\/blog\/\"},{\"@type\":\"ListItem\",\"position\":2,\"name\":\"Mandataire Auto en France\"}]},{\"@type\":\"WebSite\",\"@id\":\"https:\/\/www.carideal.com\/blog\/#website\",\"url\":\"https:\/\/www.carideal.com\/blog\/\",\"name\":\"Blog auto Carid\u00e9al\",\"description\":\"Actualit\u00e9 auto par des passionn\u00e9s\",\"publisher\":{\"@id\":\"https:\/\/www.carideal.com\/blog\/#organization\"},\"potentialAction\":[{\"@type\":\"SearchAction\",\"target\":{\"@type\":\"EntryPoint\",\"urlTemplate\":\"https:\/\/www.carideal.com\/blog\/?s={search_term_string}\"},\"query-input\":{\"@type\":\"PropertyValueSpecification\",\"valueRequired\":true,\"valueName\":\"search_term_string\"}}],\"inLanguage\":\"fr-FR\"},{\"@type\":\"Organization\",\"@id\":\"https:\/\/www.carideal.com\/blog\/#organization\",\"name\":\"Carideal\",\"url\":\"https:\/\/www.carideal.com\/blog\/\",\"logo\":{\"@type\":\"ImageObject\",\"inLanguage\":\"fr-FR\",\"@id\":\"https:\/\/www.carideal.com\/blog\/#\/schema\/logo\/image\/\",\"url\":\"http:\/\/www.carideal.com\/blog\/wp-content\/uploads\/2016\/03\/logo-carideal-mandataire-automobile.png\",\"contentUrl\":\"http:\/\/www.carideal.com\/blog\/wp-content\/uploads\/2016\/03\/logo-carideal-mandataire-automobile.png\",\"width\":300,\"height\":300,\"caption\":\"Carideal\"},\"image\":{\"@id\":\"https:\/\/www.carideal.com\/blog\/#\/schema\/logo\/image\/\"},\"sameAs\":[\"https:\/\/www.facebook.com\/Carideal.mandataire.automobile\",\"https:\/\/x.com\/caridealauto\",\"https:\/\/www.instagram.com\/carideal1\/\",\"https:\/\/www.linkedin.com\/company\/carideal.com\",\"https:\/\/fr.pinterest.com\/schiavonsas\/\",\"https:\/\/www.youtube.com\/user\/caridealsas\"]}]}<\/script>\n<!-- \/ Yoast SEO plugin. -->","yoast_head_json":{"title":"Contactez Carideal mandataire automobile en France - Blog auto Carid\u00e9al","description":"Visitez notre site Web pour l'emplacement, les coordonn\u00e9es et les heures d'ouverture pour contacter les Mandataires auto Carideal dans en France","robots":{"index":"index","follow":"follow","max-snippet":"max-snippet:-1","max-image-preview":"max-image-preview:large","max-video-preview":"max-video-preview:-1"},"canonical":"https:\/\/www.carideal.com\/blog\/carideal-mandataire-auto-france\/","og_locale":"fr_FR","og_type":"article","og_title":"Contactez Carideal mandataire automobile en France - Blog auto Carid\u00e9al","og_description":"Visitez notre site Web pour l'emplacement, les coordonn\u00e9es et les heures d'ouverture pour contacter les Mandataires auto Carideal dans en France","og_url":"https:\/\/www.carideal.com\/blog\/carideal-mandataire-auto-france\/","og_site_name":"Blog auto Carid\u00e9al","article_publisher":"https:\/\/www.facebook.com\/Carideal.mandataire.automobile","article_modified_time":"2020-03-07T15:30:36+00:00","og_image":[{"width":600,"height":299,"url":"https:\/\/www.carideal.com\/blog\/wp-content\/uploads\/2017\/09\/carideal-mandataire-auto-france-e1580053238719.gif","type":"image\/gif"}],"twitter_card":"summary_large_image","twitter_site":"@caridealauto","twitter_misc":{"Dur\u00e9e de lecture estim\u00e9e":"2 minutes"},"schema":{"@context":"https:\/\/schema.org","@graph":[{"@type":"WebPage","@id":"https:\/\/www.carideal.com\/blog\/carideal-mandataire-auto-france\/","url":"https:\/\/www.carideal.com\/blog\/carideal-mandataire-auto-france\/","name":"Contactez Carideal mandataire automobile en France - Blog auto Carid\u00e9al","isPartOf":{"@id":"https:\/\/www.carideal.com\/blog\/#website"},"primaryImageOfPage":{"@id":"https:\/\/www.carideal.com\/blog\/carideal-mandataire-auto-france\/#primaryimage"},"image":{"@id":"https:\/\/www.carideal.com\/blog\/carideal-mandataire-auto-france\/#primaryimage"},"thumbnailUrl":"https:\/\/www.carideal.com\/blog\/wp-content\/uploads\/2017\/09\/carideal-mandataire-auto-france-e1580053238719.gif","datePublished":"2017-09-09T17:46:20+00:00","dateModified":"2020-03-07T15:30:36+00:00","description":"Visitez notre site Web pour l'emplacement, les coordonn\u00e9es et les heures d'ouverture pour contacter les Mandataires auto Carideal dans en France","breadcrumb":{"@id":"https:\/\/www.carideal.com\/blog\/carideal-mandataire-auto-france\/#breadcrumb"},"inLanguage":"fr-FR","potentialAction":[{"@type":"ReadAction","target":["https:\/\/www.carideal.com\/blog\/carideal-mandataire-auto-france\/"]}]},{"@type":"ImageObject","inLanguage":"fr-FR","@id":"https:\/\/www.carideal.com\/blog\/carideal-mandataire-auto-france\/#primaryimage","url":"https:\/\/www.carideal.com\/blog\/wp-content\/uploads\/2017\/09\/carideal-mandataire-auto-france-e1580053238719.gif","contentUrl":"https:\/\/www.carideal.com\/blog\/wp-content\/uploads\/2017\/09\/carideal-mandataire-auto-france-e1580053238719.gif","width":600,"height":299,"caption":"Contactez Carideal mandataire automobile partout en France"},{"@type":"BreadcrumbList","@id":"https:\/\/www.carideal.com\/blog\/carideal-mandataire-auto-france\/#breadcrumb","itemListElement":[{"@type":"ListItem","position":1,"name":"Blog Carid\u00e9al","item":"https:\/\/www.carideal.com\/blog\/"},{"@type":"ListItem","position":2,"name":"Mandataire Auto en France"}]},{"@type":"WebSite","@id":"https:\/\/www.carideal.com\/blog\/#website","url":"https:\/\/www.carideal.com\/blog\/","name":"Blog auto Carid\u00e9al","description":"Actualit\u00e9 auto par des passionn\u00e9s","publisher":{"@id":"https:\/\/www.carideal.com\/blog\/#organization"},"potentialAction":[{"@type":"SearchAction","target":{"@type":"EntryPoint","urlTemplate":"https:\/\/www.carideal.com\/blog\/?s={search_term_string}"},"query-input":{"@type":"PropertyValueSpecification","valueRequired":true,"valueName":"search_term_string"}}],"inLanguage":"fr-FR"},{"@type":"Organization","@id":"https:\/\/www.carideal.com\/blog\/#organization","name":"Carideal","url":"https:\/\/www.carideal.com\/blog\/","logo":{"@type":"ImageObject","inLanguage":"fr-FR","@id":"https:\/\/www.carideal.com\/blog\/#\/schema\/logo\/image\/","url":"http:\/\/www.carideal.com\/blog\/wp-content\/uploads\/2016\/03\/logo-carideal-mandataire-automobile.png","contentUrl":"http:\/\/www.carideal.com\/blog\/wp-content\/uploads\/2016\/03\/logo-carideal-mandataire-automobile.png","width":300,"height":300,"caption":"Carideal"},"image":{"@id":"https:\/\/www.carideal.com\/blog\/#\/schema\/logo\/image\/"},"sameAs":["https:\/\/www.facebook.com\/Carideal.mandataire.automobile","https:\/\/x.com\/caridealauto","https:\/\/www.instagram.com\/carideal1\/","https:\/\/www.linkedin.com\/company\/carideal.com","https:\/\/fr.pinterest.com\/schiavonsas\/","https:\/\/www.youtube.com\/user\/caridealsas"]}]}},"uagb_featured_image_src":{"full":["https:\/\/www.carideal.com\/blog\/wp-content\/uploads\/2017\/09\/carideal-mandataire-auto-france-e1580053238719.gif",600,299,false],"thumbnail":["https:\/\/www.carideal.com\/blog\/wp-content\/uploads\/2017\/09\/carideal-mandataire-auto-france-150x150.gif",150,150,true],"medium":["https:\/\/www.carideal.com\/blog\/wp-content\/uploads\/2017\/09\/carideal-mandataire-auto-france-300x150.gif",300,150,true],"medium_large":["https:\/\/www.carideal.com\/blog\/wp-content\/uploads\/2017\/09\/carideal-mandataire-auto-france-e1580053238719.gif",600,299,false],"large":["https:\/\/www.carideal.com\/blog\/wp-content\/uploads\/2017\/09\/carideal-mandataire-auto-france-e1580053238719.gif",600,299,false],"1536x1536":["https:\/\/www.carideal.com\/blog\/wp-content\/uploads\/2017\/09\/carideal-mandataire-auto-france-e1580053238719.gif",600,299,false],"2048x2048":["https:\/\/www.carideal.com\/blog\/wp-content\/uploads\/2017\/09\/carideal-mandataire-auto-france-e1580053238719.gif",600,299,false],"wppr-widget":["https:\/\/www.carideal.com\/blog\/wp-content\/uploads\/2017\/09\/carideal-mandataire-auto-france-e1580053238719.gif",50,25,false]},"uagb_author_info":{"display_name":"Nicolas SCHIAVON","author_link":"https:\/\/www.carideal.com\/blog\/author\/nschiavon\/"},"uagb_comment_info":0,"uagb_excerpt":"CONTACTEZ NOUS CONTACTEZ LES MANDATAIRES AUTOMOBILES CARIDEAL Carideal\u00a0est l'un des plus grands r\u00e9seaux de mandataire\u00a0automobile en France, proposant \u00e0 la vente\u00a0plusieurs des marques\u00a0de voitures les plus populaires et les plus c\u00e9l\u00e8bres au monde, provenant de plus de 100 concessionnaires situ\u00e9s \u00e0 travers l'Europe. Nous sommes distributeurs de voitures neuves et d'occasion et de v\u00e9hicules utilitaires,\u2026","_links":{"self":[{"href":"https:\/\/www.carideal.com\/blog\/wp-json\/wp\/v2\/pages\/16302"}],"collection":[{"href":"https:\/\/www.carideal.com\/blog\/wp-json\/wp\/v2\/pages"}],"about":[{"href":"https:\/\/www.carideal.com\/blog\/wp-json\/wp\/v2\/types\/page"}],"author":[{"embeddable":true,"href":"https:\/\/www.carideal.com\/blog\/wp-json\/wp\/v2\/users\/3"}],"replies":[{"embeddable":true,"href":"https:\/\/www.carideal.com\/blog\/wp-json\/wp\/v2\/comments?post=16302"}],"version-history":[{"count":0,"href":"https:\/\/www.carideal.com\/blog\/wp-json\/wp\/v2\/pages\/16302\/revisions"}],"wp:featuredmedia":[{"embeddable":true,"href":"https:\/\/www.carideal.com\/blog\/wp-json\/wp\/v2\/media\/16304"}],"wp:attachment":[{"href":"https:\/\/www.carideal.com\/blog\/wp-json\/wp\/v2\/media?parent=16302"}],"curies":[{"name":"wp","href":"https:\/\/api.w.org\/{rel}","templated":true}]}}