{"id":16161,"date":"2017-08-03T07:11:15","date_gmt":"2017-08-03T05:11:15","guid":{"rendered":"http:\/\/www.carideal.com\/blog\/?page_id=16161"},"modified":"2020-07-13T10:24:07","modified_gmt":"2020-07-13T08:24:07","slug":"kia","status":"publish","type":"page","link":"https:\/\/www.carideal.com\/blog\/marque-de-voiture-actualites-essais\/kia\/","title":{"rendered":"KIA &#8211; Actualit\u00e9s essais neuves et occasions"},"content":{"rendered":"<h2><strong>KIA Actualit\u00e9s Essais Avis<\/strong><\/h2>\n<p><a href=\"http:\/\/www.carideal.com\/blog\/marque-de-voiture-actualites-essais\/kia\/\">Infos sur Kia<\/a> | <a href=\"http:\/\/www.carideal.com\/blog\/constructeur\/kia\/\">Actualit\u00e9<\/a> | <a href=\"http:\/\/www.carideal.com\/blog\/essai\/kia-essai\/\">Essais<\/a> |&nbsp; Kia occasion | Kia neuve | <a href=\"http:\/\/www.carideal.com\/blog\/credit-auto\/\">Financement<\/a> | <a href=\"http:\/\/www.carideal.com\/blog\/garage-automobile\/revision-voiture\/\">R\u00e9vision<\/a> | <a href=\"http:\/\/www.carideal.com\/blog\/offres-automobiles\/\">Offres<\/a> | Mandataire Kia | <a href=\"http:\/\/www.carideal.com\/blog\/tag\/guide-achat\/?=kia\">Guide d'achat<\/a><\/p>\n<p>Parmi toutes les marques prestigieuses, Carideal.com se devait de mettre en avant <strong>Kia<\/strong>.<\/p>\n<figure id=\"attachment_21009\" aria-describedby=\"caption-attachment-21009\" style=\"width: 590px\" class=\"wp-caption aligncenter\"><img loading=\"lazy\" decoding=\"async\" class=\"size-full wp-image-21009\" src=\"http:\/\/www.carideal.com\/blog\/wp-content\/uploads\/2020\/01\/kia-xceed-2-e1579878704542.jpg\" alt=\"KIA\" width=\"600\" height=\"450\"><figcaption id=\"caption-attachment-21009\" class=\"wp-caption-text\">KIA<\/figcaption><\/figure>\n<p>Vous trouverez sur notre site web les informations sur la marque Kia et ses mod\u00e8les. Vous trouverez les diff\u00e9rents essais, les actualit\u00e9s et fiches techniques de la marque Kia ainsi que les annonces auto de la marque Kia. Nous mettrons tout en \u0153uvre pour vous donner le maximum d'informations sur la marque Kia.<\/p>\n<h2>Liste des mod\u00e8les&nbsp;Kia<\/h2>\n\n\n<p>\n\nKia Carens\nKia Carnival\nKia Cee'd\nKia Cee'd SW\n&nbsp;\n&nbsp;\n&nbsp;\n&nbsp;\nKia Cerato\nKia Clarus\nKia Magentis\nKia Niro\n&nbsp;\n&nbsp;\n&nbsp;\n&nbsp;\nKia Opirus\nKia Optima\nKia Optima Sw\nKia Picanto\n&nbsp;\n&nbsp;\n&nbsp;<\/p>\n\n\n\n<div class=\"wp-block-image\"><figure class=\"aligncenter\"><a href=\"http:\/\/www.carideal.com\/blog\/wp-content\/uploads\/2017\/08\/kia-rio-2017.jpg\"><img loading=\"lazy\" decoding=\"async\" width=\"268\" height=\"200\" src=\"http:\/\/www.carideal.com\/blog\/wp-content\/uploads\/2017\/08\/kia-rio-2017.jpg\" alt=\"Kia Rio\" class=\"wp-image-16162\" srcset=\"https:\/\/www.carideal.com\/blog\/wp-content\/uploads\/2017\/08\/kia-rio-2017.jpg 268w, https:\/\/www.carideal.com\/blog\/wp-content\/uploads\/2017\/08\/kia-rio-2017-110x82.jpg 110w, https:\/\/www.carideal.com\/blog\/wp-content\/uploads\/2017\/08\/kia-rio-2017-50x37.jpg 50w\" sizes=\"(max-width: 268px) 100vw, 268px\" \/><\/a><\/figure><\/div>\n\n\n\n<p> &nbsp; Kia Pride Kia Pro Cee'd Kia Rio Kia Sephia &nbsp; &nbsp; &nbsp; &nbsp; Kia Shuma Kia Sorento Kia Soul Kia Soul Ev &nbsp; &nbsp; &nbsp; &nbsp; Kia Sportage Kia Stonic &nbsp;Kia Venga <a href=\"http:\/\/www.carideal.com\/blog\/marque-de-voiture-actualites-essais\/kia\/xceed\/\">Kia Xceed<\/a><\/p>\n\n\n\n<h2 class=\"wp-block-heading\"> Actualit\u00e9s&nbsp;Kia <\/h2>\n\n\n<ul class=\"lcp_catlist\" id=\"lcp_instance_0\"><li><a href=\"https:\/\/www.carideal.com\/blog\/2019\/12\/20\/essai-du-nouveau-kia-xceed-1-4-essence-2019\/\">Essai Nouveau Kia XCeed 1.4 essence 2019<\/a><div class=\"lcp_excerpt\">Essai du Nouveau Kia XCeed 1.4 essence 2019\nNous essayons le nouveau pseudo-SUV Kia XCeed avec le moteur essence 1.4 T-GDi de la marque pour voir si c&rsquo;est le bon mod\u00e8le \u00e0 acheter dans la gamme.\nVerdict&nbsp;4 *\/5\nLe march\u00e9 des familiales \u00e0 hayon avec des attributs de SUV est petit comparativement \u00e0 la cat\u00e9gorie des crossovers du ...<\/div><\/li><li><a href=\"https:\/\/www.carideal.com\/blog\/2019\/12\/19\/kia-interdit-dimages-par-le-parc-national-des-calanques\/\">Kia interdit d&rsquo;images par le Parc National des Calanques<\/a><div class=\"lcp_excerpt\">\nLe Parc national des Calanques \u00e0 Marseille veut supprimer des images des Kia Xceed\n\n\nMais o\u00f9 va-t-on ? Le Parc National des calanques \u00e0 Marseille qui demande \u00e0 Kia de retirer les photos de son nouveau Kia Xceed prises sur la route des Goudes.\n\n\n\nKia interdit d&rsquo;images par le Parc national des calanques\n\n\n\nM Fran\u00e7ois Bland, son directeur ...<\/div><\/li><li><a href=\"https:\/\/www.carideal.com\/blog\/2018\/09\/27\/kia-stinger-gt-sport-5-points-interessants\/\">Kia Stinger GT Sport &#8211; 5 points int\u00e9ressants<\/a><div class=\"lcp_excerpt\">Kia Stinger GT Sport Berline &#8211; 5 points int\u00e9ressants\nGlobalement, la Kia Stinger GT est propos\u00e9e avec trois groupes motopropulseurs: un moteur essence de 2,0 litres, une diesel de 2,2 litres et une essence V6 de 3,3 litres.\nLe mod\u00e8le de Kia \u00e9tait certainement l\u2019un des plus int\u00e9ressants de cette ann\u00e9e 2018. Le constructeur automobile cor\u00e9en a ...<\/div><\/li><li><a href=\"https:\/\/www.carideal.com\/blog\/2017\/10\/29\/meilleur-voiture-doccasion-a-acheter-kia-sportage\/\">Meilleure voiture d&rsquo;occasion \u00e0 acheter en 2017 : Kia Sportage<\/a><div class=\"lcp_excerpt\">Meilleure voiture d&rsquo;occasion \u00e0 acheter en 2017 : Kia Sportage\nLe SUV Kia Sportage allie style, efficacit\u00e9, praticit\u00e9 et tranquillit\u00e9 d&rsquo;esprit pour prendre notre couronne d&rsquo;occasion de l&rsquo;ann\u00e9e pour 2017.\nVoiture d&rsquo;occasion de l&rsquo;ann\u00e9e : Kia Sportage Mk3\nPrix \u00e0 partir de: 7900 \u20ac\nPourquoi il a gagn\u00e9 : le SUV m\u00e9lange le style, l&rsquo;efficacit\u00e9, la praticit\u00e9 et la ...<\/div><\/li><li><a href=\"https:\/\/www.carideal.com\/blog\/2016\/02\/13\/kia-niro-2016\/\">Kia Niro 2016 au Salon de Gen\u00e8ve<\/a><div class=\"lcp_excerpt\">Le Kia Niro 2016 sera pr\u00e9sent\u00e9 au Salon de Gen\u00e8ve\nLe Kia Niro 2016 (4.35m de long) sera en vente \u00e0 partir du mois de Juin 2016 \u00e0 partir de 20 000 \u20ac. Le Nouveau Kia Niro 2016 viendra completer l&rsquo;offre des SUV Kia \u00e0 savoir les Kia Sportage long de 4.45 m et du Kia ...<\/div><\/li><li><a href=\"https:\/\/www.carideal.com\/blog\/2015\/09\/18\/nouveau-kia-sportage-2016\/\">Nouveau Kia Sportage 2016 : pr\u00e9sentation<\/a><div class=\"lcp_excerpt\">\nNouveau Kia Sportage 2016 au Salon de Francfort\n\n\nKia vient de d\u00e9voiler\u00a0son nouveau Kia Sportage 2016 au salon de Francfort. Le mod\u00e8le a bien chang\u00e9 depuis 2010 la grosse diff\u00e9rence vient de sa grosse fa\u00e7ade avant. Il y aura aussi une version sportive nomm\u00e9e GT. Rien de surprenant qu&rsquo;il soit pr\u00e9sent\u00e9 quasiment en m\u00eame temps que ...<\/div><\/li><li><a href=\"https:\/\/www.carideal.com\/blog\/2015\/03\/11\/4x4-nouveau-kia-sportage\/\">Nouveau Kia Sportage 2015 4&#215;4<\/a><div class=\"lcp_excerpt\">Nouveau Kia Sportage 2015 4&#215;4\nLe Kia Sportage 2015 hausse le ton\nTrois ans apr\u00e8s le lancement de la nouvelle version, le Kia sportage Sportage 2015 m\u00e9\u00adritait une remise en forme. Juste quelques nuances pour mieux af\u00adfronter l&rsquo;\u00e9chiquier europ\u00e9en en\u00adcombr\u00e9 de SUV.\nKia a mis en les bouch\u00e9es doubles pour re\u00adjoindre le peloton europ\u00e9en des grandes marques. Et ...<\/div><\/li><li><a href=\"https:\/\/www.carideal.com\/blog\/2015\/03\/08\/kia-venga-restylee\/\">Kia Venga 2015 restyl\u00e9<\/a><div class=\"lcp_excerpt\">Le Kia Venga 2015 restyl\u00e9 pour lutter contre la concurrence\nConcurrenc\u00e9s par les petits SUV type Renault Captur ou Peugeot 2008, les monospaces urbains peinent \u00e0 briller sur l&rsquo;\u00e9chiquier des ventes. Kia Venga en t\u00eate : s&rsquo;il s&rsquo;est vendu deux fois mieux que son cousin Hyundai ix20 en France en 2014, il est toutefois rest\u00e9 \u00e0 ...<\/div><\/li><li><a href=\"https:\/\/www.carideal.com\/blog\/2015\/02\/22\/kia-sorento-2015\/\">KIA Sorento 2015 : il arrive<\/a><div class=\"lcp_excerpt\">KIA SORENTO 2015\u00a0Du Lourd !\nAvec son vaste int\u00e9rieur, sept s\u00e9ries de carr\u00e9s, la transmission 4&#215;4 et le diesel 2.2 CRDi 200 ch, la Kia Sorento 2015\u00a0se frotte sans vergogne \u00e0 de grands SUV premium: BMW X5, Mercedes Classe M ou Audi Q7 avenir ce niveau de gamme, le Sorento souffre d&rsquo;un probl\u00e8me d&rsquo;image, mais sa ...<\/div><\/li><li><a href=\"https:\/\/www.carideal.com\/blog\/2014\/06\/03\/hyundai-kia\/\">Hyundai Kia va vers une croissance lente<\/a><div class=\"lcp_excerpt\">Hyundai-Kia voit la croissance de ses ventes en 2015 la plus faible depuis 12 ans\n\nLe pr\u00e9sident du groupe Hyundai Motor aurait fait comprendre \u00e0 ses employ\u00e9s que l&rsquo;entreprise entrait dans une phase de \u00ab\u00a0croissance lente\u00a0\u00bb.\nCeci est d\u00fb \u00e0 une stabilit\u00e9 de leur monnaie et \u00e0 une performance m\u00e9diocre sur le march\u00e9 am\u00e9ricain.\nHyundai-Kia voit la croissance ...<\/div><\/li><\/ul>\n\n\n\n<p> <a href=\"http:\/\/www.carideal.com\/blog\/constructeur\/kia\/\">TOUTES&nbsp;LES&nbsp;ACTUALIT\u00c9S&nbsp;KIA<\/a> <\/p>\n\n\n\n<h2 class=\"wp-block-heading\"> Essais&nbsp;Kia <\/h2>\n\n\n<ul class=\"lcp_catlist\" id=\"lcp_instance_0\"><li><a href=\"https:\/\/www.carideal.com\/blog\/2020\/01\/09\/avis-kia-carens-doccasion\/\">Avis Kia Carens d&rsquo;occasion<\/a><div class=\"lcp_excerpt\">\nAvis sur la Kia Carens d&rsquo;occasion\n\n\nUn guide d&rsquo;achat complet de la Kia Carens d&rsquo;occasion couvrant la Carens 3 (2013- maintenant)\n\n\nAvis Kia Carens d&rsquo;occasion\n\n\nVerdict\n\n\nBien que la Kia Carens ait \u00e9t\u00e9 en vente sous une forme ou une autre pendant pr\u00e8s de deux d\u00e9cennies, relativement peu de gens en ont entendu parler. Ne vous laissez pas d\u00e9courager, ...<\/div><\/li><li><a href=\"https:\/\/www.carideal.com\/blog\/2019\/12\/20\/essai-de-la-nouvelle-kia-xceed-2019\/\">Essai nouvelle Kia XCeed 2019<\/a><div class=\"lcp_excerpt\">Essai de la nouvelle Kia XCeed 2019\nLa nouvelle Kia XCeed \u00e0 hayon sur\u00e9lev\u00e9e remplit une niche dans une niche, mais comment est-elle sur les routes de France lors d&rsquo;un essai ?\nVerdict&nbsp;4*\/5\nLe XCeed n&rsquo;est pas sans m\u00e9rite. Il roule bien, il offre donc suffisamment de confort, il est pratique et efficace, et les performances sont \u00e9galement ...<\/div><\/li><li><a href=\"https:\/\/www.carideal.com\/blog\/2019\/12\/20\/essai-du-nouveau-kia-xceed-1-4-essence-2019\/\">Essai Nouveau Kia XCeed 1.4 essence 2019<\/a><div class=\"lcp_excerpt\">Essai du Nouveau Kia XCeed 1.4 essence 2019\nNous essayons le nouveau pseudo-SUV Kia XCeed avec le moteur essence 1.4 T-GDi de la marque pour voir si c&rsquo;est le bon mod\u00e8le \u00e0 acheter dans la gamme.\nVerdict&nbsp;4 *\/5\nLe march\u00e9 des familiales \u00e0 hayon avec des attributs de SUV est petit comparativement \u00e0 la cat\u00e9gorie des crossovers du ...<\/div><\/li><li><a href=\"https:\/\/www.carideal.com\/blog\/2017\/10\/29\/meilleur-voiture-doccasion-a-acheter-kia-sportage\/\">Meilleure voiture d&rsquo;occasion \u00e0 acheter en 2017 : Kia Sportage<\/a><div class=\"lcp_excerpt\">Meilleure voiture d&rsquo;occasion \u00e0 acheter en 2017 : Kia Sportage\nLe SUV Kia Sportage allie style, efficacit\u00e9, praticit\u00e9 et tranquillit\u00e9 d&rsquo;esprit pour prendre notre couronne d&rsquo;occasion de l&rsquo;ann\u00e9e pour 2017.\nVoiture d&rsquo;occasion de l&rsquo;ann\u00e9e : Kia Sportage Mk3\nPrix \u00e0 partir de: 7900 \u20ac\nPourquoi il a gagn\u00e9 : le SUV m\u00e9lange le style, l&rsquo;efficacit\u00e9, la praticit\u00e9 et la ...<\/div><\/li><li><a href=\"https:\/\/www.carideal.com\/blog\/2016\/02\/13\/kia-niro-2016\/\">Kia Niro 2016 au Salon de Gen\u00e8ve<\/a><div class=\"lcp_excerpt\">Le Kia Niro 2016 sera pr\u00e9sent\u00e9 au Salon de Gen\u00e8ve\nLe Kia Niro 2016 (4.35m de long) sera en vente \u00e0 partir du mois de Juin 2016 \u00e0 partir de 20 000 \u20ac. Le Nouveau Kia Niro 2016 viendra completer l&rsquo;offre des SUV Kia \u00e0 savoir les Kia Sportage long de 4.45 m et du Kia ...<\/div><\/li><li><a href=\"https:\/\/www.carideal.com\/blog\/2015\/03\/08\/kia-venga-restylee\/\">Kia Venga 2015 restyl\u00e9<\/a><div class=\"lcp_excerpt\">Le Kia Venga 2015 restyl\u00e9 pour lutter contre la concurrence\nConcurrenc\u00e9s par les petits SUV type Renault Captur ou Peugeot 2008, les monospaces urbains peinent \u00e0 briller sur l&rsquo;\u00e9chiquier des ventes. Kia Venga en t\u00eate : s&rsquo;il s&rsquo;est vendu deux fois mieux que son cousin Hyundai ix20 en France en 2014, il est toutefois rest\u00e9 \u00e0 ...<\/div><\/li><li><a href=\"https:\/\/www.carideal.com\/blog\/2015\/02\/22\/kia-sorento-2015\/\">KIA Sorento 2015 : il arrive<\/a><div class=\"lcp_excerpt\">KIA SORENTO 2015\u00a0Du Lourd !\nAvec son vaste int\u00e9rieur, sept s\u00e9ries de carr\u00e9s, la transmission 4&#215;4 et le diesel 2.2 CRDi 200 ch, la Kia Sorento 2015\u00a0se frotte sans vergogne \u00e0 de grands SUV premium: BMW X5, Mercedes Classe M ou Audi Q7 avenir ce niveau de gamme, le Sorento souffre d&rsquo;un probl\u00e8me d&rsquo;image, mais sa ...<\/div><\/li><li><a href=\"https:\/\/www.carideal.com\/blog\/2013\/06\/07\/kia-pro-ceed-gt\/\">Nouveaux moteurs essence pour la Kia Pro Ceed GT<\/a><div class=\"lcp_excerpt\">La Kia Pro Ceed GT s&rsquo;\u00e9quipe de nouveaux moteurs essence\nLa Kia Pro Ceed sera \u00e9quip\u00e9e d&rsquo;un moteur \u00e0 essence de 204 ch, A partir de 25000 \u20ac. Le nouveau coup\u00e9 Kia sera \u00e9quip\u00e9 d&rsquo;un nouveau moteur 1.6 fort de 204 ch&#8230; comme la nouvelle Peugeot 208 GTI. La Kia Pro Ceed GT fait pourtant parti ...<\/div><\/li><li><a href=\"https:\/\/www.carideal.com\/blog\/2012\/12\/07\/kia-ceed-vs-citroen-c4\/\">Essai Kia Cee&rsquo;d vs Citroen C4<\/a><div class=\"lcp_excerpt\">Essai et comparatif de la Kia Cee&rsquo;d vs Citroen C4\nKia Cee&rsquo;d : Optiques avant tr\u00e8s effil\u00e9es, ligne de caisse plongeante, \u00ab\u00a0virgule\u00a0\u00bb sur les flancs: la nouvelle cee&rsquo;d s&rsquo;affirme sur le plan du style. Le break arrive en septembre, la trois portes (Pro cee&rsquo;d) d\u00e9but 2013. L&rsquo;ambiance manque un peu de gaiet\u00e9, mais l&rsquo;ensemble d\u00e9gage une ...<\/div><\/li><li><a href=\"https:\/\/www.carideal.com\/blog\/2007\/09\/24\/kia-picanto-d-occasion\/\">KIA PICANTO 2 &#8211; 2007 &#8211; Essai prise en main<\/a><div class=\"lcp_excerpt\">\nKIA PICANTO 2 de 2007 prise en main\n\nVoici un bien curieux mariage. Prenez d&rsquo;un cot\u00e9 un chassis plutot bien con\u00e7u avec une direction pr\u00e9cise et un train avant assez agile et de l&rsquo;autre des moteurs an\u00e9miques, sans odeur ni saveur, et vous obtenez une Kia Picanto 2 de 2007. Pas piquant pour deux sous, son ...<\/div><\/li><\/ul>\n\n\n\n<p> <a href=\"http:\/\/www.carideal.com\/blog\/essai\/kia-essai\/\">TOUS&nbsp;LES&nbsp;ESSAIS KIA<\/a> <\/p>\n","protected":false},"excerpt":{"rendered":"<p>KIA Actualit\u00e9s Essais Avis Infos sur Kia | Actualit\u00e9 | Essais |&nbsp; Kia occasion | Kia neuve | Financement | R\u00e9vision | Offres | Mandataire Kia | Guide d&rsquo;achat Parmi toutes les marques prestigieuses, Carideal.com se devait de mettre en avant Kia. Vous trouverez sur notre site web les informations sur la marque Kia et &#8230; <a title=\"KIA &#8211; Actualit\u00e9s essais neuves et occasions\" class=\"read-more\" href=\"https:\/\/www.carideal.com\/blog\/marque-de-voiture-actualites-essais\/kia\/\" aria-label=\"En savoir plus sur KIA &#8211; Actualit\u00e9s essais neuves et occasions\">Lire plus<\/a><\/p>\n","protected":false},"author":3,"featured_media":21009,"parent":13389,"menu_order":0,"comment_status":"closed","ping_status":"closed","template":"","meta":{"_uag_custom_page_level_css":"","_themeisle_gutenberg_block_has_review":false,"footnotes":""},"class_list":["post-16161","page","type-page","status-publish","has-post-thumbnail"],"wppr_data":{"cwp_meta_box_check":"No"},"yoast_head":"<!-- This site is optimized with the Yoast SEO plugin v24.8.1 - https:\/\/yoast.com\/wordpress\/plugins\/seo\/ -->\n<title>KIA - Actualit\u00e9s essais neuves et occasions - Blog auto Carid\u00e9al<\/title>\n<meta name=\"description\" content=\"Retrouvez toutes les infos sur les mod\u00e8les de la marque Kia, les essais, les voitures neuves, les Kia d&#039;occasions les guides d&#039;achat sur Carideal.com\" \/>\n<meta name=\"robots\" content=\"index, follow, max-snippet:-1, max-image-preview:large, max-video-preview:-1\" \/>\n<link rel=\"canonical\" href=\"https:\/\/www.carideal.com\/blog\/marque-de-voiture-actualites-essais\/kia\/\" \/>\n<meta property=\"og:locale\" content=\"fr_FR\" \/>\n<meta property=\"og:type\" content=\"article\" \/>\n<meta property=\"og:title\" content=\"KIA - Actualit\u00e9s essais neuves et occasions - Blog auto Carid\u00e9al\" \/>\n<meta property=\"og:description\" content=\"Retrouvez toutes les infos sur les mod\u00e8les de la marque Kia, les essais, les voitures neuves, les Kia d&#039;occasions les guides d&#039;achat sur Carideal.com\" \/>\n<meta property=\"og:url\" content=\"https:\/\/www.carideal.com\/blog\/marque-de-voiture-actualites-essais\/kia\/\" \/>\n<meta property=\"og:site_name\" content=\"Blog auto Carid\u00e9al\" \/>\n<meta property=\"article:publisher\" content=\"https:\/\/www.facebook.com\/Carideal.mandataire.automobile\" \/>\n<meta property=\"article:modified_time\" content=\"2020-07-13T08:24:07+00:00\" \/>\n<meta property=\"og:image\" content=\"https:\/\/www.carideal.com\/blog\/wp-content\/uploads\/2020\/01\/kia-xceed-2-e1579878704542.jpg\" \/>\n\t<meta property=\"og:image:width\" content=\"600\" \/>\n\t<meta property=\"og:image:height\" content=\"450\" \/>\n\t<meta property=\"og:image:type\" content=\"image\/jpeg\" \/>\n<meta name=\"twitter:card\" content=\"summary_large_image\" \/>\n<meta name=\"twitter:site\" content=\"@caridealauto\" \/>\n<meta name=\"twitter:label1\" content=\"Dur\u00e9e de lecture estim\u00e9e\" \/>\n\t<meta name=\"twitter:data1\" content=\"1 minute\" \/>\n<script type=\"application\/ld+json\" class=\"yoast-schema-graph\">{\"@context\":\"https:\/\/schema.org\",\"@graph\":[{\"@type\":\"WebPage\",\"@id\":\"https:\/\/www.carideal.com\/blog\/marque-de-voiture-actualites-essais\/kia\/\",\"url\":\"https:\/\/www.carideal.com\/blog\/marque-de-voiture-actualites-essais\/kia\/\",\"name\":\"KIA - Actualit\u00e9s essais neuves et occasions - Blog auto Carid\u00e9al\",\"isPartOf\":{\"@id\":\"https:\/\/www.carideal.com\/blog\/#website\"},\"primaryImageOfPage\":{\"@id\":\"https:\/\/www.carideal.com\/blog\/marque-de-voiture-actualites-essais\/kia\/#primaryimage\"},\"image\":{\"@id\":\"https:\/\/www.carideal.com\/blog\/marque-de-voiture-actualites-essais\/kia\/#primaryimage\"},\"thumbnailUrl\":\"https:\/\/www.carideal.com\/blog\/wp-content\/uploads\/2020\/01\/kia-xceed-2-e1579878704542.jpg\",\"datePublished\":\"2017-08-03T05:11:15+00:00\",\"dateModified\":\"2020-07-13T08:24:07+00:00\",\"description\":\"Retrouvez toutes les infos sur les mod\u00e8les de la marque Kia, les essais, les voitures neuves, les Kia d'occasions les guides d'achat sur Carideal.com\",\"breadcrumb\":{\"@id\":\"https:\/\/www.carideal.com\/blog\/marque-de-voiture-actualites-essais\/kia\/#breadcrumb\"},\"inLanguage\":\"fr-FR\",\"potentialAction\":[{\"@type\":\"ReadAction\",\"target\":[\"https:\/\/www.carideal.com\/blog\/marque-de-voiture-actualites-essais\/kia\/\"]}]},{\"@type\":\"ImageObject\",\"inLanguage\":\"fr-FR\",\"@id\":\"https:\/\/www.carideal.com\/blog\/marque-de-voiture-actualites-essais\/kia\/#primaryimage\",\"url\":\"https:\/\/www.carideal.com\/blog\/wp-content\/uploads\/2020\/01\/kia-xceed-2-e1579878704542.jpg\",\"contentUrl\":\"https:\/\/www.carideal.com\/blog\/wp-content\/uploads\/2020\/01\/kia-xceed-2-e1579878704542.jpg\",\"width\":600,\"height\":450,\"caption\":\"KIA\"},{\"@type\":\"BreadcrumbList\",\"@id\":\"https:\/\/www.carideal.com\/blog\/marque-de-voiture-actualites-essais\/kia\/#breadcrumb\",\"itemListElement\":[{\"@type\":\"ListItem\",\"position\":1,\"name\":\"Blog Carid\u00e9al\",\"item\":\"https:\/\/www.carideal.com\/blog\/\"},{\"@type\":\"ListItem\",\"position\":2,\"name\":\"Marque de voiture\",\"item\":\"https:\/\/www.carideal.com\/blog\/marque-de-voiture-actualites-essais\/\"},{\"@type\":\"ListItem\",\"position\":3,\"name\":\"KIA &#8211; Actualit\u00e9s essais neuves et occasions\"}]},{\"@type\":\"WebSite\",\"@id\":\"https:\/\/www.carideal.com\/blog\/#website\",\"url\":\"https:\/\/www.carideal.com\/blog\/\",\"name\":\"Blog auto Carid\u00e9al\",\"description\":\"Actualit\u00e9 auto par des passionn\u00e9s\",\"publisher\":{\"@id\":\"https:\/\/www.carideal.com\/blog\/#organization\"},\"potentialAction\":[{\"@type\":\"SearchAction\",\"target\":{\"@type\":\"EntryPoint\",\"urlTemplate\":\"https:\/\/www.carideal.com\/blog\/?s={search_term_string}\"},\"query-input\":{\"@type\":\"PropertyValueSpecification\",\"valueRequired\":true,\"valueName\":\"search_term_string\"}}],\"inLanguage\":\"fr-FR\"},{\"@type\":\"Organization\",\"@id\":\"https:\/\/www.carideal.com\/blog\/#organization\",\"name\":\"Carideal\",\"url\":\"https:\/\/www.carideal.com\/blog\/\",\"logo\":{\"@type\":\"ImageObject\",\"inLanguage\":\"fr-FR\",\"@id\":\"https:\/\/www.carideal.com\/blog\/#\/schema\/logo\/image\/\",\"url\":\"http:\/\/www.carideal.com\/blog\/wp-content\/uploads\/2016\/03\/logo-carideal-mandataire-automobile.png\",\"contentUrl\":\"http:\/\/www.carideal.com\/blog\/wp-content\/uploads\/2016\/03\/logo-carideal-mandataire-automobile.png\",\"width\":300,\"height\":300,\"caption\":\"Carideal\"},\"image\":{\"@id\":\"https:\/\/www.carideal.com\/blog\/#\/schema\/logo\/image\/\"},\"sameAs\":[\"https:\/\/www.facebook.com\/Carideal.mandataire.automobile\",\"https:\/\/x.com\/caridealauto\",\"https:\/\/www.instagram.com\/carideal1\/\",\"https:\/\/www.linkedin.com\/company\/carideal.com\",\"https:\/\/fr.pinterest.com\/schiavonsas\/\",\"https:\/\/www.youtube.com\/user\/caridealsas\"]}]}<\/script>\n<!-- \/ Yoast SEO plugin. -->","yoast_head_json":{"title":"KIA - Actualit\u00e9s essais neuves et occasions - Blog auto Carid\u00e9al","description":"Retrouvez toutes les infos sur les mod\u00e8les de la marque Kia, les essais, les voitures neuves, les Kia d'occasions les guides d'achat sur Carideal.com","robots":{"index":"index","follow":"follow","max-snippet":"max-snippet:-1","max-image-preview":"max-image-preview:large","max-video-preview":"max-video-preview:-1"},"canonical":"https:\/\/www.carideal.com\/blog\/marque-de-voiture-actualites-essais\/kia\/","og_locale":"fr_FR","og_type":"article","og_title":"KIA - Actualit\u00e9s essais neuves et occasions - Blog auto Carid\u00e9al","og_description":"Retrouvez toutes les infos sur les mod\u00e8les de la marque Kia, les essais, les voitures neuves, les Kia d'occasions les guides d'achat sur Carideal.com","og_url":"https:\/\/www.carideal.com\/blog\/marque-de-voiture-actualites-essais\/kia\/","og_site_name":"Blog auto Carid\u00e9al","article_publisher":"https:\/\/www.facebook.com\/Carideal.mandataire.automobile","article_modified_time":"2020-07-13T08:24:07+00:00","og_image":[{"width":600,"height":450,"url":"https:\/\/www.carideal.com\/blog\/wp-content\/uploads\/2020\/01\/kia-xceed-2-e1579878704542.jpg","type":"image\/jpeg"}],"twitter_card":"summary_large_image","twitter_site":"@caridealauto","twitter_misc":{"Dur\u00e9e de lecture estim\u00e9e":"1 minute"},"schema":{"@context":"https:\/\/schema.org","@graph":[{"@type":"WebPage","@id":"https:\/\/www.carideal.com\/blog\/marque-de-voiture-actualites-essais\/kia\/","url":"https:\/\/www.carideal.com\/blog\/marque-de-voiture-actualites-essais\/kia\/","name":"KIA - Actualit\u00e9s essais neuves et occasions - Blog auto Carid\u00e9al","isPartOf":{"@id":"https:\/\/www.carideal.com\/blog\/#website"},"primaryImageOfPage":{"@id":"https:\/\/www.carideal.com\/blog\/marque-de-voiture-actualites-essais\/kia\/#primaryimage"},"image":{"@id":"https:\/\/www.carideal.com\/blog\/marque-de-voiture-actualites-essais\/kia\/#primaryimage"},"thumbnailUrl":"https:\/\/www.carideal.com\/blog\/wp-content\/uploads\/2020\/01\/kia-xceed-2-e1579878704542.jpg","datePublished":"2017-08-03T05:11:15+00:00","dateModified":"2020-07-13T08:24:07+00:00","description":"Retrouvez toutes les infos sur les mod\u00e8les de la marque Kia, les essais, les voitures neuves, les Kia d'occasions les guides d'achat sur Carideal.com","breadcrumb":{"@id":"https:\/\/www.carideal.com\/blog\/marque-de-voiture-actualites-essais\/kia\/#breadcrumb"},"inLanguage":"fr-FR","potentialAction":[{"@type":"ReadAction","target":["https:\/\/www.carideal.com\/blog\/marque-de-voiture-actualites-essais\/kia\/"]}]},{"@type":"ImageObject","inLanguage":"fr-FR","@id":"https:\/\/www.carideal.com\/blog\/marque-de-voiture-actualites-essais\/kia\/#primaryimage","url":"https:\/\/www.carideal.com\/blog\/wp-content\/uploads\/2020\/01\/kia-xceed-2-e1579878704542.jpg","contentUrl":"https:\/\/www.carideal.com\/blog\/wp-content\/uploads\/2020\/01\/kia-xceed-2-e1579878704542.jpg","width":600,"height":450,"caption":"KIA"},{"@type":"BreadcrumbList","@id":"https:\/\/www.carideal.com\/blog\/marque-de-voiture-actualites-essais\/kia\/#breadcrumb","itemListElement":[{"@type":"ListItem","position":1,"name":"Blog Carid\u00e9al","item":"https:\/\/www.carideal.com\/blog\/"},{"@type":"ListItem","position":2,"name":"Marque de voiture","item":"https:\/\/www.carideal.com\/blog\/marque-de-voiture-actualites-essais\/"},{"@type":"ListItem","position":3,"name":"KIA &#8211; Actualit\u00e9s essais neuves et occasions"}]},{"@type":"WebSite","@id":"https:\/\/www.carideal.com\/blog\/#website","url":"https:\/\/www.carideal.com\/blog\/","name":"Blog auto Carid\u00e9al","description":"Actualit\u00e9 auto par des passionn\u00e9s","publisher":{"@id":"https:\/\/www.carideal.com\/blog\/#organization"},"potentialAction":[{"@type":"SearchAction","target":{"@type":"EntryPoint","urlTemplate":"https:\/\/www.carideal.com\/blog\/?s={search_term_string}"},"query-input":{"@type":"PropertyValueSpecification","valueRequired":true,"valueName":"search_term_string"}}],"inLanguage":"fr-FR"},{"@type":"Organization","@id":"https:\/\/www.carideal.com\/blog\/#organization","name":"Carideal","url":"https:\/\/www.carideal.com\/blog\/","logo":{"@type":"ImageObject","inLanguage":"fr-FR","@id":"https:\/\/www.carideal.com\/blog\/#\/schema\/logo\/image\/","url":"http:\/\/www.carideal.com\/blog\/wp-content\/uploads\/2016\/03\/logo-carideal-mandataire-automobile.png","contentUrl":"http:\/\/www.carideal.com\/blog\/wp-content\/uploads\/2016\/03\/logo-carideal-mandataire-automobile.png","width":300,"height":300,"caption":"Carideal"},"image":{"@id":"https:\/\/www.carideal.com\/blog\/#\/schema\/logo\/image\/"},"sameAs":["https:\/\/www.facebook.com\/Carideal.mandataire.automobile","https:\/\/x.com\/caridealauto","https:\/\/www.instagram.com\/carideal1\/","https:\/\/www.linkedin.com\/company\/carideal.com","https:\/\/fr.pinterest.com\/schiavonsas\/","https:\/\/www.youtube.com\/user\/caridealsas"]}]}},"uagb_featured_image_src":{"full":["https:\/\/www.carideal.com\/blog\/wp-content\/uploads\/2020\/01\/kia-xceed-2-e1579878704542.jpg",600,450,false],"thumbnail":["https:\/\/www.carideal.com\/blog\/wp-content\/uploads\/2020\/01\/kia-xceed-2-150x150.jpg",150,150,true],"medium":["https:\/\/www.carideal.com\/blog\/wp-content\/uploads\/2020\/01\/kia-xceed-2-300x225.jpg",300,225,true],"medium_large":["https:\/\/www.carideal.com\/blog\/wp-content\/uploads\/2020\/01\/kia-xceed-2-768x576.jpg",768,576,true],"large":["https:\/\/www.carideal.com\/blog\/wp-content\/uploads\/2020\/01\/kia-xceed-2-e1579878704542.jpg",600,450,false],"1536x1536":["https:\/\/www.carideal.com\/blog\/wp-content\/uploads\/2020\/01\/kia-xceed-2-e1579878704542.jpg",600,450,false],"2048x2048":["https:\/\/www.carideal.com\/blog\/wp-content\/uploads\/2020\/01\/kia-xceed-2-e1579878704542.jpg",600,450,false],"wppr-widget":["https:\/\/www.carideal.com\/blog\/wp-content\/uploads\/2020\/01\/kia-xceed-2-50x38.jpg",50,38,true]},"uagb_author_info":{"display_name":"Nicolas SCHIAVON","author_link":"https:\/\/www.carideal.com\/blog\/author\/nschiavon\/"},"uagb_comment_info":0,"uagb_excerpt":"KIA Actualit\u00e9s Essais Avis Infos sur Kia | Actualit\u00e9 | Essais |&nbsp; Kia occasion | Kia neuve | Financement | R\u00e9vision | Offres | Mandataire Kia | Guide d'achat Parmi toutes les marques prestigieuses, Carideal.com se devait de mettre en avant Kia. Vous trouverez sur notre site web les informations sur la marque Kia et\u2026","_links":{"self":[{"href":"https:\/\/www.carideal.com\/blog\/wp-json\/wp\/v2\/pages\/16161"}],"collection":[{"href":"https:\/\/www.carideal.com\/blog\/wp-json\/wp\/v2\/pages"}],"about":[{"href":"https:\/\/www.carideal.com\/blog\/wp-json\/wp\/v2\/types\/page"}],"author":[{"embeddable":true,"href":"https:\/\/www.carideal.com\/blog\/wp-json\/wp\/v2\/users\/3"}],"replies":[{"embeddable":true,"href":"https:\/\/www.carideal.com\/blog\/wp-json\/wp\/v2\/comments?post=16161"}],"version-history":[{"count":0,"href":"https:\/\/www.carideal.com\/blog\/wp-json\/wp\/v2\/pages\/16161\/revisions"}],"up":[{"embeddable":true,"href":"https:\/\/www.carideal.com\/blog\/wp-json\/wp\/v2\/pages\/13389"}],"wp:featuredmedia":[{"embeddable":true,"href":"https:\/\/www.carideal.com\/blog\/wp-json\/wp\/v2\/media\/21009"}],"wp:attachment":[{"href":"https:\/\/www.carideal.com\/blog\/wp-json\/wp\/v2\/media?parent=16161"}],"curies":[{"name":"wp","href":"https:\/\/api.w.org\/{rel}","templated":true}]}}