{"id":15508,"date":"2017-02-28T10:16:19","date_gmt":"2017-02-28T09:16:19","guid":{"rendered":"http:\/\/www.carideal.com\/blog\/?page_id=15508"},"modified":"2020-02-01T13:05:23","modified_gmt":"2020-02-01T12:05:23","slug":"voitures-occasions-haute-savoie","status":"publish","type":"page","link":"https:\/\/www.carideal.com\/blog\/voitures-occasions\/voitures-occasions-haute-savoie\/","title":{"rendered":"Voiture occasion Haute-Savoie &#8211; Annonces auto"},"content":{"rendered":"<h2>Voitures d'occasions en Haute-Savoie<\/h2>\n<p><a href=\"http:\/\/www.carideal.com\/blog\/marque-de-voiture-actualites-essais\/\">Toutes les marques<\/a> | <a href=\"http:\/\/www.carideal.com\/blog\/marque-de-voiture-actualites-essais\/peugeot\/\">Peugeot<\/a> | <a href=\"http:\/\/www.carideal.com\/blog\/marque-de-voiture-actualites-essais\/citroen\/\">Citro\u00ebn<\/a> | <a href=\"http:\/\/www.carideal.com\/blog\/marque-de-voiture-actualites-essais\/renault\/\">Renault<\/a> | <a href=\"http:\/\/www.carideal.com\/blog\/marque-de-voiture-actualites-essais\/dacia\/\">Dacia<\/a> | <a href=\"http:\/\/www.carideal.com\/blog\/marque-de-voiture-actualites-essais\/volkswagen\/\">Volkswagen<\/a> | <a href=\"http:\/\/www.carideal.com\/blog\/marque-de-voiture-actualites-essais\/kia\/\">Kia<\/a> | <a href=\"http:\/\/www.carideal.com\/blog\/marque-de-voiture-actualites-essais\/land-rover\/\">Land Rover<\/a><\/p>\n<p>Vous recherchez une <strong>voiture d'occasion en Haute-Savoie<\/strong> ? Carideal vous aide. Vous trouverez sur notre site des <a href=\"http:\/\/www.carideal.com\/blog\/voitures-occasions\/\">voitures d'occasions<\/a> r\u00e9vis\u00e9es et garantie de la part de professionnels mais aussi de particuliers.<\/p>\n<figure id=\"attachment_15509\" aria-describedby=\"caption-attachment-15509\" style=\"width: 590px\" class=\"wp-caption aligncenter\"><img loading=\"lazy\" decoding=\"async\" class=\"size-full wp-image-15509\" src=\"http:\/\/www.carideal.com\/blog\/wp-content\/uploads\/2017\/02\/voiture-occasion-haute-savoie-e1488272865547.png\" alt=\"Voiture d'occasion en Haute-Savoie\" width=\"600\" height=\"566\" \/><figcaption id=\"caption-attachment-15509\" class=\"wp-caption-text\">Voiture d'occasion en Haute-Savoie<\/figcaption><\/figure>\n<p>Le d\u00e9partement de la Haute-Savoie est un d\u00e9partement fran\u00e7ais faisant partie de la r\u00e9gion Auvergne-Rh\u00f4ne-Alpes.\u00a0Elle est limitrophe des d\u00e9partements de l'<a href=\"http:\/\/www.carideal.com\/blog\/voitures-occasions\/voitures-occasions-ain\/\">Ain<\/a> et de la <a href=\"http:\/\/www.carideal.com\/blog\/voitures-occasions\/voitures-occasions-en-savoie\/\">Savoie<\/a>, ainsi que des cantons de Gen\u00e8ve, de Vaud et du Valais en Suisse et de la Vall\u00e9e d'Aoste en Italie. Une partie de la fronti\u00e8re avec la Suisse est mat\u00e9rialis\u00e9e par le lac L\u00e9man, dont le canton de Vaud dans son int\u00e9gralit\u00e9.<\/p>\n<p>La recherche de voiture d'occasion en Haute-Savoie comprend les villes de :<\/p>\n<ul>\n<li><a href=\"http:\/\/www.carideal.com\/blog\/voitures-occasions\/annecy\/\">Annecy<\/a><\/li>\n<li>Thonon-les-Bains<\/li>\n<li>Dt Julien-en Genevois<\/li>\n<li>Rumilly<\/li>\n<li>Annemasse<\/li>\n<li>Cluses<\/li>\n<\/ul>\n<p>La Haute-Savoie connait une croissance d\u00e9mographique tr\u00e8s importante, sa population augmente en effet de pr\u00e8s de 9 700 habitants chaque ann\u00e9e en moyenne depuis 1999, et entre 10 000 et 11 000 depuis 2005. Avec une densit\u00e9 estim\u00e9e \u00e0 172 hab.\/km2 en 2012, c'est le deuxi\u00e8me d\u00e9partement le plus dens\u00e9ment peupl\u00e9 de la r\u00e9gion Rh\u00f4ne-Alpes, devant l'Is\u00e8re.<\/p>\n<p>La Haute-Savoie est un d\u00e9partement dynamique, avec un taux de ch\u00f4mage inf\u00e9rieur \u00e0 la moyenne nationale due en grande partie aux possibilit\u00e9s d'emplois offertes dans la zone de Gen\u00e8ve (5,4 % de la population active haute-savoyarde selon l'Insee en novembre 2007)<\/p>\n<p>Le d\u00e9partement a d'excellentes liaisons routi\u00e8res et est diversifi\u00e9 dans sa composition. Avec les \u00e9tudiants et le charme naturel de la capitale haut Savoyarde et de son lac, Annecy est une des villes les plus attrayantes de la r\u00e9gion et Dynamique aussi. La Haute-Savoie sert de si\u00e8ge sociale \u00e0 trois grands groupes alimentaires d\u00e9passant le Milliard d'euros de chiffre d'affaires : les EAUX MINERALES EVIAN, SOPRA STERIA GROUP, et ENTREMONT ALLIANCE. Mais il n'y a pas qu'Annecy qui compte, les Sous-pr\u00e9fectures de Bonneville, Saint-Julien-en-Genevois, \u00a0et<br \/>\nThonon-les-Bains sont aussi des villes riches.<\/p>\n<p>Cette diversit\u00e9 et cette richesse se ressent cot\u00e9 voiture quand on se prom\u00e8ne dans les rue d'<a href=\"http:\/\/www.carideal.com\/blog\/voitures-occasions\/annecy\/\">Annecy<\/a> ou sur les routes de Haute-Savoie. Ce n'est pas par hasard, si dans ce petit d\u00e9partement nich\u00e9 au c\u0153ur des Alpes on y trouve un concessionnaire <a href=\"http:\/\/www.carideal.com\/blog\/marque-de-voiture-actualites-essais\/porsche\/\">Porsche<\/a>, tr\u00e8s prosp\u00e8re. Mais Il n'y a pas que lui. Les ventes de voitures d'occasions de particulier se portent bien et c'est normale pour celui qui recherche la bonne affaire dans un d\u00e9partement dynamique et riche.<\/p>\n<p>Les Frontaliers, les Fran\u00e7ais qui vont travailler en Suisse o\u00f9 les salaires sont plus importants, se font plaisirs en s'achetant de belles voitures d'occasions ou neuves, des SUV, des <a href=\"http:\/\/www.carideal.com\/blog\/2019\/07\/24\/meilleurs-cabriolets-occasions-pas-cher\/\">cabriolets<\/a> ou des voitures de luxe d'occasion.<\/p>\n<p>Ainsi Carideal b\u00e9n\u00e9ficie de ce march\u00e9 de la voiture d'occasion plus porteur, car les acheteurs d'aujourd'hui font d'abord leur recherche en ligne.\u00a028% des voitures d'occasion en Haute-Savoie ont un prix moyen au-dessus de la moyenne nationale. Cela indique\u00a0que le march\u00e9 de la voiture d'occasion en Haute-Savoie se Porte Bien.<\/p>\n<h2>Nous pouvons vous aider \u00e0 trouver votre voiture d\u2019occasion en Haute-Savoie<\/h2>\n<div id=\"contact-form-15469\">\n<form class=\"contact-form commentsblock\" action=\"http:\/\/www.carideal.com\/blog\/voitures-occasions\/#contact-form-15469\" method=\"post\">\n<div>[contact-form to='nicolas@carideal.com' subject='Recherche une voiture d%26#039;occasion haute savoie #hautesavoie'][contact-field label='Nom' type='name' required='1'\/][contact-field label='E-mail' type='email' required='1'\/][contact-field label='T\u00e9l\u00e9phone' type='text' required='1'\/][contact-field label='Je recherche une voiture d%26#039;occasion' type='textarea' required='1'\/][\/contact-form]<\/div>\n<p><strong>ou t\u00e9l\u00e9phonez-nous au\u00a004 79 33 83 95<\/strong><\/p>\n<\/form>\n<\/div>\n","protected":false},"excerpt":{"rendered":"<p>Voitures d&rsquo;occasions en Haute-Savoie Toutes les marques | Peugeot | Citro\u00ebn | Renault | Dacia | Volkswagen | Kia | Land Rover Vous recherchez une voiture d&rsquo;occasion en Haute-Savoie ? Carideal vous aide. Vous trouverez sur notre site des voitures d&rsquo;occasions r\u00e9vis\u00e9es et garantie de la part de professionnels mais aussi de particuliers. Le d\u00e9partement &#8230; <a title=\"Voiture occasion Haute-Savoie &#8211; Annonces auto\" class=\"read-more\" href=\"https:\/\/www.carideal.com\/blog\/voitures-occasions\/voitures-occasions-haute-savoie\/\" aria-label=\"En savoir plus sur Voiture occasion Haute-Savoie &#8211; Annonces auto\">Lire plus<\/a><\/p>\n","protected":false},"author":3,"featured_media":21423,"parent":15469,"menu_order":0,"comment_status":"closed","ping_status":"closed","template":"","meta":{"_uag_custom_page_level_css":"","_themeisle_gutenberg_block_has_review":false,"footnotes":""},"class_list":["post-15508","page","type-page","status-publish","has-post-thumbnail"],"wppr_data":{"cwp_meta_box_check":"No"},"yoast_head":"<!-- This site is optimized with the Yoast SEO plugin v24.8.1 - https:\/\/yoast.com\/wordpress\/plugins\/seo\/ -->\n<title>Voiture occasion Haute-Savoie - Annonces auto - Blog auto Carid\u00e9al<\/title>\n<meta name=\"description\" content=\"Carideal b\u00e9n\u00e9ficie de ce march\u00e9 des voitures d&#039;occasions en Haute-Savoie plus porteur, car les acheteurs d&#039;aujourd&#039;hui font d&#039;abord leur recherche en ligne\" \/>\n<meta name=\"robots\" content=\"index, follow, max-snippet:-1, max-image-preview:large, max-video-preview:-1\" \/>\n<link rel=\"canonical\" href=\"https:\/\/www.carideal.com\/blog\/voitures-occasions\/voitures-occasions-haute-savoie\/\" \/>\n<meta property=\"og:locale\" content=\"fr_FR\" \/>\n<meta property=\"og:type\" content=\"article\" \/>\n<meta property=\"og:title\" content=\"Voiture occasion Haute-Savoie - Annonces auto - Blog auto Carid\u00e9al\" \/>\n<meta property=\"og:description\" content=\"Carideal b\u00e9n\u00e9ficie de ce march\u00e9 des voitures d&#039;occasions en Haute-Savoie plus porteur, car les acheteurs d&#039;aujourd&#039;hui font d&#039;abord leur recherche en ligne\" \/>\n<meta property=\"og:url\" content=\"https:\/\/www.carideal.com\/blog\/voitures-occasions\/voitures-occasions-haute-savoie\/\" \/>\n<meta property=\"og:site_name\" content=\"Blog auto Carid\u00e9al\" \/>\n<meta property=\"article:publisher\" content=\"https:\/\/www.facebook.com\/Carideal.mandataire.automobile\" \/>\n<meta property=\"article:modified_time\" content=\"2020-02-01T12:05:23+00:00\" \/>\n<meta property=\"og:image\" content=\"https:\/\/www.carideal.com\/blog\/wp-content\/uploads\/2020\/02\/haute-savoie.jpg\" \/>\n\t<meta property=\"og:image:width\" content=\"600\" \/>\n\t<meta property=\"og:image:height\" content=\"567\" \/>\n\t<meta property=\"og:image:type\" content=\"image\/jpeg\" \/>\n<meta name=\"twitter:card\" content=\"summary_large_image\" \/>\n<meta name=\"twitter:site\" content=\"@caridealauto\" \/>\n<meta name=\"twitter:label1\" content=\"Dur\u00e9e de lecture estim\u00e9e\" \/>\n\t<meta name=\"twitter:data1\" content=\"3 minutes\" \/>\n<script type=\"application\/ld+json\" class=\"yoast-schema-graph\">{\"@context\":\"https:\/\/schema.org\",\"@graph\":[{\"@type\":\"WebPage\",\"@id\":\"https:\/\/www.carideal.com\/blog\/voitures-occasions\/voitures-occasions-haute-savoie\/\",\"url\":\"https:\/\/www.carideal.com\/blog\/voitures-occasions\/voitures-occasions-haute-savoie\/\",\"name\":\"Voiture occasion Haute-Savoie - Annonces auto - Blog auto Carid\u00e9al\",\"isPartOf\":{\"@id\":\"https:\/\/www.carideal.com\/blog\/#website\"},\"primaryImageOfPage\":{\"@id\":\"https:\/\/www.carideal.com\/blog\/voitures-occasions\/voitures-occasions-haute-savoie\/#primaryimage\"},\"image\":{\"@id\":\"https:\/\/www.carideal.com\/blog\/voitures-occasions\/voitures-occasions-haute-savoie\/#primaryimage\"},\"thumbnailUrl\":\"https:\/\/www.carideal.com\/blog\/wp-content\/uploads\/2020\/02\/haute-savoie.jpg\",\"datePublished\":\"2017-02-28T09:16:19+00:00\",\"dateModified\":\"2020-02-01T12:05:23+00:00\",\"description\":\"Carideal b\u00e9n\u00e9ficie de ce march\u00e9 des voitures d'occasions en Haute-Savoie plus porteur, car les acheteurs d'aujourd'hui font d'abord leur recherche en ligne\",\"breadcrumb\":{\"@id\":\"https:\/\/www.carideal.com\/blog\/voitures-occasions\/voitures-occasions-haute-savoie\/#breadcrumb\"},\"inLanguage\":\"fr-FR\",\"potentialAction\":[{\"@type\":\"ReadAction\",\"target\":[\"https:\/\/www.carideal.com\/blog\/voitures-occasions\/voitures-occasions-haute-savoie\/\"]}]},{\"@type\":\"ImageObject\",\"inLanguage\":\"fr-FR\",\"@id\":\"https:\/\/www.carideal.com\/blog\/voitures-occasions\/voitures-occasions-haute-savoie\/#primaryimage\",\"url\":\"https:\/\/www.carideal.com\/blog\/wp-content\/uploads\/2020\/02\/haute-savoie.jpg\",\"contentUrl\":\"https:\/\/www.carideal.com\/blog\/wp-content\/uploads\/2020\/02\/haute-savoie.jpg\",\"width\":600,\"height\":567,\"caption\":\"Voitures d'occasions en Haute-Savoie\"},{\"@type\":\"BreadcrumbList\",\"@id\":\"https:\/\/www.carideal.com\/blog\/voitures-occasions\/voitures-occasions-haute-savoie\/#breadcrumb\",\"itemListElement\":[{\"@type\":\"ListItem\",\"position\":1,\"name\":\"Blog Carid\u00e9al\",\"item\":\"https:\/\/www.carideal.com\/blog\/\"},{\"@type\":\"ListItem\",\"position\":2,\"name\":\"Voitures occasions\",\"item\":\"https:\/\/www.carideal.com\/blog\/voitures-occasions\/\"},{\"@type\":\"ListItem\",\"position\":3,\"name\":\"Haute Savoie\"}]},{\"@type\":\"WebSite\",\"@id\":\"https:\/\/www.carideal.com\/blog\/#website\",\"url\":\"https:\/\/www.carideal.com\/blog\/\",\"name\":\"Blog auto Carid\u00e9al\",\"description\":\"Actualit\u00e9 auto par des passionn\u00e9s\",\"publisher\":{\"@id\":\"https:\/\/www.carideal.com\/blog\/#organization\"},\"potentialAction\":[{\"@type\":\"SearchAction\",\"target\":{\"@type\":\"EntryPoint\",\"urlTemplate\":\"https:\/\/www.carideal.com\/blog\/?s={search_term_string}\"},\"query-input\":{\"@type\":\"PropertyValueSpecification\",\"valueRequired\":true,\"valueName\":\"search_term_string\"}}],\"inLanguage\":\"fr-FR\"},{\"@type\":\"Organization\",\"@id\":\"https:\/\/www.carideal.com\/blog\/#organization\",\"name\":\"Carideal\",\"url\":\"https:\/\/www.carideal.com\/blog\/\",\"logo\":{\"@type\":\"ImageObject\",\"inLanguage\":\"fr-FR\",\"@id\":\"https:\/\/www.carideal.com\/blog\/#\/schema\/logo\/image\/\",\"url\":\"http:\/\/www.carideal.com\/blog\/wp-content\/uploads\/2016\/03\/logo-carideal-mandataire-automobile.png\",\"contentUrl\":\"http:\/\/www.carideal.com\/blog\/wp-content\/uploads\/2016\/03\/logo-carideal-mandataire-automobile.png\",\"width\":300,\"height\":300,\"caption\":\"Carideal\"},\"image\":{\"@id\":\"https:\/\/www.carideal.com\/blog\/#\/schema\/logo\/image\/\"},\"sameAs\":[\"https:\/\/www.facebook.com\/Carideal.mandataire.automobile\",\"https:\/\/x.com\/caridealauto\",\"https:\/\/www.instagram.com\/carideal1\/\",\"https:\/\/www.linkedin.com\/company\/carideal.com\",\"https:\/\/fr.pinterest.com\/schiavonsas\/\",\"https:\/\/www.youtube.com\/user\/caridealsas\"]}]}<\/script>\n<!-- \/ Yoast SEO plugin. -->","yoast_head_json":{"title":"Voiture occasion Haute-Savoie - Annonces auto - Blog auto Carid\u00e9al","description":"Carideal b\u00e9n\u00e9ficie de ce march\u00e9 des voitures d'occasions en Haute-Savoie plus porteur, car les acheteurs d'aujourd'hui font d'abord leur recherche en ligne","robots":{"index":"index","follow":"follow","max-snippet":"max-snippet:-1","max-image-preview":"max-image-preview:large","max-video-preview":"max-video-preview:-1"},"canonical":"https:\/\/www.carideal.com\/blog\/voitures-occasions\/voitures-occasions-haute-savoie\/","og_locale":"fr_FR","og_type":"article","og_title":"Voiture occasion Haute-Savoie - Annonces auto - Blog auto Carid\u00e9al","og_description":"Carideal b\u00e9n\u00e9ficie de ce march\u00e9 des voitures d'occasions en Haute-Savoie plus porteur, car les acheteurs d'aujourd'hui font d'abord leur recherche en ligne","og_url":"https:\/\/www.carideal.com\/blog\/voitures-occasions\/voitures-occasions-haute-savoie\/","og_site_name":"Blog auto Carid\u00e9al","article_publisher":"https:\/\/www.facebook.com\/Carideal.mandataire.automobile","article_modified_time":"2020-02-01T12:05:23+00:00","og_image":[{"width":600,"height":567,"url":"https:\/\/www.carideal.com\/blog\/wp-content\/uploads\/2020\/02\/haute-savoie.jpg","type":"image\/jpeg"}],"twitter_card":"summary_large_image","twitter_site":"@caridealauto","twitter_misc":{"Dur\u00e9e de lecture estim\u00e9e":"3 minutes"},"schema":{"@context":"https:\/\/schema.org","@graph":[{"@type":"WebPage","@id":"https:\/\/www.carideal.com\/blog\/voitures-occasions\/voitures-occasions-haute-savoie\/","url":"https:\/\/www.carideal.com\/blog\/voitures-occasions\/voitures-occasions-haute-savoie\/","name":"Voiture occasion Haute-Savoie - Annonces auto - Blog auto Carid\u00e9al","isPartOf":{"@id":"https:\/\/www.carideal.com\/blog\/#website"},"primaryImageOfPage":{"@id":"https:\/\/www.carideal.com\/blog\/voitures-occasions\/voitures-occasions-haute-savoie\/#primaryimage"},"image":{"@id":"https:\/\/www.carideal.com\/blog\/voitures-occasions\/voitures-occasions-haute-savoie\/#primaryimage"},"thumbnailUrl":"https:\/\/www.carideal.com\/blog\/wp-content\/uploads\/2020\/02\/haute-savoie.jpg","datePublished":"2017-02-28T09:16:19+00:00","dateModified":"2020-02-01T12:05:23+00:00","description":"Carideal b\u00e9n\u00e9ficie de ce march\u00e9 des voitures d'occasions en Haute-Savoie plus porteur, car les acheteurs d'aujourd'hui font d'abord leur recherche en ligne","breadcrumb":{"@id":"https:\/\/www.carideal.com\/blog\/voitures-occasions\/voitures-occasions-haute-savoie\/#breadcrumb"},"inLanguage":"fr-FR","potentialAction":[{"@type":"ReadAction","target":["https:\/\/www.carideal.com\/blog\/voitures-occasions\/voitures-occasions-haute-savoie\/"]}]},{"@type":"ImageObject","inLanguage":"fr-FR","@id":"https:\/\/www.carideal.com\/blog\/voitures-occasions\/voitures-occasions-haute-savoie\/#primaryimage","url":"https:\/\/www.carideal.com\/blog\/wp-content\/uploads\/2020\/02\/haute-savoie.jpg","contentUrl":"https:\/\/www.carideal.com\/blog\/wp-content\/uploads\/2020\/02\/haute-savoie.jpg","width":600,"height":567,"caption":"Voitures d'occasions en Haute-Savoie"},{"@type":"BreadcrumbList","@id":"https:\/\/www.carideal.com\/blog\/voitures-occasions\/voitures-occasions-haute-savoie\/#breadcrumb","itemListElement":[{"@type":"ListItem","position":1,"name":"Blog Carid\u00e9al","item":"https:\/\/www.carideal.com\/blog\/"},{"@type":"ListItem","position":2,"name":"Voitures occasions","item":"https:\/\/www.carideal.com\/blog\/voitures-occasions\/"},{"@type":"ListItem","position":3,"name":"Haute Savoie"}]},{"@type":"WebSite","@id":"https:\/\/www.carideal.com\/blog\/#website","url":"https:\/\/www.carideal.com\/blog\/","name":"Blog auto Carid\u00e9al","description":"Actualit\u00e9 auto par des passionn\u00e9s","publisher":{"@id":"https:\/\/www.carideal.com\/blog\/#organization"},"potentialAction":[{"@type":"SearchAction","target":{"@type":"EntryPoint","urlTemplate":"https:\/\/www.carideal.com\/blog\/?s={search_term_string}"},"query-input":{"@type":"PropertyValueSpecification","valueRequired":true,"valueName":"search_term_string"}}],"inLanguage":"fr-FR"},{"@type":"Organization","@id":"https:\/\/www.carideal.com\/blog\/#organization","name":"Carideal","url":"https:\/\/www.carideal.com\/blog\/","logo":{"@type":"ImageObject","inLanguage":"fr-FR","@id":"https:\/\/www.carideal.com\/blog\/#\/schema\/logo\/image\/","url":"http:\/\/www.carideal.com\/blog\/wp-content\/uploads\/2016\/03\/logo-carideal-mandataire-automobile.png","contentUrl":"http:\/\/www.carideal.com\/blog\/wp-content\/uploads\/2016\/03\/logo-carideal-mandataire-automobile.png","width":300,"height":300,"caption":"Carideal"},"image":{"@id":"https:\/\/www.carideal.com\/blog\/#\/schema\/logo\/image\/"},"sameAs":["https:\/\/www.facebook.com\/Carideal.mandataire.automobile","https:\/\/x.com\/caridealauto","https:\/\/www.instagram.com\/carideal1\/","https:\/\/www.linkedin.com\/company\/carideal.com","https:\/\/fr.pinterest.com\/schiavonsas\/","https:\/\/www.youtube.com\/user\/caridealsas"]}]}},"uagb_featured_image_src":{"full":["https:\/\/www.carideal.com\/blog\/wp-content\/uploads\/2020\/02\/haute-savoie.jpg",600,567,false],"thumbnail":["https:\/\/www.carideal.com\/blog\/wp-content\/uploads\/2020\/02\/haute-savoie-150x150.jpg",150,150,true],"medium":["https:\/\/www.carideal.com\/blog\/wp-content\/uploads\/2020\/02\/haute-savoie-300x284.jpg",300,284,true],"medium_large":["https:\/\/www.carideal.com\/blog\/wp-content\/uploads\/2020\/02\/haute-savoie.jpg",600,567,false],"large":["https:\/\/www.carideal.com\/blog\/wp-content\/uploads\/2020\/02\/haute-savoie.jpg",600,567,false],"1536x1536":["https:\/\/www.carideal.com\/blog\/wp-content\/uploads\/2020\/02\/haute-savoie.jpg",600,567,false],"2048x2048":["https:\/\/www.carideal.com\/blog\/wp-content\/uploads\/2020\/02\/haute-savoie.jpg",600,567,false],"wppr-widget":["https:\/\/www.carideal.com\/blog\/wp-content\/uploads\/2020\/02\/haute-savoie-50x47.jpg",50,47,true]},"uagb_author_info":{"display_name":"Nicolas SCHIAVON","author_link":"https:\/\/www.carideal.com\/blog\/author\/nschiavon\/"},"uagb_comment_info":0,"uagb_excerpt":"Voitures d'occasions en Haute-Savoie Toutes les marques | Peugeot | Citro\u00ebn | Renault | Dacia | Volkswagen | Kia | Land Rover Vous recherchez une voiture d'occasion en Haute-Savoie ? Carideal vous aide. Vous trouverez sur notre site des voitures d'occasions r\u00e9vis\u00e9es et garantie de la part de professionnels mais aussi de particuliers. Le d\u00e9partement\u2026","_links":{"self":[{"href":"https:\/\/www.carideal.com\/blog\/wp-json\/wp\/v2\/pages\/15508"}],"collection":[{"href":"https:\/\/www.carideal.com\/blog\/wp-json\/wp\/v2\/pages"}],"about":[{"href":"https:\/\/www.carideal.com\/blog\/wp-json\/wp\/v2\/types\/page"}],"author":[{"embeddable":true,"href":"https:\/\/www.carideal.com\/blog\/wp-json\/wp\/v2\/users\/3"}],"replies":[{"embeddable":true,"href":"https:\/\/www.carideal.com\/blog\/wp-json\/wp\/v2\/comments?post=15508"}],"version-history":[{"count":0,"href":"https:\/\/www.carideal.com\/blog\/wp-json\/wp\/v2\/pages\/15508\/revisions"}],"up":[{"embeddable":true,"href":"https:\/\/www.carideal.com\/blog\/wp-json\/wp\/v2\/pages\/15469"}],"wp:featuredmedia":[{"embeddable":true,"href":"https:\/\/www.carideal.com\/blog\/wp-json\/wp\/v2\/media\/21423"}],"wp:attachment":[{"href":"https:\/\/www.carideal.com\/blog\/wp-json\/wp\/v2\/media?parent=15508"}],"curies":[{"name":"wp","href":"https:\/\/api.w.org\/{rel}","templated":true}]}}