{"id":15026,"date":"2017-01-27T09:55:11","date_gmt":"2017-01-27T08:55:11","guid":{"rendered":"http:\/\/www.carideal.com\/blog\/?page_id=15026"},"modified":"2020-03-07T16:30:36","modified_gmt":"2020-03-07T15:30:36","slug":"suzuki","status":"publish","type":"page","link":"https:\/\/www.carideal.com\/blog\/marque-de-voiture-actualites-essais\/suzuki\/","title":{"rendered":"SUZUKI &#8211; Actualit\u00e9 essais neuve et occasion"},"content":{"rendered":"<h2><strong>SUZUKI<\/strong><\/h2>\n<table border=\"1\" width=\"75%\" cellspacing=\"0\" cellpadding=\"4\">\n<tbody>\n<tr valign=\"TOP\">\n<td style=\"text-align: center;\" width=\"10%\"><a href=\"http:\/\/www.carideal.com\/blog\/marque-de-voiture-actualites-essais\/suzuki\/\">Infos sur\u00a0Suzuki<\/a><\/td>\n<td style=\"text-align: center;\" width=\"10%\"><a href=\"http:\/\/www.carideal.com\/blog\/constructeur\/suzuki\/\">Actualit\u00e9<\/a><\/td>\n<td style=\"text-align: center;\" width=\"10%\"><a href=\"http:\/\/www.carideal.com\/blog\/essai\/essais-suzuki\/\">Essais<\/a><\/td>\n<td style=\"text-align: center;\" width=\"10%\">Voiture d'occasion<\/td>\n<td style=\"text-align: center;\" width=\"10%\">Voiture neuve<\/td>\n<td style=\"text-align: center;\" width=\"10%\">Prix du neuf<\/td>\n<td style=\"text-align: center;\" width=\"10%\"><a href=\"http:\/\/www.carideal.com\/blog\/tag\/guide-achat\/?=suzuki\">Guide d'achat<\/a><\/td>\n<\/tr>\n<\/tbody>\n<\/table>\n<p>Parmi toutes les marques prestigieuses, Carideal.com se devait de mettre en avant Suzuki. Vous trouvrez sur notre site web les informations sur la marque Suzuki\u00a0et ses mod\u00e8les. Vous trouvrez les diff\u00e9rents essais, les actualit\u00e9s et fiches techniques de la marque Suzuki\u00a0ainsi que les annonces auto de la marque Suzuki. Nous mettrons tout en oeuvre pour vous donner le maximum d'informations sur la marque Suzuki.<\/p>\n<h2>Liste des mod\u00e8les\u00a0Suzuki<\/h2>\n<table border=\"0\" width=\"100%\" cellspacing=\"0\" cellpadding=\"0\">\n<tbody>\n<tr valign=\"TOP\">\n<td width=\"25%\"><\/td>\n<td width=\"25%\"><\/td>\n<td width=\"25%\"><\/td>\n<td width=\"25%\"><\/td>\n<\/tr>\n<tr valign=\"TOP\">\n<td style=\"text-align: center;\" width=\"25%\">\u00a0Suzuki Baleno<\/td>\n<td style=\"text-align: center;\" width=\"25%\">\u00a0Suzuki Celerio<\/td>\n<td style=\"text-align: center;\" width=\"25%\">\u00a0Suzuki Grand Vitara<\/td>\n<td style=\"text-align: center;\" width=\"25%\">\u00a0Suzuki Ignis<\/td>\n<\/tr>\n<tr valign=\"TOP\">\n<td width=\"25%\"><\/td>\n<td width=\"25%\"><\/td>\n<td width=\"25%\"><\/td>\n<td width=\"25%\"><\/td>\n<\/tr>\n<tr valign=\"TOP\">\n<td style=\"text-align: center;\" width=\"25%\">\u00a0Suzuki Jimny<\/td>\n<td style=\"text-align: center;\" width=\"25%\">\u00a0Suzuki Kizashi<\/td>\n<td style=\"text-align: center;\" width=\"25%\">\u00a0Suzuki Liana<\/td>\n<td style=\"text-align: center;\" width=\"25%\">\u00a0Suzuki S Cross<\/td>\n<\/tr>\n<tr valign=\"TOP\">\n<td width=\"25%\"><\/td>\n<td width=\"25%\"><\/td>\n<td width=\"25%\"><a href=\"http:\/\/www.carideal.com\/blog\/wp-content\/uploads\/2012\/09\/suzuki-splash-2013-1-e1485507115260.jpg\"><img loading=\"lazy\" decoding=\"async\" class=\"aligncenter wp-image-15024 size-full\" title=\"Suzuki Splash 2013\" src=\"http:\/\/www.carideal.com\/blog\/wp-content\/uploads\/2012\/09\/suzuki-splash-2013-1-e1485507115260.jpg\" alt=\"Suzuki Splash 2013\" width=\"200\" height=\"133\" \/><\/a><\/td>\n<td width=\"25%\"><\/td>\n<\/tr>\n<tr valign=\"TOP\">\n<td style=\"text-align: center;\" width=\"25%\">\u00a0Suzuki SX4<\/td>\n<td style=\"text-align: center;\" width=\"25%\">\u00a0Suzuki Samurai<\/td>\n<td style=\"text-align: center;\" width=\"25%\">\u00a0Suzuki Splash<\/td>\n<td style=\"text-align: center;\" width=\"25%\">\u00a0Suzuki Swift<\/td>\n<\/tr>\n<tr valign=\"TOP\">\n<td width=\"25%\"><\/td>\n<td width=\"25%\"><\/td>\n<td width=\"25%\"><\/td>\n<td width=\"25%\"><\/td>\n<\/tr>\n<tr valign=\"TOP\">\n<td style=\"text-align: center;\" width=\"25%\">Suzuki Vitara<\/td>\n<td style=\"text-align: center;\" width=\"25%\">\u00a0Suzuki Wagon R+<\/td>\n<td style=\"text-align: center;\" width=\"25%\">\u00a0Suzuki X90<\/td>\n<td width=\"25%\"><\/td>\n<\/tr>\n<tr valign=\"TOP\">\n<td width=\"25%\"><\/td>\n<td width=\"25%\"><\/td>\n<td width=\"25%\"><\/td>\n<td width=\"25%\"><\/td>\n<\/tr>\n<tr valign=\"TOP\">\n<td width=\"25%\"><\/td>\n<td width=\"25%\"><\/td>\n<td width=\"25%\"><\/td>\n<td width=\"25%\"><\/td>\n<\/tr>\n<\/tbody>\n<\/table>\n<h2>Actualit\u00e9s\u00a0Suzuki<\/h2>\n<ul class=\"lcp_catlist\" id=\"lcp_instance_0\"><li><a href=\"https:\/\/www.carideal.com\/blog\/2015\/03\/29\/suzuki-concept-i-m4\/\">Suzuki concept i-M4 \u00e0 Gen\u00e8ve<\/a><div class=\"lcp_excerpt\">Suzuki concept i-M4\nD\u00e9voil\u00e9 en premi\u00e8re mondiale \u00e0 Gen\u00e8ve, le concept-car IM-4 pr\u00e9figure le rempla\u00e7ant du Jimny. Une page se tourne donc chez Suzuki avec ce concept de format court (3,69 m) dont la version de s\u00e9rie, qui devrait \u00eatre lanc\u00e9e courant 2016, s&rsquo;aventurera sur les terres des petits SUV urbains : Ford EcoSport et futur ...<\/div><\/li><li><a href=\"https:\/\/www.carideal.com\/blog\/2015\/03\/11\/swift-swift-4x4-so-sexy\/\">Swift 4&#215;4 So Sexy<\/a><div class=\"lcp_excerpt\">Swift 4&#215;4 So Sexy\nAvec plus de 8 000 unit\u00e9s vendues en 2013, l&rsquo;\u00e9g\u00e9rie Suzuki semble avoir fait du march\u00e9 fran\u00e7ais son pr\u00e9 carr\u00e9 autour d&rsquo;une gamme en\u00adti\u00e8rement repens\u00e9e.\nV\u00e9ritable success story en Europe depuis 2005, La Swift est devenue un mod\u00e8le embl\u00e9matique de la Marque. Ce mod\u00e8le qui a su s\u00e9duire l&rsquo;en\u00adsemble des conducteurs, hommes ou ...<\/div><\/li><li><a href=\"https:\/\/www.carideal.com\/blog\/2013\/12\/23\/suzuki-iv4-concept-car\/\">Suzuki iV4 Concept Car<\/a><div class=\"lcp_excerpt\">Suzuki iV4 Concept Car\nOn se souvient que le pr\u00e9c\u00e9dent concept car de Suzuki, le S-Cross pr\u00e9sent\u00e9 au salon de Paris fait maintenant partie de la Gamme sous le nom de SX4 S-Cross (au format de 4.30 m). Suzuki a pr\u00e9sent\u00e9 au salon de Francfort son concept car iV-4 d&rsquo;un format plus petit, 4.21 m, soit ...<\/div><\/li><li><a href=\"https:\/\/www.carideal.com\/blog\/2013\/11\/09\/bienvenu-au-suzuki-sx-4-s-cross\/\">Bienvenu au Suzuki SX 4 S-Cross<\/a><div class=\"lcp_excerpt\">\nBienvenu au Suzuki SX-4 S-Cross\n\nBienvenu au Suzuki SX-4 S-Cross. Elle est en vente dans les concessions depuis Septembre, le client a le choix entre un moteur \u00e0 essence ou de diesel de 120 ch chacun et \u00e0 partir de 20000 \u20ac.\nCe nouveau SX4 est plus long de 15 cm \u00e0 4.30m. le Volume de son ...<\/div><\/li><li><a href=\"https:\/\/www.carideal.com\/blog\/2013\/09\/04\/suzuki-grand-vitara-suv-4x4-achat-doccasion\/\">Suzuki Grand Vitara d&rsquo;occasion<\/a><div class=\"lcp_excerpt\">Guide d&rsquo;achat\u00a0du\u00a0Suzuki Grand Vitara d&rsquo;occasion\nM\u00eame si le Suzuki Grand Vitara d&rsquo;occasion poss\u00e8de de r\u00e9elles aptitudes en tous chemins, car il est le dernier \u00e0 \u00eatre \u00e9quip\u00e9 d&rsquo;une boite de transfert et de diff\u00e9rentiel avant et arri\u00e8re, il n&rsquo;en reste pas moins d\u00e9pass\u00e9.\nLe Suzuki Grand Vitara d&rsquo;occasion\u00a0est confortable certes mais son comportement routier n&rsquo;est plus conforme ...<\/div><\/li><li><a href=\"https:\/\/www.carideal.com\/blog\/2013\/07\/16\/nouveau-suzuki-sx4-s-cross\/\">Nouveau Suzuki SX4 S-CROSS<\/a><div class=\"lcp_excerpt\">Nouveau Suzuki SX4 S-CROSS\nSuzuki SX4 S-CROSS\nSuzuki\u00a0fait \u00e9voluer son SX4 S-Cross et le marque d\u00e9finitivement plus SUV, cat\u00e9gorie qui a la cote en ce moment. Ce nouveau SX4 S-CROSS sera \u00e9quip\u00e9 d&rsquo;une nouvelle transmission 4&#215;4 non permanente qui mettra en action les roues arri\u00e8res en fonction de l&rsquo;adh\u00e9rence et proposera quatre mode de fonctionnement Automatique, Snow, ...<\/div><\/li><li><a href=\"https:\/\/www.carideal.com\/blog\/2012\/09\/05\/suzuki-splash-2013-en-video\/\">Suzuki Splash 2013 en Vid\u00e9o<\/a><div class=\"lcp_excerpt\">Suzuki Splash 2013 en vid\u00e9o\nLa\u00a0Suzuki Splash 2013 est une mini voiture\u00a0solide et spacieuse mais il subi\u00a0maintenant la concurrence des\u00a0voitures plus r\u00e9centes. D\u00e9j\u00e0 appeler sa voiture \u00e9claboussure (Splash en Anglais)&#8230; c&rsquo;est pas vendeur !\nLe Suzuki Splash et sa voiture s\u0153ur, l&rsquo;Opel Agila, sont tous deux caract\u00e9ris\u00e9s par leurs toits \u00e9lev\u00e9s. La raison derri\u00e8re ce style est ...<\/div><\/li><li><a href=\"https:\/\/www.carideal.com\/blog\/2012\/06\/29\/suzuki-swift\/\">Suzuki Swift Little Marcel<\/a><div class=\"lcp_excerpt\">Suzuki Swift Little Marcel\nSuzuki commercialise une nouvelle s\u00e9rie sp\u00e9ciale de sa Swift. Bas\u00e9 sur la GLK et pour 300 \u20ac de plus, la Suzuki Swift\u00a0Little Marcel voit des nouveaux \u00e9quipements arriv\u00e9s ( peinture m\u00e9tallis\u00e9e, d\u00e9coration sp\u00e9cifique sur le toit et les portes bagages et surtapis assortis), soit un avantage client de 700\u20ac. En fusionnant \u00e0 ...<\/div><\/li><li><a href=\"https:\/\/www.carideal.com\/blog\/2010\/06\/10\/la-nouvelle-suzuki-swift\/\">Nouvelle Suzuki Swift 2010 les changements<\/a><div class=\"lcp_excerpt\">La nouvelle Suzuki Swift 2010\nLe constructeur Suzuki proposera deux \u00ab\u00a0nouveaux\u00a0\u00bb moteurs, d\u00e8s le lancement de la voiture \u00e0 l&rsquo;automne prochain. C\u00f4t\u00e9 essence l&rsquo;ancien 1.3 litre essence de 92 ch a \u00e9t\u00e9 remani\u00e9 -r\u00e9duction de la cylindr\u00e9e et int\u00e9gration du calage variable de la distribution \u00e0 l&rsquo;admission et \u00e0 l&rsquo;\u00e9chappement- R\u00e9sultat: puissance (94 ch) et couple ...<\/div><\/li><\/ul>\n<p><a href=\"http:\/\/www.carideal.com\/blog\/constructeur\/suzuki\/\">TOUTES\u00a0LES\u00a0ACTUALIT\u00c9S\u00a0SUZUKI<\/a><\/p>\n<h2>Essais\u00a0Suzuki<\/h2>\n<ul class=\"lcp_catlist\" id=\"lcp_instance_0\"><li><a href=\"https:\/\/www.carideal.com\/blog\/2013\/11\/09\/bienvenu-au-suzuki-sx-4-s-cross\/\">Bienvenu au Suzuki SX 4 S-Cross<\/a><div class=\"lcp_excerpt\">\nBienvenu au Suzuki SX-4 S-Cross\n\nBienvenu au Suzuki SX-4 S-Cross. Elle est en vente dans les concessions depuis Septembre, le client a le choix entre un moteur \u00e0 essence ou de diesel de 120 ch chacun et \u00e0 partir de 20000 \u20ac.\nCe nouveau SX4 est plus long de 15 cm \u00e0 4.30m. le Volume de son ...<\/div><\/li><li><a href=\"https:\/\/www.carideal.com\/blog\/2013\/09\/04\/suzuki-grand-vitara-suv-4x4-achat-doccasion\/\">Suzuki Grand Vitara d&rsquo;occasion<\/a><div class=\"lcp_excerpt\">Guide d&rsquo;achat\u00a0du\u00a0Suzuki Grand Vitara d&rsquo;occasion\nM\u00eame si le Suzuki Grand Vitara d&rsquo;occasion poss\u00e8de de r\u00e9elles aptitudes en tous chemins, car il est le dernier \u00e0 \u00eatre \u00e9quip\u00e9 d&rsquo;une boite de transfert et de diff\u00e9rentiel avant et arri\u00e8re, il n&rsquo;en reste pas moins d\u00e9pass\u00e9.\nLe Suzuki Grand Vitara d&rsquo;occasion\u00a0est confortable certes mais son comportement routier n&rsquo;est plus conforme ...<\/div><\/li><li><a href=\"https:\/\/www.carideal.com\/blog\/2012\/09\/05\/suzuki-splash-2013-en-video\/\">Suzuki Splash 2013 en Vid\u00e9o<\/a><div class=\"lcp_excerpt\">Suzuki Splash 2013 en vid\u00e9o\nLa\u00a0Suzuki Splash 2013 est une mini voiture\u00a0solide et spacieuse mais il subi\u00a0maintenant la concurrence des\u00a0voitures plus r\u00e9centes. D\u00e9j\u00e0 appeler sa voiture \u00e9claboussure (Splash en Anglais)&#8230; c&rsquo;est pas vendeur !\nLe Suzuki Splash et sa voiture s\u0153ur, l&rsquo;Opel Agila, sont tous deux caract\u00e9ris\u00e9s par leurs toits \u00e9lev\u00e9s. La raison derri\u00e8re ce style est ...<\/div><\/li><\/ul>\n<p><a href=\"http:\/\/www.carideal.com\/blog\/essai\/essais-suzuki\/\">TOUS\u00a0LES\u00a0ESSAIS\u00a0SUZUKI<\/a><\/p>\n","protected":false},"excerpt":{"rendered":"<p>SUZUKI Infos sur\u00a0Suzuki Actualit\u00e9 Essais Voiture d&rsquo;occasion Voiture neuve Prix du neuf Guide d&rsquo;achat Parmi toutes les marques prestigieuses, Carideal.com se devait de mettre en avant Suzuki. Vous trouvrez sur notre site web les informations sur la marque Suzuki\u00a0et ses mod\u00e8les. Vous trouvrez les diff\u00e9rents essais, les actualit\u00e9s et fiches techniques de la marque Suzuki\u00a0ainsi &#8230; <a title=\"SUZUKI &#8211; Actualit\u00e9 essais neuve et occasion\" class=\"read-more\" href=\"https:\/\/www.carideal.com\/blog\/marque-de-voiture-actualites-essais\/suzuki\/\" aria-label=\"En savoir plus sur SUZUKI &#8211; Actualit\u00e9 essais neuve et occasion\">Lire plus<\/a><\/p>\n","protected":false},"author":3,"featured_media":0,"parent":13389,"menu_order":0,"comment_status":"closed","ping_status":"closed","template":"","meta":{"_uag_custom_page_level_css":"","_themeisle_gutenberg_block_has_review":false,"footnotes":""},"class_list":["post-15026","page","type-page","status-publish"],"wppr_data":{"cwp_meta_box_check":"No"},"yoast_head":"<!-- This site is optimized with the Yoast SEO plugin v24.8.1 - https:\/\/yoast.com\/wordpress\/plugins\/seo\/ -->\n<title>SUZUKI - Actualit\u00e9 essais neuve et occasion - Blog auto Carid\u00e9al<\/title>\n<meta name=\"description\" content=\"Parmi toutes les marques prestigieuses, Carideal.com se devait de mettre en avant Suzuki. Vous trouvrez sur notre site web les informations sur la marque\" \/>\n<meta name=\"robots\" content=\"index, follow, max-snippet:-1, max-image-preview:large, max-video-preview:-1\" \/>\n<link rel=\"canonical\" href=\"https:\/\/www.carideal.com\/blog\/marque-de-voiture-actualites-essais\/suzuki\/\" \/>\n<meta property=\"og:locale\" content=\"fr_FR\" \/>\n<meta property=\"og:type\" content=\"article\" \/>\n<meta property=\"og:title\" content=\"SUZUKI - Actualit\u00e9 essais neuve et occasion - Blog auto Carid\u00e9al\" \/>\n<meta property=\"og:description\" content=\"Parmi toutes les marques prestigieuses, Carideal.com se devait de mettre en avant Suzuki. Vous trouvrez sur notre site web les informations sur la marque\" \/>\n<meta property=\"og:url\" content=\"https:\/\/www.carideal.com\/blog\/marque-de-voiture-actualites-essais\/suzuki\/\" \/>\n<meta property=\"og:site_name\" content=\"Blog auto Carid\u00e9al\" \/>\n<meta property=\"article:publisher\" content=\"https:\/\/www.facebook.com\/Carideal.mandataire.automobile\" \/>\n<meta property=\"article:modified_time\" content=\"2020-03-07T15:30:36+00:00\" \/>\n<meta property=\"og:image\" content=\"http:\/\/www.carideal.com\/blog\/wp-content\/uploads\/2012\/09\/suzuki-splash-2013-1-e1485507115260.jpg\" \/>\n<meta name=\"twitter:card\" content=\"summary_large_image\" \/>\n<meta name=\"twitter:site\" content=\"@caridealauto\" \/>\n<meta name=\"twitter:label1\" content=\"Dur\u00e9e de lecture estim\u00e9e\" \/>\n\t<meta name=\"twitter:data1\" content=\"1 minute\" \/>\n<script type=\"application\/ld+json\" class=\"yoast-schema-graph\">{\"@context\":\"https:\/\/schema.org\",\"@graph\":[{\"@type\":\"WebPage\",\"@id\":\"https:\/\/www.carideal.com\/blog\/marque-de-voiture-actualites-essais\/suzuki\/\",\"url\":\"https:\/\/www.carideal.com\/blog\/marque-de-voiture-actualites-essais\/suzuki\/\",\"name\":\"SUZUKI - Actualit\u00e9 essais neuve et occasion - Blog auto Carid\u00e9al\",\"isPartOf\":{\"@id\":\"https:\/\/www.carideal.com\/blog\/#website\"},\"primaryImageOfPage\":{\"@id\":\"https:\/\/www.carideal.com\/blog\/marque-de-voiture-actualites-essais\/suzuki\/#primaryimage\"},\"image\":{\"@id\":\"https:\/\/www.carideal.com\/blog\/marque-de-voiture-actualites-essais\/suzuki\/#primaryimage\"},\"thumbnailUrl\":\"http:\/\/www.carideal.com\/blog\/wp-content\/uploads\/2012\/09\/suzuki-splash-2013-1-e1485507115260.jpg\",\"datePublished\":\"2017-01-27T08:55:11+00:00\",\"dateModified\":\"2020-03-07T15:30:36+00:00\",\"description\":\"Parmi toutes les marques prestigieuses, Carideal.com se devait de mettre en avant Suzuki. Vous trouvrez sur notre site web les informations sur la marque\",\"breadcrumb\":{\"@id\":\"https:\/\/www.carideal.com\/blog\/marque-de-voiture-actualites-essais\/suzuki\/#breadcrumb\"},\"inLanguage\":\"fr-FR\",\"potentialAction\":[{\"@type\":\"ReadAction\",\"target\":[\"https:\/\/www.carideal.com\/blog\/marque-de-voiture-actualites-essais\/suzuki\/\"]}]},{\"@type\":\"ImageObject\",\"inLanguage\":\"fr-FR\",\"@id\":\"https:\/\/www.carideal.com\/blog\/marque-de-voiture-actualites-essais\/suzuki\/#primaryimage\",\"url\":\"http:\/\/www.carideal.com\/blog\/wp-content\/uploads\/2012\/09\/suzuki-splash-2013-1-e1485507115260.jpg\",\"contentUrl\":\"http:\/\/www.carideal.com\/blog\/wp-content\/uploads\/2012\/09\/suzuki-splash-2013-1-e1485507115260.jpg\"},{\"@type\":\"BreadcrumbList\",\"@id\":\"https:\/\/www.carideal.com\/blog\/marque-de-voiture-actualites-essais\/suzuki\/#breadcrumb\",\"itemListElement\":[{\"@type\":\"ListItem\",\"position\":1,\"name\":\"Blog Carid\u00e9al\",\"item\":\"https:\/\/www.carideal.com\/blog\/\"},{\"@type\":\"ListItem\",\"position\":2,\"name\":\"Marque de voiture\",\"item\":\"https:\/\/www.carideal.com\/blog\/marque-de-voiture-actualites-essais\/\"},{\"@type\":\"ListItem\",\"position\":3,\"name\":\"SUZUKI &#8211; Actualit\u00e9 essais neuve et occasion\"}]},{\"@type\":\"WebSite\",\"@id\":\"https:\/\/www.carideal.com\/blog\/#website\",\"url\":\"https:\/\/www.carideal.com\/blog\/\",\"name\":\"Blog auto Carid\u00e9al\",\"description\":\"Actualit\u00e9 auto par des passionn\u00e9s\",\"publisher\":{\"@id\":\"https:\/\/www.carideal.com\/blog\/#organization\"},\"potentialAction\":[{\"@type\":\"SearchAction\",\"target\":{\"@type\":\"EntryPoint\",\"urlTemplate\":\"https:\/\/www.carideal.com\/blog\/?s={search_term_string}\"},\"query-input\":{\"@type\":\"PropertyValueSpecification\",\"valueRequired\":true,\"valueName\":\"search_term_string\"}}],\"inLanguage\":\"fr-FR\"},{\"@type\":\"Organization\",\"@id\":\"https:\/\/www.carideal.com\/blog\/#organization\",\"name\":\"Carideal\",\"url\":\"https:\/\/www.carideal.com\/blog\/\",\"logo\":{\"@type\":\"ImageObject\",\"inLanguage\":\"fr-FR\",\"@id\":\"https:\/\/www.carideal.com\/blog\/#\/schema\/logo\/image\/\",\"url\":\"http:\/\/www.carideal.com\/blog\/wp-content\/uploads\/2016\/03\/logo-carideal-mandataire-automobile.png\",\"contentUrl\":\"http:\/\/www.carideal.com\/blog\/wp-content\/uploads\/2016\/03\/logo-carideal-mandataire-automobile.png\",\"width\":300,\"height\":300,\"caption\":\"Carideal\"},\"image\":{\"@id\":\"https:\/\/www.carideal.com\/blog\/#\/schema\/logo\/image\/\"},\"sameAs\":[\"https:\/\/www.facebook.com\/Carideal.mandataire.automobile\",\"https:\/\/x.com\/caridealauto\",\"https:\/\/www.instagram.com\/carideal1\/\",\"https:\/\/www.linkedin.com\/company\/carideal.com\",\"https:\/\/fr.pinterest.com\/schiavonsas\/\",\"https:\/\/www.youtube.com\/user\/caridealsas\"]}]}<\/script>\n<!-- \/ Yoast SEO plugin. -->","yoast_head_json":{"title":"SUZUKI - Actualit\u00e9 essais neuve et occasion - Blog auto Carid\u00e9al","description":"Parmi toutes les marques prestigieuses, Carideal.com se devait de mettre en avant Suzuki. Vous trouvrez sur notre site web les informations sur la marque","robots":{"index":"index","follow":"follow","max-snippet":"max-snippet:-1","max-image-preview":"max-image-preview:large","max-video-preview":"max-video-preview:-1"},"canonical":"https:\/\/www.carideal.com\/blog\/marque-de-voiture-actualites-essais\/suzuki\/","og_locale":"fr_FR","og_type":"article","og_title":"SUZUKI - Actualit\u00e9 essais neuve et occasion - Blog auto Carid\u00e9al","og_description":"Parmi toutes les marques prestigieuses, Carideal.com se devait de mettre en avant Suzuki. Vous trouvrez sur notre site web les informations sur la marque","og_url":"https:\/\/www.carideal.com\/blog\/marque-de-voiture-actualites-essais\/suzuki\/","og_site_name":"Blog auto Carid\u00e9al","article_publisher":"https:\/\/www.facebook.com\/Carideal.mandataire.automobile","article_modified_time":"2020-03-07T15:30:36+00:00","og_image":[{"url":"http:\/\/www.carideal.com\/blog\/wp-content\/uploads\/2012\/09\/suzuki-splash-2013-1-e1485507115260.jpg","type":"","width":"","height":""}],"twitter_card":"summary_large_image","twitter_site":"@caridealauto","twitter_misc":{"Dur\u00e9e de lecture estim\u00e9e":"1 minute"},"schema":{"@context":"https:\/\/schema.org","@graph":[{"@type":"WebPage","@id":"https:\/\/www.carideal.com\/blog\/marque-de-voiture-actualites-essais\/suzuki\/","url":"https:\/\/www.carideal.com\/blog\/marque-de-voiture-actualites-essais\/suzuki\/","name":"SUZUKI - Actualit\u00e9 essais neuve et occasion - Blog auto Carid\u00e9al","isPartOf":{"@id":"https:\/\/www.carideal.com\/blog\/#website"},"primaryImageOfPage":{"@id":"https:\/\/www.carideal.com\/blog\/marque-de-voiture-actualites-essais\/suzuki\/#primaryimage"},"image":{"@id":"https:\/\/www.carideal.com\/blog\/marque-de-voiture-actualites-essais\/suzuki\/#primaryimage"},"thumbnailUrl":"http:\/\/www.carideal.com\/blog\/wp-content\/uploads\/2012\/09\/suzuki-splash-2013-1-e1485507115260.jpg","datePublished":"2017-01-27T08:55:11+00:00","dateModified":"2020-03-07T15:30:36+00:00","description":"Parmi toutes les marques prestigieuses, Carideal.com se devait de mettre en avant Suzuki. Vous trouvrez sur notre site web les informations sur la marque","breadcrumb":{"@id":"https:\/\/www.carideal.com\/blog\/marque-de-voiture-actualites-essais\/suzuki\/#breadcrumb"},"inLanguage":"fr-FR","potentialAction":[{"@type":"ReadAction","target":["https:\/\/www.carideal.com\/blog\/marque-de-voiture-actualites-essais\/suzuki\/"]}]},{"@type":"ImageObject","inLanguage":"fr-FR","@id":"https:\/\/www.carideal.com\/blog\/marque-de-voiture-actualites-essais\/suzuki\/#primaryimage","url":"http:\/\/www.carideal.com\/blog\/wp-content\/uploads\/2012\/09\/suzuki-splash-2013-1-e1485507115260.jpg","contentUrl":"http:\/\/www.carideal.com\/blog\/wp-content\/uploads\/2012\/09\/suzuki-splash-2013-1-e1485507115260.jpg"},{"@type":"BreadcrumbList","@id":"https:\/\/www.carideal.com\/blog\/marque-de-voiture-actualites-essais\/suzuki\/#breadcrumb","itemListElement":[{"@type":"ListItem","position":1,"name":"Blog Carid\u00e9al","item":"https:\/\/www.carideal.com\/blog\/"},{"@type":"ListItem","position":2,"name":"Marque de voiture","item":"https:\/\/www.carideal.com\/blog\/marque-de-voiture-actualites-essais\/"},{"@type":"ListItem","position":3,"name":"SUZUKI &#8211; Actualit\u00e9 essais neuve et occasion"}]},{"@type":"WebSite","@id":"https:\/\/www.carideal.com\/blog\/#website","url":"https:\/\/www.carideal.com\/blog\/","name":"Blog auto Carid\u00e9al","description":"Actualit\u00e9 auto par des passionn\u00e9s","publisher":{"@id":"https:\/\/www.carideal.com\/blog\/#organization"},"potentialAction":[{"@type":"SearchAction","target":{"@type":"EntryPoint","urlTemplate":"https:\/\/www.carideal.com\/blog\/?s={search_term_string}"},"query-input":{"@type":"PropertyValueSpecification","valueRequired":true,"valueName":"search_term_string"}}],"inLanguage":"fr-FR"},{"@type":"Organization","@id":"https:\/\/www.carideal.com\/blog\/#organization","name":"Carideal","url":"https:\/\/www.carideal.com\/blog\/","logo":{"@type":"ImageObject","inLanguage":"fr-FR","@id":"https:\/\/www.carideal.com\/blog\/#\/schema\/logo\/image\/","url":"http:\/\/www.carideal.com\/blog\/wp-content\/uploads\/2016\/03\/logo-carideal-mandataire-automobile.png","contentUrl":"http:\/\/www.carideal.com\/blog\/wp-content\/uploads\/2016\/03\/logo-carideal-mandataire-automobile.png","width":300,"height":300,"caption":"Carideal"},"image":{"@id":"https:\/\/www.carideal.com\/blog\/#\/schema\/logo\/image\/"},"sameAs":["https:\/\/www.facebook.com\/Carideal.mandataire.automobile","https:\/\/x.com\/caridealauto","https:\/\/www.instagram.com\/carideal1\/","https:\/\/www.linkedin.com\/company\/carideal.com","https:\/\/fr.pinterest.com\/schiavonsas\/","https:\/\/www.youtube.com\/user\/caridealsas"]}]}},"uagb_featured_image_src":{"full":false,"thumbnail":false,"medium":false,"medium_large":false,"large":false,"1536x1536":false,"2048x2048":false,"wppr-widget":false},"uagb_author_info":{"display_name":"Nicolas SCHIAVON","author_link":"https:\/\/www.carideal.com\/blog\/author\/nschiavon\/"},"uagb_comment_info":0,"uagb_excerpt":"SUZUKI Infos sur\u00a0Suzuki Actualit\u00e9 Essais Voiture d'occasion Voiture neuve Prix du neuf Guide d'achat Parmi toutes les marques prestigieuses, Carideal.com se devait de mettre en avant Suzuki. Vous trouvrez sur notre site web les informations sur la marque Suzuki\u00a0et ses mod\u00e8les. Vous trouvrez les diff\u00e9rents essais, les actualit\u00e9s et fiches techniques de la marque Suzuki\u00a0ainsi\u2026","_links":{"self":[{"href":"https:\/\/www.carideal.com\/blog\/wp-json\/wp\/v2\/pages\/15026"}],"collection":[{"href":"https:\/\/www.carideal.com\/blog\/wp-json\/wp\/v2\/pages"}],"about":[{"href":"https:\/\/www.carideal.com\/blog\/wp-json\/wp\/v2\/types\/page"}],"author":[{"embeddable":true,"href":"https:\/\/www.carideal.com\/blog\/wp-json\/wp\/v2\/users\/3"}],"replies":[{"embeddable":true,"href":"https:\/\/www.carideal.com\/blog\/wp-json\/wp\/v2\/comments?post=15026"}],"version-history":[{"count":0,"href":"https:\/\/www.carideal.com\/blog\/wp-json\/wp\/v2\/pages\/15026\/revisions"}],"up":[{"embeddable":true,"href":"https:\/\/www.carideal.com\/blog\/wp-json\/wp\/v2\/pages\/13389"}],"wp:attachment":[{"href":"https:\/\/www.carideal.com\/blog\/wp-json\/wp\/v2\/media?parent=15026"}],"curies":[{"name":"wp","href":"https:\/\/api.w.org\/{rel}","templated":true}]}}