{"id":14398,"date":"2016-12-28T11:03:06","date_gmt":"2016-12-28T10:03:06","guid":{"rendered":"http:\/\/www.carideal.com\/blog\/?page_id=14398"},"modified":"2024-01-24T10:56:10","modified_gmt":"2024-01-24T09:56:10","slug":"volkswagen","status":"publish","type":"page","link":"https:\/\/www.carideal.com\/blog\/marque-de-voiture-actualites-essais\/volkswagen\/","title":{"rendered":"VOLKSWAGEN &#8211; Actualit\u00e9 essais neuve et occasion"},"content":{"rendered":"\n<h2 class=\"wp-block-heading\"><strong>VOLKSWAGEN<\/strong><\/h2>\n\n\n\n<figure class=\"wp-block-table is-style-stripes\"><table><tbody><tr><td><a href=\"http:\/\/www.carideal.com\/blog\/marque-de-voiture-actualites-essais\/volkswagen\/\">Infos sur&nbsp;Volkswagen<\/a><\/td><td><a href=\"http:\/\/www.carideal.com\/blog\/constructeur\/volkswagen\/\">Actualit\u00e9<\/a><\/td><td><a href=\"http:\/\/www.carideal.com\/blog\/essai\/volkswagen-essai\/\">Essais<\/a><\/td><td>Voiture d'occasion<\/td><td>Voiture neuve<\/td><td>Mandataire Volkswagen<\/td><td>Guide d'achat<\/td><\/tr><\/tbody><\/table><\/figure>\n\n\n\n<p>Parmi toutes les marques prestigieuses, Carideal.com se devait de mettre en avant Volkswagen. Vous trouvrez sur notre site web les informations sur la marque Volkswagen&nbsp;et ses mod\u00e8les. Vous trouvrez les diff\u00e9rents essais, les actualit\u00e9s et fiches techniques de la marque Volkswagen&nbsp;ainsi que les annonces auto de la marque Volkswagen. Nous mettrons tout en oeuvre pour vous donner le maximum d'informations sur la marque Volkswagen.<\/p>\n\n\n\n<h2 class=\"wp-block-heading\">Liste des mod\u00e8les&nbsp;Volkswagen<\/h2>\n\n\n\n<figure class=\"wp-block-table is-style-stripes\"><table><tbody><tr><td>&nbsp;<\/td><td>&nbsp;<\/td><td>&nbsp;<\/td><\/tr><tr><td>&nbsp;Volkswagen Amarok<\/td><td>&nbsp;Volkswagen Atlas<\/td><td>&nbsp;Volkswagen Bora<\/td><td>&nbsp;Volkswagen Caddy<\/td><\/tr><tr><td>&nbsp;<\/td><td>&nbsp;<\/td><\/tr><tr><td>Volkswagen Caddy Maxi<\/td><td>&nbsp;Volkswagen California<\/td><td>&nbsp;Volkswagen Caravelle<\/td><td>&nbsp;Volkswagen Cc<\/td><\/tr><tr><td>&nbsp;<\/td><td>&nbsp;<\/td><\/tr><tr><td>Volkswagen Coccinelle<\/td><td>&nbsp;Volkswagen Coccinelle Cabriolet<\/td><td>&nbsp;Volkswagen Combi<\/td><td>&nbsp;Volkswagen Corrado<\/td><\/tr><tr><td>&nbsp;<\/td><td>&nbsp;<\/td><td>&nbsp;<\/td><\/tr><tr><td>&nbsp;Volkswagen Crafter<\/td><td>&nbsp;Volkswagen Cross Caddy<\/td><td>\u00a0Volkswagen Cross Golf<\/td><td>&nbsp;Volkswagen CrossTouran<\/td><\/tr><tr><td>&nbsp;<\/td><td>&nbsp;<\/td><\/tr><tr><td>&nbsp;Volkswagen CrossUp<\/td><td>&nbsp;Volkswagen Crosspolo<\/td><td>&nbsp;Volkswagen E-Golf<\/td><td>&nbsp;Volkswagen Eos<\/td><\/tr><tr><td>&nbsp;<\/td><td>\n<\/td><\/tr><\/tbody><\/table><\/figure>\n\n\n<div class=\"wp-block-image\">\n<figure class=\"aligncenter\"><img loading=\"lazy\" decoding=\"async\" width=\"200\" height=\"150\" src=\"http:\/\/www.carideal.com\/blog\/wp-content\/uploads\/2016\/12\/volkswagen-golf-7-carideal-mandataire-automobile-e1482919285248.jpg\" alt=\"Volkswagen Golf\" class=\"wp-image-14399\"\/><figcaption class=\"wp-element-caption\"><a href=\"https:\/\/www.carideal.com\/blog\/marque-de-voiture-actualites-essais\/volkswagen\/golf\/\">Volkswagen Golf<\/a><\/figcaption><\/figure><\/div>\n\n\n<p> <\/p>\n\n\n\n<figure class=\"wp-block-image\"><a href=\"http:\/\/www.carideal.com\/blog\/wp-content\/uploads\/2016\/12\/volkswagen-1-e1512807793959.jpg\"><img loading=\"lazy\" decoding=\"async\" width=\"200\" height=\"122\" src=\"http:\/\/www.carideal.com\/blog\/wp-content\/uploads\/2016\/12\/volkswagen-1-e1512807793959.jpg\" alt=\"Volkswagen Arteon\" class=\"wp-image-16681\"\/><\/a><\/figure>\n\n\n\n<h2 class=\"wp-block-heading\">Actualit\u00e9s&nbsp;Volkswagen<\/h2>\n\n\n<ul class=\"wp-block-latest-posts__list is-grid columns-3 wp-block-latest-posts\"><li><div class=\"wp-block-latest-posts__featured-image\"><img loading=\"lazy\" decoding=\"async\" width=\"300\" height=\"200\" src=\"https:\/\/www.carideal.com\/blog\/wp-content\/uploads\/2025\/03\/volkswagen-id-every-1-2025-concept-1-300x200.jpg\" class=\"attachment-medium size-medium wp-post-image\" alt=\"Volkswagen ID.Every1 (2025) : la nouvelle citadine \u00e9lectrique pr\u00eate \u00e0 d\u00e9tr\u00f4ner la Twingo\" style=\"\" srcset=\"https:\/\/www.carideal.com\/blog\/wp-content\/uploads\/2025\/03\/volkswagen-id-every-1-2025-concept-1-300x200.jpg 300w, https:\/\/www.carideal.com\/blog\/wp-content\/uploads\/2025\/03\/volkswagen-id-every-1-2025-concept-1-1024x683.jpg 1024w, https:\/\/www.carideal.com\/blog\/wp-content\/uploads\/2025\/03\/volkswagen-id-every-1-2025-concept-1-768x513.jpg 768w, https:\/\/www.carideal.com\/blog\/wp-content\/uploads\/2025\/03\/volkswagen-id-every-1-2025-concept-1-50x33.jpg 50w, https:\/\/www.carideal.com\/blog\/wp-content\/uploads\/2025\/03\/volkswagen-id-every-1-2025-concept-1.jpg 1500w\" sizes=\"(max-width: 300px) 100vw, 300px\" \/><\/div><a class=\"wp-block-latest-posts__post-title\" href=\"https:\/\/www.carideal.com\/blog\/2025\/03\/08\/volkswagen-id-every1-2025-la-nouvelle-citadine-electrique-prete-a-detroner-la-twingo\/\">Volkswagen ID.Every1 2025 : la nouvelle citadine \u00e9lectrique pr\u00eate \u00e0 d\u00e9tr\u00f4ner la Twingo<\/a><\/li>\n<li><div class=\"wp-block-latest-posts__featured-image\"><img loading=\"lazy\" decoding=\"async\" width=\"300\" height=\"169\" src=\"https:\/\/www.carideal.com\/blog\/wp-content\/uploads\/2024\/04\/vw-passat-break-2024-300x169.jpg\" class=\"attachment-medium size-medium wp-post-image\" alt=\"VW Passat break\" style=\"\" srcset=\"https:\/\/www.carideal.com\/blog\/wp-content\/uploads\/2024\/04\/vw-passat-break-2024-300x169.jpg 300w, https:\/\/www.carideal.com\/blog\/wp-content\/uploads\/2024\/04\/vw-passat-break-2024-1024x576.jpg 1024w, https:\/\/www.carideal.com\/blog\/wp-content\/uploads\/2024\/04\/vw-passat-break-2024-768x432.jpg 768w, https:\/\/www.carideal.com\/blog\/wp-content\/uploads\/2024\/04\/vw-passat-break-2024-50x28.jpg 50w, https:\/\/www.carideal.com\/blog\/wp-content\/uploads\/2024\/04\/vw-passat-break-2024.jpg 1280w\" sizes=\"(max-width: 300px) 100vw, 300px\" \/><\/div><a class=\"wp-block-latest-posts__post-title\" href=\"https:\/\/www.carideal.com\/blog\/2024\/04\/07\/nouvelle-volkswagen-passat-2024-une-confiance-sage-en-skoda\/\">Nouvelle volkswagen passat 2024: une confiance sage en skoda<\/a><\/li>\n<li><div class=\"wp-block-latest-posts__featured-image\"><img loading=\"lazy\" decoding=\"async\" width=\"300\" height=\"191\" src=\"https:\/\/www.carideal.com\/blog\/wp-content\/uploads\/2024\/03\/passat-phev-2024-300x191.jpg\" class=\"attachment-medium size-medium wp-post-image\" alt=\"Nouvelle Volkswagen Passat PHEV 2024\" style=\"\" srcset=\"https:\/\/www.carideal.com\/blog\/wp-content\/uploads\/2024\/03\/passat-phev-2024-300x191.jpg 300w, https:\/\/www.carideal.com\/blog\/wp-content\/uploads\/2024\/03\/passat-phev-2024-1024x652.jpg 1024w, https:\/\/www.carideal.com\/blog\/wp-content\/uploads\/2024\/03\/passat-phev-2024-768x489.jpg 768w, https:\/\/www.carideal.com\/blog\/wp-content\/uploads\/2024\/03\/passat-phev-2024-50x32.jpg 50w, https:\/\/www.carideal.com\/blog\/wp-content\/uploads\/2024\/03\/passat-phev-2024.jpg 1500w\" sizes=\"(max-width: 300px) 100vw, 300px\" \/><\/div><a class=\"wp-block-latest-posts__post-title\" href=\"https:\/\/www.carideal.com\/blog\/2024\/04\/02\/nouvelle-volkswagen-passat-phev-2024\/\">Nouvelle Volkswagen Passat PHEV 2024 : l&#039;estate la plus polyvalente jamais produite par VW<\/a><\/li>\n<li><div class=\"wp-block-latest-posts__featured-image\"><img loading=\"lazy\" decoding=\"async\" width=\"300\" height=\"169\" src=\"https:\/\/www.carideal.com\/blog\/wp-content\/uploads\/2024\/01\/Volkswagen-Golf-2024-300x169.jpg\" class=\"attachment-medium size-medium wp-post-image\" alt=\"Volkswagen Golf Facelift 2024 : un style am\u00e9lior\u00e9 et une technologie avanc\u00e9e d\u00e9voil\u00e9s\" style=\"\" srcset=\"https:\/\/www.carideal.com\/blog\/wp-content\/uploads\/2024\/01\/Volkswagen-Golf-2024-300x169.jpg 300w, https:\/\/www.carideal.com\/blog\/wp-content\/uploads\/2024\/01\/Volkswagen-Golf-2024-1024x577.jpg 1024w, https:\/\/www.carideal.com\/blog\/wp-content\/uploads\/2024\/01\/Volkswagen-Golf-2024-768x433.jpg 768w, https:\/\/www.carideal.com\/blog\/wp-content\/uploads\/2024\/01\/Volkswagen-Golf-2024-50x28.jpg 50w, https:\/\/www.carideal.com\/blog\/wp-content\/uploads\/2024\/01\/Volkswagen-Golf-2024-110x62.jpg 110w, https:\/\/www.carideal.com\/blog\/wp-content\/uploads\/2024\/01\/Volkswagen-Golf-2024-420x237.jpg 420w, https:\/\/www.carideal.com\/blog\/wp-content\/uploads\/2024\/01\/Volkswagen-Golf-2024-770x430.jpg 770w, https:\/\/www.carideal.com\/blog\/wp-content\/uploads\/2024\/01\/Volkswagen-Golf-2024-763x430.jpg 763w, https:\/\/www.carideal.com\/blog\/wp-content\/uploads\/2024\/01\/Volkswagen-Golf-2024.jpg 1260w\" sizes=\"(max-width: 300px) 100vw, 300px\" \/><\/div><a class=\"wp-block-latest-posts__post-title\" href=\"https:\/\/www.carideal.com\/blog\/2024\/01\/27\/nouvelle-volkswagen-golf-2024-refonte-avec-un-design-ameliore-et-une-technologie-avancee\/\">Volkswagen Golf Facelift 2024 : un style am\u00e9lior\u00e9 et une technologie avanc\u00e9e d\u00e9voil\u00e9s<\/a><\/li>\n<li><div class=\"wp-block-latest-posts__featured-image\"><img loading=\"lazy\" decoding=\"async\" width=\"300\" height=\"169\" src=\"https:\/\/www.carideal.com\/blog\/wp-content\/uploads\/2024\/01\/nouvelle-volkswagen-golf-gti-2024-300x169.jpg\" class=\"attachment-medium size-medium wp-post-image\" alt=\"Volkswagen Golf GTI : \u00c9volution et Performance Red\u00e9finies\" style=\"\" srcset=\"https:\/\/www.carideal.com\/blog\/wp-content\/uploads\/2024\/01\/nouvelle-volkswagen-golf-gti-2024-300x169.jpg 300w, https:\/\/www.carideal.com\/blog\/wp-content\/uploads\/2024\/01\/nouvelle-volkswagen-golf-gti-2024-1024x576.jpg 1024w, https:\/\/www.carideal.com\/blog\/wp-content\/uploads\/2024\/01\/nouvelle-volkswagen-golf-gti-2024-768x432.jpg 768w, https:\/\/www.carideal.com\/blog\/wp-content\/uploads\/2024\/01\/nouvelle-volkswagen-golf-gti-2024-50x28.jpg 50w, https:\/\/www.carideal.com\/blog\/wp-content\/uploads\/2024\/01\/nouvelle-volkswagen-golf-gti-2024-110x62.jpg 110w, https:\/\/www.carideal.com\/blog\/wp-content\/uploads\/2024\/01\/nouvelle-volkswagen-golf-gti-2024-420x236.jpg 420w, https:\/\/www.carideal.com\/blog\/wp-content\/uploads\/2024\/01\/nouvelle-volkswagen-golf-gti-2024-770x430.jpg 770w, https:\/\/www.carideal.com\/blog\/wp-content\/uploads\/2024\/01\/nouvelle-volkswagen-golf-gti-2024-765x430.jpg 765w, https:\/\/www.carideal.com\/blog\/wp-content\/uploads\/2024\/01\/nouvelle-volkswagen-golf-gti-2024.jpg 1300w\" sizes=\"(max-width: 300px) 100vw, 300px\" \/><\/div><a class=\"wp-block-latest-posts__post-title\" href=\"https:\/\/www.carideal.com\/blog\/2024\/01\/24\/volkswagen-golf-gti-evolution-et-performance-redefinies\/\">Volkswagen Golf GTI : \u00c9volution et Performance Red\u00e9finies<\/a><\/li>\n<li><div class=\"wp-block-latest-posts__featured-image\"><img loading=\"lazy\" decoding=\"async\" width=\"300\" height=\"151\" src=\"https:\/\/www.carideal.com\/blog\/wp-content\/uploads\/2018\/09\/volkswagen-id-buzz-cargo-300x151.jpg\" class=\"attachment-medium size-medium wp-post-image\" alt=\"Volkswagen ID Buzz Cargo\" style=\"\" srcset=\"https:\/\/www.carideal.com\/blog\/wp-content\/uploads\/2018\/09\/volkswagen-id-buzz-cargo-300x151.jpg 300w, https:\/\/www.carideal.com\/blog\/wp-content\/uploads\/2018\/09\/volkswagen-id-buzz-cargo-768x386.jpg 768w, https:\/\/www.carideal.com\/blog\/wp-content\/uploads\/2018\/09\/volkswagen-id-buzz-cargo-1024x515.jpg 1024w, https:\/\/www.carideal.com\/blog\/wp-content\/uploads\/2018\/09\/volkswagen-id-buzz-cargo-50x25.jpg 50w, https:\/\/www.carideal.com\/blog\/wp-content\/uploads\/2018\/09\/volkswagen-id-buzz-cargo-110x55.jpg 110w, https:\/\/www.carideal.com\/blog\/wp-content\/uploads\/2018\/09\/volkswagen-id-buzz-cargo-420x211.jpg 420w, https:\/\/www.carideal.com\/blog\/wp-content\/uploads\/2018\/09\/volkswagen-id-buzz-cargo-770x387.jpg 770w, https:\/\/www.carideal.com\/blog\/wp-content\/uploads\/2018\/09\/volkswagen-id-buzz-cargo-e1537937573413.jpg 800w\" sizes=\"(max-width: 300px) 100vw, 300px\" \/><\/div><a class=\"wp-block-latest-posts__post-title\" href=\"https:\/\/www.carideal.com\/blog\/2018\/09\/26\/volkswagen-ajoute-id-buzz-cargo-a-la-famille-meb\/\">Volkswagen ID Buzz Cargo nouveau dans la famille MEB<\/a><\/li>\n<li><div class=\"wp-block-latest-posts__featured-image\"><img loading=\"lazy\" decoding=\"async\" width=\"300\" height=\"135\" src=\"https:\/\/www.carideal.com\/blog\/wp-content\/uploads\/2017\/10\/volkswagen-reseau-concessionnaire-300x135.jpg\" class=\"attachment-medium size-medium wp-post-image\" alt=\"Volkswagen veut r\u00e9duire la taille de son r\u00e9seau de concessionnaires et lancer la vente de voiture en ligne\" style=\"\" srcset=\"https:\/\/www.carideal.com\/blog\/wp-content\/uploads\/2017\/10\/volkswagen-reseau-concessionnaire-300x135.jpg 300w, https:\/\/www.carideal.com\/blog\/wp-content\/uploads\/2017\/10\/volkswagen-reseau-concessionnaire-768x346.jpg 768w, https:\/\/www.carideal.com\/blog\/wp-content\/uploads\/2017\/10\/volkswagen-reseau-concessionnaire-110x50.jpg 110w, https:\/\/www.carideal.com\/blog\/wp-content\/uploads\/2017\/10\/volkswagen-reseau-concessionnaire-420x189.jpg 420w, https:\/\/www.carideal.com\/blog\/wp-content\/uploads\/2017\/10\/volkswagen-reseau-concessionnaire-770x347.jpg 770w, https:\/\/www.carideal.com\/blog\/wp-content\/uploads\/2017\/10\/volkswagen-reseau-concessionnaire-50x23.jpg 50w, https:\/\/www.carideal.com\/blog\/wp-content\/uploads\/2017\/10\/volkswagen-reseau-concessionnaire-e1507662363158.jpg 800w\" sizes=\"(max-width: 300px) 100vw, 300px\" \/><\/div><a class=\"wp-block-latest-posts__post-title\" href=\"https:\/\/www.carideal.com\/blog\/2017\/10\/10\/volkswagen-veut-reduire-taille-reseau\/\">Volkswagen veut r\u00e9duire la taille du r\u00e9seau et lancer des ventes en ligne<\/a><\/li>\n<li><div class=\"wp-block-latest-posts__featured-image\"><img loading=\"lazy\" decoding=\"async\" width=\"215\" height=\"300\" src=\"https:\/\/www.carideal.com\/blog\/wp-content\/uploads\/2015\/11\/tdi-volkswagengate-215x300.jpg\" class=\"attachment-medium size-medium wp-post-image\" alt=\"Wolkswagengate rebondissement Co2 Nox et moteurs V6 3L diesel\" style=\"\" srcset=\"https:\/\/www.carideal.com\/blog\/wp-content\/uploads\/2015\/11\/tdi-volkswagengate-215x300.jpg 215w, https:\/\/www.carideal.com\/blog\/wp-content\/uploads\/2015\/11\/tdi-volkswagengate.jpg 400w\" sizes=\"(max-width: 215px) 100vw, 215px\" \/><\/div><a class=\"wp-block-latest-posts__post-title\" href=\"https:\/\/www.carideal.com\/blog\/2015\/11\/04\/volkswagengate-la-tricherie-concerne-aussi-les-moteurs-a-essence\/\">Volkswagengate maintenant les moteurs \u00e0 essence<\/a><\/li>\n<li><a class=\"wp-block-latest-posts__post-title\" href=\"https:\/\/www.carideal.com\/blog\/2015\/11\/03\/essai-nissan-qashqai-vs-volkswagen-tiguan\/\">Essai Nissan Qashqai VS Volkswagen Tiguan<\/a><\/li>\n<li><a class=\"wp-block-latest-posts__post-title\" href=\"https:\/\/www.carideal.com\/blog\/2015\/10\/24\/mamadou-repare-ta-volkswagen\/\">Mamadou r\u00e9pare ta Volkswagen !<\/a><\/li>\n<li><a class=\"wp-block-latest-posts__post-title\" href=\"https:\/\/www.carideal.com\/blog\/2015\/10\/21\/quand-lhumour-melange-la-double-actualite\/\">Retour vers le Futur avec Volkswagen<\/a><\/li>\n<li><a class=\"wp-block-latest-posts__post-title\" href=\"https:\/\/www.carideal.com\/blog\/2015\/10\/19\/volkswagen-aurait-developpe-plusieurs-versions-de-son-logiciel-de-trucage\/\">Volkswagen plusieurs logiciel de trucage<\/a><\/li>\n<li><a class=\"wp-block-latest-posts__post-title\" href=\"https:\/\/www.carideal.com\/blog\/2015\/10\/17\/les-impacts-de-laffaire-volkswagengate\/\">Volkswagengate les impacts de l&rsquo;affaire<\/a><\/li>\n<li><a class=\"wp-block-latest-posts__post-title\" href=\"https:\/\/www.carideal.com\/blog\/2015\/10\/12\/un-deuxieme-logiciel-de-trucage-chez-volkswagen\/\">Un deuxi\u00e8me logiciel de trucage chez Volkswagen ?<\/a><\/li>\n<li><a class=\"wp-block-latest-posts__post-title\" href=\"https:\/\/www.carideal.com\/blog\/2015\/10\/08\/le-volkswagengate-pourrait-couter-60-milliards-deuros-au-constructeur\/\">Co\u00fbt du Volkswagengate 60 Milliards d&rsquo;euros ?<\/a><\/li>\n<li><a class=\"wp-block-latest-posts__post-title\" href=\"https:\/\/www.carideal.com\/blog\/2015\/10\/04\/le-moteur-incrimine-dans-le-volkswagengate-ne-pouvait-pas-passer-les-normes\/\">Moteur TDI Volkswagen ne passait pas les normes<\/a><\/li>\n<li><a class=\"wp-block-latest-posts__post-title\" href=\"https:\/\/www.carideal.com\/blog\/2015\/10\/01\/segolene-royal-ministre-de-lecologie-va-demander-a-volkswagen-de-rembourser-les-aides-percues\/\">Bonus Volkswagen doit rembourser<\/a><\/li>\n<li><a class=\"wp-block-latest-posts__post-title\" href=\"https:\/\/www.carideal.com\/blog\/2015\/09\/29\/les-autorites-allemands-exigent-de-volkswagen-un-calendrier-pour-se-mettre-aux-normes\/\">Mise aux normes Volkswagen : le calendrier<\/a><\/li>\n<li><a class=\"wp-block-latest-posts__post-title\" href=\"https:\/\/www.carideal.com\/blog\/2015\/09\/28\/cest-bosch-qui-a-fournit-le-logiciel-de-trucage-a-volkswagen\/\">Bosch a fournit le logiciel de trucage Volkswagen<\/a><\/li>\n<li><a class=\"wp-block-latest-posts__post-title\" href=\"https:\/\/www.carideal.com\/blog\/2015\/09\/27\/volkswagen-toujours-pas-autorise-a-vendre-ses-moteurs-diesels-aux-etats-unis\/\">Pas de diesel Volkswagen 2016 aux Etats-Unis<\/a><\/li>\n<\/ul>\n\n\n<p><a href=\"http:\/\/www.carideal.com\/blog\/constructeur\/volkswagen\/\">TOUTES&nbsp;LES&nbsp;ACTUALIT\u00c9S&nbsp;VOLKSWAGEN<\/a><\/p>\n\n\n\n<h2 class=\"wp-block-heading\">Essais&nbsp;Volkswagen<\/h2>\n\n\n<ul class=\"wp-block-latest-posts__list is-grid columns-3 wp-block-latest-posts\"><li><div class=\"wp-block-latest-posts__featured-image\"><img loading=\"lazy\" decoding=\"async\" width=\"300\" height=\"163\" src=\"https:\/\/www.carideal.com\/blog\/wp-content\/uploads\/2020\/01\/volkswagen-t-roc-r-300-300x163.jpg\" class=\"attachment-medium size-medium wp-post-image\" alt=\"Avis nouveau Volkswagen T-Roc R 2020\" style=\"\" srcset=\"https:\/\/www.carideal.com\/blog\/wp-content\/uploads\/2020\/01\/volkswagen-t-roc-r-300-300x163.jpg 300w, https:\/\/www.carideal.com\/blog\/wp-content\/uploads\/2020\/01\/volkswagen-t-roc-r-300-768x416.jpg 768w, https:\/\/www.carideal.com\/blog\/wp-content\/uploads\/2020\/01\/volkswagen-t-roc-r-300-50x27.jpg 50w, https:\/\/www.carideal.com\/blog\/wp-content\/uploads\/2020\/01\/volkswagen-t-roc-r-300-110x60.jpg 110w, https:\/\/www.carideal.com\/blog\/wp-content\/uploads\/2020\/01\/volkswagen-t-roc-r-300-420x228.jpg 420w, https:\/\/www.carideal.com\/blog\/wp-content\/uploads\/2020\/01\/volkswagen-t-roc-r-300-770x417.jpg 770w, https:\/\/www.carideal.com\/blog\/wp-content\/uploads\/2020\/01\/volkswagen-t-roc-r-300-e1579780153881.jpg 600w\" sizes=\"(max-width: 300px) 100vw, 300px\" \/><\/div><a class=\"wp-block-latest-posts__post-title\" href=\"https:\/\/www.carideal.com\/blog\/2020\/01\/23\/avis-nouveau-volkswagen-t-roc-r-2020\/\">Avis nouveau Volkswagen T-Roc R 2020<\/a><\/li>\n<li><a class=\"wp-block-latest-posts__post-title\" href=\"https:\/\/www.carideal.com\/blog\/2015\/11\/03\/essai-nissan-qashqai-vs-volkswagen-tiguan\/\">Essai Nissan Qashqai VS Volkswagen Tiguan<\/a><\/li>\n<li><a class=\"wp-block-latest-posts__post-title\" href=\"https:\/\/www.carideal.com\/blog\/2015\/02\/11\/essai-nouvelle-volkswagen-passat-tdi-240-ch-biturbo-vs-mercedes-c250-bluetec-204-ch\/\">Nouvelle Volkswagen Passat SW TDI 240 Ch biturbo<\/a><\/li>\n<li><div class=\"wp-block-latest-posts__featured-image\"><img loading=\"lazy\" decoding=\"async\" width=\"300\" height=\"200\" src=\"https:\/\/www.carideal.com\/blog\/wp-content\/uploads\/2014\/11\/volkswagen-golf-R-2014-carideal-mandataire-automobile-300x200.jpg\" class=\"attachment-medium size-medium wp-post-image\" alt=\"Essai Volkswagen Golf R 2014\" style=\"\" srcset=\"https:\/\/www.carideal.com\/blog\/wp-content\/uploads\/2014\/11\/volkswagen-golf-R-2014-carideal-mandataire-automobile-300x200.jpg 300w, https:\/\/www.carideal.com\/blog\/wp-content\/uploads\/2014\/11\/volkswagen-golf-R-2014-carideal-mandataire-automobile-110x73.jpg 110w, https:\/\/www.carideal.com\/blog\/wp-content\/uploads\/2014\/11\/volkswagen-golf-R-2014-carideal-mandataire-automobile-420x280.jpg 420w, https:\/\/www.carideal.com\/blog\/wp-content\/uploads\/2014\/11\/volkswagen-golf-R-2014-carideal-mandataire-automobile-272x182.jpg 272w, https:\/\/www.carideal.com\/blog\/wp-content\/uploads\/2014\/11\/volkswagen-golf-R-2014-carideal-mandataire-automobile.jpg 600w\" sizes=\"(max-width: 300px) 100vw, 300px\" \/><\/div><a class=\"wp-block-latest-posts__post-title\" href=\"https:\/\/www.carideal.com\/blog\/2014\/11\/25\/volkswagen-golf-r-300-ch-2\/\">Essai Volkswagen Golf R 300 ch<\/a><\/li>\n<li><div class=\"wp-block-latest-posts__featured-image\"><img loading=\"lazy\" decoding=\"async\" width=\"300\" height=\"169\" src=\"https:\/\/www.carideal.com\/blog\/wp-content\/uploads\/2014\/11\/volkswagen-touareg-2014-carideal-mandataire-automobile-300x169.jpg\" class=\"attachment-medium size-medium wp-post-image\" alt=\"Volkswagen Touareg 2014\" style=\"\" srcset=\"https:\/\/www.carideal.com\/blog\/wp-content\/uploads\/2014\/11\/volkswagen-touareg-2014-carideal-mandataire-automobile-300x169.jpg 300w, https:\/\/www.carideal.com\/blog\/wp-content\/uploads\/2014\/11\/volkswagen-touareg-2014-carideal-mandataire-automobile-768x432.jpg 768w, https:\/\/www.carideal.com\/blog\/wp-content\/uploads\/2014\/11\/volkswagen-touareg-2014-carideal-mandataire-automobile-110x62.jpg 110w, https:\/\/www.carideal.com\/blog\/wp-content\/uploads\/2014\/11\/volkswagen-touareg-2014-carideal-mandataire-automobile-420x236.jpg 420w, https:\/\/www.carideal.com\/blog\/wp-content\/uploads\/2014\/11\/volkswagen-touareg-2014-carideal-mandataire-automobile-770x430.jpg 770w, https:\/\/www.carideal.com\/blog\/wp-content\/uploads\/2014\/11\/volkswagen-touareg-2014-carideal-mandataire-automobile-764x430.jpg 764w, https:\/\/www.carideal.com\/blog\/wp-content\/uploads\/2014\/11\/volkswagen-touareg-2014-carideal-mandataire-automobile.jpg 805w\" sizes=\"(max-width: 300px) 100vw, 300px\" \/><\/div><a class=\"wp-block-latest-posts__post-title\" href=\"https:\/\/www.carideal.com\/blog\/2014\/11\/16\/volkswagen-touareg-evolutions-en-douceur\/\">Volkswagen Touareg 2014 \u00e9volutions en douceur<\/a><\/li>\n<li><a class=\"wp-block-latest-posts__post-title\" href=\"https:\/\/www.carideal.com\/blog\/2014\/11\/15\/essai-volkswagen-polo-1-4-tdi\/\">Essai Volkswagen Polo 1.4 TDI<\/a><\/li>\n<li><div class=\"wp-block-latest-posts__featured-image\"><img loading=\"lazy\" decoding=\"async\" width=\"300\" height=\"199\" src=\"https:\/\/www.carideal.com\/blog\/wp-content\/uploads\/2014\/06\/vw-polo-2014-004-300x199.jpe\" class=\"attachment-medium size-medium wp-post-image\" alt=\"Volkswagen Polo 2014 : premier essai routier\" style=\"\" srcset=\"https:\/\/www.carideal.com\/blog\/wp-content\/uploads\/2014\/06\/vw-polo-2014-004-300x199.jpe 300w, https:\/\/www.carideal.com\/blog\/wp-content\/uploads\/2014\/06\/vw-polo-2014-004-768x509.jpe 768w, https:\/\/www.carideal.com\/blog\/wp-content\/uploads\/2014\/06\/vw-polo-2014-004-50x33.jpe 50w, https:\/\/www.carideal.com\/blog\/wp-content\/uploads\/2014\/06\/vw-polo-2014-004-110x73.jpe 110w, https:\/\/www.carideal.com\/blog\/wp-content\/uploads\/2014\/06\/vw-polo-2014-004-420x278.jpe 420w, https:\/\/www.carideal.com\/blog\/wp-content\/uploads\/2014\/06\/vw-polo-2014-004-649x430.jpe 649w, https:\/\/www.carideal.com\/blog\/wp-content\/uploads\/2014\/06\/vw-polo-2014-004-e1544650695479.jpe 800w\" sizes=\"(max-width: 300px) 100vw, 300px\" \/><\/div><a class=\"wp-block-latest-posts__post-title\" href=\"https:\/\/www.carideal.com\/blog\/2014\/06\/17\/nouvelle-polo\/\">Volkswagen Polo 2014 : premier essai routier<\/a><\/li>\n<li><a class=\"wp-block-latest-posts__post-title\" href=\"https:\/\/www.carideal.com\/blog\/2014\/04\/03\/essai-comparatif-peugeot-308-sw-vs-volkswagen-golf-sw\/\">Essai Peugeot 308 SW VS Volkswagen Golf SW<\/a><\/li>\n<li><div class=\"wp-block-latest-posts__featured-image\"><img loading=\"lazy\" decoding=\"async\" width=\"300\" height=\"176\" src=\"https:\/\/www.carideal.com\/blog\/wp-content\/uploads\/2014\/03\/Volkswagen-Golf-7-GTD-2013-achat-carideal-mandataire-automobile_m-300x176.jpg\" class=\"attachment-medium size-medium wp-post-image\" alt=\"Essai Volkswagen Golf GTD\" style=\"\" srcset=\"https:\/\/www.carideal.com\/blog\/wp-content\/uploads\/2014\/03\/Volkswagen-Golf-7-GTD-2013-achat-carideal-mandataire-automobile_m-300x176.jpg 300w, https:\/\/www.carideal.com\/blog\/wp-content\/uploads\/2014\/03\/Volkswagen-Golf-7-GTD-2013-achat-carideal-mandataire-automobile_m-110x65.jpg 110w, https:\/\/www.carideal.com\/blog\/wp-content\/uploads\/2014\/03\/Volkswagen-Golf-7-GTD-2013-achat-carideal-mandataire-automobile_m-420x247.jpg 420w, https:\/\/www.carideal.com\/blog\/wp-content\/uploads\/2014\/03\/Volkswagen-Golf-7-GTD-2013-achat-carideal-mandataire-automobile_m.jpg 448w\" sizes=\"(max-width: 300px) 100vw, 300px\" \/><\/div><a class=\"wp-block-latest-posts__post-title\" href=\"https:\/\/www.carideal.com\/blog\/2014\/03\/23\/essai-volkswagen-golf-gtd-184-ch-dsg\/\">Essai Volkswagen Golf GTD 184 ch DSG<\/a><\/li>\n<li><a class=\"wp-block-latest-posts__post-title\" href=\"https:\/\/www.carideal.com\/blog\/2013\/12\/09\/essai-comparatif-nouvelle-peugeot-308-volkswagen-golf-7\/\">Essai Peugeot 308 VS Volkswagen Golf 7<\/a><\/li>\n<li><div class=\"wp-block-latest-posts__featured-image\"><img loading=\"lazy\" decoding=\"async\" width=\"300\" height=\"198\" src=\"https:\/\/www.carideal.com\/blog\/wp-content\/uploads\/2012\/12\/VOLKSWAGEN-COCCINELLE-300x198.jpg\" class=\"attachment-medium size-medium wp-post-image\" alt=\"Volkswagen Coccinelle 2012 essai en d\u00e9tail vid\u00e9os\" style=\"\" srcset=\"https:\/\/www.carideal.com\/blog\/wp-content\/uploads\/2012\/12\/VOLKSWAGEN-COCCINELLE-300x198.jpg 300w, https:\/\/www.carideal.com\/blog\/wp-content\/uploads\/2012\/12\/VOLKSWAGEN-COCCINELLE-e1581666652539.jpg 600w\" sizes=\"(max-width: 300px) 100vw, 300px\" \/><\/div><a class=\"wp-block-latest-posts__post-title\" href=\"https:\/\/www.carideal.com\/blog\/2012\/12\/07\/volkswagen-coccinelle\/\">Volkswagen Coccinelle 2012 essai en d\u00e9tail vid\u00e9os<\/a><\/li>\n<li><div class=\"wp-block-latest-posts__featured-image\"><img loading=\"lazy\" decoding=\"async\" width=\"300\" height=\"225\" src=\"https:\/\/www.carideal.com\/blog\/wp-content\/uploads\/2015\/10\/volkswagen-amarok-300x225.jpg\" class=\"attachment-medium size-medium wp-post-image\" alt=\"Volkswagen Amarok occasion\" style=\"\" srcset=\"https:\/\/www.carideal.com\/blog\/wp-content\/uploads\/2015\/10\/volkswagen-amarok-300x225.jpg 300w, https:\/\/www.carideal.com\/blog\/wp-content\/uploads\/2015\/10\/volkswagen-amarok-110x83.jpg 110w, https:\/\/www.carideal.com\/blog\/wp-content\/uploads\/2015\/10\/volkswagen-amarok-420x315.jpg 420w, https:\/\/www.carideal.com\/blog\/wp-content\/uploads\/2015\/10\/volkswagen-amarok-573x430.jpg 573w, https:\/\/www.carideal.com\/blog\/wp-content\/uploads\/2015\/10\/volkswagen-amarok-50x38.jpg 50w, https:\/\/www.carideal.com\/blog\/wp-content\/uploads\/2015\/10\/volkswagen-amarok.jpg 600w\" sizes=\"(max-width: 300px) 100vw, 300px\" \/><\/div><a class=\"wp-block-latest-posts__post-title\" href=\"https:\/\/www.carideal.com\/blog\/2012\/09\/20\/volkswagen-amarok-double-cabine-163-tdi-4motion\/\">Volkswagen Amarok occasion<\/a><\/li>\n<li><div class=\"wp-block-latest-posts__featured-image\"><img loading=\"lazy\" decoding=\"async\" width=\"300\" height=\"182\" src=\"https:\/\/www.carideal.com\/blog\/wp-content\/uploads\/2011\/01\/volkswagen_caddy_life_carideal_m-300x182.jpg\" class=\"attachment-medium size-medium wp-post-image\" alt=\"Essai Volkswagen Caddy Life occasion\" style=\"\" srcset=\"https:\/\/www.carideal.com\/blog\/wp-content\/uploads\/2011\/01\/volkswagen_caddy_life_carideal_m-300x182.jpg 300w, https:\/\/www.carideal.com\/blog\/wp-content\/uploads\/2011\/01\/volkswagen_caddy_life_carideal_m-50x30.jpg 50w, https:\/\/www.carideal.com\/blog\/wp-content\/uploads\/2011\/01\/volkswagen_caddy_life_carideal_m-110x67.jpg 110w, https:\/\/www.carideal.com\/blog\/wp-content\/uploads\/2011\/01\/volkswagen_caddy_life_carideal_m-420x255.jpg 420w, https:\/\/www.carideal.com\/blog\/wp-content\/uploads\/2011\/01\/volkswagen_caddy_life_carideal_m.jpg 448w\" sizes=\"(max-width: 300px) 100vw, 300px\" \/><\/div><a class=\"wp-block-latest-posts__post-title\" href=\"https:\/\/www.carideal.com\/blog\/2011\/01\/30\/volkswagen-caddy-life-doccasion\/\">Avis Volkswagen Caddy Life occasion<\/a><\/li>\n<\/ul>\n\n\n<p><a href=\"http:\/\/www.carideal.com\/blog\/essai\/volkswagen-essai\/\">TOUS&nbsp;LES&nbsp;ESSAIS&nbsp;VOLKSWAGEN<\/a><\/p>\n","protected":false},"excerpt":{"rendered":"<p>VOLKSWAGEN Infos sur&nbsp;Volkswagen Actualit\u00e9 Essais Voiture d&rsquo;occasion Voiture neuve Mandataire Volkswagen Guide d&rsquo;achat Parmi toutes les marques prestigieuses, Carideal.com se devait de mettre en avant Volkswagen. Vous trouvrez sur notre site web les informations sur la marque Volkswagen&nbsp;et ses mod\u00e8les. Vous trouvrez les diff\u00e9rents essais, les actualit\u00e9s et fiches techniques de la marque Volkswagen&nbsp;ainsi que &#8230; <a title=\"VOLKSWAGEN &#8211; Actualit\u00e9 essais neuve et occasion\" class=\"read-more\" href=\"https:\/\/www.carideal.com\/blog\/marque-de-voiture-actualites-essais\/volkswagen\/\" aria-label=\"En savoir plus sur VOLKSWAGEN &#8211; Actualit\u00e9 essais neuve et occasion\">Lire plus<\/a><\/p>\n","protected":false},"author":3,"featured_media":16680,"parent":13389,"menu_order":0,"comment_status":"closed","ping_status":"closed","template":"template-fullwidth.php","meta":{"_uag_custom_page_level_css":"","_themeisle_gutenberg_block_has_review":false,"footnotes":""},"class_list":["post-14398","page","type-page","status-publish","has-post-thumbnail"],"wppr_data":{"cwp_meta_box_check":"No"},"yoast_head":"<!-- This site is optimized with the Yoast SEO plugin v24.8.1 - https:\/\/yoast.com\/wordpress\/plugins\/seo\/ -->\n<title>VOLKSWAGEN - Actualit\u00e9 essais neuve et occasion - Blog auto Carid\u00e9al<\/title>\n<meta name=\"description\" content=\"Parmi toutes les marques prestigieuses, Carideal.com se devait de mettre en avant Volkswagen. Vous trouvrez sur notre site web les informations\" \/>\n<meta name=\"robots\" content=\"index, follow, max-snippet:-1, max-image-preview:large, max-video-preview:-1\" \/>\n<link rel=\"canonical\" href=\"https:\/\/www.carideal.com\/blog\/marque-de-voiture-actualites-essais\/volkswagen\/\" \/>\n<meta property=\"og:locale\" content=\"fr_FR\" \/>\n<meta property=\"og:type\" content=\"article\" \/>\n<meta property=\"og:title\" content=\"VOLKSWAGEN - Actualit\u00e9 essais neuve et occasion - Blog auto Carid\u00e9al\" \/>\n<meta property=\"og:description\" content=\"Parmi toutes les marques prestigieuses, Carideal.com se devait de mettre en avant Volkswagen. Vous trouvrez sur notre site web les informations\" \/>\n<meta property=\"og:url\" content=\"https:\/\/www.carideal.com\/blog\/marque-de-voiture-actualites-essais\/volkswagen\/\" \/>\n<meta property=\"og:site_name\" content=\"Blog auto Carid\u00e9al\" \/>\n<meta property=\"article:publisher\" content=\"https:\/\/www.facebook.com\/Carideal.mandataire.automobile\" \/>\n<meta property=\"article:modified_time\" content=\"2024-01-24T09:56:10+00:00\" \/>\n<meta property=\"og:image\" content=\"https:\/\/www.carideal.com\/blog\/wp-content\/uploads\/2016\/12\/volkswagen.jpg\" \/>\n\t<meta property=\"og:image:width\" content=\"800\" \/>\n\t<meta property=\"og:image:height\" content=\"489\" \/>\n\t<meta property=\"og:image:type\" content=\"image\/jpeg\" \/>\n<meta name=\"twitter:card\" content=\"summary_large_image\" \/>\n<meta name=\"twitter:site\" content=\"@caridealauto\" \/>\n<meta name=\"twitter:label1\" content=\"Dur\u00e9e de lecture estim\u00e9e\" \/>\n\t<meta name=\"twitter:data1\" content=\"2 minutes\" \/>\n<script type=\"application\/ld+json\" class=\"yoast-schema-graph\">{\"@context\":\"https:\/\/schema.org\",\"@graph\":[{\"@type\":\"WebPage\",\"@id\":\"https:\/\/www.carideal.com\/blog\/marque-de-voiture-actualites-essais\/volkswagen\/\",\"url\":\"https:\/\/www.carideal.com\/blog\/marque-de-voiture-actualites-essais\/volkswagen\/\",\"name\":\"VOLKSWAGEN - Actualit\u00e9 essais neuve et occasion - Blog auto Carid\u00e9al\",\"isPartOf\":{\"@id\":\"https:\/\/www.carideal.com\/blog\/#website\"},\"primaryImageOfPage\":{\"@id\":\"https:\/\/www.carideal.com\/blog\/marque-de-voiture-actualites-essais\/volkswagen\/#primaryimage\"},\"image\":{\"@id\":\"https:\/\/www.carideal.com\/blog\/marque-de-voiture-actualites-essais\/volkswagen\/#primaryimage\"},\"thumbnailUrl\":\"https:\/\/www.carideal.com\/blog\/wp-content\/uploads\/2016\/12\/volkswagen.jpg\",\"datePublished\":\"2016-12-28T10:03:06+00:00\",\"dateModified\":\"2024-01-24T09:56:10+00:00\",\"description\":\"Parmi toutes les marques prestigieuses, Carideal.com se devait de mettre en avant Volkswagen. Vous trouvrez sur notre site web les informations\",\"breadcrumb\":{\"@id\":\"https:\/\/www.carideal.com\/blog\/marque-de-voiture-actualites-essais\/volkswagen\/#breadcrumb\"},\"inLanguage\":\"fr-FR\",\"potentialAction\":[{\"@type\":\"ReadAction\",\"target\":[\"https:\/\/www.carideal.com\/blog\/marque-de-voiture-actualites-essais\/volkswagen\/\"]}]},{\"@type\":\"ImageObject\",\"inLanguage\":\"fr-FR\",\"@id\":\"https:\/\/www.carideal.com\/blog\/marque-de-voiture-actualites-essais\/volkswagen\/#primaryimage\",\"url\":\"https:\/\/www.carideal.com\/blog\/wp-content\/uploads\/2016\/12\/volkswagen.jpg\",\"contentUrl\":\"https:\/\/www.carideal.com\/blog\/wp-content\/uploads\/2016\/12\/volkswagen.jpg\",\"width\":800,\"height\":489,\"caption\":\"Volkswagen\"},{\"@type\":\"BreadcrumbList\",\"@id\":\"https:\/\/www.carideal.com\/blog\/marque-de-voiture-actualites-essais\/volkswagen\/#breadcrumb\",\"itemListElement\":[{\"@type\":\"ListItem\",\"position\":1,\"name\":\"Blog Carid\u00e9al\",\"item\":\"https:\/\/www.carideal.com\/blog\/\"},{\"@type\":\"ListItem\",\"position\":2,\"name\":\"Marque de voiture\",\"item\":\"https:\/\/www.carideal.com\/blog\/marque-de-voiture-actualites-essais\/\"},{\"@type\":\"ListItem\",\"position\":3,\"name\":\"Volkswagen\"}]},{\"@type\":\"WebSite\",\"@id\":\"https:\/\/www.carideal.com\/blog\/#website\",\"url\":\"https:\/\/www.carideal.com\/blog\/\",\"name\":\"Blog auto Carid\u00e9al\",\"description\":\"Actualit\u00e9 auto par des passionn\u00e9s\",\"publisher\":{\"@id\":\"https:\/\/www.carideal.com\/blog\/#organization\"},\"potentialAction\":[{\"@type\":\"SearchAction\",\"target\":{\"@type\":\"EntryPoint\",\"urlTemplate\":\"https:\/\/www.carideal.com\/blog\/?s={search_term_string}\"},\"query-input\":{\"@type\":\"PropertyValueSpecification\",\"valueRequired\":true,\"valueName\":\"search_term_string\"}}],\"inLanguage\":\"fr-FR\"},{\"@type\":\"Organization\",\"@id\":\"https:\/\/www.carideal.com\/blog\/#organization\",\"name\":\"Carideal\",\"url\":\"https:\/\/www.carideal.com\/blog\/\",\"logo\":{\"@type\":\"ImageObject\",\"inLanguage\":\"fr-FR\",\"@id\":\"https:\/\/www.carideal.com\/blog\/#\/schema\/logo\/image\/\",\"url\":\"http:\/\/www.carideal.com\/blog\/wp-content\/uploads\/2016\/03\/logo-carideal-mandataire-automobile.png\",\"contentUrl\":\"http:\/\/www.carideal.com\/blog\/wp-content\/uploads\/2016\/03\/logo-carideal-mandataire-automobile.png\",\"width\":300,\"height\":300,\"caption\":\"Carideal\"},\"image\":{\"@id\":\"https:\/\/www.carideal.com\/blog\/#\/schema\/logo\/image\/\"},\"sameAs\":[\"https:\/\/www.facebook.com\/Carideal.mandataire.automobile\",\"https:\/\/x.com\/caridealauto\",\"https:\/\/www.instagram.com\/carideal1\/\",\"https:\/\/www.linkedin.com\/company\/carideal.com\",\"https:\/\/fr.pinterest.com\/schiavonsas\/\",\"https:\/\/www.youtube.com\/user\/caridealsas\"]}]}<\/script>\n<!-- \/ Yoast SEO plugin. -->","yoast_head_json":{"title":"VOLKSWAGEN - Actualit\u00e9 essais neuve et occasion - Blog auto Carid\u00e9al","description":"Parmi toutes les marques prestigieuses, Carideal.com se devait de mettre en avant Volkswagen. Vous trouvrez sur notre site web les informations","robots":{"index":"index","follow":"follow","max-snippet":"max-snippet:-1","max-image-preview":"max-image-preview:large","max-video-preview":"max-video-preview:-1"},"canonical":"https:\/\/www.carideal.com\/blog\/marque-de-voiture-actualites-essais\/volkswagen\/","og_locale":"fr_FR","og_type":"article","og_title":"VOLKSWAGEN - Actualit\u00e9 essais neuve et occasion - Blog auto Carid\u00e9al","og_description":"Parmi toutes les marques prestigieuses, Carideal.com se devait de mettre en avant Volkswagen. Vous trouvrez sur notre site web les informations","og_url":"https:\/\/www.carideal.com\/blog\/marque-de-voiture-actualites-essais\/volkswagen\/","og_site_name":"Blog auto Carid\u00e9al","article_publisher":"https:\/\/www.facebook.com\/Carideal.mandataire.automobile","article_modified_time":"2024-01-24T09:56:10+00:00","og_image":[{"width":800,"height":489,"url":"https:\/\/www.carideal.com\/blog\/wp-content\/uploads\/2016\/12\/volkswagen.jpg","type":"image\/jpeg"}],"twitter_card":"summary_large_image","twitter_site":"@caridealauto","twitter_misc":{"Dur\u00e9e de lecture estim\u00e9e":"2 minutes"},"schema":{"@context":"https:\/\/schema.org","@graph":[{"@type":"WebPage","@id":"https:\/\/www.carideal.com\/blog\/marque-de-voiture-actualites-essais\/volkswagen\/","url":"https:\/\/www.carideal.com\/blog\/marque-de-voiture-actualites-essais\/volkswagen\/","name":"VOLKSWAGEN - Actualit\u00e9 essais neuve et occasion - Blog auto Carid\u00e9al","isPartOf":{"@id":"https:\/\/www.carideal.com\/blog\/#website"},"primaryImageOfPage":{"@id":"https:\/\/www.carideal.com\/blog\/marque-de-voiture-actualites-essais\/volkswagen\/#primaryimage"},"image":{"@id":"https:\/\/www.carideal.com\/blog\/marque-de-voiture-actualites-essais\/volkswagen\/#primaryimage"},"thumbnailUrl":"https:\/\/www.carideal.com\/blog\/wp-content\/uploads\/2016\/12\/volkswagen.jpg","datePublished":"2016-12-28T10:03:06+00:00","dateModified":"2024-01-24T09:56:10+00:00","description":"Parmi toutes les marques prestigieuses, Carideal.com se devait de mettre en avant Volkswagen. Vous trouvrez sur notre site web les informations","breadcrumb":{"@id":"https:\/\/www.carideal.com\/blog\/marque-de-voiture-actualites-essais\/volkswagen\/#breadcrumb"},"inLanguage":"fr-FR","potentialAction":[{"@type":"ReadAction","target":["https:\/\/www.carideal.com\/blog\/marque-de-voiture-actualites-essais\/volkswagen\/"]}]},{"@type":"ImageObject","inLanguage":"fr-FR","@id":"https:\/\/www.carideal.com\/blog\/marque-de-voiture-actualites-essais\/volkswagen\/#primaryimage","url":"https:\/\/www.carideal.com\/blog\/wp-content\/uploads\/2016\/12\/volkswagen.jpg","contentUrl":"https:\/\/www.carideal.com\/blog\/wp-content\/uploads\/2016\/12\/volkswagen.jpg","width":800,"height":489,"caption":"Volkswagen"},{"@type":"BreadcrumbList","@id":"https:\/\/www.carideal.com\/blog\/marque-de-voiture-actualites-essais\/volkswagen\/#breadcrumb","itemListElement":[{"@type":"ListItem","position":1,"name":"Blog Carid\u00e9al","item":"https:\/\/www.carideal.com\/blog\/"},{"@type":"ListItem","position":2,"name":"Marque de voiture","item":"https:\/\/www.carideal.com\/blog\/marque-de-voiture-actualites-essais\/"},{"@type":"ListItem","position":3,"name":"Volkswagen"}]},{"@type":"WebSite","@id":"https:\/\/www.carideal.com\/blog\/#website","url":"https:\/\/www.carideal.com\/blog\/","name":"Blog auto Carid\u00e9al","description":"Actualit\u00e9 auto par des passionn\u00e9s","publisher":{"@id":"https:\/\/www.carideal.com\/blog\/#organization"},"potentialAction":[{"@type":"SearchAction","target":{"@type":"EntryPoint","urlTemplate":"https:\/\/www.carideal.com\/blog\/?s={search_term_string}"},"query-input":{"@type":"PropertyValueSpecification","valueRequired":true,"valueName":"search_term_string"}}],"inLanguage":"fr-FR"},{"@type":"Organization","@id":"https:\/\/www.carideal.com\/blog\/#organization","name":"Carideal","url":"https:\/\/www.carideal.com\/blog\/","logo":{"@type":"ImageObject","inLanguage":"fr-FR","@id":"https:\/\/www.carideal.com\/blog\/#\/schema\/logo\/image\/","url":"http:\/\/www.carideal.com\/blog\/wp-content\/uploads\/2016\/03\/logo-carideal-mandataire-automobile.png","contentUrl":"http:\/\/www.carideal.com\/blog\/wp-content\/uploads\/2016\/03\/logo-carideal-mandataire-automobile.png","width":300,"height":300,"caption":"Carideal"},"image":{"@id":"https:\/\/www.carideal.com\/blog\/#\/schema\/logo\/image\/"},"sameAs":["https:\/\/www.facebook.com\/Carideal.mandataire.automobile","https:\/\/x.com\/caridealauto","https:\/\/www.instagram.com\/carideal1\/","https:\/\/www.linkedin.com\/company\/carideal.com","https:\/\/fr.pinterest.com\/schiavonsas\/","https:\/\/www.youtube.com\/user\/caridealsas"]}]}},"uagb_featured_image_src":{"full":["https:\/\/www.carideal.com\/blog\/wp-content\/uploads\/2016\/12\/volkswagen.jpg",800,489,false],"thumbnail":["https:\/\/www.carideal.com\/blog\/wp-content\/uploads\/2016\/12\/volkswagen-150x150.jpg",150,150,true],"medium":["https:\/\/www.carideal.com\/blog\/wp-content\/uploads\/2016\/12\/volkswagen-300x183.jpg",300,183,true],"medium_large":["https:\/\/www.carideal.com\/blog\/wp-content\/uploads\/2016\/12\/volkswagen-768x469.jpg",768,469,true],"large":["https:\/\/www.carideal.com\/blog\/wp-content\/uploads\/2016\/12\/volkswagen.jpg",800,489,false],"1536x1536":["https:\/\/www.carideal.com\/blog\/wp-content\/uploads\/2016\/12\/volkswagen.jpg",800,489,false],"2048x2048":["https:\/\/www.carideal.com\/blog\/wp-content\/uploads\/2016\/12\/volkswagen.jpg",800,489,false],"wppr-widget":["https:\/\/www.carideal.com\/blog\/wp-content\/uploads\/2016\/12\/volkswagen.jpg",50,31,false]},"uagb_author_info":{"display_name":"Nicolas SCHIAVON","author_link":"https:\/\/www.carideal.com\/blog\/author\/nschiavon\/"},"uagb_comment_info":0,"uagb_excerpt":"VOLKSWAGEN Infos sur&nbsp;Volkswagen Actualit\u00e9 Essais Voiture d'occasion Voiture neuve Mandataire Volkswagen Guide d'achat Parmi toutes les marques prestigieuses, Carideal.com se devait de mettre en avant Volkswagen. Vous trouvrez sur notre site web les informations sur la marque Volkswagen&nbsp;et ses mod\u00e8les. Vous trouvrez les diff\u00e9rents essais, les actualit\u00e9s et fiches techniques de la marque Volkswagen&nbsp;ainsi que\u2026","_links":{"self":[{"href":"https:\/\/www.carideal.com\/blog\/wp-json\/wp\/v2\/pages\/14398"}],"collection":[{"href":"https:\/\/www.carideal.com\/blog\/wp-json\/wp\/v2\/pages"}],"about":[{"href":"https:\/\/www.carideal.com\/blog\/wp-json\/wp\/v2\/types\/page"}],"author":[{"embeddable":true,"href":"https:\/\/www.carideal.com\/blog\/wp-json\/wp\/v2\/users\/3"}],"replies":[{"embeddable":true,"href":"https:\/\/www.carideal.com\/blog\/wp-json\/wp\/v2\/comments?post=14398"}],"version-history":[{"count":0,"href":"https:\/\/www.carideal.com\/blog\/wp-json\/wp\/v2\/pages\/14398\/revisions"}],"up":[{"embeddable":true,"href":"https:\/\/www.carideal.com\/blog\/wp-json\/wp\/v2\/pages\/13389"}],"wp:featuredmedia":[{"embeddable":true,"href":"https:\/\/www.carideal.com\/blog\/wp-json\/wp\/v2\/media\/16680"}],"wp:attachment":[{"href":"https:\/\/www.carideal.com\/blog\/wp-json\/wp\/v2\/media?parent=14398"}],"curies":[{"name":"wp","href":"https:\/\/api.w.org\/{rel}","templated":true}]}}