{"id":14261,"date":"2016-12-21T21:59:36","date_gmt":"2016-12-21T20:59:36","guid":{"rendered":"http:\/\/www.carideal.com\/blog\/?page_id=14261"},"modified":"2020-01-28T21:36:11","modified_gmt":"2020-01-28T20:36:11","slug":"alpina","status":"publish","type":"page","link":"https:\/\/www.carideal.com\/blog\/marque-de-voiture-actualites-essais\/alpina\/","title":{"rendered":"ALPINA &#8211; Actualit\u00e9 Essais Avis neuve et occasion"},"content":{"rendered":"<h2>ALPINA - Actualit\u00e9 Essais Avis neuve et occasion<\/h2>\n<p><a href=\"http:\/\/www.carideal.com\/blog\/marque-de-voiture-actualites-essais\/alpina\/\">Infos sur Alpina<\/a> | Actualit\u00e9 | Essais | Voiture d'occasion | Voiture neuve | Prix du neuf | <a href=\"http:\/\/www.carideal.com\/blog\/tag\/guide-achat\/?=alpina\">Guide d'achat<\/a><\/p>\n<p>Parmi toutes les marques prestigieuses, Carideal.com se devait de mettre en avant Alpina. Vous trouverez sur notre site web les informations sur la marque Alpina et ses mod\u00e8les. Vous trouverez les diff\u00e9rents essais, les actualit\u00e9s et fiches techniques de la marque Alpina ainsi que les annonces autos de la marque Alpina. Nous mettrons tout en \u0153uvre pour vous donner le maximum d'informations sur la marque Alpina.<\/p>\n<h2>Liste des mod\u00e8les\u00a0Alpina<\/h2>\n\n\n<figure class=\"wp-block-table is-style-stripes\"><table class=\"\"><tbody><tr><td>Alpina B11<\/td><td>Alpina B12 <\/td><td>Alpina B3 <\/td><td>Alpina B3 S Cabriolet  <\/td><\/tr><tr><td><\/td><td><\/td><td><\/td><td><\/td><\/tr><tr><td>Alpina B3 S Coup\u00e9<\/td><td>Alpina B5 <\/td><td>Alpina B5 Touring <\/td><td>Alpina B6 <\/td><\/tr><tr><td><\/td><td><\/td><td><\/td><td><\/td><\/tr><tr><td>Alpina B6 Cabriolet<\/td><td>Cabriolet\u00a0Alpina B6 <\/td><td>Coup\u00e9\u00a0Alpina B7 <\/td><td>Alpina B9  <\/td><\/tr><tr><td><\/td><td><\/td><td><\/td><td><\/td><\/tr><tr><td>Alpina C1<\/td><td>Alpina C2 <\/td><td><a href=\"http:\/\/www.carideal.com\/blog\/marque-de-voiture-actualites-essais\/alpina\/d3\/\">Alpina D3<\/a> <\/td><td>Alpina D5 <\/td><\/tr><tr><td><\/td><td><\/td><td><img loading=\"lazy\" decoding=\"async\" width=\"150\" height=\"99\" class=\"wp-image-21265\" style=\"width: 150px;\" src=\"http:\/\/www.carideal.com\/blog\/wp-content\/uploads\/2020\/01\/2015-Alpina-D3-Bi-Turbo-update-scaled-e1580243579495.jpg\" alt=\"Alpina D3\"><\/td><td><\/td><\/tr><tr><td>Alpina D5 Touring <\/td><td><\/td><td><\/td><td><\/td><\/tr><tr><td><\/td><td><\/td><td><\/td><td><\/td><\/tr><\/tbody><\/table><\/figure>\n\n\n\n<p>ALPINA s'appuie sur un demi-si\u00e8cle d'innovation en ing\u00e9nierie et de succ\u00e8s dans le sport automobile pour offrir une gamme unique et performante, offrant des niveaux de performances, de confort et d'\u00e9conomie parmi les meilleurs de sa cat\u00e9gorie. Un tel rythme sans effort et le luxe est compl\u00e9t\u00e9e par un degr\u00e9 d'exclusivit\u00e9 appr\u00e9ci\u00e9 par les go\u00fbts de Rolls-Royce, avec moins de 2.000 ALPINA produites chaque ann\u00e9e.<\/p>\n\n\n\n<p>Les int\u00e9rieurs LAVALINA garantissent que chaque ALPINA peut \u00eatre aussi individuelle que son propri\u00e9taire, avec des alliages ALPINA Classic uniques, des d\u00e9calcomanies optionnelles et des instruments bleus cr\u00e9ant une ambiance finale discr\u00e8te. Gr\u00e2ce \u00e0 la pollinisation crois\u00e9e entre les ing\u00e9nieurs BMW et ALPINA, chaque ALPINA b\u00e9n\u00e9ficie d'une garantie BMW compl\u00e8te, peut \u00eatre r\u00e9par\u00e9e dans n'importe quel atelier BMW et b\u00e9n\u00e9ficier des meilleurs syst\u00e8mes d'infodivertissement de sa cat\u00e9gorie.<\/p>\n\n\n\n<p>Fabricant \u00e0 part enti\u00e8re depuis 1983, ALPINA produit aujourd'hui la D3 Bi-Turbo la plus rapide au monde et la XD3 Bi-Turbo la plus rapide au monde, tandis que la D5 est largement consid\u00e9r\u00e9e par la presse automobile comme la meilleure compagne de longue distance.<\/p>\n\n\n\n<h2 class=\"wp-block-heading\">Actualit\u00e9s&nbsp;Alpina<\/h2>\n\n\n\n<p>TOUTES&nbsp;LES&nbsp;ACTUALIT\u00c9S&nbsp;ALPINA<\/p>\n\n\n\n<h2 class=\"wp-block-heading\">Essais Alpina<\/h2>\n\n\n\n<p>TOUS&nbsp;LES&nbsp;ESSAIS&nbsp;ALPINA<\/p>\n","protected":false},"excerpt":{"rendered":"<p>ALPINA &#8211; Actualit\u00e9 Essais Avis neuve et occasion Infos sur Alpina | Actualit\u00e9 | Essais | Voiture d&rsquo;occasion | Voiture neuve | Prix du neuf | Guide d&rsquo;achat Parmi toutes les marques prestigieuses, Carideal.com se devait de mettre en avant Alpina. Vous trouverez sur notre site web les informations sur la marque Alpina et ses &#8230; <a title=\"ALPINA &#8211; Actualit\u00e9 Essais Avis neuve et occasion\" class=\"read-more\" href=\"https:\/\/www.carideal.com\/blog\/marque-de-voiture-actualites-essais\/alpina\/\" aria-label=\"En savoir plus sur ALPINA &#8211; Actualit\u00e9 Essais Avis neuve et occasion\">Lire plus<\/a><\/p>\n","protected":false},"author":3,"featured_media":17111,"parent":13389,"menu_order":0,"comment_status":"closed","ping_status":"closed","template":"","meta":{"_uag_custom_page_level_css":"","_themeisle_gutenberg_block_has_review":false,"footnotes":""},"class_list":["post-14261","page","type-page","status-publish","has-post-thumbnail"],"wppr_data":{"cwp_meta_box_check":"No"},"yoast_head":"<!-- This site is optimized with the Yoast SEO plugin v24.8.1 - https:\/\/yoast.com\/wordpress\/plugins\/seo\/ -->\n<title>ALPINA - Actualit\u00e9 Essais Avis neuve et occasion - Blog auto Carid\u00e9al<\/title>\n<meta name=\"description\" content=\"Parmi toutes les marques prestigieuses, Carideal.com se devait de mettre en avant Alpina. Vous trouvrez sur notre site web les informations sur la marque\" \/>\n<meta name=\"robots\" content=\"index, follow, max-snippet:-1, max-image-preview:large, max-video-preview:-1\" \/>\n<link rel=\"canonical\" href=\"https:\/\/www.carideal.com\/blog\/marque-de-voiture-actualites-essais\/alpina\/\" \/>\n<meta property=\"og:locale\" content=\"fr_FR\" \/>\n<meta property=\"og:type\" content=\"article\" \/>\n<meta property=\"og:title\" content=\"ALPINA - Actualit\u00e9 Essais Avis neuve et occasion - Blog auto Carid\u00e9al\" \/>\n<meta property=\"og:description\" content=\"Parmi toutes les marques prestigieuses, Carideal.com se devait de mettre en avant Alpina. Vous trouvrez sur notre site web les informations sur la marque\" \/>\n<meta property=\"og:url\" content=\"https:\/\/www.carideal.com\/blog\/marque-de-voiture-actualites-essais\/alpina\/\" \/>\n<meta property=\"og:site_name\" content=\"Blog auto Carid\u00e9al\" \/>\n<meta property=\"article:publisher\" content=\"https:\/\/www.facebook.com\/Carideal.mandataire.automobile\" \/>\n<meta property=\"article:modified_time\" content=\"2020-01-28T20:36:11+00:00\" \/>\n<meta property=\"og:image\" content=\"https:\/\/www.carideal.com\/blog\/wp-content\/uploads\/2018\/04\/2015-Alpina-D3-Bi-Turbo-update-e1523205651674.jpg\" \/>\n\t<meta property=\"og:image:width\" content=\"600\" \/>\n\t<meta property=\"og:image:height\" content=\"397\" \/>\n\t<meta property=\"og:image:type\" content=\"image\/jpeg\" \/>\n<meta name=\"twitter:card\" content=\"summary_large_image\" \/>\n<meta name=\"twitter:site\" content=\"@caridealauto\" \/>\n<meta name=\"twitter:label1\" content=\"Dur\u00e9e de lecture estim\u00e9e\" \/>\n\t<meta name=\"twitter:data1\" content=\"2 minutes\" \/>\n<script type=\"application\/ld+json\" class=\"yoast-schema-graph\">{\"@context\":\"https:\/\/schema.org\",\"@graph\":[{\"@type\":\"WebPage\",\"@id\":\"https:\/\/www.carideal.com\/blog\/marque-de-voiture-actualites-essais\/alpina\/\",\"url\":\"https:\/\/www.carideal.com\/blog\/marque-de-voiture-actualites-essais\/alpina\/\",\"name\":\"ALPINA - Actualit\u00e9 Essais Avis neuve et occasion - Blog auto Carid\u00e9al\",\"isPartOf\":{\"@id\":\"https:\/\/www.carideal.com\/blog\/#website\"},\"primaryImageOfPage\":{\"@id\":\"https:\/\/www.carideal.com\/blog\/marque-de-voiture-actualites-essais\/alpina\/#primaryimage\"},\"image\":{\"@id\":\"https:\/\/www.carideal.com\/blog\/marque-de-voiture-actualites-essais\/alpina\/#primaryimage\"},\"thumbnailUrl\":\"https:\/\/www.carideal.com\/blog\/wp-content\/uploads\/2018\/04\/2015-Alpina-D3-Bi-Turbo-update-e1523205651674.jpg\",\"datePublished\":\"2016-12-21T20:59:36+00:00\",\"dateModified\":\"2020-01-28T20:36:11+00:00\",\"description\":\"Parmi toutes les marques prestigieuses, Carideal.com se devait de mettre en avant Alpina. Vous trouvrez sur notre site web les informations sur la marque\",\"breadcrumb\":{\"@id\":\"https:\/\/www.carideal.com\/blog\/marque-de-voiture-actualites-essais\/alpina\/#breadcrumb\"},\"inLanguage\":\"fr-FR\",\"potentialAction\":[{\"@type\":\"ReadAction\",\"target\":[\"https:\/\/www.carideal.com\/blog\/marque-de-voiture-actualites-essais\/alpina\/\"]}]},{\"@type\":\"ImageObject\",\"inLanguage\":\"fr-FR\",\"@id\":\"https:\/\/www.carideal.com\/blog\/marque-de-voiture-actualites-essais\/alpina\/#primaryimage\",\"url\":\"https:\/\/www.carideal.com\/blog\/wp-content\/uploads\/2018\/04\/2015-Alpina-D3-Bi-Turbo-update-e1523205651674.jpg\",\"contentUrl\":\"https:\/\/www.carideal.com\/blog\/wp-content\/uploads\/2018\/04\/2015-Alpina-D3-Bi-Turbo-update-e1523205651674.jpg\",\"width\":600,\"height\":397,\"caption\":\"Alpina D3\"},{\"@type\":\"BreadcrumbList\",\"@id\":\"https:\/\/www.carideal.com\/blog\/marque-de-voiture-actualites-essais\/alpina\/#breadcrumb\",\"itemListElement\":[{\"@type\":\"ListItem\",\"position\":1,\"name\":\"Blog Carid\u00e9al\",\"item\":\"https:\/\/www.carideal.com\/blog\/\"},{\"@type\":\"ListItem\",\"position\":2,\"name\":\"Marque de voiture\",\"item\":\"https:\/\/www.carideal.com\/blog\/marque-de-voiture-actualites-essais\/\"},{\"@type\":\"ListItem\",\"position\":3,\"name\":\"Alpina\"}]},{\"@type\":\"WebSite\",\"@id\":\"https:\/\/www.carideal.com\/blog\/#website\",\"url\":\"https:\/\/www.carideal.com\/blog\/\",\"name\":\"Blog auto Carid\u00e9al\",\"description\":\"Actualit\u00e9 auto par des passionn\u00e9s\",\"publisher\":{\"@id\":\"https:\/\/www.carideal.com\/blog\/#organization\"},\"potentialAction\":[{\"@type\":\"SearchAction\",\"target\":{\"@type\":\"EntryPoint\",\"urlTemplate\":\"https:\/\/www.carideal.com\/blog\/?s={search_term_string}\"},\"query-input\":{\"@type\":\"PropertyValueSpecification\",\"valueRequired\":true,\"valueName\":\"search_term_string\"}}],\"inLanguage\":\"fr-FR\"},{\"@type\":\"Organization\",\"@id\":\"https:\/\/www.carideal.com\/blog\/#organization\",\"name\":\"Carideal\",\"url\":\"https:\/\/www.carideal.com\/blog\/\",\"logo\":{\"@type\":\"ImageObject\",\"inLanguage\":\"fr-FR\",\"@id\":\"https:\/\/www.carideal.com\/blog\/#\/schema\/logo\/image\/\",\"url\":\"http:\/\/www.carideal.com\/blog\/wp-content\/uploads\/2016\/03\/logo-carideal-mandataire-automobile.png\",\"contentUrl\":\"http:\/\/www.carideal.com\/blog\/wp-content\/uploads\/2016\/03\/logo-carideal-mandataire-automobile.png\",\"width\":300,\"height\":300,\"caption\":\"Carideal\"},\"image\":{\"@id\":\"https:\/\/www.carideal.com\/blog\/#\/schema\/logo\/image\/\"},\"sameAs\":[\"https:\/\/www.facebook.com\/Carideal.mandataire.automobile\",\"https:\/\/x.com\/caridealauto\",\"https:\/\/www.instagram.com\/carideal1\/\",\"https:\/\/www.linkedin.com\/company\/carideal.com\",\"https:\/\/fr.pinterest.com\/schiavonsas\/\",\"https:\/\/www.youtube.com\/user\/caridealsas\"]}]}<\/script>\n<!-- \/ Yoast SEO plugin. -->","yoast_head_json":{"title":"ALPINA - Actualit\u00e9 Essais Avis neuve et occasion - Blog auto Carid\u00e9al","description":"Parmi toutes les marques prestigieuses, Carideal.com se devait de mettre en avant Alpina. Vous trouvrez sur notre site web les informations sur la marque","robots":{"index":"index","follow":"follow","max-snippet":"max-snippet:-1","max-image-preview":"max-image-preview:large","max-video-preview":"max-video-preview:-1"},"canonical":"https:\/\/www.carideal.com\/blog\/marque-de-voiture-actualites-essais\/alpina\/","og_locale":"fr_FR","og_type":"article","og_title":"ALPINA - Actualit\u00e9 Essais Avis neuve et occasion - Blog auto Carid\u00e9al","og_description":"Parmi toutes les marques prestigieuses, Carideal.com se devait de mettre en avant Alpina. Vous trouvrez sur notre site web les informations sur la marque","og_url":"https:\/\/www.carideal.com\/blog\/marque-de-voiture-actualites-essais\/alpina\/","og_site_name":"Blog auto Carid\u00e9al","article_publisher":"https:\/\/www.facebook.com\/Carideal.mandataire.automobile","article_modified_time":"2020-01-28T20:36:11+00:00","og_image":[{"width":600,"height":397,"url":"https:\/\/www.carideal.com\/blog\/wp-content\/uploads\/2018\/04\/2015-Alpina-D3-Bi-Turbo-update-e1523205651674.jpg","type":"image\/jpeg"}],"twitter_card":"summary_large_image","twitter_site":"@caridealauto","twitter_misc":{"Dur\u00e9e de lecture estim\u00e9e":"2 minutes"},"schema":{"@context":"https:\/\/schema.org","@graph":[{"@type":"WebPage","@id":"https:\/\/www.carideal.com\/blog\/marque-de-voiture-actualites-essais\/alpina\/","url":"https:\/\/www.carideal.com\/blog\/marque-de-voiture-actualites-essais\/alpina\/","name":"ALPINA - Actualit\u00e9 Essais Avis neuve et occasion - Blog auto Carid\u00e9al","isPartOf":{"@id":"https:\/\/www.carideal.com\/blog\/#website"},"primaryImageOfPage":{"@id":"https:\/\/www.carideal.com\/blog\/marque-de-voiture-actualites-essais\/alpina\/#primaryimage"},"image":{"@id":"https:\/\/www.carideal.com\/blog\/marque-de-voiture-actualites-essais\/alpina\/#primaryimage"},"thumbnailUrl":"https:\/\/www.carideal.com\/blog\/wp-content\/uploads\/2018\/04\/2015-Alpina-D3-Bi-Turbo-update-e1523205651674.jpg","datePublished":"2016-12-21T20:59:36+00:00","dateModified":"2020-01-28T20:36:11+00:00","description":"Parmi toutes les marques prestigieuses, Carideal.com se devait de mettre en avant Alpina. Vous trouvrez sur notre site web les informations sur la marque","breadcrumb":{"@id":"https:\/\/www.carideal.com\/blog\/marque-de-voiture-actualites-essais\/alpina\/#breadcrumb"},"inLanguage":"fr-FR","potentialAction":[{"@type":"ReadAction","target":["https:\/\/www.carideal.com\/blog\/marque-de-voiture-actualites-essais\/alpina\/"]}]},{"@type":"ImageObject","inLanguage":"fr-FR","@id":"https:\/\/www.carideal.com\/blog\/marque-de-voiture-actualites-essais\/alpina\/#primaryimage","url":"https:\/\/www.carideal.com\/blog\/wp-content\/uploads\/2018\/04\/2015-Alpina-D3-Bi-Turbo-update-e1523205651674.jpg","contentUrl":"https:\/\/www.carideal.com\/blog\/wp-content\/uploads\/2018\/04\/2015-Alpina-D3-Bi-Turbo-update-e1523205651674.jpg","width":600,"height":397,"caption":"Alpina D3"},{"@type":"BreadcrumbList","@id":"https:\/\/www.carideal.com\/blog\/marque-de-voiture-actualites-essais\/alpina\/#breadcrumb","itemListElement":[{"@type":"ListItem","position":1,"name":"Blog Carid\u00e9al","item":"https:\/\/www.carideal.com\/blog\/"},{"@type":"ListItem","position":2,"name":"Marque de voiture","item":"https:\/\/www.carideal.com\/blog\/marque-de-voiture-actualites-essais\/"},{"@type":"ListItem","position":3,"name":"Alpina"}]},{"@type":"WebSite","@id":"https:\/\/www.carideal.com\/blog\/#website","url":"https:\/\/www.carideal.com\/blog\/","name":"Blog auto Carid\u00e9al","description":"Actualit\u00e9 auto par des passionn\u00e9s","publisher":{"@id":"https:\/\/www.carideal.com\/blog\/#organization"},"potentialAction":[{"@type":"SearchAction","target":{"@type":"EntryPoint","urlTemplate":"https:\/\/www.carideal.com\/blog\/?s={search_term_string}"},"query-input":{"@type":"PropertyValueSpecification","valueRequired":true,"valueName":"search_term_string"}}],"inLanguage":"fr-FR"},{"@type":"Organization","@id":"https:\/\/www.carideal.com\/blog\/#organization","name":"Carideal","url":"https:\/\/www.carideal.com\/blog\/","logo":{"@type":"ImageObject","inLanguage":"fr-FR","@id":"https:\/\/www.carideal.com\/blog\/#\/schema\/logo\/image\/","url":"http:\/\/www.carideal.com\/blog\/wp-content\/uploads\/2016\/03\/logo-carideal-mandataire-automobile.png","contentUrl":"http:\/\/www.carideal.com\/blog\/wp-content\/uploads\/2016\/03\/logo-carideal-mandataire-automobile.png","width":300,"height":300,"caption":"Carideal"},"image":{"@id":"https:\/\/www.carideal.com\/blog\/#\/schema\/logo\/image\/"},"sameAs":["https:\/\/www.facebook.com\/Carideal.mandataire.automobile","https:\/\/x.com\/caridealauto","https:\/\/www.instagram.com\/carideal1\/","https:\/\/www.linkedin.com\/company\/carideal.com","https:\/\/fr.pinterest.com\/schiavonsas\/","https:\/\/www.youtube.com\/user\/caridealsas"]}]}},"uagb_featured_image_src":{"full":["https:\/\/www.carideal.com\/blog\/wp-content\/uploads\/2018\/04\/2015-Alpina-D3-Bi-Turbo-update-e1523205651674.jpg",600,397,false],"thumbnail":["https:\/\/www.carideal.com\/blog\/wp-content\/uploads\/2018\/04\/2015-Alpina-D3-Bi-Turbo-update-150x150.jpg",150,150,true],"medium":["https:\/\/www.carideal.com\/blog\/wp-content\/uploads\/2018\/04\/2015-Alpina-D3-Bi-Turbo-update-300x199.jpg",300,199,true],"medium_large":["https:\/\/www.carideal.com\/blog\/wp-content\/uploads\/2018\/04\/2015-Alpina-D3-Bi-Turbo-update-768x508.jpg",768,508,true],"large":["https:\/\/www.carideal.com\/blog\/wp-content\/uploads\/2018\/04\/2015-Alpina-D3-Bi-Turbo-update-1024x678.jpg",1024,678,true],"1536x1536":["https:\/\/www.carideal.com\/blog\/wp-content\/uploads\/2018\/04\/2015-Alpina-D3-Bi-Turbo-update-e1523205651674.jpg",600,397,false],"2048x2048":["https:\/\/www.carideal.com\/blog\/wp-content\/uploads\/2018\/04\/2015-Alpina-D3-Bi-Turbo-update-e1523205651674.jpg",600,397,false],"wppr-widget":["https:\/\/www.carideal.com\/blog\/wp-content\/uploads\/2018\/04\/2015-Alpina-D3-Bi-Turbo-update-e1523205651674.jpg",50,33,false]},"uagb_author_info":{"display_name":"Nicolas SCHIAVON","author_link":"https:\/\/www.carideal.com\/blog\/author\/nschiavon\/"},"uagb_comment_info":0,"uagb_excerpt":"ALPINA - Actualit\u00e9 Essais Avis neuve et occasion Infos sur Alpina | Actualit\u00e9 | Essais | Voiture d'occasion | Voiture neuve | Prix du neuf | Guide d'achat Parmi toutes les marques prestigieuses, Carideal.com se devait de mettre en avant Alpina. Vous trouverez sur notre site web les informations sur la marque Alpina et ses\u2026","_links":{"self":[{"href":"https:\/\/www.carideal.com\/blog\/wp-json\/wp\/v2\/pages\/14261"}],"collection":[{"href":"https:\/\/www.carideal.com\/blog\/wp-json\/wp\/v2\/pages"}],"about":[{"href":"https:\/\/www.carideal.com\/blog\/wp-json\/wp\/v2\/types\/page"}],"author":[{"embeddable":true,"href":"https:\/\/www.carideal.com\/blog\/wp-json\/wp\/v2\/users\/3"}],"replies":[{"embeddable":true,"href":"https:\/\/www.carideal.com\/blog\/wp-json\/wp\/v2\/comments?post=14261"}],"version-history":[{"count":0,"href":"https:\/\/www.carideal.com\/blog\/wp-json\/wp\/v2\/pages\/14261\/revisions"}],"up":[{"embeddable":true,"href":"https:\/\/www.carideal.com\/blog\/wp-json\/wp\/v2\/pages\/13389"}],"wp:featuredmedia":[{"embeddable":true,"href":"https:\/\/www.carideal.com\/blog\/wp-json\/wp\/v2\/media\/17111"}],"wp:attachment":[{"href":"https:\/\/www.carideal.com\/blog\/wp-json\/wp\/v2\/media?parent=14261"}],"curies":[{"name":"wp","href":"https:\/\/api.w.org\/{rel}","templated":true}]}}