{"id":14146,"date":"2016-12-11T16:41:37","date_gmt":"2016-12-11T15:41:37","guid":{"rendered":"http:\/\/www.carideal.com\/blog\/?page_id=14146"},"modified":"2020-01-29T13:42:27","modified_gmt":"2020-01-29T12:42:27","slug":"bmw","status":"publish","type":"page","link":"https:\/\/www.carideal.com\/blog\/marque-de-voiture-actualites-essais\/bmw\/","title":{"rendered":"BMW &#8211; Actualit\u00e9 Essais Avis neuve et occasion"},"content":{"rendered":"<h2>BMW - Actualit\u00e9 Essais Avis neuve et occasion<\/h2>\n<p><a href=\"http:\/\/www.carideal.com\/blog\/marque-de-voiture-actualites-essais\/bmw\/\">Infos sur BMW<\/a> | <a href=\"http:\/\/www.carideal.com\/blog\/constructeur\/bmw\/\">Actualit\u00e9<\/a> | <a href=\"http:\/\/www.carideal.com\/blog\/essai\/essais-bmw\/\">Essais<\/a> | Voiture d'occasion | Voiture neuve | <a href=\"http:\/\/www.carideal.com\/blog\/credit-auto\/\">Financement<\/a> | <a href=\"http:\/\/www.carideal.com\/blog\/garage-automobile\/revision-voiture\/\">R\u00e9vision<\/a> | <a href=\"http:\/\/www.carideal.com\/blog\/offres-automobiles\/\">Offres<\/a> | <a href=\"http:\/\/www.carideal.com\/blog\/tag\/guide-achat\/?=bmw\">Guide d'achat<\/a><\/p>\n<p>Parmi toutes les marques prestigieuses, Carideal.com se devait de mettre en avant <strong>BMW<\/strong>. Vous trouverez sur notre site web les informations sur la marque BMW et ses mod\u00e8les. Vous trouverez les diff\u00e9rents essais, les actualit\u00e9s et fiches techniques de la marque BMW ainsi que les annonces auto de la marque BMW. Nous mettrons tout en \u0153uvre pour vous donner le maximum d'informations sur la marque BMW.<\/p>\n<h2>Liste des mod\u00e8les\u00a0BMW<\/h2>\n\n\n<figure class=\"wp-block-table is-style-stripes\"><table class=\"\"><tbody><tr><td>BMW 1 M\u00a0Coupe<\/td><td>BMW M2<\/td><td>BMW M2 Coupe<\/td><td>BMW M3<\/td><\/tr><tr><td><\/td><td><\/td><td><\/td><td><\/td><\/tr><tr><td>BMW M3 Cabriolet<\/td><td>BMW M3 Coupe<\/td><td>BMW M4 Cabriolet<\/td><td>BMW M4 Coupe<\/td><\/tr><tr><td><\/td><td><\/td><td><\/td><td><\/td><\/tr><tr><td>BMW M5\u00a0BMW<\/td><td>BMW M5 Touring<\/td><td>BMW M6<\/td><td>BMW M6 Cabriolet<\/td><\/tr><tr><td><\/td><td><\/td><td><\/td><td><\/td><\/tr><tr><td>BMW M6 Coupe<\/td><td>BMW M6 Gran Coupe\u00a0 <\/td><td>BMW Serie 2 Activetourer <\/td><td>BMW Serie 2 Cabriolet  <\/td><\/tr><tr><td><\/td><td><\/td><td><\/td><td><\/td><\/tr><tr><td>BMW Serie 2 Coupe<\/td><td>BMW Serie 2 Gran Tourer<\/td><td>BMW Serie 3 Gran Turismo<\/td><td>BMW Serie 4 Cabriolet  <\/td><\/tr><tr><td><\/td><td><\/td><td><\/td><td><\/td><\/tr><tr><td>BMW Serie 4 Coupe\u00a0<\/td><td>BMW Serie 4 Gran Coupe<\/td><td>BMW S\u00e9rie 1<\/td><td>BMW S\u00e9rie 3<\/td><\/tr><tr><td><\/td><td><\/td><td><\/td><td><\/td><\/tr><tr><td>BMW S\u00e9rie 5<\/td><td>BMW S\u00e9rie 6<\/td><td>BMW S\u00e9rie 6 Gran Coup\u00e9<\/td><td>BMW S\u00e9rie 7<\/td><\/tr><tr><td><\/td><td><\/td><td><\/td><td><\/td><\/tr><tr><td>BMW S\u00e9rie 8<\/td><td>BMW X1<\/td><td>BMW X2<\/td><td>BMW X3<\/td><\/tr><tr><td><\/td><td><\/td><td><\/td><td><\/td><\/tr><tr><td>BMW X4<\/td><td>BMW X5<\/td><td>BMW X5 M<\/td><td>BMW X6<\/td><\/tr><tr><td><\/td><td><\/td><td><\/td><td><\/td><\/tr><tr><td>BMW X6 M<\/td><td>BMW Z1<\/td><td>BMW Z1 Cabriolet<\/td><td>BMW Z3<\/td><\/tr><tr><td><\/td><td><\/td><td><\/td><td><\/td><\/tr><tr><td>BMW Z3 M Coupe<\/td><td>BMW Z3 M Roadster<\/td><td>BMW Z3 Roadster<\/td><td>BMW Z4<\/td><\/tr><tr><td><\/td><td><\/td><td><\/td><td><\/td><\/tr><tr><td>BMW Z4 M Coupe<\/td><td>BMW Z4 M Roadster<\/td><td>BMW Z4 Roadster<\/td><td>BMW Z8<\/td><\/tr><tr><td><\/td><td><\/td><td><\/td><td><\/td><\/tr><tr><td>BMW Z8 Roadster<\/td><td> BMW i3 <\/td><td><\/td><td>BMW i8<\/td><\/tr><\/tbody><\/table><\/figure>\n\n\n\n<h2 class=\"wp-block-heading\">Actualit\u00e9s&nbsp;BMW<\/h2>\n\n\n<ul class=\"lcp_catlist\" id=\"lcp_instance_0\"><li><a href=\"https:\/\/www.carideal.com\/blog\/2024\/01\/23\/bmw-i5-touring-une-revolution-dans-le-monde-des-voitures-electriques\/\">BMW i5 Touring : Une R\u00e9volution dans le Monde des Voitures \u00c9lectriques<\/a><div class=\"lcp_excerpt\">\nLa BMW i5 Touring : Une R\u00e9volution dans le Monde des Voitures \u00c9lectriques\n\n\nIntroduction \u00e0 la BMW i5 Touring\n\n\nLa BMW i5 Touring repr\u00e9sente un moment charni\u00e8re dans l&rsquo;histoire de la s\u00e9rie 5 de BMW, vieille de 52 ans. Cette version \u00e9lectrique, qui sera pr\u00e9sent\u00e9e pour la premi\u00e8re fois en version i5, marque un tournant majeur dans ...<\/div><\/li><li><a href=\"https:\/\/www.carideal.com\/blog\/2019\/10\/17\/nouvelle-bmw-serie-2-gran-coupe-2020-vise-a-renverser-la-mercedes-cla\/\">Nouvelle BMW S\u00e9rie 2 Gran Coup\u00e9 2020 vise \u00e0 renverser la Mercedes CLA<\/a><div class=\"lcp_excerpt\">\nLa nouvelle BMW S\u00e9rie 2 Gran Coup\u00e9 2020 vise \u00e0 renverser la Mercedes CLA\n\n\nLe nouveau membre de la gamme BMW S\u00e9rie 2 ajoute un coup\u00e9 \u00e0 quatre portes \u00e0 l&rsquo;extr\u00e9mit\u00e9 plus petite de la gamme BMW.BMW a \u00e9largi la gamme de la S\u00e9rie 2 avec un nouveau mod\u00e8le con\u00e7u pour prendre la Mercedes CLA de ...<\/div><\/li><li><a href=\"https:\/\/www.carideal.com\/blog\/2019\/01\/27\/bmw-i4-photos-prix-caracteristiques-date-sortie\/\">BMW i4 : photos prix caract\u00e9ristiques et date de sortie<\/a><div class=\"lcp_excerpt\">\nBMW i4 2021 : photo, prix, caract\u00e9ristiques et date de sortie\n\n\nLe constructeur allemand s&rsquo;attaque \u00e0 la Tesla Model 3 avec sa berline \u00e9lectrique i4 \u00e0 quatre portes\n\n\nLe concept i Vision Dynamics de BMW au salon de l&rsquo;automobile de Francfort 2017 pr\u00e9figurait la future BMW i4.\n\n\nLa r\u00e9ponse de BMW au mod\u00e8le 3 de Tesla a \u00e9t\u00e9 ...<\/div><\/li><li><a href=\"https:\/\/www.carideal.com\/blog\/2015\/06\/30\/le-nouveau-bmw-x1-2015\/\">Le nouveau BMW X1 2015<\/a><div class=\"lcp_excerpt\">Le Nouveau BMW X1\nLe nouveau BMW X1 reprend l&rsquo;architecture du monospace de la marque le S\u00e9rie 2 Active Tourer et passe ainsi de propulsion au mode traction. Finit les lignes tarabiscot\u00e9es, retour d&rsquo;un aspect plus SUV tout en ayant la m\u00eame plateforme technique que la future Mini Clubman. La sin\u00e8rgie et la mutualisation est de ...<\/div><\/li><li><a href=\"https:\/\/www.carideal.com\/blog\/2015\/06\/11\/bmw-serie-3-restylee-2015\/\">BMW S\u00e9rie 3 2015 restyl\u00e9e<\/a><div class=\"lcp_excerpt\">BMW S\u00e9rie 3 2015 restyl\u00e9e\nLa nouvelle BMW S\u00e9rie 3 2015 restyl\u00e9e est d&rsquo;ores et d\u00e9j\u00e0 disponible \u00e0 la commande en France alors que son lancement officiel aura lieu en Juillet . Six moteurs diesels de 116 ch \u00e0 plus de 310 ch, et quatre moteurs essence de 136 \u00e0 326 ch seront disponibles. La 318i ...<\/div><\/li><li><a href=\"https:\/\/www.carideal.com\/blog\/2015\/06\/07\/nouvelle-serie-speciale-sur-bmw-serie-5-edition-techno-design\/\">BMW S\u00e9rie 5 Edition Techno Design<\/a><div class=\"lcp_excerpt\">Nouvelle s\u00e9rie sp\u00e9ciale BMW S\u00e9rie 5 Edition Techno Design\nCette nouvelle s\u00e9rie sp\u00e9ciale de la BMW s\u00e9rie 5 est bas\u00e9e sur la finition Lounge Plus qui comprend le GPS la sellerie cuir le volant Sport et y rajoute le pack Innovation qui comprend la cam\u00e9ra 360\u00b0 et les cam\u00e9ras d&rsquo;intersection, l&rsquo;affichage t\u00eate-haute en couleur, la cam\u00e9ra ...<\/div><\/li><li><a href=\"https:\/\/www.carideal.com\/blog\/2015\/02\/14\/votre-bmw-se-garera-toute-seule-grace-a-votre-montre\/\">BMW i3 autonome se gare seule<\/a><div class=\"lcp_excerpt\">Votre BMW i3 Autonome se garera toute seule gr\u00e2ce \u00e0 votre montre !\nLa BMW i3 autonome se gare toute seule !\nLa BMW i3 autonome pr\u00e9sente une technolo\u00adgie de parking automatis\u00e9 qui permet, depuis une montre connect\u00e9e, de donner l&rsquo;ordre \u00e0 sa voiture de chercher une place et de se garer de fa\u00e7on autonome.\nDans un avenir ...<\/div><\/li><li><a href=\"https:\/\/www.carideal.com\/blog\/2015\/02\/14\/bmw-m4-iconic-lights-eclairage-laser-et-oled\/\">BMW M4 Iconic Lights \u00e9clairage Laser et OLED<\/a><div class=\"lcp_excerpt\">BMW M4 Iconic Lights \u00e9clairage Laser et OLED\nPleins feux\u00a0sur l&rsquo;OLED\nLa BMW M4 Iconic Lights adopte un \u00e9clairage de nou\u00advelle g\u00e9n\u00e9ration couplant le la\u00adser et l&rsquo;OLED. Tr\u00e8s tendance sur les t\u00e9l\u00e9viseurs, cette der\u00adni\u00e8re technologie va progres\u00adsivement investir l&rsquo;automobile. Avec elle, l&rsquo;\u00e9clairage devient intelligent. Ainsi, les feux de route peuvent \u00eatre activ\u00e9s en continu puisque le faisceau ...<\/div><\/li><li><a href=\"https:\/\/www.carideal.com\/blog\/2014\/06\/20\/10-compacte-a-moins-de-12-000e-en-occasion\/\">Voiture occasion \u00e0 12000 euros<\/a><div class=\"lcp_excerpt\">Voiture occasion \u00e0 12000 euros : la concurrence est rude chez les compactes\nLa concurrence fait rage dans la cat\u00e9gorie voiture d&rsquo;occasion \u00e0 12000 euros berline et compacte. Il faut ajouter \u00e9galement une saturation de l\u2019offre sur le march\u00e9 de la voiture d\u2019occasion alors que la demande ralentie au profit d\u2019autres types de v\u00e9hicules, les SUV ...<\/div><\/li><li><a href=\"https:\/\/www.carideal.com\/blog\/2014\/05\/13\/le-bmw-serie-2-coupe\/\">Le BMW S\u00e9rie 2 Coup\u00e9<\/a><div class=\"lcp_excerpt\">\n\nLa nouvelle BMW S\u00e9rie 2 Coup\u00e9\nUne nouvelle appellation pour BMW o\u00f9 le chiffre pair signifie que la silhouette du v\u00e9hicule est diff\u00e9rente \u00e0 celle d&rsquo;une berline.\nCe nouveau BMW s\u00e9rie 2 coup\u00e9 on poss\u00e8de deux portes et la carrosserie tri-corps de la BMW S\u00e9rie 1. Ce mod\u00e8le est pr\u00e9sent pour venir remplacer l&rsquo;actuelle S\u00e9rie 1 qui ...<\/div><\/li><\/ul>\n\n\n\n<p><a href=\"http:\/\/www.carideal.com\/blog\/constructeur\/bmw\/\">TOUTES&nbsp;LES&nbsp;ACTUALIT\u00c9S&nbsp;BMW<\/a><\/p>\n\n\n\n<h2 class=\"wp-block-heading\">Essais&nbsp;BMW<\/h2>\n\n\n<ul class=\"lcp_catlist\" id=\"lcp_instance_0\"><li><a href=\"https:\/\/www.carideal.com\/blog\/2024\/12\/22\/essai-bmw-330e-2024-la-meilleure-voiture-hybride\/\">Essai BMW 330e 2024 : La meilleure voiture hybridE ?<\/a><div class=\"lcp_excerpt\">\nEssai BMW 330e 2024 : La meilleure voiture hybride rechargeable ?\n\n\nLa BMW 330e 2024, version restyl\u00e9e de la berline hybride rechargeable, s\u2019impose une fois encore comme une r\u00e9f\u00e9rence dans le domaine des voitures d\u2019entreprise plug-in hybrid (PHEV). Avec une autonomie \u00e9lectrique accrue et des performances au sommet, elle se positionne comme un choix incontournable pour ...<\/div><\/li><li><a href=\"https:\/\/www.carideal.com\/blog\/2023\/08\/19\/la-revolution-du-luxe-ecologique-decouvrez-la-bmw-x5-xdrive50e-2023\/\">La r\u00e9volution du luxe \u00e9cologique : D\u00e9couvrez la BMW X5 xDrive50e 2023<\/a><div class=\"lcp_excerpt\">\nLa BMW X5 xDrive50e 2023 : L&rsquo;ultime SUV hybride rechargeable \ud83c\udf3f\ud83d\ude80\n\n\nLe nouveau SUV X5 de BMW est une \u00e9volution \u00e9l\u00e9gante \ud83c\udf1f\n\n\nLa BMW X5 xDrive50e 2023 marque une \u00e9volution majeure pour ce SUV premium d\u00e9j\u00e0 tr\u00e8s appr\u00e9ci\u00e9. Les changements sont subtils mais bien pr\u00e9sents, notamment au niveau de la calandre, des phares et des pare-chocs. Vous ...<\/div><\/li><li><a href=\"https:\/\/www.carideal.com\/blog\/2018\/12\/05\/voiture-hybride-rechargeable-peut-elle-amusante\/\">Une voiture hybride rechargeable peut-elle \u00eatre amusante ?<\/a><div class=\"lcp_excerpt\">Une voiture hybride rechargeable peut-elle encore \u00eatre amusante ?\nUne voiture hybride rechargeable peut-elle mettre le feux \u00e0 certaines des meilleures route fran\u00e7aises ? On a fait un r\u00e8ve, on s&rsquo;est dit qu&rsquo;on pouvait bien essayer la BMW i8 sur nos routes de montagne.\nAlors que les ventes de voitures hybrides et \u00e9lectriques devraient augmenter rapidement au ...<\/div><\/li><li><a href=\"https:\/\/www.carideal.com\/blog\/2012\/03\/10\/bmw-m550d-xdrive\/\">BMW M550d xDRIVE 2012 pr\u00e9sentation<\/a><div class=\"lcp_excerpt\">BMW M550d xDRIVE monstre de 381 ch diesel\nBMW M550d xDRIVE : un moteur diesel de 6 cylindres et\u00a0de 3 litres de cylindr\u00e9e gav\u00e9 par trois turbos fournit 381 ch et 740 Nm de couple \u00e0 cette berline de tr\u00e8s haut vol. Cette version sera disponible en berline 4p et en break touring, mais reste obligatoirement ...<\/div><\/li><li><a href=\"https:\/\/www.carideal.com\/blog\/2011\/12\/31\/nouvelle-bmw-116i\/\">Nouvelle BMW 116i 2012 \u00e0 l&rsquo;essai<\/a><div class=\"lcp_excerpt\">Nouvelle BMW 116i 2012\nLa nouvelle BMW 116i 2012 a certes gagn\u00e9 un nouveau moteur avec plus de brio, et de performances mais pas \u00e0 n&rsquo;importe quel prix. A 25 450 \u20ac la version d&rsquo;entr\u00e9e de gamme c&rsquo;est un peu ch\u00e8re, et encore plus \u00e0 31550 \u20ac pour la version sport.\nAvec son petit moteur de 1598 ...<\/div><\/li><li><a href=\"https:\/\/www.carideal.com\/blog\/2011\/02\/22\/top-gear-teste-la-bmw-m3-competition-pack-vs-audi-rs5\/\">BMW M3 comp\u00e9tition pack VS AUDI RS5<\/a><div class=\"lcp_excerpt\">\nTest TopGear BMW M3 contre Audi RS5\nTop Gear s&rsquo;int\u00e9resse l\u00e0 \u00e0 la derni\u00e8re nouveaut\u00e9 de BMW sur sa M3, son \u00ab\u00a0comp\u00e9tition pack\u00a0\u00bb, plus grosses roues, suspensions pilot\u00e9es plus dures et nouveau logiciel de gestion de l&rsquo;aide \u00e0 la conduite avec une caisse rabaiss\u00e9e&#8230;le jeux en vaut il la chandelle\u00a0? Malgr\u00e9 son V8 de 4.2L d&rsquo;origine ...<\/div><\/li><li><a href=\"https:\/\/www.carideal.com\/blog\/2010\/09\/30\/bmw-330-xd-pack-luxe-2008\/\">BMW 330 XD Pack Luxe 2008 occasion<\/a><div class=\"lcp_excerpt\">BMW 330 XD Pack Luxe 2008 occasion\nOn vient de rentrer une tr\u00e8s belle voiture d&rsquo;occasion : une BMW 330\u00a0XD Pack Luxe de 2008 d&rsquo;occasion. Les versions Xd sont tr\u00e8s rares, elles sont tr\u00e8s recherch\u00e9es car tr\u00e8s puissantes avec une technologie 4 roues motrices d&rsquo;avant garde. La BMW 330 xd a un carnet d&rsquo;entretien \u00e0 jour ...<\/div><\/li><li><a href=\"https:\/\/www.carideal.com\/blog\/2010\/04\/25\/nouvelle-bmw-serie-5-touring\/\">Nouvelle BMW S\u00e9rie 5 Touring 2010 \u00e0 l&rsquo;essai<\/a><div class=\"lcp_excerpt\">La nouvelle BMW s\u00e9rie 5 Touring arrivera sur le march\u00e9 fin 2010.\nOn en sait un peu plus sur cette nouvelle mouture de la version Touring de la BMW s\u00e9rie 5, avec des moteurs essence et diesel revisit\u00e9s.\u00a0Des journalistes britanniques ont eu l\u2019occasion d&rsquo;essayer la nouvelle BMW S\u00e9rie 5 Touring 2011.\nUne belle ligne pour la nouvelle ...<\/div><\/li><li><a href=\"https:\/\/www.carideal.com\/blog\/2008\/01\/24\/occasion-bmw-serie-1\/\">Occasion BMW s\u00e9rie 1 le succ\u00e8s<\/a><div class=\"lcp_excerpt\">\nOccasion BMW serie 1\n\n\nOCCASION BMW SERIE 1 :\u00a0C&rsquo;est une petite BMW, petite dans tous les sens du terme. La version la plue vendu est la BMW 118d qui a s\u00e9duite 67% des acheteurs puis la 120d qui s&rsquo;adjuge 24 % des ventes de BMW\u00a0neuves. Les versions les plus vendus sont les plus luxueuses, Excellis et ...<\/div><\/li><li><a href=\"https:\/\/www.carideal.com\/blog\/2007\/01\/01\/bmw-serie-5-lifting\/\">BMW S\u00e9rie 5 2007 le lifting essai vid\u00e9o<\/a><div class=\"lcp_excerpt\">\n\nLE\u00a0LIFTING DE LA BMW S\u00c9RIE 5 2007\n\nIl est ou le lifting de la BMW S\u00e9rie 5\u00a02007 ? Il faut chercher les diff\u00e9rences : elles ne sautent aux yeux. Toutes les diff\u00e9rences sont minimes aussi bien \u00e0 l&rsquo;AV qu&rsquo;\u00e0 l&rsquo;AR. C&rsquo;est le jeu des 5 erreurs. Par contre cot\u00e9 moteur des changements plus cons\u00e9quents ; les ...<\/div><\/li><\/ul>\n\n\n\n<p><a href=\"http:\/\/www.carideal.com\/blog\/essai\/essais-bmw\/\">TOUS&nbsp;LES&nbsp;ESSAIS&nbsp;BMW<\/a><\/p>\n","protected":false},"excerpt":{"rendered":"<p>BMW &#8211; Actualit\u00e9 Essais Avis neuve et occasion Infos sur BMW | Actualit\u00e9 | Essais | Voiture d&rsquo;occasion | Voiture neuve | Financement | R\u00e9vision | Offres | Guide d&rsquo;achat Parmi toutes les marques prestigieuses, Carideal.com se devait de mettre en avant BMW. Vous trouverez sur notre site web les informations sur la marque BMW &#8230; <a title=\"BMW &#8211; Actualit\u00e9 Essais Avis neuve et occasion\" class=\"read-more\" href=\"https:\/\/www.carideal.com\/blog\/marque-de-voiture-actualites-essais\/bmw\/\" aria-label=\"En savoir plus sur BMW &#8211; Actualit\u00e9 Essais Avis neuve et occasion\">Lire plus<\/a><\/p>\n","protected":false},"author":3,"featured_media":0,"parent":13389,"menu_order":0,"comment_status":"closed","ping_status":"closed","template":"","meta":{"_uag_custom_page_level_css":"","_themeisle_gutenberg_block_has_review":false,"footnotes":""},"class_list":["post-14146","page","type-page","status-publish"],"wppr_data":{"cwp_meta_box_check":"No"},"yoast_head":"<!-- This site is optimized with the Yoast SEO plugin v24.8.1 - https:\/\/yoast.com\/wordpress\/plugins\/seo\/ -->\n<title>BMW - Actualit\u00e9 Essais Avis neuve et occasion - Blog auto Carid\u00e9al<\/title>\n<meta name=\"description\" content=\"Parmi toutes les marques prestigieuses, Carideal.com se devait de mettre en avant BMW. Vous trouvrez sur notre site web les informations sur la marque BMW\" \/>\n<meta name=\"robots\" content=\"index, follow, max-snippet:-1, max-image-preview:large, max-video-preview:-1\" \/>\n<link rel=\"canonical\" href=\"https:\/\/www.carideal.com\/blog\/marque-de-voiture-actualites-essais\/bmw\/\" \/>\n<meta property=\"og:locale\" content=\"fr_FR\" \/>\n<meta property=\"og:type\" content=\"article\" \/>\n<meta property=\"og:title\" content=\"BMW - Actualit\u00e9 Essais Avis neuve et occasion - Blog auto Carid\u00e9al\" \/>\n<meta property=\"og:description\" content=\"Parmi toutes les marques prestigieuses, Carideal.com se devait de mettre en avant BMW. Vous trouvrez sur notre site web les informations sur la marque BMW\" \/>\n<meta property=\"og:url\" content=\"https:\/\/www.carideal.com\/blog\/marque-de-voiture-actualites-essais\/bmw\/\" \/>\n<meta property=\"og:site_name\" content=\"Blog auto Carid\u00e9al\" \/>\n<meta property=\"article:publisher\" content=\"https:\/\/www.facebook.com\/Carideal.mandataire.automobile\" \/>\n<meta property=\"article:modified_time\" content=\"2020-01-29T12:42:27+00:00\" \/>\n<meta property=\"og:image\" content=\"https:\/\/www.carideal.com\/blog\/wp-content\/uploads\/2016\/03\/logo-carideal-mandataire-automobile.png\" \/>\n\t<meta property=\"og:image:width\" content=\"300\" \/>\n\t<meta property=\"og:image:height\" content=\"300\" \/>\n\t<meta property=\"og:image:type\" content=\"image\/png\" \/>\n<meta name=\"twitter:card\" content=\"summary_large_image\" \/>\n<meta name=\"twitter:site\" content=\"@caridealauto\" \/>\n<meta name=\"twitter:label1\" content=\"Dur\u00e9e de lecture estim\u00e9e\" \/>\n\t<meta name=\"twitter:data1\" content=\"1 minute\" \/>\n<script type=\"application\/ld+json\" class=\"yoast-schema-graph\">{\"@context\":\"https:\/\/schema.org\",\"@graph\":[{\"@type\":\"WebPage\",\"@id\":\"https:\/\/www.carideal.com\/blog\/marque-de-voiture-actualites-essais\/bmw\/\",\"url\":\"https:\/\/www.carideal.com\/blog\/marque-de-voiture-actualites-essais\/bmw\/\",\"name\":\"BMW - Actualit\u00e9 Essais Avis neuve et occasion - Blog auto Carid\u00e9al\",\"isPartOf\":{\"@id\":\"https:\/\/www.carideal.com\/blog\/#website\"},\"datePublished\":\"2016-12-11T15:41:37+00:00\",\"dateModified\":\"2020-01-29T12:42:27+00:00\",\"description\":\"Parmi toutes les marques prestigieuses, Carideal.com se devait de mettre en avant BMW. Vous trouvrez sur notre site web les informations sur la marque BMW\",\"breadcrumb\":{\"@id\":\"https:\/\/www.carideal.com\/blog\/marque-de-voiture-actualites-essais\/bmw\/#breadcrumb\"},\"inLanguage\":\"fr-FR\",\"potentialAction\":[{\"@type\":\"ReadAction\",\"target\":[\"https:\/\/www.carideal.com\/blog\/marque-de-voiture-actualites-essais\/bmw\/\"]}]},{\"@type\":\"BreadcrumbList\",\"@id\":\"https:\/\/www.carideal.com\/blog\/marque-de-voiture-actualites-essais\/bmw\/#breadcrumb\",\"itemListElement\":[{\"@type\":\"ListItem\",\"position\":1,\"name\":\"Blog Carid\u00e9al\",\"item\":\"https:\/\/www.carideal.com\/blog\/\"},{\"@type\":\"ListItem\",\"position\":2,\"name\":\"Marque de voiture\",\"item\":\"https:\/\/www.carideal.com\/blog\/marque-de-voiture-actualites-essais\/\"},{\"@type\":\"ListItem\",\"position\":3,\"name\":\"BMW &#8211; Actualit\u00e9 Essais Avis neuve et occasion\"}]},{\"@type\":\"WebSite\",\"@id\":\"https:\/\/www.carideal.com\/blog\/#website\",\"url\":\"https:\/\/www.carideal.com\/blog\/\",\"name\":\"Blog auto Carid\u00e9al\",\"description\":\"Actualit\u00e9 auto par des passionn\u00e9s\",\"publisher\":{\"@id\":\"https:\/\/www.carideal.com\/blog\/#organization\"},\"potentialAction\":[{\"@type\":\"SearchAction\",\"target\":{\"@type\":\"EntryPoint\",\"urlTemplate\":\"https:\/\/www.carideal.com\/blog\/?s={search_term_string}\"},\"query-input\":{\"@type\":\"PropertyValueSpecification\",\"valueRequired\":true,\"valueName\":\"search_term_string\"}}],\"inLanguage\":\"fr-FR\"},{\"@type\":\"Organization\",\"@id\":\"https:\/\/www.carideal.com\/blog\/#organization\",\"name\":\"Carideal\",\"url\":\"https:\/\/www.carideal.com\/blog\/\",\"logo\":{\"@type\":\"ImageObject\",\"inLanguage\":\"fr-FR\",\"@id\":\"https:\/\/www.carideal.com\/blog\/#\/schema\/logo\/image\/\",\"url\":\"http:\/\/www.carideal.com\/blog\/wp-content\/uploads\/2016\/03\/logo-carideal-mandataire-automobile.png\",\"contentUrl\":\"http:\/\/www.carideal.com\/blog\/wp-content\/uploads\/2016\/03\/logo-carideal-mandataire-automobile.png\",\"width\":300,\"height\":300,\"caption\":\"Carideal\"},\"image\":{\"@id\":\"https:\/\/www.carideal.com\/blog\/#\/schema\/logo\/image\/\"},\"sameAs\":[\"https:\/\/www.facebook.com\/Carideal.mandataire.automobile\",\"https:\/\/x.com\/caridealauto\",\"https:\/\/www.instagram.com\/carideal1\/\",\"https:\/\/www.linkedin.com\/company\/carideal.com\",\"https:\/\/fr.pinterest.com\/schiavonsas\/\",\"https:\/\/www.youtube.com\/user\/caridealsas\"]}]}<\/script>\n<!-- \/ Yoast SEO plugin. -->","yoast_head_json":{"title":"BMW - Actualit\u00e9 Essais Avis neuve et occasion - Blog auto Carid\u00e9al","description":"Parmi toutes les marques prestigieuses, Carideal.com se devait de mettre en avant BMW. Vous trouvrez sur notre site web les informations sur la marque BMW","robots":{"index":"index","follow":"follow","max-snippet":"max-snippet:-1","max-image-preview":"max-image-preview:large","max-video-preview":"max-video-preview:-1"},"canonical":"https:\/\/www.carideal.com\/blog\/marque-de-voiture-actualites-essais\/bmw\/","og_locale":"fr_FR","og_type":"article","og_title":"BMW - Actualit\u00e9 Essais Avis neuve et occasion - Blog auto Carid\u00e9al","og_description":"Parmi toutes les marques prestigieuses, Carideal.com se devait de mettre en avant BMW. Vous trouvrez sur notre site web les informations sur la marque BMW","og_url":"https:\/\/www.carideal.com\/blog\/marque-de-voiture-actualites-essais\/bmw\/","og_site_name":"Blog auto Carid\u00e9al","article_publisher":"https:\/\/www.facebook.com\/Carideal.mandataire.automobile","article_modified_time":"2020-01-29T12:42:27+00:00","og_image":[{"width":300,"height":300,"url":"https:\/\/www.carideal.com\/blog\/wp-content\/uploads\/2016\/03\/logo-carideal-mandataire-automobile.png","type":"image\/png"}],"twitter_card":"summary_large_image","twitter_site":"@caridealauto","twitter_misc":{"Dur\u00e9e de lecture estim\u00e9e":"1 minute"},"schema":{"@context":"https:\/\/schema.org","@graph":[{"@type":"WebPage","@id":"https:\/\/www.carideal.com\/blog\/marque-de-voiture-actualites-essais\/bmw\/","url":"https:\/\/www.carideal.com\/blog\/marque-de-voiture-actualites-essais\/bmw\/","name":"BMW - Actualit\u00e9 Essais Avis neuve et occasion - Blog auto Carid\u00e9al","isPartOf":{"@id":"https:\/\/www.carideal.com\/blog\/#website"},"datePublished":"2016-12-11T15:41:37+00:00","dateModified":"2020-01-29T12:42:27+00:00","description":"Parmi toutes les marques prestigieuses, Carideal.com se devait de mettre en avant BMW. Vous trouvrez sur notre site web les informations sur la marque BMW","breadcrumb":{"@id":"https:\/\/www.carideal.com\/blog\/marque-de-voiture-actualites-essais\/bmw\/#breadcrumb"},"inLanguage":"fr-FR","potentialAction":[{"@type":"ReadAction","target":["https:\/\/www.carideal.com\/blog\/marque-de-voiture-actualites-essais\/bmw\/"]}]},{"@type":"BreadcrumbList","@id":"https:\/\/www.carideal.com\/blog\/marque-de-voiture-actualites-essais\/bmw\/#breadcrumb","itemListElement":[{"@type":"ListItem","position":1,"name":"Blog Carid\u00e9al","item":"https:\/\/www.carideal.com\/blog\/"},{"@type":"ListItem","position":2,"name":"Marque de voiture","item":"https:\/\/www.carideal.com\/blog\/marque-de-voiture-actualites-essais\/"},{"@type":"ListItem","position":3,"name":"BMW &#8211; Actualit\u00e9 Essais Avis neuve et occasion"}]},{"@type":"WebSite","@id":"https:\/\/www.carideal.com\/blog\/#website","url":"https:\/\/www.carideal.com\/blog\/","name":"Blog auto Carid\u00e9al","description":"Actualit\u00e9 auto par des passionn\u00e9s","publisher":{"@id":"https:\/\/www.carideal.com\/blog\/#organization"},"potentialAction":[{"@type":"SearchAction","target":{"@type":"EntryPoint","urlTemplate":"https:\/\/www.carideal.com\/blog\/?s={search_term_string}"},"query-input":{"@type":"PropertyValueSpecification","valueRequired":true,"valueName":"search_term_string"}}],"inLanguage":"fr-FR"},{"@type":"Organization","@id":"https:\/\/www.carideal.com\/blog\/#organization","name":"Carideal","url":"https:\/\/www.carideal.com\/blog\/","logo":{"@type":"ImageObject","inLanguage":"fr-FR","@id":"https:\/\/www.carideal.com\/blog\/#\/schema\/logo\/image\/","url":"http:\/\/www.carideal.com\/blog\/wp-content\/uploads\/2016\/03\/logo-carideal-mandataire-automobile.png","contentUrl":"http:\/\/www.carideal.com\/blog\/wp-content\/uploads\/2016\/03\/logo-carideal-mandataire-automobile.png","width":300,"height":300,"caption":"Carideal"},"image":{"@id":"https:\/\/www.carideal.com\/blog\/#\/schema\/logo\/image\/"},"sameAs":["https:\/\/www.facebook.com\/Carideal.mandataire.automobile","https:\/\/x.com\/caridealauto","https:\/\/www.instagram.com\/carideal1\/","https:\/\/www.linkedin.com\/company\/carideal.com","https:\/\/fr.pinterest.com\/schiavonsas\/","https:\/\/www.youtube.com\/user\/caridealsas"]}]}},"uagb_featured_image_src":{"full":false,"thumbnail":false,"medium":false,"medium_large":false,"large":false,"1536x1536":false,"2048x2048":false,"wppr-widget":false},"uagb_author_info":{"display_name":"Nicolas SCHIAVON","author_link":"https:\/\/www.carideal.com\/blog\/author\/nschiavon\/"},"uagb_comment_info":0,"uagb_excerpt":"BMW - Actualit\u00e9 Essais Avis neuve et occasion Infos sur BMW | Actualit\u00e9 | Essais | Voiture d'occasion | Voiture neuve | Financement | R\u00e9vision | Offres | Guide d'achat Parmi toutes les marques prestigieuses, Carideal.com se devait de mettre en avant BMW. Vous trouverez sur notre site web les informations sur la marque BMW\u2026","_links":{"self":[{"href":"https:\/\/www.carideal.com\/blog\/wp-json\/wp\/v2\/pages\/14146"}],"collection":[{"href":"https:\/\/www.carideal.com\/blog\/wp-json\/wp\/v2\/pages"}],"about":[{"href":"https:\/\/www.carideal.com\/blog\/wp-json\/wp\/v2\/types\/page"}],"author":[{"embeddable":true,"href":"https:\/\/www.carideal.com\/blog\/wp-json\/wp\/v2\/users\/3"}],"replies":[{"embeddable":true,"href":"https:\/\/www.carideal.com\/blog\/wp-json\/wp\/v2\/comments?post=14146"}],"version-history":[{"count":0,"href":"https:\/\/www.carideal.com\/blog\/wp-json\/wp\/v2\/pages\/14146\/revisions"}],"up":[{"embeddable":true,"href":"https:\/\/www.carideal.com\/blog\/wp-json\/wp\/v2\/pages\/13389"}],"wp:attachment":[{"href":"https:\/\/www.carideal.com\/blog\/wp-json\/wp\/v2\/media?parent=14146"}],"curies":[{"name":"wp","href":"https:\/\/api.w.org\/{rel}","templated":true}]}}