{"id":13698,"date":"2016-11-23T13:41:09","date_gmt":"2016-11-23T12:41:09","guid":{"rendered":"http:\/\/www.carideal.com\/blog\/?page_id=13698"},"modified":"2020-03-07T16:30:35","modified_gmt":"2020-03-07T15:30:35","slug":"mercedes","status":"publish","type":"page","link":"https:\/\/www.carideal.com\/blog\/marque-de-voiture-actualites-essais\/mercedes\/","title":{"rendered":"MERCEDES &#8211; Actualit\u00e9 essais Avis neuve et occasion"},"content":{"rendered":"<h2>MERCEDES - Actualit\u00e9 essais Avis neuve et occasion<\/h2>\n<table border=\"1\" width=\"75%\" cellspacing=\"0\" cellpadding=\"4\">\n<tbody>\n<tr valign=\"TOP\">\n<td style=\"text-align: center;\" width=\"10%\"><a href=\"http:\/\/www.carideal.com\/blog\/marque-de-voiture-actualites-essais\/mercedes\/\">Infos sur\u00a0Mercedes<\/a><\/td>\n<td style=\"text-align: center;\" width=\"10%\"><a href=\"http:\/\/www.carideal.com\/blog\/constructeur\/mercedes\/\">Actualit\u00e9<\/a><\/td>\n<td style=\"text-align: center;\" width=\"10%\"><a href=\"http:\/\/www.carideal.com\/blog\/essai\/mercedes-essai\/\">Essais<\/a><\/td>\n<td style=\"text-align: center;\" width=\"10%\">Voiture d'occasion<\/td>\n<td style=\"text-align: center;\" width=\"10%\">Voiture neuve<\/td>\n<td style=\"text-align: center;\" width=\"10%\">Prix du neuf<\/td>\n<td style=\"text-align: center;\" width=\"10%\"><a href=\"http:\/\/www.carideal.com\/blog\/tag\/guide-achat\/?=giulia\">Guide d'achat<\/a><\/td>\n<\/tr>\n<\/tbody>\n<\/table>\n<p>Parmi toutes les marques prestigieuses, Carideal.com se devait de mettre en avant Mercedes. Vous trouverez sur notre site web les informations sur la marque Mercedes et ses mod\u00e8les. Vous trouverez les diff\u00e9rents essais, les actualit\u00e9s et fiches techniques de la marque Mercedes ainsi que les annonces autos de la marque Mercedes. Nous mettrons tout en \u0153uvre pour vous donner le maximum d'informations sur la marque Mercedes.<\/p>\n<h2>Liste des mod\u00e8les\u00a0Mercedes<\/h2>\n<table border=\"0\" width=\"100%\" cellspacing=\"0\" cellpadding=\"0\">\n<tbody>\n<tr valign=\"TOP\">\n<td width=\"25%\">\u00a0<\/td>\n<td width=\"25%\">\u00a0<\/td>\n<td width=\"25%\">\u00a0<\/td>\n<td width=\"25%\">\u00a0<\/td>\n<\/tr>\n<tr valign=\"TOP\">\n<td width=\"25%\">\u00a0<\/td>\n<td width=\"25%\">\u00a0<\/td>\n<td width=\"25%\">\u00a0<\/td>\n<td width=\"25%\">\u00a0<\/td>\n<\/tr>\n<tr valign=\"TOP\">\n<td width=\"25%\">\u00a0<\/td>\n<td width=\"25%\">\u00a0<\/td>\n<td width=\"25%\">\u00a0<\/td>\n<td width=\"25%\">\u00a0<\/td>\n<\/tr>\n<tr valign=\"TOP\">\n<td width=\"25%\">\u00a0Mercedes-Benz CLC<\/td>\n<td width=\"25%\">\u00a0Mercedes-Benz CLK<\/td>\n<td width=\"25%\">\u00a0Mercedes-Benz CLS Shooting Break<\/td>\n<td width=\"25%\">\u00a0Mercedes-Benz Citan Combi<\/td>\n<\/tr>\n<tr valign=\"TOP\">\n<td width=\"25%\">\u00a0<\/td>\n<td width=\"25%\">\u00a0<\/td>\n<td width=\"25%\">\u00a0<\/td>\n<td width=\"25%\">\u00a0<\/td>\n<\/tr>\n<tr valign=\"TOP\">\n<td width=\"25%\">Mercedes-Benz Citan Tourer<\/td>\n<td width=\"25%\">\u00a0Mercedes-Benz Classe A<\/td>\n<td width=\"25%\">\u00a0Mercedes-Benz Classe B<\/td>\n<td width=\"25%\">\u00a0Mercedes-Benz Classe C<\/td>\n<\/tr>\n<tr valign=\"TOP\">\n<td width=\"25%\">\u00a0<\/td>\n<td width=\"25%\">\u00a0<\/td>\n<td width=\"25%\">\u00a0<\/td>\n<td width=\"25%\">\u00a0<\/td>\n<\/tr>\n<tr valign=\"TOP\">\n<td width=\"25%\">\u00a0Mercedes-Benz Classe C Cabriolet<\/td>\n<td width=\"25%\">\u00a0Mercedes-Benz Classe C Coup\u00e9<\/td>\n<td width=\"25%\">\u00a0Mercedes-Benz Classe E<\/td>\n<td width=\"25%\">\u00a0Mercedes-Benz Classe G<\/td>\n<\/tr>\n<tr valign=\"TOP\">\n<td width=\"25%\">\u00a0<\/td>\n<td width=\"25%\">\u00a0<\/td>\n<td width=\"25%\">\u00a0<\/td>\n<td width=\"25%\"><a href=\"http:\/\/www.carideal.com\/blog\/marque-de-voiture-actualites-essais\/mercedes\/mercedes-classe-s\/\"><img loading=\"lazy\" decoding=\"async\" class=\"aligncenter wp-image-13728 size-full\" src=\"http:\/\/www.carideal.com\/blog\/wp-content\/uploads\/2016\/11\/mercedes-classe-s-500-2014-e1479906360642.jpg\" alt=\"Mercedes Classe S\" width=\"300\" height=\"200\" \/><\/a><\/td>\n<\/tr>\n<tr valign=\"TOP\">\n<td width=\"25%\">\u00a0Mercedes-Benz Classe GLA<\/td>\n<td width=\"25%\">\u00a0Mercedes-Benz Classe M<\/td>\n<td width=\"25%\">\u00a0Mercedes-Benz Classe R<\/td>\n<td width=\"25%\">\u00a0<a href=\"http:\/\/www.carideal.com\/blog\/marque-de-voiture-actualites-essais\/mercedes\/mercedes-classe-s\/\">Mercedes-Benz Classe S<\/a><\/td>\n<\/tr>\n<tr valign=\"TOP\">\n<td width=\"25%\">\u00a0<\/td>\n<td width=\"25%\">\u00a0<\/td>\n<td width=\"25%\">\u00a0<\/td>\n<td width=\"25%\">\u00a0<\/td>\n<\/tr>\n<tr valign=\"TOP\">\n<td width=\"25%\">\u00a0Mercedes-Benz Classe S Cabriolet<\/td>\n<td width=\"25%\">\u00a0Mercedes-Benz Classe V<\/td>\n<td width=\"25%\">\u00a0Mercedes-Benz GL<\/td>\n<td width=\"25%\">\u00a0Mercedes-Benz GLK<\/td>\n<\/tr>\n<tr valign=\"TOP\">\n<td width=\"25%\">\u00a0<\/td>\n<td width=\"25%\">\u00a0<\/td>\n<td width=\"25%\">\u00a0<\/td>\n<td width=\"25%\">\u00a0<\/td>\n<\/tr>\n<tr valign=\"TOP\">\n<td width=\"25%\">\u00a0Mercedes-Benz Glc<\/td>\n<td width=\"25%\">\u00a0Mercedes-Benz Glc Coupe<\/td>\n<td width=\"25%\">\u00a0Mercedes-Benz Gle<\/td>\n<td width=\"25%\">\u00a0Mercedes-Benz Gle Coupe<\/td>\n<\/tr>\n<tr valign=\"TOP\">\n<td width=\"25%\">\u00a0<\/td>\n<td width=\"25%\">\u00a0<\/td>\n<td width=\"25%\">\u00a0<\/td>\n<td width=\"25%\">\u00a0<\/td>\n<\/tr>\n<tr valign=\"TOP\">\n<td width=\"25%\">\u00a0Mercedes-Benz Gls<\/td>\n<td width=\"25%\">\u00a0Mercedes-Benz MB<\/td>\n<td width=\"25%\">\u00a0Mercedes-Benz Marco Polo<\/td>\n<td width=\"25%\">\u00a0Mercedes-Benz SL<\/td>\n<\/tr>\n<tr valign=\"TOP\">\n<td width=\"25%\">\u00a0<\/td>\n<td width=\"25%\">\u00a0<\/td>\n<td width=\"25%\">\u00a0<\/td>\n<td width=\"25%\">\u00a0<\/td>\n<\/tr>\n<tr valign=\"TOP\">\n<td width=\"25%\">Mercedes-Benz SLK<\/td>\n<td width=\"25%\">\u00a0Mercedes-Benz SLR<\/td>\n<td width=\"25%\">\u00a0Mercedes-Benz SLS<\/td>\n<td width=\"25%\">\u00a0Mercedes-Benz SLS Roadster<\/td>\n<\/tr>\n<tr valign=\"TOP\">\n<td width=\"25%\">\u00a0<\/td>\n<td width=\"25%\">\u00a0<\/td>\n<td width=\"25%\">\u00a0<\/td>\n<td width=\"25%\">\u00a0<\/td>\n<\/tr>\n<tr valign=\"TOP\">\n<td width=\"25%\">Mercedes-Benz Slc<\/td>\n<td width=\"25%\">\u00a0Mercedes-Benz Sprinter<\/td>\n<td width=\"25%\">\u00a0Mercedes-Benz Vaneo<\/td>\n<td width=\"25%\">\u00a0Mercedes-Benz Viano<\/td>\n<\/tr>\n<tr valign=\"TOP\">\n<td width=\"25%\">\u00a0<\/td>\n<td width=\"25%\">\u00a0<\/td>\n<td width=\"25%\">\u00a0<\/td>\n<td width=\"25%\">\u00a0<\/td>\n<\/tr>\n<tr valign=\"TOP\">\n<td width=\"25%\">\u00a0Mercedes-Benz Vito<\/td>\n<td width=\"25%\">\u00a0<\/td>\n<td width=\"25%\">\u00a0<\/td>\n<td width=\"25%\">\u00a0<\/td>\n<\/tr>\n<tr valign=\"TOP\">\n<td width=\"25%\">\u00a0<\/td>\n<td width=\"25%\">\u00a0<\/td>\n<td width=\"25%\">\u00a0<\/td>\n<td width=\"25%\">\u00a0<\/td>\n<\/tr>\n<tr valign=\"TOP\">\n<td width=\"25%\">\u00a0<\/td>\n<td width=\"25%\">\u00a0<\/td>\n<td width=\"25%\">\u00a0<\/td>\n<td width=\"25%\">\u00a0<\/td>\n<\/tr>\n<tr valign=\"TOP\">\n<td width=\"25%\">\u00a0<\/td>\n<td width=\"25%\">\u00a0<\/td>\n<td width=\"25%\">\u00a0<\/td>\n<td width=\"25%\">\u00a0<\/td>\n<\/tr>\n<\/tbody>\n<\/table>\n<p>\u00a0<\/p>\n\n\n<figure class=\"wp-block-table is-style-stripes\"><table class=\"\"><tbody><tr><td>Mercedes-Benz AMG GT\u00a0Mercedes-Benz CL<\/td><td>Mercedes-Benz CL<\/td><td>Mercedes-Benz CLA<\/td><td>Mercedes-Benz CLA Shooting Brake<\/td><\/tr><tr><td><\/td><td><\/td><td><\/td><td><\/td><\/tr><tr><td><\/td><td><\/td><td><\/td><td><\/td><\/tr><tr><td><\/td><td><\/td><td><\/td><td><\/td><\/tr><tr><td><\/td><td><\/td><td><\/td><td><\/td><\/tr><tr><td><\/td><td><\/td><td><\/td><td><\/td><\/tr><tr><td><\/td><td><\/td><td><\/td><td><\/td><\/tr><tr><td><\/td><td><\/td><td><\/td><td><\/td><\/tr><tr><td><\/td><td><\/td><td><\/td><td><\/td><\/tr><tr><td><\/td><td><\/td><td><\/td><td><\/td><\/tr><tr><td><\/td><td><\/td><td><\/td><td><\/td><\/tr><tr><td><\/td><td><\/td><td><\/td><td><\/td><\/tr><tr><td><\/td><td><\/td><td><\/td><td><\/td><\/tr><tr><td><\/td><td><\/td><td><\/td><td><\/td><\/tr><tr><td><\/td><td><\/td><td><\/td><td><\/td><\/tr><tr><td><\/td><td><\/td><td><\/td><td><\/td><\/tr><tr><td><\/td><td><\/td><td><\/td><td><\/td><\/tr><tr><td><\/td><td><\/td><td><\/td><td><\/td><\/tr><tr><td><\/td><td><\/td><td><\/td><td><\/td><\/tr><tr><td><\/td><td><\/td><td><\/td><td><\/td><\/tr><tr><td><\/td><td><\/td><td><\/td><td><\/td><\/tr><tr><td><\/td><td><\/td><td><\/td><td><\/td><\/tr><\/tbody><\/table><\/figure>\n\n\n\n<h2 class=\"wp-block-heading\">Actualit\u00e9s&nbsp;Mercedes<\/h2>\n\n\n<ul class=\"lcp_catlist\" id=\"lcp_instance_0\"><li><a href=\"https:\/\/www.carideal.com\/blog\/2024\/02\/24\/le-guide-ultime-du-mercedes-amg-glb-35-2024\/\">Le guide ultime du Mercedes-AMG GLB 35 2024 : Un Mariage de Luxe, Performance et Praticit\u00e9<\/a><div class=\"lcp_excerpt\">\nLe Guide Ultime du Mercedes-AMG GLB 35 2024 : Un Mariage de Luxe, Performance et Praticit\u00e9\n\n\nLe Mercedes-AMG GLB 35 a toujours \u00e9t\u00e9 une proposition unique dans le monde des SUV de luxe. Pour 2024, il a \u00e9lev\u00e9 son jeu, combinant la performance d&rsquo;une voiture compacte sportive avec la praticit\u00e9 d&rsquo;un SUV \u00e0 sept places. Ce ...<\/div><\/li><li><a href=\"https:\/\/www.carideal.com\/blog\/2023\/08\/24\/nouveau-mercedes-eqb-2023-restylage-et-innovations-technologiques-a-lhorizon\/\">Nouveau Mercedes EQB 2023 : Restylage et Innovations Technologiques \u00e0 l&rsquo;Horizon<\/a><div class=\"lcp_excerpt\">\n\ud83d\ude80 D\u00e9couvrez le nouveau Mercedes EQB 2023 : un lifting et des technologies mises \u00e0 jour\n\n\n\ud83d\udd0b Mercedes EQB : un restylage pour rester \u00e0 la pointe\n\n\nLa Mercedes EQB, lanc\u00e9e en 2021 comme une alternative \u00e9lectrique \u00e0 la GLB, b\u00e9n\u00e9ficie d\u00e9j\u00e0 d&rsquo;une mise \u00e0 jour. Cette annonce montre l&rsquo;ambition de la marque allemande de garder ses ...<\/div><\/li><li><a href=\"https:\/\/www.carideal.com\/blog\/2023\/08\/24\/nouveau-mercedes-eqa-2023-autonomie-accrue-et-design-rafraichi-pour-le-suv-electrique-competitif\/\">Nouveau Mercedes EQA 2023 : Autonomie accrue et design rafra\u00eechi pour le SUV \u00e9lectrique comp\u00e9titif<\/a><div class=\"lcp_excerpt\">\n\ud83d\ude80 D\u00e9couvrez le nouveau Mercedes EQA 2023 rafra\u00eechi !\n\n\nL&rsquo;EQA 2023, le plus petit mod\u00e8le \u00e9lectrique de Mercedes vient de recevoir une mise \u00e0 jour pour rester comp\u00e9titif face \u00e0 ses concurrents talentueux et 100% \u00e9lectriques.\n\n\n\ud83d\udd0b Autonomie am\u00e9lior\u00e9e et design ext\u00e9rieur revisit\u00e9\n\n\nAffrontant des mod\u00e8les tels que le BMW iX1, le Volvo XC40 Recharge et le Hyundai ...<\/div><\/li><li><a href=\"https:\/\/www.carideal.com\/blog\/2023\/08\/10\/la-brabus-850-fusion-de-puissance-luxe-et-performance\/\">La Brabus 850 : Fusion de Puissance, Luxe et Performance<\/a><div class=\"lcp_excerpt\">\n\ud83d\udd25 Pr\u00e9parez-vous \u00e0 \u00eatre \u00e9bloui par la puissance in\u00e9gal\u00e9e de la nouvelle Brabus 850! \ud83d\ude80\n\n\n\ud83c\udfc1 Le mariage parfait entre Brabus et MaybachBrabus et Mercedes Maybach, deux noms synonymes de luxe et d&rsquo;excellence, ont uni leurs forces pour cr\u00e9er une voiture hors du commun : la Brabus 850\u202f! \ud83e\udd29 Vous vous demandez ce qui rend cette ...<\/div><\/li><li><a href=\"https:\/\/www.carideal.com\/blog\/2023\/07\/06\/la-nouvelle-mercedes-cle-est-lancee-pour-changer-les-voitures-de-sport-de-la-classe-c-et-de-la-classe-e\/\">La nouvelle Mercedes CLE est lanc\u00e9e pour changer les voitures de sport de la Classe C et de la Classe E<\/a><div class=\"lcp_excerpt\">\nLa nouvelle Mercedes CLE est lanc\u00e9e pour changer les voitures de sport de la Classe C et de la Classe E\n\n\nLa CLE est un tout nouveau nom dans la gamme Mercedes, cens\u00e9 offrir les meilleurs \u00e9l\u00e9ments des anciennes Classe C et Classe E \u00e0 deux portes dans un seul plan.\n\n\nMercedes se bat sur deux fronts ...<\/div><\/li><li><a href=\"https:\/\/www.carideal.com\/blog\/2019\/07\/24\/les-futurs-modeles-mercedes-benz-2019-2020\/\">Les futurs mod\u00e8les Mercedes-Benz 2019 2020<\/a><div class=\"lcp_excerpt\">\nLes futurs mod\u00e8les Mercedes-Benz 2019-2020\n\n\nLe Mercedes CLA Shooting Brake est maintenant \u00e0 seulement quelques semaines des showroom des concessionnaires\n\n\nL&rsquo;extension sans fin des gammes de v\u00e9hicules se traduit-elle par une augmentation constante des ventes ? Pas si vous \u00eates Audi, ou maintenant, Mercedes-Benz aussi. Tous sur les futurs mod\u00e8les Mercedes. La marque est \u00e0 peine en ...<\/div><\/li><li><a href=\"https:\/\/www.carideal.com\/blog\/2017\/02\/07\/hypercar-mercedes-moteur-de-f1-de-1000-ch\/\">Hypercar Mercedes avec un moteur de F1 de 1000 ch<\/a><div class=\"lcp_excerpt\">La nouvelle hypercar\u00a0Mercedes-AMG &lsquo;Project One&rsquo; \u00e9quip\u00e9e d&rsquo;un moteur de F1 de\u00a01000 chevaux sera limit\u00e9e \u00e0 300 unit\u00e9s\nLa nouvelle Hypercar Mercedes-AMG \u00abProject One\u00bb obtiendra le moteur V6 victorieux du championnat du monde de Formule 1 et quatre roues motrices.\nMercedes a r\u00e9v\u00e9l\u00e9 de nouvelles informations sur sa prochaine hypercar \u00e0 moteur Formule 1 au Salon de Detroit, ...<\/div><\/li><li><a href=\"https:\/\/www.carideal.com\/blog\/2017\/01\/24\/suv-mercedes-maybach-confirme-detroit\/\">Le SUV Mercedes Maybach confirm\u00e9 \u00e0 Detroit<\/a><div class=\"lcp_excerpt\">Le futur SUV Mercedes Maybach a \u00e9t\u00e9 confirm\u00e9 \u00e0 Detroit\nUn SUV Maybach est sur le point de voir le jour, avec des motorisations \u00e9lectriques pour la marque de luxe Mercedes.\nUn SUV Mercedes Maybach a \u00e9t\u00e9 confirm\u00e9 pour entrer en\u00a0production apr\u00e8s des ann\u00e9es de sp\u00e9culation. Dr. Dieter Zetsche, PDG de Mercedes-Benz, a fait l&rsquo;annonce au Salon ...<\/div><\/li><li><a href=\"https:\/\/www.carideal.com\/blog\/2016\/09\/18\/mercedes-amg-gt-roadster-video\/\">Mercedes AMG GT Roadster en vid\u00e9o<\/a><div class=\"lcp_excerpt\">Le cabriolet Mercedes AMG GT Roadster pr\u00e9sent\u00e9 en vid\u00e9o\nLe Mercedes AMG GT a \u00e9t\u00e9 introduit en 2014 en tant que successeur de la SLS AMG. La deuxi\u00e8me voiture de sport enti\u00e8rement d\u00e9velopp\u00e9 en interne par AMG, la GT est le premier v\u00e9hicule \u00e0 porter la nomenclature \u00ab\u00a0Mercedes-AMG\u00a0\u00bb et le premier \u00e0 utiliser le moteur de ...<\/div><\/li><li><a href=\"https:\/\/www.carideal.com\/blog\/2016\/02\/14\/mercedes-glc-coupe-2016-en-octobre\/\">Mercedes GLC Coup\u00e9 2016 en Octobre<\/a><div class=\"lcp_excerpt\">\nLe Mercedes GLC coup\u00e9 2016 sortira en Octobre\n\n\nMercedes GLC coup\u00e9 2016\n\n\nLe Mercedes GLC coup\u00e9 sortira en Octobre 2016 pour un prix estim\u00e9 \u00e0 partir de 51000 \u20ac. Le Mercedes GLC coup\u00e9 vise la concurrence du BMW X4. Le Mercedes GLC coup\u00e9 s&rsquo;est adjoint pas mal d&rsquo;atouts pour arriver \u00e0 ses fins. Il a travaill\u00e9 son ...<\/div><\/li><\/ul>\n\n\n\n<p><a href=\"http:\/\/www.carideal.com\/blog\/constructeur\/mercedes\/\">TOUTES&nbsp;LES&nbsp;ACTUALIT\u00c9S&nbsp;MERCEDES<\/a><\/p>\n\n\n\n<h2 class=\"wp-block-heading\">Essais Mercedes<\/h2>\n\n\n<ul class=\"lcp_catlist\" id=\"lcp_instance_0\"><li><a href=\"https:\/\/www.carideal.com\/blog\/2024\/02\/12\/essai-de-la-mercedes-cla-2-de-2019-doccasion\/\">Essai de la Mercedes CLA 2 de 2019 d&rsquo;occasion : une berline styl\u00e9e et tr\u00e8s sympathique<\/a><div class=\"lcp_excerpt\">\nGuide Complet pour l&rsquo;Achat d&rsquo;une Mercedes CLA d&rsquo;Occasion : Mod\u00e8le Mk2 depuis 2019\n\n\nLa Mercedes CLA, depuis son lancement en 2019, est devenue un choix incontournable pour les amateurs de berlines compactes. Avec son design attrayant et ses performances impressionnantes, elle offre une exp\u00e9rience de conduite unique. Dans ce guide, nous explorerons en d\u00e9tail le mod\u00e8le ...<\/div><\/li><li><a href=\"https:\/\/www.carideal.com\/blog\/2015\/12\/30\/essai-mercedes-classe-v-220-cdi\/\">Essai Mercedes Classe V 220 CDI<\/a><div class=\"lcp_excerpt\">\nEssai Mercedes Classe V 220 CDI Diesel 163 ch\n\n\nEssai mercedes Classe V 2015\n\n\nVoil\u00e0 tout \u00e0 fait ce qu&rsquo;il me faut pour loger les gosses, le mat\u00e9riel de ski et de plong\u00e9e, pour cet essai Mercedes Classe V : 5,14m, et jusqu&rsquo;\u00e0 8 vraies places \u00e0 bord. Mais bon&#8230; on attache pas les chiens avec des ...<\/div><\/li><li><a href=\"https:\/\/www.carideal.com\/blog\/2015\/10\/25\/quelle-mercedes-classe-a-doccasion-choisir\/\">Quelle Mercedes Classe A d&rsquo;occasion choisir ?<\/a><div class=\"lcp_excerpt\">\nMercedes Classe A d&rsquo;occasion laquelle choisir ?\n\n\nEn troquant son habit de monospace contre celui d&rsquo;une berline basse, la Mercedes Classe A change radicalement de philosophie. Mais si le conducteur en profite pleinement, les passagers sont, eux, fra\u00eechement accueillis.Dommage, la planche de bord de la Mercedes Classe A d&rsquo;occasion p\u00e8che par la qualit\u00e9\u00a0de certains de ses ...<\/div><\/li><li><a href=\"https:\/\/www.carideal.com\/blog\/2015\/10\/01\/essai-de-la-jaguar-xe-vs-mercedes-classe-c\/\">Essai Jaguar XE VS Mercedes Classe C<\/a><div class=\"lcp_excerpt\">Essai Jaguar XE Versus Marcedes Classe C\nL&rsquo;ambiance int\u00e9rieure claire \u00e9gaie un peu. l&rsquo;habitacle de la Jaguar XE, quelconque c\u00f4t\u00e9 design ou qualit\u00e9 des mat\u00e9riaux. En option \u00e0 850\u20ac, la XE accueille des applications connect\u00e9es et devient relais WI-Fi.\u00a0A l&rsquo;arri\u00e8re\u00a0les places lat\u00e9rales sont assez confortables gr\u00e2ce aux si\u00e8ges bien dessin\u00e9s, mais celle du\u00a0centre ne peut servir ...<\/div><\/li><li><a href=\"https:\/\/www.carideal.com\/blog\/2015\/09\/12\/essai-du-nouveau-suv-de-mercedes-gle-coupe\/\">Essai Mercedes GLE Coup\u00e9<\/a><div class=\"lcp_excerpt\">SUV Essai Mercedes GLE Coup\u00e9\nVoici le concurrent directe du BMW X6 : le Mercedes GLE Coup\u00e9, un grand SUV de luxe avec un pavillon abaiss\u00e9. Une copie strat\u00e9gique sur celle du BMW X6, qui a \u00e9t\u00e9 le premier et est le seul dans ce segment.\nSegment SUV de luxe Le mercedes GLE veut enfoncer le clou ...<\/div><\/li><li><a href=\"https:\/\/www.carideal.com\/blog\/2015\/02\/11\/essai-nouvelle-volkswagen-passat-tdi-240-ch-biturbo-vs-mercedes-c250-bluetec-204-ch\/\">Nouvelle Volkswagen Passat SW TDI 240 Ch biturbo<\/a><div class=\"lcp_excerpt\">Essai nouvelle Volkswagen Passat SW TDI 240 Ch biturbo VS Mercedes break C250 BlueTec 204 ch\nEssai Un MOTEUR 2.0L DIESEL DE 240 CH !\nLa nouvelle Volkswagen Passat SW TDI 240 ch biturbo 4Motion\nBiturbo diesel 240 ch, quatre roues motrices, \u00e0 double embrayage \u00e0 7 rapports, la technologie omnipr\u00e9sente: version avanc\u00e9e, la\u00a0nouvelle Volkswagen Passat SW TDI ...<\/div><\/li><li><a href=\"https:\/\/www.carideal.com\/blog\/2013\/11\/18\/essai-mercedes-classe-s-350-bluetec\/\">Essai Mercedes Classe S 350 Bluetec<\/a><div class=\"lcp_excerpt\">Essai Mercedes Classe S 350 Bluetec\nBourr\u00e9e de technologie, un luxe jamais vu, des moteurs plus \u00e9cologiques, la Mercedes Classe S est la plus vendue de son segment. La nouvelle Mercedes classe S 350 Bluetec propose des \u00e9quipements technologiques jamais vu qui la place au devant de la liste\u00a0: le pack d&rsquo;assistance \u00e0 la conduite, r\u00e9gulateur ...<\/div><\/li><li><a href=\"https:\/\/www.carideal.com\/blog\/2013\/11\/10\/mercedes-gla-4x4-sur-base-de-classe-a\/\">Mercedes GLA 4&#215;4 sur base de Classe A<\/a><div class=\"lcp_excerpt\">\nMercedes GLA 4&#215;4 sur base de Classe A.\n\nLe Mercedes GLA 4&#215;4\u00a0sera commercialis\u00e9 au d\u00e9but 2014 avec deux moteurs \u00e0 essence de 156 et 211 ch et de deux moteurs diesels de 136 et 170 ch pour un prix \u00e0 partir de 30000 \u20ac.\nMercedes veux acc\u00e9l\u00e9rer la pr\u00e9sentation de ses mod\u00e8les compactes. Mercedes est en pleine ...<\/div><\/li><li><a href=\"https:\/\/www.carideal.com\/blog\/2013\/09\/04\/nouvelle-mercedes-classe-s-2014\/\">Mercedes Classe S 2014 toujours la meilleure<\/a><div class=\"lcp_excerpt\">\nNouvelle Mercedes Classe S 2014 toujours la m\u00eame classe depuis des ann\u00e9es !\n\n\n\nNouvelle Mercedes Classe S 2014\nLa Mercedes Classe S est la limousine la plus vendue actuellement au monde. Sa nouvelle mouture sera commercialis\u00e9e ce mois-ci. Elle sera propos\u00e9e avec un moteur essence de 455 ch, un diesel de 258 ch et deux versions hybrides ...<\/div><\/li><\/ul>\n\n\n\n<p><a href=\"http:\/\/www.carideal.com\/blog\/essai\/mercedes-essai\/\">TOUS&nbsp;LES&nbsp;ESSAIS&nbsp;MERCEDES<\/a><\/p>\n","protected":false},"excerpt":{"rendered":"<p>MERCEDES &#8211; Actualit\u00e9 essais Avis neuve et occasion Infos sur\u00a0Mercedes Actualit\u00e9 Essais Voiture d&rsquo;occasion Voiture neuve Prix du neuf Guide d&rsquo;achat Parmi toutes les marques prestigieuses, Carideal.com se devait de mettre en avant Mercedes. Vous trouverez sur notre site web les informations sur la marque Mercedes et ses mod\u00e8les. Vous trouverez les diff\u00e9rents essais, les &#8230; <a title=\"MERCEDES &#8211; Actualit\u00e9 essais Avis neuve et occasion\" class=\"read-more\" href=\"https:\/\/www.carideal.com\/blog\/marque-de-voiture-actualites-essais\/mercedes\/\" aria-label=\"En savoir plus sur MERCEDES &#8211; Actualit\u00e9 essais Avis neuve et occasion\">Lire plus<\/a><\/p>\n","protected":false},"author":3,"featured_media":21538,"parent":13389,"menu_order":0,"comment_status":"closed","ping_status":"closed","template":"","meta":{"_uag_custom_page_level_css":"","_themeisle_gutenberg_block_has_review":false,"footnotes":""},"class_list":["post-13698","page","type-page","status-publish","has-post-thumbnail"],"wppr_data":{"cwp_meta_box_check":"No"},"yoast_head":"<!-- This site is optimized with the Yoast SEO plugin v24.8.1 - https:\/\/yoast.com\/wordpress\/plugins\/seo\/ -->\n<title>MERCEDES - Actualit\u00e9 essais Avis neuve et occasion - Blog auto Carid\u00e9al<\/title>\n<meta name=\"robots\" content=\"index, follow, max-snippet:-1, max-image-preview:large, max-video-preview:-1\" \/>\n<link rel=\"canonical\" href=\"https:\/\/www.carideal.com\/blog\/marque-de-voiture-actualites-essais\/mercedes\/\" \/>\n<meta property=\"og:locale\" content=\"fr_FR\" \/>\n<meta property=\"og:type\" content=\"article\" \/>\n<meta property=\"og:title\" content=\"MERCEDES - Actualit\u00e9 essais Avis neuve et occasion - Blog auto Carid\u00e9al\" \/>\n<meta property=\"og:description\" content=\"MERCEDES - Actualit\u00e9 essais Avis neuve et occasion Infos sur\u00a0Mercedes Actualit\u00e9 Essais Voiture d&#039;occasion Voiture neuve Prix du neuf Guide d&#039;achat Parmi toutes les marques prestigieuses, Carideal.com se devait de mettre en avant Mercedes. Vous trouverez sur notre site web les informations sur la marque Mercedes et ses mod\u00e8les. Vous trouverez les diff\u00e9rents essais, les ... Lire plus\" \/>\n<meta property=\"og:url\" content=\"https:\/\/www.carideal.com\/blog\/marque-de-voiture-actualites-essais\/mercedes\/\" \/>\n<meta property=\"og:site_name\" content=\"Blog auto Carid\u00e9al\" \/>\n<meta property=\"article:publisher\" content=\"https:\/\/www.facebook.com\/Carideal.mandataire.automobile\" \/>\n<meta property=\"article:modified_time\" content=\"2020-03-07T15:30:35+00:00\" \/>\n<meta property=\"og:image\" content=\"https:\/\/www.carideal.com\/blog\/wp-content\/uploads\/2020\/02\/mercedes-classe-s-500-2014-e1580845877604.jpg\" \/>\n\t<meta property=\"og:image:width\" content=\"600\" \/>\n\t<meta property=\"og:image:height\" content=\"400\" \/>\n\t<meta property=\"og:image:type\" content=\"image\/jpeg\" \/>\n<meta name=\"twitter:card\" content=\"summary_large_image\" \/>\n<meta name=\"twitter:site\" content=\"@caridealauto\" \/>\n<meta name=\"twitter:label1\" content=\"Dur\u00e9e de lecture estim\u00e9e\" \/>\n\t<meta name=\"twitter:data1\" content=\"1 minute\" \/>\n<script type=\"application\/ld+json\" class=\"yoast-schema-graph\">{\"@context\":\"https:\/\/schema.org\",\"@graph\":[{\"@type\":\"WebPage\",\"@id\":\"https:\/\/www.carideal.com\/blog\/marque-de-voiture-actualites-essais\/mercedes\/\",\"url\":\"https:\/\/www.carideal.com\/blog\/marque-de-voiture-actualites-essais\/mercedes\/\",\"name\":\"MERCEDES - Actualit\u00e9 essais Avis neuve et occasion - Blog auto Carid\u00e9al\",\"isPartOf\":{\"@id\":\"https:\/\/www.carideal.com\/blog\/#website\"},\"primaryImageOfPage\":{\"@id\":\"https:\/\/www.carideal.com\/blog\/marque-de-voiture-actualites-essais\/mercedes\/#primaryimage\"},\"image\":{\"@id\":\"https:\/\/www.carideal.com\/blog\/marque-de-voiture-actualites-essais\/mercedes\/#primaryimage\"},\"thumbnailUrl\":\"https:\/\/www.carideal.com\/blog\/wp-content\/uploads\/2020\/02\/mercedes-classe-s-500-2014-e1580845877604.jpg\",\"datePublished\":\"2016-11-23T12:41:09+00:00\",\"dateModified\":\"2020-03-07T15:30:35+00:00\",\"breadcrumb\":{\"@id\":\"https:\/\/www.carideal.com\/blog\/marque-de-voiture-actualites-essais\/mercedes\/#breadcrumb\"},\"inLanguage\":\"fr-FR\",\"potentialAction\":[{\"@type\":\"ReadAction\",\"target\":[\"https:\/\/www.carideal.com\/blog\/marque-de-voiture-actualites-essais\/mercedes\/\"]}]},{\"@type\":\"ImageObject\",\"inLanguage\":\"fr-FR\",\"@id\":\"https:\/\/www.carideal.com\/blog\/marque-de-voiture-actualites-essais\/mercedes\/#primaryimage\",\"url\":\"https:\/\/www.carideal.com\/blog\/wp-content\/uploads\/2020\/02\/mercedes-classe-s-500-2014-e1580845877604.jpg\",\"contentUrl\":\"https:\/\/www.carideal.com\/blog\/wp-content\/uploads\/2020\/02\/mercedes-classe-s-500-2014-e1580845877604.jpg\",\"width\":600,\"height\":400,\"caption\":\"Mercedes\"},{\"@type\":\"BreadcrumbList\",\"@id\":\"https:\/\/www.carideal.com\/blog\/marque-de-voiture-actualites-essais\/mercedes\/#breadcrumb\",\"itemListElement\":[{\"@type\":\"ListItem\",\"position\":1,\"name\":\"Blog Carid\u00e9al\",\"item\":\"https:\/\/www.carideal.com\/blog\/\"},{\"@type\":\"ListItem\",\"position\":2,\"name\":\"Marque de voiture\",\"item\":\"https:\/\/www.carideal.com\/blog\/marque-de-voiture-actualites-essais\/\"},{\"@type\":\"ListItem\",\"position\":3,\"name\":\"MERCEDES &#8211; Actualit\u00e9 essais Avis neuve et occasion\"}]},{\"@type\":\"WebSite\",\"@id\":\"https:\/\/www.carideal.com\/blog\/#website\",\"url\":\"https:\/\/www.carideal.com\/blog\/\",\"name\":\"Blog auto Carid\u00e9al\",\"description\":\"Actualit\u00e9 auto par des passionn\u00e9s\",\"publisher\":{\"@id\":\"https:\/\/www.carideal.com\/blog\/#organization\"},\"potentialAction\":[{\"@type\":\"SearchAction\",\"target\":{\"@type\":\"EntryPoint\",\"urlTemplate\":\"https:\/\/www.carideal.com\/blog\/?s={search_term_string}\"},\"query-input\":{\"@type\":\"PropertyValueSpecification\",\"valueRequired\":true,\"valueName\":\"search_term_string\"}}],\"inLanguage\":\"fr-FR\"},{\"@type\":\"Organization\",\"@id\":\"https:\/\/www.carideal.com\/blog\/#organization\",\"name\":\"Carideal\",\"url\":\"https:\/\/www.carideal.com\/blog\/\",\"logo\":{\"@type\":\"ImageObject\",\"inLanguage\":\"fr-FR\",\"@id\":\"https:\/\/www.carideal.com\/blog\/#\/schema\/logo\/image\/\",\"url\":\"http:\/\/www.carideal.com\/blog\/wp-content\/uploads\/2016\/03\/logo-carideal-mandataire-automobile.png\",\"contentUrl\":\"http:\/\/www.carideal.com\/blog\/wp-content\/uploads\/2016\/03\/logo-carideal-mandataire-automobile.png\",\"width\":300,\"height\":300,\"caption\":\"Carideal\"},\"image\":{\"@id\":\"https:\/\/www.carideal.com\/blog\/#\/schema\/logo\/image\/\"},\"sameAs\":[\"https:\/\/www.facebook.com\/Carideal.mandataire.automobile\",\"https:\/\/x.com\/caridealauto\",\"https:\/\/www.instagram.com\/carideal1\/\",\"https:\/\/www.linkedin.com\/company\/carideal.com\",\"https:\/\/fr.pinterest.com\/schiavonsas\/\",\"https:\/\/www.youtube.com\/user\/caridealsas\"]}]}<\/script>\n<!-- \/ Yoast SEO plugin. -->","yoast_head_json":{"title":"MERCEDES - Actualit\u00e9 essais Avis neuve et occasion - Blog auto Carid\u00e9al","robots":{"index":"index","follow":"follow","max-snippet":"max-snippet:-1","max-image-preview":"max-image-preview:large","max-video-preview":"max-video-preview:-1"},"canonical":"https:\/\/www.carideal.com\/blog\/marque-de-voiture-actualites-essais\/mercedes\/","og_locale":"fr_FR","og_type":"article","og_title":"MERCEDES - Actualit\u00e9 essais Avis neuve et occasion - Blog auto Carid\u00e9al","og_description":"MERCEDES - Actualit\u00e9 essais Avis neuve et occasion Infos sur\u00a0Mercedes Actualit\u00e9 Essais Voiture d'occasion Voiture neuve Prix du neuf Guide d'achat Parmi toutes les marques prestigieuses, Carideal.com se devait de mettre en avant Mercedes. Vous trouverez sur notre site web les informations sur la marque Mercedes et ses mod\u00e8les. Vous trouverez les diff\u00e9rents essais, les ... Lire plus","og_url":"https:\/\/www.carideal.com\/blog\/marque-de-voiture-actualites-essais\/mercedes\/","og_site_name":"Blog auto Carid\u00e9al","article_publisher":"https:\/\/www.facebook.com\/Carideal.mandataire.automobile","article_modified_time":"2020-03-07T15:30:35+00:00","og_image":[{"width":600,"height":400,"url":"https:\/\/www.carideal.com\/blog\/wp-content\/uploads\/2020\/02\/mercedes-classe-s-500-2014-e1580845877604.jpg","type":"image\/jpeg"}],"twitter_card":"summary_large_image","twitter_site":"@caridealauto","twitter_misc":{"Dur\u00e9e de lecture estim\u00e9e":"1 minute"},"schema":{"@context":"https:\/\/schema.org","@graph":[{"@type":"WebPage","@id":"https:\/\/www.carideal.com\/blog\/marque-de-voiture-actualites-essais\/mercedes\/","url":"https:\/\/www.carideal.com\/blog\/marque-de-voiture-actualites-essais\/mercedes\/","name":"MERCEDES - Actualit\u00e9 essais Avis neuve et occasion - Blog auto Carid\u00e9al","isPartOf":{"@id":"https:\/\/www.carideal.com\/blog\/#website"},"primaryImageOfPage":{"@id":"https:\/\/www.carideal.com\/blog\/marque-de-voiture-actualites-essais\/mercedes\/#primaryimage"},"image":{"@id":"https:\/\/www.carideal.com\/blog\/marque-de-voiture-actualites-essais\/mercedes\/#primaryimage"},"thumbnailUrl":"https:\/\/www.carideal.com\/blog\/wp-content\/uploads\/2020\/02\/mercedes-classe-s-500-2014-e1580845877604.jpg","datePublished":"2016-11-23T12:41:09+00:00","dateModified":"2020-03-07T15:30:35+00:00","breadcrumb":{"@id":"https:\/\/www.carideal.com\/blog\/marque-de-voiture-actualites-essais\/mercedes\/#breadcrumb"},"inLanguage":"fr-FR","potentialAction":[{"@type":"ReadAction","target":["https:\/\/www.carideal.com\/blog\/marque-de-voiture-actualites-essais\/mercedes\/"]}]},{"@type":"ImageObject","inLanguage":"fr-FR","@id":"https:\/\/www.carideal.com\/blog\/marque-de-voiture-actualites-essais\/mercedes\/#primaryimage","url":"https:\/\/www.carideal.com\/blog\/wp-content\/uploads\/2020\/02\/mercedes-classe-s-500-2014-e1580845877604.jpg","contentUrl":"https:\/\/www.carideal.com\/blog\/wp-content\/uploads\/2020\/02\/mercedes-classe-s-500-2014-e1580845877604.jpg","width":600,"height":400,"caption":"Mercedes"},{"@type":"BreadcrumbList","@id":"https:\/\/www.carideal.com\/blog\/marque-de-voiture-actualites-essais\/mercedes\/#breadcrumb","itemListElement":[{"@type":"ListItem","position":1,"name":"Blog Carid\u00e9al","item":"https:\/\/www.carideal.com\/blog\/"},{"@type":"ListItem","position":2,"name":"Marque de voiture","item":"https:\/\/www.carideal.com\/blog\/marque-de-voiture-actualites-essais\/"},{"@type":"ListItem","position":3,"name":"MERCEDES &#8211; Actualit\u00e9 essais Avis neuve et occasion"}]},{"@type":"WebSite","@id":"https:\/\/www.carideal.com\/blog\/#website","url":"https:\/\/www.carideal.com\/blog\/","name":"Blog auto Carid\u00e9al","description":"Actualit\u00e9 auto par des passionn\u00e9s","publisher":{"@id":"https:\/\/www.carideal.com\/blog\/#organization"},"potentialAction":[{"@type":"SearchAction","target":{"@type":"EntryPoint","urlTemplate":"https:\/\/www.carideal.com\/blog\/?s={search_term_string}"},"query-input":{"@type":"PropertyValueSpecification","valueRequired":true,"valueName":"search_term_string"}}],"inLanguage":"fr-FR"},{"@type":"Organization","@id":"https:\/\/www.carideal.com\/blog\/#organization","name":"Carideal","url":"https:\/\/www.carideal.com\/blog\/","logo":{"@type":"ImageObject","inLanguage":"fr-FR","@id":"https:\/\/www.carideal.com\/blog\/#\/schema\/logo\/image\/","url":"http:\/\/www.carideal.com\/blog\/wp-content\/uploads\/2016\/03\/logo-carideal-mandataire-automobile.png","contentUrl":"http:\/\/www.carideal.com\/blog\/wp-content\/uploads\/2016\/03\/logo-carideal-mandataire-automobile.png","width":300,"height":300,"caption":"Carideal"},"image":{"@id":"https:\/\/www.carideal.com\/blog\/#\/schema\/logo\/image\/"},"sameAs":["https:\/\/www.facebook.com\/Carideal.mandataire.automobile","https:\/\/x.com\/caridealauto","https:\/\/www.instagram.com\/carideal1\/","https:\/\/www.linkedin.com\/company\/carideal.com","https:\/\/fr.pinterest.com\/schiavonsas\/","https:\/\/www.youtube.com\/user\/caridealsas"]}]}},"uagb_featured_image_src":{"full":["https:\/\/www.carideal.com\/blog\/wp-content\/uploads\/2020\/02\/mercedes-classe-s-500-2014-e1580845877604.jpg",600,400,false],"thumbnail":["https:\/\/www.carideal.com\/blog\/wp-content\/uploads\/2020\/02\/mercedes-classe-s-500-2014-150x150.jpg",150,150,true],"medium":["https:\/\/www.carideal.com\/blog\/wp-content\/uploads\/2020\/02\/mercedes-classe-s-500-2014-300x200.jpg",300,200,true],"medium_large":["https:\/\/www.carideal.com\/blog\/wp-content\/uploads\/2020\/02\/mercedes-classe-s-500-2014-768x512.jpg",768,512,true],"large":["https:\/\/www.carideal.com\/blog\/wp-content\/uploads\/2020\/02\/mercedes-classe-s-500-2014-e1580845877604.jpg",600,400,false],"1536x1536":["https:\/\/www.carideal.com\/blog\/wp-content\/uploads\/2020\/02\/mercedes-classe-s-500-2014-e1580845877604.jpg",600,400,false],"2048x2048":["https:\/\/www.carideal.com\/blog\/wp-content\/uploads\/2020\/02\/mercedes-classe-s-500-2014-e1580845877604.jpg",600,400,false],"wppr-widget":["https:\/\/www.carideal.com\/blog\/wp-content\/uploads\/2020\/02\/mercedes-classe-s-500-2014-50x33.jpg",50,33,true]},"uagb_author_info":{"display_name":"Nicolas SCHIAVON","author_link":"https:\/\/www.carideal.com\/blog\/author\/nschiavon\/"},"uagb_comment_info":0,"uagb_excerpt":"MERCEDES - Actualit\u00e9 essais Avis neuve et occasion Infos sur\u00a0Mercedes Actualit\u00e9 Essais Voiture d'occasion Voiture neuve Prix du neuf Guide d'achat Parmi toutes les marques prestigieuses, Carideal.com se devait de mettre en avant Mercedes. Vous trouverez sur notre site web les informations sur la marque Mercedes et ses mod\u00e8les. Vous trouverez les diff\u00e9rents essais, les\u2026","_links":{"self":[{"href":"https:\/\/www.carideal.com\/blog\/wp-json\/wp\/v2\/pages\/13698"}],"collection":[{"href":"https:\/\/www.carideal.com\/blog\/wp-json\/wp\/v2\/pages"}],"about":[{"href":"https:\/\/www.carideal.com\/blog\/wp-json\/wp\/v2\/types\/page"}],"author":[{"embeddable":true,"href":"https:\/\/www.carideal.com\/blog\/wp-json\/wp\/v2\/users\/3"}],"replies":[{"embeddable":true,"href":"https:\/\/www.carideal.com\/blog\/wp-json\/wp\/v2\/comments?post=13698"}],"version-history":[{"count":0,"href":"https:\/\/www.carideal.com\/blog\/wp-json\/wp\/v2\/pages\/13698\/revisions"}],"up":[{"embeddable":true,"href":"https:\/\/www.carideal.com\/blog\/wp-json\/wp\/v2\/pages\/13389"}],"wp:featuredmedia":[{"embeddable":true,"href":"https:\/\/www.carideal.com\/blog\/wp-json\/wp\/v2\/media\/21538"}],"wp:attachment":[{"href":"https:\/\/www.carideal.com\/blog\/wp-json\/wp\/v2\/media?parent=13698"}],"curies":[{"name":"wp","href":"https:\/\/api.w.org\/{rel}","templated":true}]}}