{"id":13489,"date":"2017-03-27T19:07:05","date_gmt":"2017-03-27T17:07:05","guid":{"rendered":"http:\/\/www.carideal.com\/blog\/?page_id=13489"},"modified":"2024-01-22T18:30:29","modified_gmt":"2024-01-22T17:30:29","slug":"voiture-occasion-chambery","status":"publish","type":"page","link":"https:\/\/www.carideal.com\/blog\/voitures-occasions\/voiture-occasion-chambery\/","title":{"rendered":"Voiture occasion Chamb\u00e9ry &#8211; Annonce Auto"},"content":{"rendered":"\n<h2 class=\"wp-block-heading\">Voiture d'occasion \u00e0 Chamb\u00e9ry votre sp\u00e9cialiste depuis 30 ans<\/h2>\n\n\n\n<p>Toutes les marques | Peugeot | Renault | Citro\u00ebn | Dacia | Volkswagen | Kia | Land Rover | <a href=\"http:\/\/www.carideal.com\/blog\/carideal-mandataire-auto-france\/chambery\/\">Mandataire auto Chambery<\/a><\/p>\n\n\n\n<p><strong>VOITURE OCCASION<\/strong> A <strong>CHAMBERY<\/strong> : \u00e0 tout moment, nous avons plus de 30 <a href=\"http:\/\/www.carideal.com\/blog\/voitures-occasions\/\">voitures d'occasions<\/a> \u00e0 Chamb\u00e9ry disponibles \u00e0 la vente ici sur notre parc au 13 av de Turin 73000 Bassens plus celles en arrivage constant et en stock chez nos fournisseurs tri\u00e9s sur le volet, repr\u00e9sentent plus de 100 voitures disponibles rapidement.<\/p>\n\n\n<div class=\"wp-block-image size-full wp-image-15822\">\n<figure class=\"aligncenter\"><img loading=\"lazy\" decoding=\"async\" width=\"385\" height=\"271\" src=\"http:\/\/www.carideal.com\/blog\/wp-content\/uploads\/2017\/02\/achat-voiture-occasion.jpg\" alt=\"Achat voiture occasion \u00e0 Chamb\u00e9ry\" class=\"wp-image-15822\" srcset=\"https:\/\/www.carideal.com\/blog\/wp-content\/uploads\/2017\/02\/achat-voiture-occasion.jpg 385w, https:\/\/www.carideal.com\/blog\/wp-content\/uploads\/2017\/02\/achat-voiture-occasion-300x211.jpg 300w, https:\/\/www.carideal.com\/blog\/wp-content\/uploads\/2017\/02\/achat-voiture-occasion-110x77.jpg 110w, https:\/\/www.carideal.com\/blog\/wp-content\/uploads\/2017\/02\/achat-voiture-occasion-50x35.jpg 50w\" sizes=\"(max-width: 385px) 100vw, 385px\" \/><figcaption class=\"wp-element-caption\">Achat voiture occasion \u00e0 Chamb\u00e9ry<\/figcaption><\/figure><\/div>\n\n\n<p>Notre site internet CARIDEAL.COM est l'un des plus anciens <a href=\"http:\/\/www.carideal.com\/blog\/meilleur-site-pour-vendre-voiture\/\">sites internet automobile<\/a> en France et de ce fait, cela signifie que nous sommes id\u00e9alement plac\u00e9s pour vous offrir des niveaux sans pr\u00e9c\u00e9dent de choix et la disponibilit\u00e9 \u00e0 travers une vaste gamme de voitures d'occasion \u00e0 Chamb\u00e9ry.<\/p>\n\n\n\n<p>Quel que soit votre budget, m\u00eame si vous recherchez une voiture occasion \u00e0 Chambery pas ch\u00e8re, il y a une voiture d'occasion \u00e0 Chamb\u00e9ry pour tout le monde ici \u00e0 Carideal.<\/p>\n\n\n\n<h2 class=\"wp-block-heading\">Un r\u00e9seau de qualit\u00e9 pour l'achat de votre voiture d'occasion \u00e0 Chambery<\/h2>\n\n\n\n<p>Contrairement \u00e0 d'autres sites automobiles, les voitures que nous annon\u00e7ons sont toutes les voitures d'occasion de qualit\u00e9 qui sont disponibles \u00e0 des prix de voiture d'occasion imbattables et garanties.<\/p>\n\n\n\n<p>Notre r\u00e9seau de fournisseurs de confiance nous permet de seulement acheter et vendre des voitures d'occasion de grande qualit\u00e9.<br>Seuls les meilleurs et les <a href=\"http:\/\/www.carideal.com\/blog\/2019\/12\/03\/voitures-doccasion-les-plus-fiables-2019\/\">plus fiables<\/a> sont choisi pour travailler avec nous.<br>Vous voulez plus de conseils sur ce qu'il faut rechercher lors de l'achat d'une voiture d'occasion \u00e0 Chamb\u00e9ry ? <a href=\"http:\/\/www.carideal.com\/blog\/contactez-nous\/\">Contactez nous<\/a>.<\/p>\n\n\n\n<p>Inscrivez-vous \u00e0 notre newsletter ou suivez-nous sur notre compte <a href=\"https:\/\/www.facebook.com\/Carideal.mandataire.automobile\/\" target=\"_blank\" rel=\"noreferrer noopener\">Facebook<\/a> pour quelques conseils et avis\u202f!<\/p>\n\n\n\n<h3 class=\"wp-block-heading\">Contactez Carideal \u00e0 Chamb\u00e9ry<\/h3>\n\n\n<p>[contact-form to='nicolas@carideal.com' subject='Contacter Carideal'][contact-field label='Nom' type='name' required='1'\/][contact-field label='E-mail' type='email' required='1'\/][contact-field label='TEL' type='text'\/][contact-field label='Commentaire' type='textarea' required='1'\/][\/contact-form]<\/p>\n\n\n\n<h2 class=\"wp-block-heading\">Achat d'une voiture d'occasion \u00e0 Chambery :<\/h2>\n\n\n\n<p>Que vous recherchiez, un SUV, une citadine, ou un <a href=\"http:\/\/www.carideal.com\/blog\/2019\/07\/24\/meilleurs-cabriolets-occasions-pas-cher\/\">cabriolet<\/a>, notre proc\u00e9dure simple, \u00e9tape par \u00e9tape, pour trouver votre voiture d'occasion \u00e0 Chamb\u00e9ry parfaite vous enl\u00e8ve simplement tous les tracas de l'achat d'une nouvelle voiture d'occasion. <strong>Toutes nos voitures d'occasion sont <a href=\"http:\/\/www.carideal.com\/blog\/2015\/06\/03\/garantie-voitures-doccasions\/\">garanties<\/a><\/strong>. Vous pourrez souscrire une <a href=\"http:\/\/www.carideal.com\/content\/7-extension-garantie\" target=\"_blank\" rel=\"noreferrer noopener\">extension de garantie<\/a> et <a href=\"http:\/\/www.carideal.com\/blog\/credit-auto\/\">financer l'achat<\/a> de votre voiture d'occasion&nbsp;\u00e0 Chamb\u00e9ry.<\/p>\n\n\n\n<p>Un excellent point de d\u00e9part pour trouver votre voiture d'occasion \u00e0 Chamb\u00e9ry est de visiter la rubrique <a href=\"http:\/\/www.carideal.com\/blog\/actualites-auto\/\" target=\"_blank\" rel=\"noreferrer noopener\">actualit\u00e9<\/a> de notre site internet, o\u00f9 vous trouverez toutes sortes de conseils utiles pour vous guider dans votre choix, et les <a href=\"http:\/\/www.carideal.com\/blog\/offres-automobiles\/\" target=\"_blank\" rel=\"noreferrer noopener\">promotions apr\u00e8s-vente<\/a>&nbsp;pour l'entretien et la r\u00e9vision de votre voiture.<\/p>\n\n\n\n<p>On reprend aussi votre ancienne voiture d'occasion \u00e0 Chamb\u00e9ry : Pour cela il suffit de prendre rendez-vous au <a href=\"tel:+33479330353\">04 79 33 03 53<\/a>, de venir nous voir et nous faisons une offre de reprise de votre voiture. Carideal&nbsp;reprend votre voiture.<\/p>\n\n\n\n<p>Trouver une voiture pour votre prochain Achat d'une voiture d'occasion ne vous prendra que quelques minutes\u202f! Si vous connaissez la marque ou le mod\u00e8le de voiture d'occasion que vous recherchez, vous pouvez passer directement \u00e0 la recherche de voitures d'occasion \u00e0 Chambery en haut de cette page et commencer \u00e0 regarder, ou cliquez sur un des liens directs ci-dessous - Bonne chance\u202f!<\/p>\n\n\n\n<p>\u00c0 tout moment, vous pouvez nous consultez nous avons plus de 100 voitures d'occasions \u00e0 Chamb\u00e9ry disponibles \u00e0 la vente ici.<\/p>\n\n\n\n<h2 class=\"wp-block-heading\">Un tour du parc de voitures d'occasions \u00e0 Chamb\u00e9ry<\/h2>\n\n\n\n<figure><iframe loading=\"lazy\" src=\"https:\/\/www.youtube.com\/embed\/FFkPFuX27dg\" width=\"560\" height=\"315\"><\/iframe><\/figure>\n","protected":false},"excerpt":{"rendered":"<p>Voiture d&rsquo;occasion \u00e0 Chamb\u00e9ry votre sp\u00e9cialiste depuis 30 ans Toutes les marques | Peugeot | Renault | Citro\u00ebn | Dacia | Volkswagen | Kia | Land Rover | Mandataire auto Chambery VOITURE OCCASION A CHAMBERY : \u00e0 tout moment, nous avons plus de 30 voitures d&rsquo;occasions \u00e0 Chamb\u00e9ry disponibles \u00e0 la vente ici sur notre &#8230; <a title=\"Voiture occasion Chamb\u00e9ry &#8211; Annonce Auto\" class=\"read-more\" href=\"https:\/\/www.carideal.com\/blog\/voitures-occasions\/voiture-occasion-chambery\/\" aria-label=\"En savoir plus sur Voiture occasion Chamb\u00e9ry &#8211; Annonce Auto\">Lire plus<\/a><\/p>\n","protected":false},"author":3,"featured_media":15459,"parent":15469,"menu_order":0,"comment_status":"closed","ping_status":"closed","template":"","meta":{"_uag_custom_page_level_css":"","_themeisle_gutenberg_block_has_review":false,"footnotes":""},"class_list":["post-13489","page","type-page","status-publish","has-post-thumbnail"],"wppr_data":{"cwp_meta_box_check":"No"},"yoast_head":"<!-- This site is optimized with the Yoast SEO plugin v24.8.1 - https:\/\/yoast.com\/wordpress\/plugins\/seo\/ -->\n<title>Voiture occasion Chamb\u00e9ry - Annonce Auto - Blog auto Carid\u00e9al<\/title>\n<meta name=\"description\" content=\"L&#039;achat d&#039;une voiture d&#039;occasion \u00e0 Chamb\u00e9ry se passe chez Carideal plus de 30 voitures d&#039;occasions disponibles \u00e0 la vente r\u00e9vis\u00e9es et garanties\" \/>\n<meta name=\"robots\" content=\"index, follow, max-snippet:-1, max-image-preview:large, max-video-preview:-1\" \/>\n<link rel=\"canonical\" href=\"https:\/\/www.carideal.com\/blog\/voitures-occasions\/voiture-occasion-chambery\/\" \/>\n<meta property=\"og:locale\" content=\"fr_FR\" \/>\n<meta property=\"og:type\" content=\"article\" \/>\n<meta property=\"og:title\" content=\"Voiture occasion Chamb\u00e9ry - Annonce Auto - Blog auto Carid\u00e9al\" \/>\n<meta property=\"og:description\" content=\"L&#039;achat d&#039;une voiture d&#039;occasion \u00e0 Chamb\u00e9ry se passe chez Carideal plus de 30 voitures d&#039;occasions disponibles \u00e0 la vente r\u00e9vis\u00e9es et garanties\" \/>\n<meta property=\"og:url\" content=\"https:\/\/www.carideal.com\/blog\/voitures-occasions\/voiture-occasion-chambery\/\" \/>\n<meta property=\"og:site_name\" content=\"Blog auto Carid\u00e9al\" \/>\n<meta property=\"article:publisher\" content=\"https:\/\/www.facebook.com\/Carideal.mandataire.automobile\" \/>\n<meta property=\"article:modified_time\" content=\"2024-01-22T17:30:29+00:00\" \/>\n<meta property=\"og:image\" content=\"https:\/\/www.carideal.com\/blog\/wp-content\/uploads\/2013\/04\/citroen-ds4-occasion-stock-schiavon-chambery-e1569225608939.jpg\" \/>\n\t<meta property=\"og:image:width\" content=\"600\" \/>\n\t<meta property=\"og:image:height\" content=\"448\" \/>\n\t<meta property=\"og:image:type\" content=\"image\/jpeg\" \/>\n<meta name=\"twitter:card\" content=\"summary_large_image\" \/>\n<meta name=\"twitter:site\" content=\"@caridealauto\" \/>\n<meta name=\"twitter:label1\" content=\"Dur\u00e9e de lecture estim\u00e9e\" \/>\n\t<meta name=\"twitter:data1\" content=\"4 minutes\" \/>\n<script type=\"application\/ld+json\" class=\"yoast-schema-graph\">{\"@context\":\"https:\/\/schema.org\",\"@graph\":[{\"@type\":\"WebPage\",\"@id\":\"https:\/\/www.carideal.com\/blog\/voitures-occasions\/voiture-occasion-chambery\/\",\"url\":\"https:\/\/www.carideal.com\/blog\/voitures-occasions\/voiture-occasion-chambery\/\",\"name\":\"Voiture occasion Chamb\u00e9ry - Annonce Auto - Blog auto Carid\u00e9al\",\"isPartOf\":{\"@id\":\"https:\/\/www.carideal.com\/blog\/#website\"},\"primaryImageOfPage\":{\"@id\":\"https:\/\/www.carideal.com\/blog\/voitures-occasions\/voiture-occasion-chambery\/#primaryimage\"},\"image\":{\"@id\":\"https:\/\/www.carideal.com\/blog\/voitures-occasions\/voiture-occasion-chambery\/#primaryimage\"},\"thumbnailUrl\":\"https:\/\/www.carideal.com\/blog\/wp-content\/uploads\/2013\/04\/citroen-ds4-occasion-stock-schiavon-chambery-e1569225608939.jpg\",\"datePublished\":\"2017-03-27T17:07:05+00:00\",\"dateModified\":\"2024-01-22T17:30:29+00:00\",\"description\":\"L'achat d'une voiture d'occasion \u00e0 Chamb\u00e9ry se passe chez Carideal plus de 30 voitures d'occasions disponibles \u00e0 la vente r\u00e9vis\u00e9es et garanties\",\"breadcrumb\":{\"@id\":\"https:\/\/www.carideal.com\/blog\/voitures-occasions\/voiture-occasion-chambery\/#breadcrumb\"},\"inLanguage\":\"fr-FR\",\"potentialAction\":[{\"@type\":\"ReadAction\",\"target\":[\"https:\/\/www.carideal.com\/blog\/voitures-occasions\/voiture-occasion-chambery\/\"]}]},{\"@type\":\"ImageObject\",\"inLanguage\":\"fr-FR\",\"@id\":\"https:\/\/www.carideal.com\/blog\/voitures-occasions\/voiture-occasion-chambery\/#primaryimage\",\"url\":\"https:\/\/www.carideal.com\/blog\/wp-content\/uploads\/2013\/04\/citroen-ds4-occasion-stock-schiavon-chambery-e1569225608939.jpg\",\"contentUrl\":\"https:\/\/www.carideal.com\/blog\/wp-content\/uploads\/2013\/04\/citroen-ds4-occasion-stock-schiavon-chambery-e1569225608939.jpg\",\"width\":600,\"height\":448,\"caption\":\"Voitures occasions \u00e0 Chamb\u00e9ry\"},{\"@type\":\"BreadcrumbList\",\"@id\":\"https:\/\/www.carideal.com\/blog\/voitures-occasions\/voiture-occasion-chambery\/#breadcrumb\",\"itemListElement\":[{\"@type\":\"ListItem\",\"position\":1,\"name\":\"Blog Carid\u00e9al\",\"item\":\"https:\/\/www.carideal.com\/blog\/\"},{\"@type\":\"ListItem\",\"position\":2,\"name\":\"Voitures occasions\",\"item\":\"https:\/\/www.carideal.com\/blog\/voitures-occasions\/\"},{\"@type\":\"ListItem\",\"position\":3,\"name\":\"Chamb\u00e9ry\"}]},{\"@type\":\"WebSite\",\"@id\":\"https:\/\/www.carideal.com\/blog\/#website\",\"url\":\"https:\/\/www.carideal.com\/blog\/\",\"name\":\"Blog auto Carid\u00e9al\",\"description\":\"Actualit\u00e9 auto par des passionn\u00e9s\",\"publisher\":{\"@id\":\"https:\/\/www.carideal.com\/blog\/#organization\"},\"potentialAction\":[{\"@type\":\"SearchAction\",\"target\":{\"@type\":\"EntryPoint\",\"urlTemplate\":\"https:\/\/www.carideal.com\/blog\/?s={search_term_string}\"},\"query-input\":{\"@type\":\"PropertyValueSpecification\",\"valueRequired\":true,\"valueName\":\"search_term_string\"}}],\"inLanguage\":\"fr-FR\"},{\"@type\":\"Organization\",\"@id\":\"https:\/\/www.carideal.com\/blog\/#organization\",\"name\":\"Carideal\",\"url\":\"https:\/\/www.carideal.com\/blog\/\",\"logo\":{\"@type\":\"ImageObject\",\"inLanguage\":\"fr-FR\",\"@id\":\"https:\/\/www.carideal.com\/blog\/#\/schema\/logo\/image\/\",\"url\":\"http:\/\/www.carideal.com\/blog\/wp-content\/uploads\/2016\/03\/logo-carideal-mandataire-automobile.png\",\"contentUrl\":\"http:\/\/www.carideal.com\/blog\/wp-content\/uploads\/2016\/03\/logo-carideal-mandataire-automobile.png\",\"width\":300,\"height\":300,\"caption\":\"Carideal\"},\"image\":{\"@id\":\"https:\/\/www.carideal.com\/blog\/#\/schema\/logo\/image\/\"},\"sameAs\":[\"https:\/\/www.facebook.com\/Carideal.mandataire.automobile\",\"https:\/\/x.com\/caridealauto\",\"https:\/\/www.instagram.com\/carideal1\/\",\"https:\/\/www.linkedin.com\/company\/carideal.com\",\"https:\/\/fr.pinterest.com\/schiavonsas\/\",\"https:\/\/www.youtube.com\/user\/caridealsas\"]}]}<\/script>\n<!-- \/ Yoast SEO plugin. -->","yoast_head_json":{"title":"Voiture occasion Chamb\u00e9ry - Annonce Auto - Blog auto Carid\u00e9al","description":"L'achat d'une voiture d'occasion \u00e0 Chamb\u00e9ry se passe chez Carideal plus de 30 voitures d'occasions disponibles \u00e0 la vente r\u00e9vis\u00e9es et garanties","robots":{"index":"index","follow":"follow","max-snippet":"max-snippet:-1","max-image-preview":"max-image-preview:large","max-video-preview":"max-video-preview:-1"},"canonical":"https:\/\/www.carideal.com\/blog\/voitures-occasions\/voiture-occasion-chambery\/","og_locale":"fr_FR","og_type":"article","og_title":"Voiture occasion Chamb\u00e9ry - Annonce Auto - Blog auto Carid\u00e9al","og_description":"L'achat d'une voiture d'occasion \u00e0 Chamb\u00e9ry se passe chez Carideal plus de 30 voitures d'occasions disponibles \u00e0 la vente r\u00e9vis\u00e9es et garanties","og_url":"https:\/\/www.carideal.com\/blog\/voitures-occasions\/voiture-occasion-chambery\/","og_site_name":"Blog auto Carid\u00e9al","article_publisher":"https:\/\/www.facebook.com\/Carideal.mandataire.automobile","article_modified_time":"2024-01-22T17:30:29+00:00","og_image":[{"width":600,"height":448,"url":"https:\/\/www.carideal.com\/blog\/wp-content\/uploads\/2013\/04\/citroen-ds4-occasion-stock-schiavon-chambery-e1569225608939.jpg","type":"image\/jpeg"}],"twitter_card":"summary_large_image","twitter_site":"@caridealauto","twitter_misc":{"Dur\u00e9e de lecture estim\u00e9e":"4 minutes"},"schema":{"@context":"https:\/\/schema.org","@graph":[{"@type":"WebPage","@id":"https:\/\/www.carideal.com\/blog\/voitures-occasions\/voiture-occasion-chambery\/","url":"https:\/\/www.carideal.com\/blog\/voitures-occasions\/voiture-occasion-chambery\/","name":"Voiture occasion Chamb\u00e9ry - Annonce Auto - Blog auto Carid\u00e9al","isPartOf":{"@id":"https:\/\/www.carideal.com\/blog\/#website"},"primaryImageOfPage":{"@id":"https:\/\/www.carideal.com\/blog\/voitures-occasions\/voiture-occasion-chambery\/#primaryimage"},"image":{"@id":"https:\/\/www.carideal.com\/blog\/voitures-occasions\/voiture-occasion-chambery\/#primaryimage"},"thumbnailUrl":"https:\/\/www.carideal.com\/blog\/wp-content\/uploads\/2013\/04\/citroen-ds4-occasion-stock-schiavon-chambery-e1569225608939.jpg","datePublished":"2017-03-27T17:07:05+00:00","dateModified":"2024-01-22T17:30:29+00:00","description":"L'achat d'une voiture d'occasion \u00e0 Chamb\u00e9ry se passe chez Carideal plus de 30 voitures d'occasions disponibles \u00e0 la vente r\u00e9vis\u00e9es et garanties","breadcrumb":{"@id":"https:\/\/www.carideal.com\/blog\/voitures-occasions\/voiture-occasion-chambery\/#breadcrumb"},"inLanguage":"fr-FR","potentialAction":[{"@type":"ReadAction","target":["https:\/\/www.carideal.com\/blog\/voitures-occasions\/voiture-occasion-chambery\/"]}]},{"@type":"ImageObject","inLanguage":"fr-FR","@id":"https:\/\/www.carideal.com\/blog\/voitures-occasions\/voiture-occasion-chambery\/#primaryimage","url":"https:\/\/www.carideal.com\/blog\/wp-content\/uploads\/2013\/04\/citroen-ds4-occasion-stock-schiavon-chambery-e1569225608939.jpg","contentUrl":"https:\/\/www.carideal.com\/blog\/wp-content\/uploads\/2013\/04\/citroen-ds4-occasion-stock-schiavon-chambery-e1569225608939.jpg","width":600,"height":448,"caption":"Voitures occasions \u00e0 Chamb\u00e9ry"},{"@type":"BreadcrumbList","@id":"https:\/\/www.carideal.com\/blog\/voitures-occasions\/voiture-occasion-chambery\/#breadcrumb","itemListElement":[{"@type":"ListItem","position":1,"name":"Blog Carid\u00e9al","item":"https:\/\/www.carideal.com\/blog\/"},{"@type":"ListItem","position":2,"name":"Voitures occasions","item":"https:\/\/www.carideal.com\/blog\/voitures-occasions\/"},{"@type":"ListItem","position":3,"name":"Chamb\u00e9ry"}]},{"@type":"WebSite","@id":"https:\/\/www.carideal.com\/blog\/#website","url":"https:\/\/www.carideal.com\/blog\/","name":"Blog auto Carid\u00e9al","description":"Actualit\u00e9 auto par des passionn\u00e9s","publisher":{"@id":"https:\/\/www.carideal.com\/blog\/#organization"},"potentialAction":[{"@type":"SearchAction","target":{"@type":"EntryPoint","urlTemplate":"https:\/\/www.carideal.com\/blog\/?s={search_term_string}"},"query-input":{"@type":"PropertyValueSpecification","valueRequired":true,"valueName":"search_term_string"}}],"inLanguage":"fr-FR"},{"@type":"Organization","@id":"https:\/\/www.carideal.com\/blog\/#organization","name":"Carideal","url":"https:\/\/www.carideal.com\/blog\/","logo":{"@type":"ImageObject","inLanguage":"fr-FR","@id":"https:\/\/www.carideal.com\/blog\/#\/schema\/logo\/image\/","url":"http:\/\/www.carideal.com\/blog\/wp-content\/uploads\/2016\/03\/logo-carideal-mandataire-automobile.png","contentUrl":"http:\/\/www.carideal.com\/blog\/wp-content\/uploads\/2016\/03\/logo-carideal-mandataire-automobile.png","width":300,"height":300,"caption":"Carideal"},"image":{"@id":"https:\/\/www.carideal.com\/blog\/#\/schema\/logo\/image\/"},"sameAs":["https:\/\/www.facebook.com\/Carideal.mandataire.automobile","https:\/\/x.com\/caridealauto","https:\/\/www.instagram.com\/carideal1\/","https:\/\/www.linkedin.com\/company\/carideal.com","https:\/\/fr.pinterest.com\/schiavonsas\/","https:\/\/www.youtube.com\/user\/caridealsas"]}]}},"uagb_featured_image_src":{"full":["https:\/\/www.carideal.com\/blog\/wp-content\/uploads\/2013\/04\/citroen-ds4-occasion-stock-schiavon-chambery-e1569225608939.jpg",600,448,false],"thumbnail":["https:\/\/www.carideal.com\/blog\/wp-content\/uploads\/2013\/04\/citroen-ds4-occasion-stock-schiavon-chambery-150x150.jpg",150,150,true],"medium":["https:\/\/www.carideal.com\/blog\/wp-content\/uploads\/2013\/04\/citroen-ds4-occasion-stock-schiavon-chambery-300x224.jpg",300,224,true],"medium_large":["https:\/\/www.carideal.com\/blog\/wp-content\/uploads\/2013\/04\/citroen-ds4-occasion-stock-schiavon-chambery-768x573.jpg",768,573,true],"large":["https:\/\/www.carideal.com\/blog\/wp-content\/uploads\/2013\/04\/citroen-ds4-occasion-stock-schiavon-chambery-e1569225608939.jpg",600,448,false],"1536x1536":["https:\/\/www.carideal.com\/blog\/wp-content\/uploads\/2013\/04\/citroen-ds4-occasion-stock-schiavon-chambery-e1569225608939.jpg",600,448,false],"2048x2048":["https:\/\/www.carideal.com\/blog\/wp-content\/uploads\/2013\/04\/citroen-ds4-occasion-stock-schiavon-chambery-e1569225608939.jpg",600,448,false],"wppr-widget":["https:\/\/www.carideal.com\/blog\/wp-content\/uploads\/2013\/04\/citroen-ds4-occasion-stock-schiavon-chambery-e1569225608939.jpg",50,37,false]},"uagb_author_info":{"display_name":"Nicolas SCHIAVON","author_link":"https:\/\/www.carideal.com\/blog\/author\/nschiavon\/"},"uagb_comment_info":0,"uagb_excerpt":"Voiture d'occasion \u00e0 Chamb\u00e9ry votre sp\u00e9cialiste depuis 30 ans Toutes les marques | Peugeot | Renault | Citro\u00ebn | Dacia | Volkswagen | Kia | Land Rover | Mandataire auto Chambery VOITURE OCCASION A CHAMBERY : \u00e0 tout moment, nous avons plus de 30 voitures d'occasions \u00e0 Chamb\u00e9ry disponibles \u00e0 la vente ici sur notre\u2026","_links":{"self":[{"href":"https:\/\/www.carideal.com\/blog\/wp-json\/wp\/v2\/pages\/13489"}],"collection":[{"href":"https:\/\/www.carideal.com\/blog\/wp-json\/wp\/v2\/pages"}],"about":[{"href":"https:\/\/www.carideal.com\/blog\/wp-json\/wp\/v2\/types\/page"}],"author":[{"embeddable":true,"href":"https:\/\/www.carideal.com\/blog\/wp-json\/wp\/v2\/users\/3"}],"replies":[{"embeddable":true,"href":"https:\/\/www.carideal.com\/blog\/wp-json\/wp\/v2\/comments?post=13489"}],"version-history":[{"count":0,"href":"https:\/\/www.carideal.com\/blog\/wp-json\/wp\/v2\/pages\/13489\/revisions"}],"up":[{"embeddable":true,"href":"https:\/\/www.carideal.com\/blog\/wp-json\/wp\/v2\/pages\/15469"}],"wp:featuredmedia":[{"embeddable":true,"href":"https:\/\/www.carideal.com\/blog\/wp-json\/wp\/v2\/media\/15459"}],"wp:attachment":[{"href":"https:\/\/www.carideal.com\/blog\/wp-json\/wp\/v2\/media?parent=13489"}],"curies":[{"name":"wp","href":"https:\/\/api.w.org\/{rel}","templated":true}]}}