{"version":"1.0","provider_name":"Blog auto Carid\u00e9al","provider_url":"https:\/\/www.carideal.com\/blog","title":"Porsche Macan : Actualit\u00e9s, avis et essais du SUV - Blog auto Carid\u00e9al","type":"rich","width":600,"height":338,"html":"<blockquote class=\"wp-embedded-content\" data-secret=\"f31lihwcdR\"><a href=\"https:\/\/www.carideal.com\/blog\/marque-de-voiture-actualites-essais\/porsche\/macan\/\">Porsche Macan : Actualit\u00e9s, avis et essais du SUV<\/a><\/blockquote><iframe sandbox=\"allow-scripts\" security=\"restricted\" src=\"https:\/\/www.carideal.com\/blog\/marque-de-voiture-actualites-essais\/porsche\/macan\/embed\/#?secret=f31lihwcdR\" width=\"600\" height=\"338\" title=\"\u00ab\u00a0Porsche Macan : Actualit\u00e9s, avis et essais du SUV\u00a0\u00bb &#8212; Blog auto Carid\u00e9al\" data-secret=\"f31lihwcdR\" frameborder=\"0\" marginwidth=\"0\" marginheight=\"0\" scrolling=\"no\" class=\"wp-embedded-content\"><\/iframe><script>\n\/*! This file is auto-generated *\/\n!function(d,l){\"use strict\";l.querySelector&&d.addEventListener&&\"undefined\"!=typeof URL&&(d.wp=d.wp||{},d.wp.receiveEmbedMessage||(d.wp.receiveEmbedMessage=function(e){var t=e.data;if((t||t.secret||t.message||t.value)&&!\/[^a-zA-Z0-9]\/.test(t.secret)){for(var s,r,n,a=l.querySelectorAll('iframe[data-secret=\"'+t.secret+'\"]'),o=l.querySelectorAll('blockquote[data-secret=\"'+t.secret+'\"]'),c=new RegExp(\"^https?:$\",\"i\"),i=0;i<o.length;i++)o[i].style.display=\"none\";for(i=0;i<a.length;i++)s=a[i],e.source===s.contentWindow&&(s.removeAttribute(\"style\"),\"height\"===t.message?(1e3<(r=parseInt(t.value,10))?r=1e3:~~r<200&&(r=200),s.height=r):\"link\"===t.message&&(r=new URL(s.getAttribute(\"src\")),n=new URL(t.value),c.test(n.protocol))&&n.host===r.host&&l.activeElement===s&&(d.top.location.href=t.value))}},d.addEventListener(\"message\",d.wp.receiveEmbedMessage,!1),l.addEventListener(\"DOMContentLoaded\",function(){for(var e,t,s=l.querySelectorAll(\"iframe.wp-embedded-content\"),r=0;r<s.length;r++)(t=(e=s[r]).getAttribute(\"data-secret\"))||(t=Math.random().toString(36).substring(2,12),e.src+=\"#?secret=\"+t,e.setAttribute(\"data-secret\",t)),e.contentWindow.postMessage({message:\"ready\",secret:t},\"*\")},!1)))}(window,document);\n<\/script>\n","thumbnail_url":"https:\/\/www.carideal.com\/blog\/wp-content\/uploads\/2024\/02\/porsche-macan-4.webp","thumbnail_width":1920,"thumbnail_height":1080,"description":"Porsche Macan : Un Aper\u00e7u Approfondi Le Porsche Macan, un nom d\u00e9sormais synonyme de luxe et de performances dans le segment des SUV de taille moyenne, continue d'\u00e9tablir des normes \u00e9lev\u00e9es dans l'industrie automobile. Cette Porsche est con\u00e7u pour offrir un \u00e9quilibre parfait entre \u00e9l\u00e9gance et fonctionnalit\u00e9, le Macan se distingue par ses caract\u00e9ristiques uniques ... Lire plus"}