{"version":"1.0","provider_name":"Blog auto Carid\u00e9al","provider_url":"https:\/\/www.carideal.com\/blog","title":"Nouvelle Audi A4 2015 - Blog auto Carid\u00e9al","type":"rich","width":600,"height":338,"html":"<blockquote class=\"wp-embedded-content\" data-secret=\"Ce1AWIzlfX\"><a href=\"https:\/\/www.carideal.com\/blog\/2015\/09\/12\/nouvelle-audi-a4-2015\/\">Nouvelle Audi A4 2015<\/a><\/blockquote><iframe sandbox=\"allow-scripts\" security=\"restricted\" src=\"https:\/\/www.carideal.com\/blog\/2015\/09\/12\/nouvelle-audi-a4-2015\/embed\/#?secret=Ce1AWIzlfX\" width=\"600\" height=\"338\" title=\"\u00ab\u00a0Nouvelle Audi A4 2015\u00a0\u00bb &#8212; Blog auto Carid\u00e9al\" data-secret=\"Ce1AWIzlfX\" frameborder=\"0\" marginwidth=\"0\" marginheight=\"0\" scrolling=\"no\" class=\"wp-embedded-content\"><\/iframe><script>\n\/*! This file is auto-generated *\/\n!function(d,l){\"use strict\";l.querySelector&&d.addEventListener&&\"undefined\"!=typeof URL&&(d.wp=d.wp||{},d.wp.receiveEmbedMessage||(d.wp.receiveEmbedMessage=function(e){var t=e.data;if((t||t.secret||t.message||t.value)&&!\/[^a-zA-Z0-9]\/.test(t.secret)){for(var s,r,n,a=l.querySelectorAll('iframe[data-secret=\"'+t.secret+'\"]'),o=l.querySelectorAll('blockquote[data-secret=\"'+t.secret+'\"]'),c=new RegExp(\"^https?:$\",\"i\"),i=0;i<o.length;i++)o[i].style.display=\"none\";for(i=0;i<a.length;i++)s=a[i],e.source===s.contentWindow&&(s.removeAttribute(\"style\"),\"height\"===t.message?(1e3<(r=parseInt(t.value,10))?r=1e3:~~r<200&&(r=200),s.height=r):\"link\"===t.message&&(r=new URL(s.getAttribute(\"src\")),n=new URL(t.value),c.test(n.protocol))&&n.host===r.host&&l.activeElement===s&&(d.top.location.href=t.value))}},d.addEventListener(\"message\",d.wp.receiveEmbedMessage,!1),l.addEventListener(\"DOMContentLoaded\",function(){for(var e,t,s=l.querySelectorAll(\"iframe.wp-embedded-content\"),r=0;r<s.length;r++)(t=(e=s[r]).getAttribute(\"data-secret\"))||(t=Math.random().toString(36).substring(2,12),e.src+=\"#?secret=\"+t,e.setAttribute(\"data-secret\",t)),e.contentWindow.postMessage({message:\"ready\",secret:t},\"*\")},!1)))}(window,document);\n<\/script>\n","description":"Nouvelle Audi A4 2015 Quatri\u00e8me g\u00e9n\u00e9ration pour la nouvelle Audi A4 2015 pr\u00e9sent\u00e9e au salon de Francfort en m\u00eame temps que sa version Break, Avant. La principale diff\u00e9rence esth\u00e9tique sont ses nouveaux phares \u00e0 LED. Le reste semble identique \u00e0 l'ancienne. Nouvelle Audi A4 2015 High-tech... C'est par contre assis derri\u00e8re le volant que l'on ... Lire plus","thumbnail_url":"http:\/\/www.carideal.com\/blog\/wp-content\/uploads\/2015\/09\/nouvelle-audi-a4-2015-carideal-blog-300x200.jpg"}