{"version":"1.0","provider_name":"Blog auto Carid\u00e9al","provider_url":"https:\/\/www.carideal.com\/blog","title":"Salon de Gen\u00e8ve 2015 Retour du Fun - Blog auto Carid\u00e9al","type":"rich","width":600,"height":338,"html":"<blockquote class=\"wp-embedded-content\" data-secret=\"BQw0un5aZK\"><a href=\"https:\/\/www.carideal.com\/blog\/2015\/03\/11\/salon-de-geneve-2015-retour-du-fun\/\">Salon de Gen\u00e8ve 2015 Retour du Fun<\/a><\/blockquote><iframe sandbox=\"allow-scripts\" security=\"restricted\" src=\"https:\/\/www.carideal.com\/blog\/2015\/03\/11\/salon-de-geneve-2015-retour-du-fun\/embed\/#?secret=BQw0un5aZK\" width=\"600\" height=\"338\" title=\"\u00ab\u00a0Salon de Gen\u00e8ve 2015 Retour du Fun\u00a0\u00bb &#8212; Blog auto Carid\u00e9al\" data-secret=\"BQw0un5aZK\" frameborder=\"0\" marginwidth=\"0\" marginheight=\"0\" scrolling=\"no\" class=\"wp-embedded-content\"><\/iframe><script>\n\/*! This file is auto-generated *\/\n!function(d,l){\"use strict\";l.querySelector&&d.addEventListener&&\"undefined\"!=typeof URL&&(d.wp=d.wp||{},d.wp.receiveEmbedMessage||(d.wp.receiveEmbedMessage=function(e){var t=e.data;if((t||t.secret||t.message||t.value)&&!\/[^a-zA-Z0-9]\/.test(t.secret)){for(var s,r,n,a=l.querySelectorAll('iframe[data-secret=\"'+t.secret+'\"]'),o=l.querySelectorAll('blockquote[data-secret=\"'+t.secret+'\"]'),c=new RegExp(\"^https?:$\",\"i\"),i=0;i<o.length;i++)o[i].style.display=\"none\";for(i=0;i<a.length;i++)s=a[i],e.source===s.contentWindow&&(s.removeAttribute(\"style\"),\"height\"===t.message?(1e3<(r=parseInt(t.value,10))?r=1e3:~~r<200&&(r=200),s.height=r):\"link\"===t.message&&(r=new URL(s.getAttribute(\"src\")),n=new URL(t.value),c.test(n.protocol))&&n.host===r.host&&l.activeElement===s&&(d.top.location.href=t.value))}},d.addEventListener(\"message\",d.wp.receiveEmbedMessage,!1),l.addEventListener(\"DOMContentLoaded\",function(){for(var e,t,s=l.querySelectorAll(\"iframe.wp-embedded-content\"),r=0;r<s.length;r++)(t=(e=s[r]).getAttribute(\"data-secret\"))||(t=Math.random().toString(36).substring(2,12),e.src+=\"#?secret=\"+t,e.setAttribute(\"data-secret\",t)),e.contentWindow.postMessage({message:\"ready\",secret:t},\"*\")},!1)))}(window,document);\n<\/script>\n","thumbnail_url":"https:\/\/www.carideal.com\/blog\/wp-content\/uploads\/2015\/03\/Ford_GT_Salon_Geneve_2015_blog-carideal-automobile-1.jpg","thumbnail_width":633,"thumbnail_height":421,"description":"Un retour sur de belles voitures au Salon de Gen\u00e8ve 2015. La passion semble revenu sur les stands du Salon de Gen\u00e8ve 2015. L'esprit de s\u00e9rieux des grands constructeurs semble peu \u00e0 peu desserrer son emprise sur leur cr\u00e9ativit\u00e9. Le Salon de Gen\u00e8ve 2015 prouve que la pas\u00adsion est de retour."}