{"version":"1.0","provider_name":"Blog auto Carid\u00e9al","provider_url":"https:\/\/www.carideal.com\/blog","title":"siemens arrete les bornes de recharge electriques - Blog auto Carid\u00e9al","type":"rich","width":600,"height":338,"html":"<blockquote class=\"wp-embedded-content\" data-secret=\"Al7Jb7ITSw\"><a href=\"https:\/\/www.carideal.com\/blog\/2013\/11\/21\/siemens-arrete-les-bornes-de-recharge-electriques\/\">siemens arrete les bornes de recharge electriques<\/a><\/blockquote><iframe sandbox=\"allow-scripts\" security=\"restricted\" src=\"https:\/\/www.carideal.com\/blog\/2013\/11\/21\/siemens-arrete-les-bornes-de-recharge-electriques\/embed\/#?secret=Al7Jb7ITSw\" width=\"600\" height=\"338\" title=\"\u00ab\u00a0siemens arrete les bornes de recharge electriques\u00a0\u00bb &#8212; Blog auto Carid\u00e9al\" data-secret=\"Al7Jb7ITSw\" frameborder=\"0\" marginwidth=\"0\" marginheight=\"0\" scrolling=\"no\" class=\"wp-embedded-content\"><\/iframe><script>\n\/*! This file is auto-generated *\/\n!function(d,l){\"use strict\";l.querySelector&&d.addEventListener&&\"undefined\"!=typeof URL&&(d.wp=d.wp||{},d.wp.receiveEmbedMessage||(d.wp.receiveEmbedMessage=function(e){var t=e.data;if((t||t.secret||t.message||t.value)&&!\/[^a-zA-Z0-9]\/.test(t.secret)){for(var s,r,n,a=l.querySelectorAll('iframe[data-secret=\"'+t.secret+'\"]'),o=l.querySelectorAll('blockquote[data-secret=\"'+t.secret+'\"]'),c=new RegExp(\"^https?:$\",\"i\"),i=0;i<o.length;i++)o[i].style.display=\"none\";for(i=0;i<a.length;i++)s=a[i],e.source===s.contentWindow&&(s.removeAttribute(\"style\"),\"height\"===t.message?(1e3<(r=parseInt(t.value,10))?r=1e3:~~r<200&&(r=200),s.height=r):\"link\"===t.message&&(r=new URL(s.getAttribute(\"src\")),n=new URL(t.value),c.test(n.protocol))&&n.host===r.host&&l.activeElement===s&&(d.top.location.href=t.value))}},d.addEventListener(\"message\",d.wp.receiveEmbedMessage,!1),l.addEventListener(\"DOMContentLoaded\",function(){for(var e,t,s=l.querySelectorAll(\"iframe.wp-embedded-content\"),r=0;r<s.length;r++)(t=(e=s[r]).getAttribute(\"data-secret\"))||(t=Math.random().toString(36).substring(2,12),e.src+=\"#?secret=\"+t,e.setAttribute(\"data-secret\",t)),e.contentWindow.postMessage({message:\"ready\",secret:t},\"*\")},!1)))}(window,document);\n<\/script>\n","description":"Siemens arr\u00eate les bornes de recharge \u00e9lectriques Siemens arr\u00eate les bornes de recharge \u00e9lectriques. Siemens fabriquant de bornes de recharges \u00e9lectriques a jet\u00e9 l'\u00e9ponge \"il n'y a pas de march\u00e9\". Il continue de s'int\u00e9resser \u00e0 celles des particuliers propri\u00e9taires des voitures \u00e9lectriques comme la Zo\u00e9 et son Chargeur Wallbox. Les gouvernements ont beau promettre, la ... Lire plus","thumbnail_url":"http:\/\/www.carideal.com\/images_actualite\/bornerechargevoitureelectriquesiemensblogautomobilecarideal-1385138572.jpg"}