{"version":"1.0","provider_name":"Blog auto Carid\u00e9al","provider_url":"https:\/\/www.carideal.com\/blog","title":"fiscalite automobile taxation des fluides frigorigenes - Blog auto Carid\u00e9al","type":"rich","width":600,"height":338,"html":"<blockquote class=\"wp-embedded-content\" data-secret=\"SyLaQjD9VC\"><a href=\"https:\/\/www.carideal.com\/blog\/2013\/09\/11\/fiscalite-automobile-taxation-des-fluides-frigorigenes\/\">fiscalite automobile taxation des fluides frigorigenes<\/a><\/blockquote><iframe sandbox=\"allow-scripts\" security=\"restricted\" src=\"https:\/\/www.carideal.com\/blog\/2013\/09\/11\/fiscalite-automobile-taxation-des-fluides-frigorigenes\/embed\/#?secret=SyLaQjD9VC\" width=\"600\" height=\"338\" title=\"\u00ab\u00a0fiscalite automobile taxation des fluides frigorigenes\u00a0\u00bb &#8212; Blog auto Carid\u00e9al\" data-secret=\"SyLaQjD9VC\" frameborder=\"0\" marginwidth=\"0\" marginheight=\"0\" scrolling=\"no\" class=\"wp-embedded-content\"><\/iframe><script>\n\/*! This file is auto-generated *\/\n!function(d,l){\"use strict\";l.querySelector&&d.addEventListener&&\"undefined\"!=typeof URL&&(d.wp=d.wp||{},d.wp.receiveEmbedMessage||(d.wp.receiveEmbedMessage=function(e){var t=e.data;if((t||t.secret||t.message||t.value)&&!\/[^a-zA-Z0-9]\/.test(t.secret)){for(var s,r,n,a=l.querySelectorAll('iframe[data-secret=\"'+t.secret+'\"]'),o=l.querySelectorAll('blockquote[data-secret=\"'+t.secret+'\"]'),c=new RegExp(\"^https?:$\",\"i\"),i=0;i<o.length;i++)o[i].style.display=\"none\";for(i=0;i<a.length;i++)s=a[i],e.source===s.contentWindow&&(s.removeAttribute(\"style\"),\"height\"===t.message?(1e3<(r=parseInt(t.value,10))?r=1e3:~~r<200&&(r=200),s.height=r):\"link\"===t.message&&(r=new URL(s.getAttribute(\"src\")),n=new URL(t.value),c.test(n.protocol))&&n.host===r.host&&l.activeElement===s&&(d.top.location.href=t.value))}},d.addEventListener(\"message\",d.wp.receiveEmbedMessage,!1),l.addEventListener(\"DOMContentLoaded\",function(){for(var e,t,s=l.querySelectorAll(\"iframe.wp-embedded-content\"),r=0;r<s.length;r++)(t=(e=s[r]).getAttribute(\"data-secret\"))||(t=Math.random().toString(36).substring(2,12),e.src+=\"#?secret=\"+t,e.setAttribute(\"data-secret\",t)),e.contentWindow.postMessage({message:\"ready\",secret:t},\"*\")},!1)))}(window,document);\n<\/script>\n","description":"Fiscalit\u00e9 automobile : taxation des Fluides frigor Fiscalit\u00e9 automobile : taxation des Fluides frigorig\u00e8nes. Le comit\u00e9 pour la fiscalit\u00e9 \u00e9cologique est parti tous azimuts et a m\u00eame pens\u00e9 \u00e0 taxer les fluides frigorig\u00e8nes, c'est \u00e0 dire le gaz de climatisation qui sont n\u00e9fastes pour la couche d'ozone. Cela parait pourtant difficile \u00e0 mettre en oeuvre, ... Lire plus","thumbnail_url":"http:\/\/www.carideal.com\/images_actualite\/fiscaliteautomobiletaxationfluidesfrigorignecaridealactualits-1379003239.jpg"}