{"version":"1.0","provider_name":"Blog auto Carid\u00e9al","provider_url":"https:\/\/www.carideal.com\/blog","title":"BMW I3 pr\u00eate \u00e0 la commercialisation - Blog auto Carid\u00e9al","type":"rich","width":600,"height":338,"html":"<blockquote class=\"wp-embedded-content\" data-secret=\"8V4djCpdKH\"><a href=\"https:\/\/www.carideal.com\/blog\/2013\/08\/17\/bmw-i3-prete-a-la-commercialisation\/\">BMW I3 pr\u00eate \u00e0 la commercialisation<\/a><\/blockquote><iframe sandbox=\"allow-scripts\" security=\"restricted\" src=\"https:\/\/www.carideal.com\/blog\/2013\/08\/17\/bmw-i3-prete-a-la-commercialisation\/embed\/#?secret=8V4djCpdKH\" width=\"600\" height=\"338\" title=\"\u00ab\u00a0BMW I3 pr\u00eate \u00e0 la commercialisation\u00a0\u00bb &#8212; Blog auto Carid\u00e9al\" data-secret=\"8V4djCpdKH\" frameborder=\"0\" marginwidth=\"0\" marginheight=\"0\" scrolling=\"no\" class=\"wp-embedded-content\"><\/iframe><script>\n\/*! This file is auto-generated *\/\n!function(d,l){\"use strict\";l.querySelector&&d.addEventListener&&\"undefined\"!=typeof URL&&(d.wp=d.wp||{},d.wp.receiveEmbedMessage||(d.wp.receiveEmbedMessage=function(e){var t=e.data;if((t||t.secret||t.message||t.value)&&!\/[^a-zA-Z0-9]\/.test(t.secret)){for(var s,r,n,a=l.querySelectorAll('iframe[data-secret=\"'+t.secret+'\"]'),o=l.querySelectorAll('blockquote[data-secret=\"'+t.secret+'\"]'),c=new RegExp(\"^https?:$\",\"i\"),i=0;i<o.length;i++)o[i].style.display=\"none\";for(i=0;i<a.length;i++)s=a[i],e.source===s.contentWindow&&(s.removeAttribute(\"style\"),\"height\"===t.message?(1e3<(r=parseInt(t.value,10))?r=1e3:~~r<200&&(r=200),s.height=r):\"link\"===t.message&&(r=new URL(s.getAttribute(\"src\")),n=new URL(t.value),c.test(n.protocol))&&n.host===r.host&&l.activeElement===s&&(d.top.location.href=t.value))}},d.addEventListener(\"message\",d.wp.receiveEmbedMessage,!1),l.addEventListener(\"DOMContentLoaded\",function(){for(var e,t,s=l.querySelectorAll(\"iframe.wp-embedded-content\"),r=0;r<s.length;r++)(t=(e=s[r]).getAttribute(\"data-secret\"))||(t=Math.random().toString(36).substring(2,12),e.src+=\"#?secret=\"+t,e.setAttribute(\"data-secret\",t)),e.contentWindow.postMessage({message:\"ready\",secret:t},\"*\")},!1)))}(window,document);\n<\/script>\n","description":"Nouvelle BMW I3 100% \u00e9lectrique La nouvelle voiture 100% \u00e9lectrique de BMW la I3 est presque pr\u00eate \u00e0 \u00eatre commercialis\u00e9 \u00e0 partir de Novembre. BMW a d\u00e9velopp\u00e9 sa voiture sur un ch\u00e2ssis en aluminium sur lequel repose la coque en carbone. Le moteur \u00e9lectrique de 170 ch ainsi que les batteries sont log\u00e9s dans le ... Lire plus","thumbnail_url":"https:\/\/www.carideal.com\/blog\/wp-content\/uploads\/2016\/03\/logo-carideal-mandataire-automobile.png","thumbnail_width":300,"thumbnail_height":300}