{"version":"1.0","provider_name":"Blog auto Carid\u00e9al","provider_url":"https:\/\/www.carideal.com\/blog","title":"low cost pour fiat et volkswagen - Blog auto Carid\u00e9al","type":"rich","width":600,"height":338,"html":"<blockquote class=\"wp-embedded-content\" data-secret=\"FIuPc513uN\"><a href=\"https:\/\/www.carideal.com\/blog\/2013\/03\/25\/low-cost-pour-fiat-et-volkswagen\/\">low cost pour fiat et volkswagen<\/a><\/blockquote><iframe sandbox=\"allow-scripts\" security=\"restricted\" src=\"https:\/\/www.carideal.com\/blog\/2013\/03\/25\/low-cost-pour-fiat-et-volkswagen\/embed\/#?secret=FIuPc513uN\" width=\"600\" height=\"338\" title=\"\u00ab\u00a0low cost pour fiat et volkswagen\u00a0\u00bb &#8212; Blog auto Carid\u00e9al\" data-secret=\"FIuPc513uN\" frameborder=\"0\" marginwidth=\"0\" marginheight=\"0\" scrolling=\"no\" class=\"wp-embedded-content\"><\/iframe><script>\n\/*! This file is auto-generated *\/\n!function(d,l){\"use strict\";l.querySelector&&d.addEventListener&&\"undefined\"!=typeof URL&&(d.wp=d.wp||{},d.wp.receiveEmbedMessage||(d.wp.receiveEmbedMessage=function(e){var t=e.data;if((t||t.secret||t.message||t.value)&&!\/[^a-zA-Z0-9]\/.test(t.secret)){for(var s,r,n,a=l.querySelectorAll('iframe[data-secret=\"'+t.secret+'\"]'),o=l.querySelectorAll('blockquote[data-secret=\"'+t.secret+'\"]'),c=new RegExp(\"^https?:$\",\"i\"),i=0;i<o.length;i++)o[i].style.display=\"none\";for(i=0;i<a.length;i++)s=a[i],e.source===s.contentWindow&&(s.removeAttribute(\"style\"),\"height\"===t.message?(1e3<(r=parseInt(t.value,10))?r=1e3:~~r<200&&(r=200),s.height=r):\"link\"===t.message&&(r=new URL(s.getAttribute(\"src\")),n=new URL(t.value),c.test(n.protocol))&&n.host===r.host&&l.activeElement===s&&(d.top.location.href=t.value))}},d.addEventListener(\"message\",d.wp.receiveEmbedMessage,!1),l.addEventListener(\"DOMContentLoaded\",function(){for(var e,t,s=l.querySelectorAll(\"iframe.wp-embedded-content\"),r=0;r<s.length;r++)(t=(e=s[r]).getAttribute(\"data-secret\"))||(t=Math.random().toString(36).substring(2,12),e.src+=\"#?secret=\"+t,e.setAttribute(\"data-secret\",t)),e.contentWindow.postMessage({message:\"ready\",secret:t},\"*\")},!1)))}(window,document);\n<\/script>\n","description":"Fiat-Volkswagen Pourquoi ce qui r\u00e9ussit \u00e0 Renault ne r\u00e9ussirait-il pas \u00e0 Fiat et \u00e0 Volkswagen? Les deux groupes \u00e9tudient actuellement la possibilit\u00e9 de produire un v\u00e9hicule \u00e0 bas co\u00fbts sous une marque d\u00e9di\u00e9e.\"Pour qu'ils soient comp\u00e9titifs (\u00e0 partir de 7450 \u20ac), ces mod\u00e8les devraient \u00eatre fabriqu\u00e9s dans une usine du groupe du groupe Chrysler-Fiat hors ... Lire plus","thumbnail_url":"http:\/\/www.carideal.com\/images_actualite\/fiatvolkswagen-1364314235.jpg"}