{"version":"1.0","provider_name":"Blog auto Carid\u00e9al","provider_url":"https:\/\/www.carideal.com\/blog","title":"C Cactus le prix bas de Citro\u00ebn - Blog auto Carid\u00e9al","type":"rich","width":600,"height":338,"html":"<blockquote class=\"wp-embedded-content\" data-secret=\"ooYrb5wMJI\"><a href=\"https:\/\/www.carideal.com\/blog\/2013\/03\/18\/c-cactus-le-prix-bas-de-citroen\/\">C Cactus le prix bas de Citro\u00ebn<\/a><\/blockquote><iframe sandbox=\"allow-scripts\" security=\"restricted\" src=\"https:\/\/www.carideal.com\/blog\/2013\/03\/18\/c-cactus-le-prix-bas-de-citroen\/embed\/#?secret=ooYrb5wMJI\" width=\"600\" height=\"338\" title=\"\u00ab\u00a0C Cactus le prix bas de Citro\u00ebn\u00a0\u00bb &#8212; Blog auto Carid\u00e9al\" data-secret=\"ooYrb5wMJI\" frameborder=\"0\" marginwidth=\"0\" marginheight=\"0\" scrolling=\"no\" class=\"wp-embedded-content\"><\/iframe><script>\n\/*! This file is auto-generated *\/\n!function(d,l){\"use strict\";l.querySelector&&d.addEventListener&&\"undefined\"!=typeof URL&&(d.wp=d.wp||{},d.wp.receiveEmbedMessage||(d.wp.receiveEmbedMessage=function(e){var t=e.data;if((t||t.secret||t.message||t.value)&&!\/[^a-zA-Z0-9]\/.test(t.secret)){for(var s,r,n,a=l.querySelectorAll('iframe[data-secret=\"'+t.secret+'\"]'),o=l.querySelectorAll('blockquote[data-secret=\"'+t.secret+'\"]'),c=new RegExp(\"^https?:$\",\"i\"),i=0;i<o.length;i++)o[i].style.display=\"none\";for(i=0;i<a.length;i++)s=a[i],e.source===s.contentWindow&&(s.removeAttribute(\"style\"),\"height\"===t.message?(1e3<(r=parseInt(t.value,10))?r=1e3:~~r<200&&(r=200),s.height=r):\"link\"===t.message&&(r=new URL(s.getAttribute(\"src\")),n=new URL(t.value),c.test(n.protocol))&&n.host===r.host&&l.activeElement===s&&(d.top.location.href=t.value))}},d.addEventListener(\"message\",d.wp.receiveEmbedMessage,!1),l.addEventListener(\"DOMContentLoaded\",function(){for(var e,t,s=l.querySelectorAll(\"iframe.wp-embedded-content\"),r=0;r<s.length;r++)(t=(e=s[r]).getAttribute(\"data-secret\"))||(t=Math.random().toString(36).substring(2,12),e.src+=\"#?secret=\"+t,e.setAttribute(\"data-secret\",t)),e.contentWindow.postMessage({message:\"ready\",secret:t},\"*\")},!1)))}(window,document);\n<\/script>\n","thumbnail_url":"https:\/\/www.carideal.com\/blog\/wp-content\/uploads\/2013\/03\/citroenccactus-1363701628-e1581174249823.jpg","thumbnail_width":600,"thumbnail_height":400,"description":"C Cactus le prix bas de Citro\u00ebn Le concept car C-Cactus, pr\u00e9sent\u00e9 au salon de Francfort en septembre 2007, va enfin se concr\u00e9tiser au sein de la gamme de Citro\u00ebn. Mais le mod\u00e8le de s\u00e9rie, l'ann\u00e9e prochaine, n'aura rien des exc\u00e8s du prototype. \"Il s'agira d'un v\u00e9hicule simple et ing\u00e9nieux, avec un style tr\u00e8s fort ... Lire plus"}