{"version":"1.0","provider_name":"Blog auto Carid\u00e9al","provider_url":"https:\/\/www.carideal.com\/blog","title":"Pollution des v\u00e9hicules toujours probl\u00e9matique - Blog auto Carid\u00e9al","type":"rich","width":600,"height":338,"html":"<blockquote class=\"wp-embedded-content\" data-secret=\"JabZRuBORQ\"><a href=\"https:\/\/www.carideal.com\/blog\/2012\/12\/04\/pollution-des-vehicules-toujours-problematique\/\">Pollution des v\u00e9hicules toujours probl\u00e9matique<\/a><\/blockquote><iframe sandbox=\"allow-scripts\" security=\"restricted\" src=\"https:\/\/www.carideal.com\/blog\/2012\/12\/04\/pollution-des-vehicules-toujours-problematique\/embed\/#?secret=JabZRuBORQ\" width=\"600\" height=\"338\" title=\"\u00ab\u00a0Pollution des v\u00e9hicules toujours probl\u00e9matique\u00a0\u00bb &#8212; Blog auto Carid\u00e9al\" data-secret=\"JabZRuBORQ\" frameborder=\"0\" marginwidth=\"0\" marginheight=\"0\" scrolling=\"no\" class=\"wp-embedded-content\"><\/iframe><script>\n\/*! This file is auto-generated *\/\n!function(d,l){\"use strict\";l.querySelector&&d.addEventListener&&\"undefined\"!=typeof URL&&(d.wp=d.wp||{},d.wp.receiveEmbedMessage||(d.wp.receiveEmbedMessage=function(e){var t=e.data;if((t||t.secret||t.message||t.value)&&!\/[^a-zA-Z0-9]\/.test(t.secret)){for(var s,r,n,a=l.querySelectorAll('iframe[data-secret=\"'+t.secret+'\"]'),o=l.querySelectorAll('blockquote[data-secret=\"'+t.secret+'\"]'),c=new RegExp(\"^https?:$\",\"i\"),i=0;i<o.length;i++)o[i].style.display=\"none\";for(i=0;i<a.length;i++)s=a[i],e.source===s.contentWindow&&(s.removeAttribute(\"style\"),\"height\"===t.message?(1e3<(r=parseInt(t.value,10))?r=1e3:~~r<200&&(r=200),s.height=r):\"link\"===t.message&&(r=new URL(s.getAttribute(\"src\")),n=new URL(t.value),c.test(n.protocol))&&n.host===r.host&&l.activeElement===s&&(d.top.location.href=t.value))}},d.addEventListener(\"message\",d.wp.receiveEmbedMessage,!1),l.addEventListener(\"DOMContentLoaded\",function(){for(var e,t,s=l.querySelectorAll(\"iframe.wp-embedded-content\"),r=0;r<s.length;r++)(t=(e=s[r]).getAttribute(\"data-secret\"))||(t=Math.random().toString(36).substring(2,12),e.src+=\"#?secret=\"+t,e.setAttribute(\"data-secret\",t)),e.contentWindow.postMessage({message:\"ready\",secret:t},\"*\")},!1)))}(window,document);\n<\/script>\n","thumbnail_url":"https:\/\/www.carideal.com\/blog\/wp-content\/uploads\/2012\/12\/Pollution-des-v\u00e9hicules-toujours-probl\u00e9matique.jpg","thumbnail_width":650,"thumbnail_height":450,"description":"Pollution des v\u00e9hicules toujours probl\u00e9matique Les voitures polluent bien moins qu'autrefois, c'est un fait: d'apr\u00e8s les donn\u00e9es du bilan de la qualit\u00e9 de l'air en France en 2011 effectu\u00e9 par le ministre de l'Ecologie, la lutte contre les m\u00e9taux lourds, pr\u00e9sents dans l'essence jusqu'au d\u00e9but de l'ann\u00e9es 2000, est gagn\u00e9e. Le taux de plomb dans ... Lire plus"}