{"version":"1.0","provider_name":"Blog auto Carid\u00e9al","provider_url":"https:\/\/www.carideal.com\/blog","title":"Nouvelle s\u00e9rie sp\u00e9ciale pour KIA Venga - Blog auto Carid\u00e9al","type":"rich","width":600,"height":338,"html":"<blockquote class=\"wp-embedded-content\" data-secret=\"1LKy0LEYgx\"><a href=\"https:\/\/www.carideal.com\/blog\/2012\/06\/08\/nouvelle-serie-special-pour-kia\/\">Nouvelle s\u00e9rie sp\u00e9ciale pour KIA Venga<\/a><\/blockquote><iframe sandbox=\"allow-scripts\" security=\"restricted\" src=\"https:\/\/www.carideal.com\/blog\/2012\/06\/08\/nouvelle-serie-special-pour-kia\/embed\/#?secret=1LKy0LEYgx\" width=\"600\" height=\"338\" title=\"\u00ab\u00a0Nouvelle s\u00e9rie sp\u00e9ciale pour KIA Venga\u00a0\u00bb &#8212; Blog auto Carid\u00e9al\" data-secret=\"1LKy0LEYgx\" frameborder=\"0\" marginwidth=\"0\" marginheight=\"0\" scrolling=\"no\" class=\"wp-embedded-content\"><\/iframe><script>\n\/*! This file is auto-generated *\/\n!function(d,l){\"use strict\";l.querySelector&&d.addEventListener&&\"undefined\"!=typeof URL&&(d.wp=d.wp||{},d.wp.receiveEmbedMessage||(d.wp.receiveEmbedMessage=function(e){var t=e.data;if((t||t.secret||t.message||t.value)&&!\/[^a-zA-Z0-9]\/.test(t.secret)){for(var s,r,n,a=l.querySelectorAll('iframe[data-secret=\"'+t.secret+'\"]'),o=l.querySelectorAll('blockquote[data-secret=\"'+t.secret+'\"]'),c=new RegExp(\"^https?:$\",\"i\"),i=0;i<o.length;i++)o[i].style.display=\"none\";for(i=0;i<a.length;i++)s=a[i],e.source===s.contentWindow&&(s.removeAttribute(\"style\"),\"height\"===t.message?(1e3<(r=parseInt(t.value,10))?r=1e3:~~r<200&&(r=200),s.height=r):\"link\"===t.message&&(r=new URL(s.getAttribute(\"src\")),n=new URL(t.value),c.test(n.protocol))&&n.host===r.host&&l.activeElement===s&&(d.top.location.href=t.value))}},d.addEventListener(\"message\",d.wp.receiveEmbedMessage,!1),l.addEventListener(\"DOMContentLoaded\",function(){for(var e,t,s=l.querySelectorAll(\"iframe.wp-embedded-content\"),r=0;r<s.length;r++)(t=(e=s[r]).getAttribute(\"data-secret\"))||(t=Math.random().toString(36).substring(2,12),e.src+=\"#?secret=\"+t,e.setAttribute(\"data-secret\",t)),e.contentWindow.postMessage({message:\"ready\",secret:t},\"*\")},!1)))}(window,document);\n<\/script>\n","description":"Nouvelle s\u00e9rie sp\u00e9ciale pour la KIA Venga Kia lance une s\u00e9rie sp\u00e9cial pour sa Venga nomm\u00e9e Navi Pack, limit\u00e9 \u00e0 550 exemplaires.Cette s\u00e9rie d\u00e9riv\u00e9e de la version du milieu gamme Active s'enrichit au niveau des \u00e9quipements: ouverture et d\u00e9marrage sans cl\u00e9, jantes de 16 pouces en alliage, feux et essuie-glaces automatiques, r\u00e9troviseurs rabattables \u00e9lectriquement et ... Lire plus","thumbnail_url":"https:\/\/www.carideal.com\/blog\/wp-content\/uploads\/2016\/03\/logo-carideal-mandataire-automobile.png","thumbnail_width":300,"thumbnail_height":300}