{"version":"1.0","provider_name":"Blog auto Carid\u00e9al","provider_url":"https:\/\/www.carideal.com\/blog","title":"Volvo V60 Hybrid plug-in \u00e0 Gen\u00e8ve - Blog auto Carid\u00e9al","type":"rich","width":600,"height":338,"html":"<blockquote class=\"wp-embedded-content\" data-secret=\"oZUjOlDvOD\"><a href=\"https:\/\/www.carideal.com\/blog\/2011\/04\/13\/volvo-v60-hybrid-plug-in-2\/\">Volvo V60 Hybrid plug-in \u00e0 Gen\u00e8ve<\/a><\/blockquote><iframe sandbox=\"allow-scripts\" security=\"restricted\" src=\"https:\/\/www.carideal.com\/blog\/2011\/04\/13\/volvo-v60-hybrid-plug-in-2\/embed\/#?secret=oZUjOlDvOD\" width=\"600\" height=\"338\" title=\"\u00ab\u00a0Volvo V60 Hybrid plug-in \u00e0 Gen\u00e8ve\u00a0\u00bb &#8212; Blog auto Carid\u00e9al\" data-secret=\"oZUjOlDvOD\" frameborder=\"0\" marginwidth=\"0\" marginheight=\"0\" scrolling=\"no\" class=\"wp-embedded-content\"><\/iframe><script>\n\/*! This file is auto-generated *\/\n!function(d,l){\"use strict\";l.querySelector&&d.addEventListener&&\"undefined\"!=typeof URL&&(d.wp=d.wp||{},d.wp.receiveEmbedMessage||(d.wp.receiveEmbedMessage=function(e){var t=e.data;if((t||t.secret||t.message||t.value)&&!\/[^a-zA-Z0-9]\/.test(t.secret)){for(var s,r,n,a=l.querySelectorAll('iframe[data-secret=\"'+t.secret+'\"]'),o=l.querySelectorAll('blockquote[data-secret=\"'+t.secret+'\"]'),c=new RegExp(\"^https?:$\",\"i\"),i=0;i<o.length;i++)o[i].style.display=\"none\";for(i=0;i<a.length;i++)s=a[i],e.source===s.contentWindow&&(s.removeAttribute(\"style\"),\"height\"===t.message?(1e3<(r=parseInt(t.value,10))?r=1e3:~~r<200&&(r=200),s.height=r):\"link\"===t.message&&(r=new URL(s.getAttribute(\"src\")),n=new URL(t.value),c.test(n.protocol))&&n.host===r.host&&l.activeElement===s&&(d.top.location.href=t.value))}},d.addEventListener(\"message\",d.wp.receiveEmbedMessage,!1),l.addEventListener(\"DOMContentLoaded\",function(){for(var e,t,s=l.querySelectorAll(\"iframe.wp-embedded-content\"),r=0;r<s.length;r++)(t=(e=s[r]).getAttribute(\"data-secret\"))||(t=Math.random().toString(36).substring(2,12),e.src+=\"#?secret=\"+t,e.setAttribute(\"data-secret\",t)),e.contentWindow.postMessage({message:\"ready\",secret:t},\"*\")},!1)))}(window,document);\n<\/script>\n","description":"La Volvo V60 Hybride rechargeable plug-in pr\u00e9sent\u00e9 au salon de l'auto de Gen\u00e8ve Volvo tout comme Peugeot croit en l'hybride diesel. La Volvo V60 Hybride est bas\u00e9 sur le cinq cylindres diesel D5 de 215 ch associ\u00e9 \u00e0 un \u00e9lectromoteur log\u00e9 sur l'essieu arri\u00e8re, et d'une batterie lithium-ion. Cette architecture n'est pas sans rappeler celle ... Lire plus","thumbnail_url":"https:\/\/www.carideal.com\/blog\/wp-content\/uploads\/2016\/03\/logo-carideal-mandataire-automobile.png","thumbnail_width":300,"thumbnail_height":300}