{"version":"1.0","provider_name":"Blog auto Carid\u00e9al","provider_url":"https:\/\/www.carideal.com\/blog","title":"La baisse des \u00e9missions de CO2 - Blog auto Carid\u00e9al","type":"rich","width":600,"height":338,"html":"<blockquote class=\"wp-embedded-content\" data-secret=\"unIIIFfzoM\"><a href=\"https:\/\/www.carideal.com\/blog\/2011\/03\/11\/la-baisse-des-emissions-de-co2\/\">La baisse des \u00e9missions de CO2<\/a><\/blockquote><iframe sandbox=\"allow-scripts\" security=\"restricted\" src=\"https:\/\/www.carideal.com\/blog\/2011\/03\/11\/la-baisse-des-emissions-de-co2\/embed\/#?secret=unIIIFfzoM\" width=\"600\" height=\"338\" title=\"\u00ab\u00a0La baisse des \u00e9missions de CO2\u00a0\u00bb &#8212; Blog auto Carid\u00e9al\" data-secret=\"unIIIFfzoM\" frameborder=\"0\" marginwidth=\"0\" marginheight=\"0\" scrolling=\"no\" class=\"wp-embedded-content\"><\/iframe><script>\n\/*! This file is auto-generated *\/\n!function(d,l){\"use strict\";l.querySelector&&d.addEventListener&&\"undefined\"!=typeof URL&&(d.wp=d.wp||{},d.wp.receiveEmbedMessage||(d.wp.receiveEmbedMessage=function(e){var t=e.data;if((t||t.secret||t.message||t.value)&&!\/[^a-zA-Z0-9]\/.test(t.secret)){for(var s,r,n,a=l.querySelectorAll('iframe[data-secret=\"'+t.secret+'\"]'),o=l.querySelectorAll('blockquote[data-secret=\"'+t.secret+'\"]'),c=new RegExp(\"^https?:$\",\"i\"),i=0;i<o.length;i++)o[i].style.display=\"none\";for(i=0;i<a.length;i++)s=a[i],e.source===s.contentWindow&&(s.removeAttribute(\"style\"),\"height\"===t.message?(1e3<(r=parseInt(t.value,10))?r=1e3:~~r<200&&(r=200),s.height=r):\"link\"===t.message&&(r=new URL(s.getAttribute(\"src\")),n=new URL(t.value),c.test(n.protocol))&&n.host===r.host&&l.activeElement===s&&(d.top.location.href=t.value))}},d.addEventListener(\"message\",d.wp.receiveEmbedMessage,!1),l.addEventListener(\"DOMContentLoaded\",function(){for(var e,t,s=l.querySelectorAll(\"iframe.wp-embedded-content\"),r=0;r<s.length;r++)(t=(e=s[r]).getAttribute(\"data-secret\"))||(t=Math.random().toString(36).substring(2,12),e.src+=\"#?secret=\"+t,e.setAttribute(\"data-secret\",t)),e.contentWindow.postMessage({message:\"ready\",secret:t},\"*\")},!1)))}(window,document);\n<\/script>\n","thumbnail_url":"https:\/\/www.carideal.com\/blog\/wp-content\/uploads\/2011\/03\/air_parif_capteur_carideal.jpg","thumbnail_width":275,"thumbnail_height":183,"description":"La baisse des \u00e9missions de CO2 Les capteurs de AirParif rel\u00e8vent la pollution de l'air toute l'ann\u00e9e Les \u00e9missions de CO2 des constructeurs sont d\u00e9j\u00e0 en phase avec les objectifs que la commission europ\u00e9enne a fix\u00e9 pour 2015. Et selon les sondages c'est Fiat qui s'en sort le mieux, avec sur l'ensemble des voitures vendu ... Lire plus"}