{"version":"1.0","provider_name":"Blog auto Carid\u00e9al","provider_url":"https:\/\/www.carideal.com\/blog","title":"DS4 compl\u00e8te la gamme apr\u00e8s la DS3 - Blog auto Carid\u00e9al","type":"rich","width":600,"height":338,"html":"<blockquote class=\"wp-embedded-content\" data-secret=\"qYWbbR2get\"><a href=\"https:\/\/www.carideal.com\/blog\/2010\/06\/09\/apres-la-ds3-citroen-prevoit-la-ds4\/\">DS4 compl\u00e8te la gamme apr\u00e8s la DS3<\/a><\/blockquote><iframe sandbox=\"allow-scripts\" security=\"restricted\" src=\"https:\/\/www.carideal.com\/blog\/2010\/06\/09\/apres-la-ds3-citroen-prevoit-la-ds4\/embed\/#?secret=qYWbbR2get\" width=\"600\" height=\"338\" title=\"\u00ab\u00a0DS4 compl\u00e8te la gamme apr\u00e8s la DS3\u00a0\u00bb &#8212; Blog auto Carid\u00e9al\" data-secret=\"qYWbbR2get\" frameborder=\"0\" marginwidth=\"0\" marginheight=\"0\" scrolling=\"no\" class=\"wp-embedded-content\"><\/iframe><script>\n\/*! This file is auto-generated *\/\n!function(d,l){\"use strict\";l.querySelector&&d.addEventListener&&\"undefined\"!=typeof URL&&(d.wp=d.wp||{},d.wp.receiveEmbedMessage||(d.wp.receiveEmbedMessage=function(e){var t=e.data;if((t||t.secret||t.message||t.value)&&!\/[^a-zA-Z0-9]\/.test(t.secret)){for(var s,r,n,a=l.querySelectorAll('iframe[data-secret=\"'+t.secret+'\"]'),o=l.querySelectorAll('blockquote[data-secret=\"'+t.secret+'\"]'),c=new RegExp(\"^https?:$\",\"i\"),i=0;i<o.length;i++)o[i].style.display=\"none\";for(i=0;i<a.length;i++)s=a[i],e.source===s.contentWindow&&(s.removeAttribute(\"style\"),\"height\"===t.message?(1e3<(r=parseInt(t.value,10))?r=1e3:~~r<200&&(r=200),s.height=r):\"link\"===t.message&&(r=new URL(s.getAttribute(\"src\")),n=new URL(t.value),c.test(n.protocol))&&n.host===r.host&&l.activeElement===s&&(d.top.location.href=t.value))}},d.addEventListener(\"message\",d.wp.receiveEmbedMessage,!1),l.addEventListener(\"DOMContentLoaded\",function(){for(var e,t,s=l.querySelectorAll(\"iframe.wp-embedded-content\"),r=0;r<s.length;r++)(t=(e=s[r]).getAttribute(\"data-secret\"))||(t=Math.random().toString(36).substring(2,12),e.src+=\"#?secret=\"+t,e.setAttribute(\"data-secret\",t)),e.contentWindow.postMessage({message:\"ready\",secret:t},\"*\")},!1)))}(window,document);\n<\/script>\n","description":"Apres la DS3, Citroen prevoit la DS4 Le DS High Rider Concept annonce clairement la couleur. Chaque mod\u00e8le de la gamme chic de Citroen\u00a0aura bien un design dynamique, distinctif et rac\u00e9. Un temps envisag\u00e9 comme un coup\u00e9 4 portes d\u00e9riv\u00e9 de la deuxi\u00e8me g\u00e9n\u00e9ration de Citro\u00ebn C4, la future DS4 sera finalement un coup\u00e9 3 ... Lire plus","thumbnail_url":"https:\/\/www.carideal.com\/blog\/wp-content\/uploads\/2016\/03\/logo-carideal-mandataire-automobile.png","thumbnail_width":300,"thumbnail_height":300}