{"version":"1.0","provider_name":"Blog auto Carid\u00e9al","provider_url":"https:\/\/www.carideal.com\/blog","title":"le malus sur les voitures importees illegal ! - Blog auto Carid\u00e9al","type":"rich","width":600,"height":338,"html":"<blockquote class=\"wp-embedded-content\" data-secret=\"rtCQ468IZq\"><a href=\"https:\/\/www.carideal.com\/blog\/2009\/12\/18\/le-malus-sur-les-voitures-importees-illegal\/\">le malus sur les voitures importees illegal !<\/a><\/blockquote><iframe sandbox=\"allow-scripts\" security=\"restricted\" src=\"https:\/\/www.carideal.com\/blog\/2009\/12\/18\/le-malus-sur-les-voitures-importees-illegal\/embed\/#?secret=rtCQ468IZq\" width=\"600\" height=\"338\" title=\"\u00ab\u00a0le malus sur les voitures importees illegal !\u00a0\u00bb &#8212; Blog auto Carid\u00e9al\" data-secret=\"rtCQ468IZq\" frameborder=\"0\" marginwidth=\"0\" marginheight=\"0\" scrolling=\"no\" class=\"wp-embedded-content\"><\/iframe><script>\n\/*! This file is auto-generated *\/\n!function(d,l){\"use strict\";l.querySelector&&d.addEventListener&&\"undefined\"!=typeof URL&&(d.wp=d.wp||{},d.wp.receiveEmbedMessage||(d.wp.receiveEmbedMessage=function(e){var t=e.data;if((t||t.secret||t.message||t.value)&&!\/[^a-zA-Z0-9]\/.test(t.secret)){for(var s,r,n,a=l.querySelectorAll('iframe[data-secret=\"'+t.secret+'\"]'),o=l.querySelectorAll('blockquote[data-secret=\"'+t.secret+'\"]'),c=new RegExp(\"^https?:$\",\"i\"),i=0;i<o.length;i++)o[i].style.display=\"none\";for(i=0;i<a.length;i++)s=a[i],e.source===s.contentWindow&&(s.removeAttribute(\"style\"),\"height\"===t.message?(1e3<(r=parseInt(t.value,10))?r=1e3:~~r<200&&(r=200),s.height=r):\"link\"===t.message&&(r=new URL(s.getAttribute(\"src\")),n=new URL(t.value),c.test(n.protocol))&&n.host===r.host&&l.activeElement===s&&(d.top.location.href=t.value))}},d.addEventListener(\"message\",d.wp.receiveEmbedMessage,!1),l.addEventListener(\"DOMContentLoaded\",function(){for(var e,t,s=l.querySelectorAll(\"iframe.wp-embedded-content\"),r=0;r<s.length;r++)(t=(e=s[r]).getAttribute(\"data-secret\"))||(t=Math.random().toString(36).substring(2,12),e.src+=\"#?secret=\"+t,e.setAttribute(\"data-secret\",t)),e.contentWindow.postMessage({message:\"ready\",secret:t},\"*\")},!1)))}(window,document);\n<\/script>\n","description":"Bruxelle vient de prendre le nerf&nbsp;! \"La commission a demand\u00e9 \u00e0 la France de modifier, dans un d\u00e9lai de 2 mois, un aspect particulier de sa l\u00e9gislation relative \u00e0 la taxe, dite malus, qu'elle consid\u00e8re discriminatoire \u00e0 l'\u00e9gard des v\u00e9hicules d'occasion en provenance d'un autre \u00e9tat membre\". Pour r\u00e9sumer, lors de l'instauration du bonus malus, ... Lire plus","thumbnail_url":"https:\/\/www.carideal.com\/blog\/wp-content\/uploads\/2016\/03\/logo-carideal-mandataire-automobile.png","thumbnail_width":300,"thumbnail_height":300}