{"version":"1.0","provider_name":"Blog auto Carid\u00e9al","provider_url":"https:\/\/www.carideal.com\/blog","title":"Citro\u00ebn DS3 pr\u00e9sentation des prix - Blog auto Carid\u00e9al","type":"rich","width":600,"height":338,"html":"<blockquote class=\"wp-embedded-content\" data-secret=\"p7lK9Tjc2O\"><a href=\"https:\/\/www.carideal.com\/blog\/2009\/09\/22\/citroen-ds3-les-prix\/\">Citro\u00ebn DS3 pr\u00e9sentation des prix<\/a><\/blockquote><iframe sandbox=\"allow-scripts\" security=\"restricted\" src=\"https:\/\/www.carideal.com\/blog\/2009\/09\/22\/citroen-ds3-les-prix\/embed\/#?secret=p7lK9Tjc2O\" width=\"600\" height=\"338\" title=\"\u00ab\u00a0Citro\u00ebn DS3 pr\u00e9sentation des prix\u00a0\u00bb &#8212; Blog auto Carid\u00e9al\" data-secret=\"p7lK9Tjc2O\" frameborder=\"0\" marginwidth=\"0\" marginheight=\"0\" scrolling=\"no\" class=\"wp-embedded-content\"><\/iframe><script>\n\/*! This file is auto-generated *\/\n!function(d,l){\"use strict\";l.querySelector&&d.addEventListener&&\"undefined\"!=typeof URL&&(d.wp=d.wp||{},d.wp.receiveEmbedMessage||(d.wp.receiveEmbedMessage=function(e){var t=e.data;if((t||t.secret||t.message||t.value)&&!\/[^a-zA-Z0-9]\/.test(t.secret)){for(var s,r,n,a=l.querySelectorAll('iframe[data-secret=\"'+t.secret+'\"]'),o=l.querySelectorAll('blockquote[data-secret=\"'+t.secret+'\"]'),c=new RegExp(\"^https?:$\",\"i\"),i=0;i<o.length;i++)o[i].style.display=\"none\";for(i=0;i<a.length;i++)s=a[i],e.source===s.contentWindow&&(s.removeAttribute(\"style\"),\"height\"===t.message?(1e3<(r=parseInt(t.value,10))?r=1e3:~~r<200&&(r=200),s.height=r):\"link\"===t.message&&(r=new URL(s.getAttribute(\"src\")),n=new URL(t.value),c.test(n.protocol))&&n.host===r.host&&l.activeElement===s&&(d.top.location.href=t.value))}},d.addEventListener(\"message\",d.wp.receiveEmbedMessage,!1),l.addEventListener(\"DOMContentLoaded\",function(){for(var e,t,s=l.querySelectorAll(\"iframe.wp-embedded-content\"),r=0;r<s.length;r++)(t=(e=s[r]).getAttribute(\"data-secret\"))||(t=Math.random().toString(36).substring(2,12),e.src+=\"#?secret=\"+t,e.setAttribute(\"data-secret\",t)),e.contentWindow.postMessage({message:\"ready\",secret:t},\"*\")},!1)))}(window,document);\n<\/script>\n","thumbnail_url":"https:\/\/www.carideal.com\/blog\/wp-content\/uploads\/2009\/09\/02394234-photo-salon-francfort-2009-citroen-ds3_m.jpg","thumbnail_width":448,"thumbnail_height":290,"description":"Citro\u00ebn pr\u00e9sente les prix de sa DS3 On vient juste de mettre en ligne les tarifs de la nouvelle Citro\u00ebn DS3. La particularit\u00e9 de cette gamme DS3 est que chaque moteur est associ\u00e9 \u00e0 un seul niveau de finition. Ainsi\u00a0: La motorisation VTI 95 est associ\u00e9e \u00e0 la finition CHIC. La motorisation VTI 120 et ... Lire plus"}