{"version":"1.0","provider_name":"Blog auto Carid\u00e9al","provider_url":"https:\/\/www.carideal.com\/blog","title":"Mercedes Classe E II Occasion - Blog auto Carid\u00e9al","type":"rich","width":600,"height":338,"html":"<blockquote class=\"wp-embedded-content\" data-secret=\"826bXPRGHV\"><a href=\"https:\/\/www.carideal.com\/blog\/2008\/12\/31\/mercedes-classe-e-ii-d-occasion\/\">Mercedes Classe E II Occasion<\/a><\/blockquote><iframe sandbox=\"allow-scripts\" security=\"restricted\" src=\"https:\/\/www.carideal.com\/blog\/2008\/12\/31\/mercedes-classe-e-ii-d-occasion\/embed\/#?secret=826bXPRGHV\" width=\"600\" height=\"338\" title=\"\u00ab\u00a0Mercedes Classe E II Occasion\u00a0\u00bb &#8212; Blog auto Carid\u00e9al\" data-secret=\"826bXPRGHV\" frameborder=\"0\" marginwidth=\"0\" marginheight=\"0\" scrolling=\"no\" class=\"wp-embedded-content\"><\/iframe><script>\n\/*! This file is auto-generated *\/\n!function(d,l){\"use strict\";l.querySelector&&d.addEventListener&&\"undefined\"!=typeof URL&&(d.wp=d.wp||{},d.wp.receiveEmbedMessage||(d.wp.receiveEmbedMessage=function(e){var t=e.data;if((t||t.secret||t.message||t.value)&&!\/[^a-zA-Z0-9]\/.test(t.secret)){for(var s,r,n,a=l.querySelectorAll('iframe[data-secret=\"'+t.secret+'\"]'),o=l.querySelectorAll('blockquote[data-secret=\"'+t.secret+'\"]'),c=new RegExp(\"^https?:$\",\"i\"),i=0;i<o.length;i++)o[i].style.display=\"none\";for(i=0;i<a.length;i++)s=a[i],e.source===s.contentWindow&&(s.removeAttribute(\"style\"),\"height\"===t.message?(1e3<(r=parseInt(t.value,10))?r=1e3:~~r<200&&(r=200),s.height=r):\"link\"===t.message&&(r=new URL(s.getAttribute(\"src\")),n=new URL(t.value),c.test(n.protocol))&&n.host===r.host&&l.activeElement===s&&(d.top.location.href=t.value))}},d.addEventListener(\"message\",d.wp.receiveEmbedMessage,!1),l.addEventListener(\"DOMContentLoaded\",function(){for(var e,t,s=l.querySelectorAll(\"iframe.wp-embedded-content\"),r=0;r<s.length;r++)(t=(e=s[r]).getAttribute(\"data-secret\"))||(t=Math.random().toString(36).substring(2,12),e.src+=\"#?secret=\"+t,e.setAttribute(\"data-secret\",t)),e.contentWindow.postMessage({message:\"ready\",secret:t},\"*\")},!1)))}(window,document);\n<\/script>\n","description":"Mercedes lasse E II d'occasion Mercedes classe E phase II int\u00e9rieur d'occasion Une fois habitu\u00e9 \u00e0 la sensation de lourdeur qui se d\u00e9gage au volant, le conducteur profite des excellentes prestations routi\u00e8res de cette berline statutaire. La direction pr\u00e9cise et la suspension, qui filtre admirablement les in\u00e9galit\u00e9s de la route, permettent d'enchainer les courbes \u00e0 ... Lire plus","thumbnail_url":"http:\/\/www.carideal.com\/images_actualite\/mercedesclasseeiicarideal-1230836326.jpg"}