{"version":"1.0","provider_name":"Blog auto Carid\u00e9al","provider_url":"https:\/\/www.carideal.com\/blog","title":"Audi A6 d'occasion - Blog auto Carid\u00e9al","type":"rich","width":600,"height":338,"html":"<blockquote class=\"wp-embedded-content\" data-secret=\"Fp9giLlqKM\"><a href=\"https:\/\/www.carideal.com\/blog\/2008\/07\/24\/audi-a6-ii-d-occasion\/\">Audi A6 d&rsquo;occasion<\/a><\/blockquote><iframe sandbox=\"allow-scripts\" security=\"restricted\" src=\"https:\/\/www.carideal.com\/blog\/2008\/07\/24\/audi-a6-ii-d-occasion\/embed\/#?secret=Fp9giLlqKM\" width=\"600\" height=\"338\" title=\"\u00ab\u00a0Audi A6 d&rsquo;occasion\u00a0\u00bb &#8212; Blog auto Carid\u00e9al\" data-secret=\"Fp9giLlqKM\" frameborder=\"0\" marginwidth=\"0\" marginheight=\"0\" scrolling=\"no\" class=\"wp-embedded-content\"><\/iframe><script>\n\/*! This file is auto-generated *\/\n!function(d,l){\"use strict\";l.querySelector&&d.addEventListener&&\"undefined\"!=typeof URL&&(d.wp=d.wp||{},d.wp.receiveEmbedMessage||(d.wp.receiveEmbedMessage=function(e){var t=e.data;if((t||t.secret||t.message||t.value)&&!\/[^a-zA-Z0-9]\/.test(t.secret)){for(var s,r,n,a=l.querySelectorAll('iframe[data-secret=\"'+t.secret+'\"]'),o=l.querySelectorAll('blockquote[data-secret=\"'+t.secret+'\"]'),c=new RegExp(\"^https?:$\",\"i\"),i=0;i<o.length;i++)o[i].style.display=\"none\";for(i=0;i<a.length;i++)s=a[i],e.source===s.contentWindow&&(s.removeAttribute(\"style\"),\"height\"===t.message?(1e3<(r=parseInt(t.value,10))?r=1e3:~~r<200&&(r=200),s.height=r):\"link\"===t.message&&(r=new URL(s.getAttribute(\"src\")),n=new URL(t.value),c.test(n.protocol))&&n.host===r.host&&l.activeElement===s&&(d.top.location.href=t.value))}},d.addEventListener(\"message\",d.wp.receiveEmbedMessage,!1),l.addEventListener(\"DOMContentLoaded\",function(){for(var e,t,s=l.querySelectorAll(\"iframe.wp-embedded-content\"),r=0;r<s.length;r++)(t=(e=s[r]).getAttribute(\"data-secret\"))||(t=Math.random().toString(36).substring(2,12),e.src+=\"#?secret=\"+t,e.setAttribute(\"data-secret\",t)),e.contentWindow.postMessage({message:\"ready\",secret:t},\"*\")},!1)))}(window,document);\n<\/script>\n","description":"Audi a6 avant quattro d'occasion Int\u00e9rieur d'une audi a6 II d'occasion audi a6 d'occasion Bienvenue dasn un monde o\u00f9 tout n'est qu'agr\u00e8ment, confort et plaisir. Avec cette deuxi\u00e8me g\u00e9n\u00e9ration d'Audi A6, la pr\u00e9c\u00e9dente \u00e9tait une Audi 100 profond\u00e9ment restyl\u00e9e, la marque a mis ce qu'il y avait de mieux, du moins \u00e0 l'\u00e9poque, sur cette ... Lire plus","thumbnail_url":"http:\/\/www.carideal.com\/images_actualite\/image4655audia6avantquattro-1217005093.jpg"}