{"version":"1.0","provider_name":"Blog auto Carid\u00e9al","provider_url":"https:\/\/www.carideal.com\/blog","title":"Audi A3 phase 1 d'occasion - Blog auto Carid\u00e9al","type":"rich","width":600,"height":338,"html":"<blockquote class=\"wp-embedded-content\" data-secret=\"JMKOAV1r2L\"><a href=\"https:\/\/www.carideal.com\/blog\/2008\/07\/01\/audi-a3-ph1-d-occasion\/\">Audi A3 phase 1 d&rsquo;occasion<\/a><\/blockquote><iframe sandbox=\"allow-scripts\" security=\"restricted\" src=\"https:\/\/www.carideal.com\/blog\/2008\/07\/01\/audi-a3-ph1-d-occasion\/embed\/#?secret=JMKOAV1r2L\" width=\"600\" height=\"338\" title=\"\u00ab\u00a0Audi A3 phase 1 d&rsquo;occasion\u00a0\u00bb &#8212; Blog auto Carid\u00e9al\" data-secret=\"JMKOAV1r2L\" frameborder=\"0\" marginwidth=\"0\" marginheight=\"0\" scrolling=\"no\" class=\"wp-embedded-content\"><\/iframe><script>\n\/*! This file is auto-generated *\/\n!function(d,l){\"use strict\";l.querySelector&&d.addEventListener&&\"undefined\"!=typeof URL&&(d.wp=d.wp||{},d.wp.receiveEmbedMessage||(d.wp.receiveEmbedMessage=function(e){var t=e.data;if((t||t.secret||t.message||t.value)&&!\/[^a-zA-Z0-9]\/.test(t.secret)){for(var s,r,n,a=l.querySelectorAll('iframe[data-secret=\"'+t.secret+'\"]'),o=l.querySelectorAll('blockquote[data-secret=\"'+t.secret+'\"]'),c=new RegExp(\"^https?:$\",\"i\"),i=0;i<o.length;i++)o[i].style.display=\"none\";for(i=0;i<a.length;i++)s=a[i],e.source===s.contentWindow&&(s.removeAttribute(\"style\"),\"height\"===t.message?(1e3<(r=parseInt(t.value,10))?r=1e3:~~r<200&&(r=200),s.height=r):\"link\"===t.message&&(r=new URL(s.getAttribute(\"src\")),n=new URL(t.value),c.test(n.protocol))&&n.host===r.host&&l.activeElement===s&&(d.top.location.href=t.value))}},d.addEventListener(\"message\",d.wp.receiveEmbedMessage,!1),l.addEventListener(\"DOMContentLoaded\",function(){for(var e,t,s=l.querySelectorAll(\"iframe.wp-embedded-content\"),r=0;r<s.length;r++)(t=(e=s[r]).getAttribute(\"data-secret\"))||(t=Math.random().toString(36).substring(2,12),e.src+=\"#?secret=\"+t,e.setAttribute(\"data-secret\",t)),e.contentWindow.postMessage({message:\"ready\",secret:t},\"*\")},!1)))}(window,document);\n<\/script>\n","description":"Audi A3 ph1 d'occasion Audi A3 d'occasion reine de l'occasion L'Audi A3, bas\u00e9e sur la plate-forme de la Volkswagen Golf 4 souffre des m\u00eames maux : un amortissement l\u00e2che et des suspensions \"d\u00e9saccord\u00e9es\", qui d\u00e9gradent autant l'efficacit\u00e9 sur mauvaise route que le confort. C'est dommage car la petite Audi profite de moteurs g\u00e9n\u00e9reux. Si l'on ... Lire plus","thumbnail_url":"http:\/\/www.carideal.com\/images_actualite\/audia3ph1carideal-1214982262.jpg"}