{"version":"1.0","provider_name":"Blog auto Carid\u00e9al","provider_url":"https:\/\/www.carideal.com\/blog","title":"Gilet et triangle de s\u00e9curit\u00e9 - Blog auto Carid\u00e9al","type":"rich","width":600,"height":338,"html":"<blockquote class=\"wp-embedded-content\" data-secret=\"Dufxq97EKc\"><a href=\"https:\/\/www.carideal.com\/blog\/2008\/06\/22\/gilet-et-triangle-de-securite-2\/\">Gilet et triangle de s\u00e9curit\u00e9<\/a><\/blockquote><iframe sandbox=\"allow-scripts\" security=\"restricted\" src=\"https:\/\/www.carideal.com\/blog\/2008\/06\/22\/gilet-et-triangle-de-securite-2\/embed\/#?secret=Dufxq97EKc\" width=\"600\" height=\"338\" title=\"\u00ab\u00a0Gilet et triangle de s\u00e9curit\u00e9\u00a0\u00bb &#8212; Blog auto Carid\u00e9al\" data-secret=\"Dufxq97EKc\" frameborder=\"0\" marginwidth=\"0\" marginheight=\"0\" scrolling=\"no\" class=\"wp-embedded-content\"><\/iframe><script>\n\/*! This file is auto-generated *\/\n!function(d,l){\"use strict\";l.querySelector&&d.addEventListener&&\"undefined\"!=typeof URL&&(d.wp=d.wp||{},d.wp.receiveEmbedMessage||(d.wp.receiveEmbedMessage=function(e){var t=e.data;if((t||t.secret||t.message||t.value)&&!\/[^a-zA-Z0-9]\/.test(t.secret)){for(var s,r,n,a=l.querySelectorAll('iframe[data-secret=\"'+t.secret+'\"]'),o=l.querySelectorAll('blockquote[data-secret=\"'+t.secret+'\"]'),c=new RegExp(\"^https?:$\",\"i\"),i=0;i<o.length;i++)o[i].style.display=\"none\";for(i=0;i<a.length;i++)s=a[i],e.source===s.contentWindow&&(s.removeAttribute(\"style\"),\"height\"===t.message?(1e3<(r=parseInt(t.value,10))?r=1e3:~~r<200&&(r=200),s.height=r):\"link\"===t.message&&(r=new URL(s.getAttribute(\"src\")),n=new URL(t.value),c.test(n.protocol))&&n.host===r.host&&l.activeElement===s&&(d.top.location.href=t.value))}},d.addEventListener(\"message\",d.wp.receiveEmbedMessage,!1),l.addEventListener(\"DOMContentLoaded\",function(){for(var e,t,s=l.querySelectorAll(\"iframe.wp-embedded-content\"),r=0;r<s.length;r++)(t=(e=s[r]).getAttribute(\"data-secret\"))||(t=Math.random().toString(36).substring(2,12),e.src+=\"#?secret=\"+t,e.setAttribute(\"data-secret\",t)),e.contentWindow.postMessage({message:\"ready\",secret:t},\"*\")},!1)))}(window,document);\n<\/script>\n","description":"Gilet et triangle de s\u00e9curit\u00e9 Un d\u00e9lai suppl\u00e9mentaire est accord\u00e9 aux Fran\u00e7ais pour s'\u00e9quiper du gilet et du triangle de s\u00e9curit\u00e9 \u00e0 bord de chaque v\u00e9hicule. La nouvelle r\u00e9glementation devait entrer en vigueur au 1er juillet prochain, le d\u00e9cret d'application n'est toujours pas paru. Hier, lors d'une conf\u00e9rence de presse, le ministre Jean-Louis Borloo a ... Lire plus","thumbnail_url":"http:\/\/www.carideal.com\/images_actualite\/giletettrianglecarideal-1214206836.jpg"}