{"version":"1.0","provider_name":"Blog auto Carid\u00e9al","provider_url":"https:\/\/www.carideal.com\/blog","title":"Barack Obama soutien l'automobile am\u00e9ricaine - Blog auto Carid\u00e9al","type":"rich","width":600,"height":338,"html":"<blockquote class=\"wp-embedded-content\" data-secret=\"YbVeKskAUk\"><a href=\"https:\/\/www.carideal.com\/blog\/2008\/06\/04\/barak-obama-soutient-l-automobile-americaine\/\">Barack Obama soutien l&rsquo;automobile am\u00e9ricaine<\/a><\/blockquote><iframe sandbox=\"allow-scripts\" security=\"restricted\" src=\"https:\/\/www.carideal.com\/blog\/2008\/06\/04\/barak-obama-soutient-l-automobile-americaine\/embed\/#?secret=YbVeKskAUk\" width=\"600\" height=\"338\" title=\"\u00ab\u00a0Barack Obama soutien l&rsquo;automobile am\u00e9ricaine\u00a0\u00bb &#8212; Blog auto Carid\u00e9al\" data-secret=\"YbVeKskAUk\" frameborder=\"0\" marginwidth=\"0\" marginheight=\"0\" scrolling=\"no\" class=\"wp-embedded-content\"><\/iframe><script>\n\/*! This file is auto-generated *\/\n!function(d,l){\"use strict\";l.querySelector&&d.addEventListener&&\"undefined\"!=typeof URL&&(d.wp=d.wp||{},d.wp.receiveEmbedMessage||(d.wp.receiveEmbedMessage=function(e){var t=e.data;if((t||t.secret||t.message||t.value)&&!\/[^a-zA-Z0-9]\/.test(t.secret)){for(var s,r,n,a=l.querySelectorAll('iframe[data-secret=\"'+t.secret+'\"]'),o=l.querySelectorAll('blockquote[data-secret=\"'+t.secret+'\"]'),c=new RegExp(\"^https?:$\",\"i\"),i=0;i<o.length;i++)o[i].style.display=\"none\";for(i=0;i<a.length;i++)s=a[i],e.source===s.contentWindow&&(s.removeAttribute(\"style\"),\"height\"===t.message?(1e3<(r=parseInt(t.value,10))?r=1e3:~~r<200&&(r=200),s.height=r):\"link\"===t.message&&(r=new URL(s.getAttribute(\"src\")),n=new URL(t.value),c.test(n.protocol))&&n.host===r.host&&l.activeElement===s&&(d.top.location.href=t.value))}},d.addEventListener(\"message\",d.wp.receiveEmbedMessage,!1),l.addEventListener(\"DOMContentLoaded\",function(){for(var e,t,s=l.querySelectorAll(\"iframe.wp-embedded-content\"),r=0;r<s.length;r++)(t=(e=s[r]).getAttribute(\"data-secret\"))||(t=Math.random().toString(36).substring(2,12),e.src+=\"#?secret=\"+t,e.setAttribute(\"data-secret\",t)),e.contentWindow.postMessage({message:\"ready\",secret:t},\"*\")},!1)))}(window,document);\n<\/script>\n","thumbnail_url":"https:\/\/www.carideal.com\/blog\/wp-content\/uploads\/2008\/06\/barak-obama-soutien-automobile-americaine.jpg","thumbnail_width":1200,"thumbnail_height":902,"description":"Barack Obama soutien l'automobile am\u00e9ricaine \"Nous avons ici un probl\u00e8me....Je vais me retrousser les manches et travailler avec vous tel un partenaire\" a d\u00e9clar\u00e9 le candidat \u00e0 l'\u00e9lection pr\u00e9sidentielle am\u00e9ricaine, \u00e0 l'attention des constructeurs automobiles des USA. Cela nous change des discours de nos politiques Francais qui ne pense qu'\u00e0 assassiner l'automobile. Barack Obama, l'ancien ... Lire plus"}