{"version":"1.0","provider_name":"Blog auto Carid\u00e9al","provider_url":"https:\/\/www.carideal.com\/blog","title":"Ethanol et agriculteurs - Blog auto Carid\u00e9al","type":"rich","width":600,"height":338,"html":"<blockquote class=\"wp-embedded-content\" data-secret=\"CuKV8GkXMb\"><a href=\"https:\/\/www.carideal.com\/blog\/2008\/01\/07\/ethanol-et-agriculteurs\/\">Ethanol et agriculteurs<\/a><\/blockquote><iframe sandbox=\"allow-scripts\" security=\"restricted\" src=\"https:\/\/www.carideal.com\/blog\/2008\/01\/07\/ethanol-et-agriculteurs\/embed\/#?secret=CuKV8GkXMb\" width=\"600\" height=\"338\" title=\"\u00ab\u00a0Ethanol et agriculteurs\u00a0\u00bb &#8212; Blog auto Carid\u00e9al\" data-secret=\"CuKV8GkXMb\" frameborder=\"0\" marginwidth=\"0\" marginheight=\"0\" scrolling=\"no\" class=\"wp-embedded-content\"><\/iframe><script>\n\/*! This file is auto-generated *\/\n!function(d,l){\"use strict\";l.querySelector&&d.addEventListener&&\"undefined\"!=typeof URL&&(d.wp=d.wp||{},d.wp.receiveEmbedMessage||(d.wp.receiveEmbedMessage=function(e){var t=e.data;if((t||t.secret||t.message||t.value)&&!\/[^a-zA-Z0-9]\/.test(t.secret)){for(var s,r,n,a=l.querySelectorAll('iframe[data-secret=\"'+t.secret+'\"]'),o=l.querySelectorAll('blockquote[data-secret=\"'+t.secret+'\"]'),c=new RegExp(\"^https?:$\",\"i\"),i=0;i<o.length;i++)o[i].style.display=\"none\";for(i=0;i<a.length;i++)s=a[i],e.source===s.contentWindow&&(s.removeAttribute(\"style\"),\"height\"===t.message?(1e3<(r=parseInt(t.value,10))?r=1e3:~~r<200&&(r=200),s.height=r):\"link\"===t.message&&(r=new URL(s.getAttribute(\"src\")),n=new URL(t.value),c.test(n.protocol))&&n.host===r.host&&l.activeElement===s&&(d.top.location.href=t.value))}},d.addEventListener(\"message\",d.wp.receiveEmbedMessage,!1),l.addEventListener(\"DOMContentLoaded\",function(){for(var e,t,s=l.querySelectorAll(\"iframe.wp-embedded-content\"),r=0;r<s.length;r++)(t=(e=s[r]).getAttribute(\"data-secret\"))||(t=Math.random().toString(36).substring(2,12),e.src+=\"#?secret=\"+t,e.setAttribute(\"data-secret\",t)),e.contentWindow.postMessage({message:\"ready\",secret:t},\"*\")},!1)))}(window,document);\n<\/script>\n","thumbnail_url":"https:\/\/www.carideal.com\/blog\/wp-content\/uploads\/2008\/01\/ethanol-85-carideal-1199691012.jpg","thumbnail_width":400,"thumbnail_height":300,"description":"ETHANOL ET AGRICULTEURS Trois organisations agricoles ont sign\u00e9s un communiqu\u00e9 d\u00e9non\u00e7ant le gouvernement et le non-respect de sa parole. Les c\u00e9r\u00e9aliers, betteraviers, et producteurs de mais sont inquiets de la volont\u00e9 du gouvernement de taxer l'\u00e9thanol ou E85 contrairement \u00e0 ce qu'avait promis le pr\u00e9c\u00e9dent gouvernement de Villepin. Les subventions \u00e0 l'\u00e9thanol sont bien \u00e9tablies ... Lire plus"}