{"version":"1.0","provider_name":"Blog auto Carid\u00e9al","provider_url":"https:\/\/www.carideal.com\/blog","title":"Nouvelle l\u00e9gislation sur l'immatriculation des voitures - Blog auto Carid\u00e9al","type":"rich","width":600,"height":338,"html":"<blockquote class=\"wp-embedded-content\" data-secret=\"8GEomA3Qnl\"><a href=\"https:\/\/www.carideal.com\/blog\/2007\/12\/10\/nouvelle-legislation-sur-l-immatriculation-des-voitures\/\">Nouvelle l\u00e9gislation sur l&rsquo;immatriculation des voitures<\/a><\/blockquote><iframe sandbox=\"allow-scripts\" security=\"restricted\" src=\"https:\/\/www.carideal.com\/blog\/2007\/12\/10\/nouvelle-legislation-sur-l-immatriculation-des-voitures\/embed\/#?secret=8GEomA3Qnl\" width=\"600\" height=\"338\" title=\"\u00ab\u00a0Nouvelle l\u00e9gislation sur l&rsquo;immatriculation des voitures\u00a0\u00bb &#8212; Blog auto Carid\u00e9al\" data-secret=\"8GEomA3Qnl\" frameborder=\"0\" marginwidth=\"0\" marginheight=\"0\" scrolling=\"no\" class=\"wp-embedded-content\"><\/iframe><script>\n\/*! This file is auto-generated *\/\n!function(d,l){\"use strict\";l.querySelector&&d.addEventListener&&\"undefined\"!=typeof URL&&(d.wp=d.wp||{},d.wp.receiveEmbedMessage||(d.wp.receiveEmbedMessage=function(e){var t=e.data;if((t||t.secret||t.message||t.value)&&!\/[^a-zA-Z0-9]\/.test(t.secret)){for(var s,r,n,a=l.querySelectorAll('iframe[data-secret=\"'+t.secret+'\"]'),o=l.querySelectorAll('blockquote[data-secret=\"'+t.secret+'\"]'),c=new RegExp(\"^https?:$\",\"i\"),i=0;i<o.length;i++)o[i].style.display=\"none\";for(i=0;i<a.length;i++)s=a[i],e.source===s.contentWindow&&(s.removeAttribute(\"style\"),\"height\"===t.message?(1e3<(r=parseInt(t.value,10))?r=1e3:~~r<200&&(r=200),s.height=r):\"link\"===t.message&&(r=new URL(s.getAttribute(\"src\")),n=new URL(t.value),c.test(n.protocol))&&n.host===r.host&&l.activeElement===s&&(d.top.location.href=t.value))}},d.addEventListener(\"message\",d.wp.receiveEmbedMessage,!1),l.addEventListener(\"DOMContentLoaded\",function(){for(var e,t,s=l.querySelectorAll(\"iframe.wp-embedded-content\"),r=0;r<s.length;r++)(t=(e=s[r]).getAttribute(\"data-secret\"))||(t=Math.random().toString(36).substring(2,12),e.src+=\"#?secret=\"+t,e.setAttribute(\"data-secret\",t)),e.contentWindow.postMessage({message:\"ready\",secret:t},\"*\")},!1)))}(window,document);\n<\/script>\n","thumbnail_url":"https:\/\/www.carideal.com\/blog\/wp-content\/uploads\/2007\/12\/nouvelleplaquedimatriculationen2009carideal-1197270026.jpg","thumbnail_width":512,"thumbnail_height":341,"description":"Nouvelle l\u00e9gislation sur l'immatriculation des voitures De nouvelles d'immatriculation entreront en vigueur en 2009 A partir du 1er janvier 2009, l'immatriculation des voitures et leur plaques d'immatriculations vont radicalement changer. Les voitures seront immatricul\u00e9es \u00e0 vie avec le m\u00eame num\u00e9ro, m\u00eame en cas de changement de propri\u00e9taire. Le fichier des cartes grises sera g\u00e9r\u00e9 en\u00a0 ... Lire plus"}