{"version":"1.0","provider_name":"Blog auto Carid\u00e9al","provider_url":"https:\/\/www.carideal.com\/blog","title":"Ford A de 77 ans - Blog auto Carid\u00e9al","type":"rich","width":600,"height":338,"html":"<blockquote class=\"wp-embedded-content\" data-secret=\"LL9Ws9PlHz\"><a href=\"https:\/\/www.carideal.com\/blog\/2007\/08\/30\/69-ans-en-ford-a\/\">Ford A de 77 ans<\/a><\/blockquote><iframe sandbox=\"allow-scripts\" security=\"restricted\" src=\"https:\/\/www.carideal.com\/blog\/2007\/08\/30\/69-ans-en-ford-a\/embed\/#?secret=LL9Ws9PlHz\" width=\"600\" height=\"338\" title=\"\u00ab\u00a0Ford A de 77 ans\u00a0\u00bb &#8212; Blog auto Carid\u00e9al\" data-secret=\"LL9Ws9PlHz\" frameborder=\"0\" marginwidth=\"0\" marginheight=\"0\" scrolling=\"no\" class=\"wp-embedded-content\"><\/iframe><script>\n\/*! This file is auto-generated *\/\n!function(d,l){\"use strict\";l.querySelector&&d.addEventListener&&\"undefined\"!=typeof URL&&(d.wp=d.wp||{},d.wp.receiveEmbedMessage||(d.wp.receiveEmbedMessage=function(e){var t=e.data;if((t||t.secret||t.message||t.value)&&!\/[^a-zA-Z0-9]\/.test(t.secret)){for(var s,r,n,a=l.querySelectorAll('iframe[data-secret=\"'+t.secret+'\"]'),o=l.querySelectorAll('blockquote[data-secret=\"'+t.secret+'\"]'),c=new RegExp(\"^https?:$\",\"i\"),i=0;i<o.length;i++)o[i].style.display=\"none\";for(i=0;i<a.length;i++)s=a[i],e.source===s.contentWindow&&(s.removeAttribute(\"style\"),\"height\"===t.message?(1e3<(r=parseInt(t.value,10))?r=1e3:~~r<200&&(r=200),s.height=r):\"link\"===t.message&&(r=new URL(s.getAttribute(\"src\")),n=new URL(t.value),c.test(n.protocol))&&n.host===r.host&&l.activeElement===s&&(d.top.location.href=t.value))}},d.addEventListener(\"message\",d.wp.receiveEmbedMessage,!1),l.addEventListener(\"DOMContentLoaded\",function(){for(var e,t,s=l.querySelectorAll(\"iframe.wp-embedded-content\"),r=0;r<s.length;r++)(t=(e=s[r]).getAttribute(\"data-secret\"))||(t=Math.random().toString(36).substring(2,12),e.src+=\"#?secret=\"+t,e.setAttribute(\"data-secret\",t)),e.contentWindow.postMessage({message:\"ready\",secret:t},\"*\")},!1)))}(window,document);\n<\/script>\n","description":"Ford A Un jeune Am\u00e9ricain de 84 ans n'est jamais arriv\u00e9\u00a0\u00e0 se s\u00e9parer de sa Ford A acquise en 1938. En effet, ce jeune homme avait 15 ans alors m\u00eame qu'il n'avait pas le permis, quand il coursait ses copains \u00e0 la sortie du lyc\u00e9e avec sa Ford A pour \u00e9pater les jeunes filles sans ... Lire plus","thumbnail_url":"http:\/\/www.carideal.com\/images_actualite\/fordacarideal-1188540880.jpg"}